{"id":3383,"date":"2017-12-18T18:33:29","date_gmt":"2017-12-18T18:33:29","guid":{"rendered":"http:\/\/biblian.is\/gudbrandsbiblia\/jesaja-10-kafli\/"},"modified":"2017-12-18T18:33:29","modified_gmt":"2017-12-18T18:33:29","slug":"jesaja-10-kafli","status":"publish","type":"page","link":"https:\/\/biblian.is\/gudbrandsbiblia\/jesaja-10-kafli\/","title":{"rendered":"Jesaja 10. kafli"},"content":{"rendered":"<p>X.<\/p>\n<p>Vei \u00feeim l\u00f6gvitringum sem rangsn\u00fain l\u00f6g samsetja og \u00feeim e\u00f0 ranga \u00farskur\u00f0i skrifa svo a\u00f0 \u00feeir ni\u00f0ur\u00ferykki m\u00e1lefnum f\u00e1t\u00e6kra og yfirgang veiti \u00ed lagas\u00f3knum l\u00edtilmagnanum \u00e1 me\u00f0al m\u00edns f\u00f3lks, so \u00fea\u00f0 ekkjunar hlj\u00f3ta \u00feeirra r\u00e1nf\u00e9 og f\u00f6\u00f0urleysingjarnir \u00feeirra herfang a\u00f0 vera. Hva\u00f0 vilji \u00fe\u00e9r til gj\u00f6ra \u00e1 \u00feeim degi vitjunarinnar og \u00f3lukkunnar sem \u00far fjarl\u00e6g\u00f0 kemur? Til hvers vilji \u00fe\u00e9r fl\u00fdja hj\u00e1lpar a\u00f0 leita og hvar vilji \u00fe\u00e9r y\u00f0ar vegsemd l\u00e1ta so a\u00f0 h\u00fan ver\u00f0i ekki ni\u00f0urbeyg\u00f0 me\u00f0al hinna herteknu og falli me\u00f0al \u00feeirra sem ero \u00ed hel slegnir? \u00cd \u00f6llu \u00feessu l\u00e6tur hans rei\u00f0i enn ei af, hans h\u00f6nd \u00fatbrei\u00f0ir sig enn n\u00fa.<\/p>\n<p>\t\u00d3 vei Ass\u00far, sem er v\u00f6ndur minnar rei\u00f0i og hans h\u00f6nd er stafur minar br\u00e6\u00f0i! Eg vil \u00fatsenda hann \u00ed m\u00f3ti einni hr\u00e6snis\u00fej\u00f3\u00f0 og skipta honum \u00ed m\u00f3ti \u00fev\u00ed f\u00f3lki minnar rei\u00f0i so a\u00f0 hann r\u00e6ni \u00fea\u00f0 og \u00fatskipti \u00fev\u00ed sem herfangi og undir f\u00f3tum tro\u00f0i \u00fea\u00f0 so sem annan gatnasaur. \u00de\u00f3 a\u00f0 hann \u00feenki \u00fea\u00f0 ekki svo og hans hjarta huglei\u00f0i \u00fea\u00f0 ekki \u00e1 \u00feann veg heldur er hans hjarta rei\u00f0ub\u00fai\u00f0 til a\u00f0 afm\u00e1 og forey\u00f0a eigi allf\u00e1u f\u00f3lki. \u00dev\u00ed a\u00f0 hann segir: &#8222;Hvort eru m\u00ednir h\u00f6f\u00f0ingjar ekki allir k\u00f3ngar? Er ekki Calno sem Karkemis? hvert er Hamat ekki so sem Arpad? Er ekki Samar\u00eda l\u00edka so sem Damaskus? L\u00edka so sem \u00fea\u00f0 m\u00edn h\u00f6nd hefur fundi\u00f0 k\u00f3ngar\u00edkin afgu\u00f0anna, hverra afgu\u00f0ir \u00fe\u00f3 \u00f6flugri voru en \u00feeir sem \u00ed Jer\u00fasalem og Samaria voru, hvort skyldi eg ekki gj\u00f6ra vi\u00f0 Jer\u00fasalem og hennar afgu\u00f0i l\u00edka sem \u00fea\u00f0 eg hefi gj\u00f6rt vi\u00f0 Samaria og hennar afgu\u00f0i?&#8220;<\/p>\n<p>\tEn n\u00e6r e\u00f0 Drottinn hefir fullgj\u00f6rt \u00f6ll s\u00edn verk \u00e1 fjallino S\u00edon og til Jer\u00fasalem \u00fe\u00e1 mun eg vitja \u00e1vaxtarins hins drambsama k\u00f3ngsins til Assyria og pr\u00fd\u00f0innar hans drambl\u00e1tra augna. <span class=\"athugasemd\" title=\"Forsp\u00e1 \u00ed gegn Ass\u00far \/ iiy. Reg. ix. \/ Esa. xxxvy.\">[<\/span> \u00dear fyrir a\u00f0 hann segir: &#8222;Eg hefi \u00feetta framkv\u00e6mt fyrir kraft minna handa og me\u00f0 m\u00ednum v\u00edsd\u00f3mi \u00fea\u00f0 eg em hygginn. Eg hefi l\u00f6ndunum \u00e1 annan veg \u00ed sundurskipt og \u00feeirra aftektum r\u00e6ng og l\u00edka sem einn voldugur ma\u00f0ur innbyggjarann undirlagt. Og m\u00edn h\u00f6nd hefir fundi\u00f0 f\u00f3lki\u00f0 l\u00edka sem anna\u00f0 fuglshrei\u00f0ur so \u00fea\u00f0 eg hefi \u00f6ll l\u00f6nd til samans lesi\u00f0 l\u00edka sem \u00fe\u00e1 eg uppleast \u00feau e\u00f0 gl\u00f6tu\u00f0 ero og \u00fear var enginn s\u00e1 sem hr\u00e6r\u00f0i eina fj\u00f6\u00f0ur e\u00f0a geispa\u00f0i e\u00f0a anda\u00f0i \u00e1 m\u00f3ti.&#8220;<\/p>\n<p>\tHvort f\u00e6r \u00f6xin nokku\u00f0 hr\u00f3sa\u00f0 s\u00e9r \u00ed m\u00f3ti \u00feeim sem me\u00f0 henni h\u00f6ggur, s\u00f6gin forhafi\u00f0 sig \u00ed m\u00f3ti \u00feeim sem me\u00f0 henni sagar? L\u00edka sem e\u00f0 s\u00e1 m\u00e1 hr\u00f3sa sem stafinn b\u00e6\u00f0i <span class=\"athugasemd\" title=\"a \/ ber) au\u00f0veldara er Gu\u00f0i einn t\u00edranna upp a\u00f0 taka heldur en oss reyrstaf e\u00f0ur grasstr\u00e1 sem ekki er tr\u00e9\">[<\/span> ber og upphefur og ber hann so l\u00e9ttlega sem v\u00e6ri hann ekkert tr\u00e9. \u00dear fyrir mun Drottinn Drottinn Saba\u00f3t senda megur\u00f0ars\u00f3tt \u00e1 me\u00f0al hans feitingja og hans vegsemd mun hann upptendra so \u00fea\u00f0 h\u00fan mun brenna l\u00edka sem eldur. Og <span class=\"athugasemd\" title=\"b \/ Lj\u00f3si\u00f0) \u00dea\u00f0 er Gu\u00f0 \u00ed musterino \/ R\u00f3m. ix.\">[<\/span> Lj\u00f3si\u00f0 \u00ed \u00cdsrael mun vera einn eldur og hans Hinn heilagi mun einn eldslogi vera og mun hans klungur\u00feyrnar og illgresi uppbrenna og forey\u00f0a \u00e1 einum degi. Og s\u00fa fegur\u00f0in hans sk\u00f3gar og v\u00ed\u00f0lendis skal a\u00f0 \u00f6ngu ver\u00f0a \u00ed fr\u00e1 s\u00e1lunni allt upp \u00e1 holdi\u00f0 og mun so forey\u00f0ast og burt hverfa a\u00f0 \u00feau tr\u00e9n hans sk\u00f3gar sem eftir eru megi talin ver\u00f0a og eitt barn megi \u00feau upp skrifa.<\/p>\n<p>\t\u00c1 \u00feeim d\u00f6gum munu \u00feeir sem eftir bl\u00edfa \u00ed \u00cdsrael og \u00feeir sem undan komast af h\u00fasi Jakobs treysta ekki lengur upp \u00e1 \u00feann sem \u00e1 \u00fe\u00e1 leggur heldur munu \u00feeir treysta upp \u00e1 Drottin \u00feann heilaga \u00ed \u00cdsrael \u00ed sannleika. Hinir sem yfirbl\u00edfa munu sn\u00faast, j\u00e1, \u00feeir sem yfirbl\u00edfa \u00ed Jakob til Gu\u00f0s hins \u00f6fluga. \u00dev\u00ed \u00fe\u00f3 \u00feitt f\u00f3lk, \u00f3 \u00cdsrael, s\u00e9 l\u00edka sem sj\u00e1varsandur \u00fe\u00e1 skulu \u00fe\u00f3 \u00feeir einir umvendir ver\u00f0a sem afgangs eru af \u00fev\u00ed hino sama. \u00dev\u00ed a\u00f0 \u00feegar fordj\u00f6rfunin er stillt \u00fe\u00e1 mun yfirflj\u00f3tanlegt r\u00e9ttl\u00e6ti koma. \u00dev\u00ed a\u00f0 Drottinn Drottinn Seba\u00f3t skal eina fordj\u00f6rfung ganga l\u00e1ta en hann stillir hana \u00fe\u00f3 \u00ed \u00f6llu landino.<\/p>\n<p>\t\u00dear fyrir segir Drottinn Drottinn Saba\u00f3t: <span class=\"athugasemd\" title=\"Ass\u00far\">[<\/span> \u00d3ttast  \u00fe\u00fa ekki, mitt f\u00f3lk, \u00feeim sem til S\u00edon byggir, fyrir Ass\u00far. Hann mun \u00feig me\u00f0 stafnum sl\u00e1 og sinn staf upphefja \u00ed m\u00f3ti \u00fe\u00e9r l\u00edka sem ske\u00f0i \u00e1 Egyptalandi \u00fev\u00ed a\u00f0 \u00fea\u00f0 er n\u00fa um eina mj\u00f6g stutta stund a\u00f0 gj\u00f6ra. \u00de\u00e1 mun m\u00edn \u00feykkja og m\u00edn rei\u00f0i yfir \u00feeirra misgj\u00f6r\u00f0um einn enda hafa og Drottinn Saba\u00f3t mun uppvekja yfir hann einn hr\u00edsv\u00f6nd, l\u00edka sem \u00ed slaginu Mad\u00edan \u00e1 bjarginu \u00d3reb og hann mun sinn staf (\u00feann e\u00f0 hann \u00ed hafinu haf\u00f0i) upphefja l\u00edka sem \u00e1 Egyptalandi. <span class=\"athugasemd\" title=\"Judie v.\">[<\/span> \u00c1 \u00feeim t\u00edma mun hans byr\u00f0i af \u00fe\u00ednum her\u00f0um \u00ed burt tekin ver\u00f0a og hans \u00e1nau\u00f0arok af \u00fe\u00ednum h\u00e1lsi, \u00fea\u00f0 \u00fea\u00f0 sama oki\u00f0 mun af feiti \u00ed sundurmorkna.<\/p>\n<p>\tHann kemur (l\u00e1t sem \u00fea\u00f0 so s\u00e9) til Ajot, hann dregur \u00ed gegnum M\u00edgron, hann \u00fatvelur sitt herf\u00f3lk til Mikmas, \u00feeir draga framhj\u00e1 vorum herb\u00fa\u00f0um \u00ed Geba. <span class=\"athugasemd\" title=\"H\u00e9r uppteiknar hann reisu k\u00f3ngsins af Assyria til Jer\u00fasalem og \u00fea\u00f0 hann muni \u00feessar borgir rutla og r\u00e6na en hann mun so upph\u00f6ggvinn ver\u00f0a sem sk\u00f3gur ct. Esaie. xxxvy.\">[<\/span> Rama h\u00fan skelfist vi\u00f0, G\u00edbeat Sauls \u00ed burt fl\u00fdr, \u00fe\u00fa d\u00f3ttir Gall\u00edm, \u00e6ptu h\u00e1tt, hygg a\u00f0, La\u00edsa, \u00fe\u00fa hin f\u00e1t\u00e6ka Anat\u00f3t, Mademena fl\u00fdr undan, \u00feeir innbyggjarar til Geb\u00edn efla styrk. Kann vera a\u00f0 \u00feeir bl\u00edfi einn dag til N\u00f3b, \u00fe\u00e1 mun hann hr\u00e6ra h\u00f6nd s\u00edna \u00ed m\u00f3ti fjallino d\u00e6tranna S\u00edon og \u00ed m\u00f3ti Jer\u00fasalemsh\u00e6\u00f0. En sj\u00e1 \u00fe\u00fa, \u00fea\u00f0 Drottinn Drottinn Seba\u00f3t mun greinirnar me\u00f0 valdi afsn\u00ed\u00f0a og \u00fea\u00f0 hva\u00f0 h\u00e1tt uppstendur stytta so a\u00f0 \u00fea\u00f0 sem h\u00e1tt er mun ni\u00f0url\u00e6gt ver\u00f0a og s\u00e1 hinn \u00feykkvi sk\u00f3gurinn mun me\u00f0ur j\u00e1rni um koll h\u00f6ggvinn ver\u00f0a og L\u00edbanon mun falla fyrir \u00feann Hinn megtuga.<\/p>\n","protected":false},"excerpt":{"rendered":"<p>X. Vei \u00feeim l\u00f6gvitringum sem rangsn\u00fain l\u00f6g samsetja og \u00feeim e\u00f0 ranga \u00farskur\u00f0i skrifa svo a\u00f0 \u00feeir ni\u00f0ur\u00ferykki m\u00e1lefnum f\u00e1t\u00e6kra og yfirgang veiti \u00ed lagas\u00f3knum l\u00edtilmagnanum \u00e1 me\u00f0al m\u00edns f\u00f3lks, so \u00fea\u00f0 ekkjunar hlj\u00f3ta \u00feeirra r\u00e1nf\u00e9 og f\u00f6\u00f0urleysingjarnir \u00feeirra herfang a\u00f0 vera. Hva\u00f0 vilji \u00fe\u00e9r til gj\u00f6ra \u00e1 \u00feeim degi vitjunarinnar og \u00f3lukkunnar sem \u00far fjarl\u00e6g\u00f0 kemur? Til hvers vilji \u00fe\u00e9r fl\u00fdja hj\u00e1lpar a\u00f0 leita og hvar vilji \u00fe\u00e9r y\u00f0ar vegsemd l\u00e1ta so a\u00f0 h\u00fan ver\u00f0i ekki ni\u00f0urbeyg\u00f0 me\u00f0al hinna herteknu og falli me\u00f0al \u00feeirra sem ero \u00ed hel slegnir? \u00cd \u00f6llu \u00feessu l\u00e6tur hans rei\u00f0i enn ei af, hans <a href=\"https:\/\/biblian.is\/gudbrandsbiblia\/jesaja-10-kafli\/\"> [&#8230;]<\/a><\/p>\n","protected":false},"author":1,"featured_media":0,"parent":0,"menu_order":0,"comment_status":"open","ping_status":"open","template":"bibliukaflar.php","meta":{"footnotes":""},"class_list":["post-3383","page","type-page","status-publish","hentry"],"_links":{"self":[{"href":"https:\/\/biblian.is\/gudbrandsbiblia\/wp-json\/wp\/v2\/pages\/3383","targetHints":{"allow":["GET"]}}],"collection":[{"href":"https:\/\/biblian.is\/gudbrandsbiblia\/wp-json\/wp\/v2\/pages"}],"about":[{"href":"https:\/\/biblian.is\/gudbrandsbiblia\/wp-json\/wp\/v2\/types\/page"}],"author":[{"embeddable":true,"href":"https:\/\/biblian.is\/gudbrandsbiblia\/wp-json\/wp\/v2\/users\/1"}],"replies":[{"embeddable":true,"href":"https:\/\/biblian.is\/gudbrandsbiblia\/wp-json\/wp\/v2\/comments?post=3383"}],"version-history":[{"count":0,"href":"https:\/\/biblian.is\/gudbrandsbiblia\/wp-json\/wp\/v2\/pages\/3383\/revisions"}],"wp:attachment":[{"href":"https:\/\/biblian.is\/gudbrandsbiblia\/wp-json\/wp\/v2\/media?parent=3383"}],"curies":[{"name":"wp","href":"https:\/\/api.w.org\/{rel}","templated":true}]}}