{"id":3373,"date":"2017-12-18T18:33:26","date_gmt":"2017-12-18T18:33:26","guid":{"rendered":"http:\/\/biblian.is\/gudbrandsbiblia\/ljodaljodin-8-kafli\/"},"modified":"2017-12-18T18:33:26","modified_gmt":"2017-12-18T18:33:26","slug":"ljodaljodin-8-kafli","status":"publish","type":"page","link":"https:\/\/biblian.is\/gudbrandsbiblia\/ljodaljodin-8-kafli\/","title":{"rendered":"Lj\u00f3\u00f0alj\u00f3\u00f0in 8. kafli"},"content":{"rendered":"<p>VIII.<\/p>\n<p>\u00d3 a\u00f0 eg m\u00e6tta finna \u00feig \u00fear \u00fati, minn br\u00f3\u00f0ir, sem a\u00f0 s\u00fdgur minnar m\u00f3\u00f0ur brj\u00f3st og eg m\u00e6tti kyssa \u00feig so enginn h\u00e6ddi \u00feig! Eg vil taka \u00feig og lei\u00f0a \u00feig \u00ed minnar m\u00f3\u00f0ur h\u00fas. \u00dear skaltu l\u00e6ra mig, \u00fear vil eg gefa \u00fe\u00e9r a\u00f0 drekka af kryddu\u00f0u v\u00edni og af s\u00e6tleika minna granataepla. Hans vinstri h\u00f6nd liggur undir m\u00ednu h\u00f6f\u00f0i og hans h\u00e6gri h\u00f6nd umfa\u00f0mar mig.<\/p>\n<p>\tEg s\u00e6ri y\u00f0ur, \u00fe\u00e9r d\u00e6tur Jer\u00fasalem, a\u00f0 \u00fe\u00e9r hverki uppveki\u00f0 n\u00e9 \u00f3n\u00e1\u00f0i\u00f0 m\u00edna unnustu \u00fear til hana sj\u00e1lfa lystir. Hver er s\u00fa sem uppfer af ey\u00f0im\u00f6rku og sty\u00f0st vi\u00f0 sinn vin? Undir eplatr\u00e9nu uppvakta eg \u00feig \u00fear \u00fe\u00edn m\u00f3\u00f0ir haf\u00f0i f\u00e6tt, \u00fear sem h\u00fan l\u00e1 og \u00fe\u00fa, h\u00fan sem haf\u00f0i uppali\u00f0 \u00feig.<\/p>\n<p>\tSettu mig \u00e1 \u00feitt hjarta sem eitt innsigli og upp \u00e1 \u00feinn arm sem anna\u00f0 innsigli. \u00dev\u00ed k\u00e6rleikurinn er svo sterkur sem dau\u00f0i og vandl\u00e6ti\u00f0 svo fast sem helv\u00edti. \u00deess gl\u00e6\u00f0ur eru brennandi sem Drottins <span class=\"athugasemd\" title=\"a \/ (Eldur) \/ Af \u00feessum or\u00f0um m\u00e1 merkja a\u00f0 Sal\u00f3mon talar \u00ed \u00feessu lofkv\u00e6\u00f0i um andlega \u00e1st og elsku, hverja Gu\u00f0 gefur og s\u00fdnir oss \u00ed \u00f6llum s\u00ednum velgj\u00f6rningum\">[<\/span> eldur so a\u00f0 m\u00f6rg v\u00f6tn kunna ekki a\u00f0 sl\u00f6kkva k\u00e6rleikann n\u00e9 straumarnir a\u00f0 kefja hann. \u00de\u00f3 a\u00f0 ma\u00f0ur vildi gefa \u00f6ll au\u00f0\u00e6fi s\u00edns h\u00fass fyrir k\u00e6rleikann \u00fe\u00f3 v\u00e6ri \u00fea\u00f0 allt ekki par vert.<\/p>\n<p>\tVor systir er l\u00edtil og hefur engin brj\u00f3st. Hva\u00f0 skulu v\u00e9r gj\u00f6ra vorri systur n\u00e6r menn vilja tala til hennar? Er h\u00fan einn m\u00far, \u00fe\u00e1 viljum v\u00e9r byggja v\u00edgsk\u00f6r\u00f0 af silfri \u00fear upp \u00e1. Er h\u00fan einar dyr, \u00fe\u00e1 viljum v\u00e9r gj\u00f6ra hana fast me\u00f0 sedrustr\u00e9. Eg em einn m\u00far og m\u00edn brj\u00f3st eru sem turn. \u00dear er eg or\u00f0in fyrir hans augum l\u00edka sem s\u00e1 e\u00f0 fri\u00f0inn finnur.<\/p>\n<p>\tSal\u00f3mon hefur einn v\u00edngar\u00f0 \u00ed Baal Hamon. Hann gaf var\u00f0haldsm\u00f6nnunum v\u00edngar\u00f0inn a\u00f0 hver af \u00feeim skyldu f\u00e6ra honum fyrir hans \u00e1v\u00f6xtu \u00fe\u00fasund silfurpeninga.<\/p>\n<p>\tMinn v\u00edngar\u00f0ur er fyrir m\u00e9r. \u00de\u00e9r Sal\u00f3mon, heyrir til \u00fe\u00fasund en var\u00f0haldsm\u00f6nnunum tv\u00f6 hundru\u00f0 me\u00f0 hans \u00e1vexti.<\/p>\n<p>\t\u00de\u00fa sem b\u00fdr \u00ed aldingar\u00f0inum, l\u00e1t mig heyra \u00fe\u00edna raust, vinirnir hl\u00fd\u00f0a \u00fear upp \u00e1.<\/p>\n<p>\tFl\u00fd \u00fe\u00fa, minn vin, og vert sem ein hind e\u00f0a sem einn ungur hj\u00f6rtur \u00e1 jurtrah\u00e6\u00f0unum.<\/p>\n<p>Endir \u00e1 lofkv\u00e6\u00f0i Salomonis<\/p>\n","protected":false},"excerpt":{"rendered":"<p>VIII. \u00d3 a\u00f0 eg m\u00e6tta finna \u00feig \u00fear \u00fati, minn br\u00f3\u00f0ir, sem a\u00f0 s\u00fdgur minnar m\u00f3\u00f0ur brj\u00f3st og eg m\u00e6tti kyssa \u00feig so enginn h\u00e6ddi \u00feig! Eg vil taka \u00feig og lei\u00f0a \u00feig \u00ed minnar m\u00f3\u00f0ur h\u00fas. \u00dear skaltu l\u00e6ra mig, \u00fear vil eg gefa \u00fe\u00e9r a\u00f0 drekka af kryddu\u00f0u v\u00edni og af s\u00e6tleika minna granataepla. Hans vinstri h\u00f6nd liggur undir m\u00ednu h\u00f6f\u00f0i og hans h\u00e6gri h\u00f6nd umfa\u00f0mar mig. Eg s\u00e6ri y\u00f0ur, \u00fe\u00e9r d\u00e6tur Jer\u00fasalem, a\u00f0 \u00fe\u00e9r hverki uppveki\u00f0 n\u00e9 \u00f3n\u00e1\u00f0i\u00f0 m\u00edna unnustu \u00fear til hana sj\u00e1lfa lystir. Hver er s\u00fa sem uppfer af ey\u00f0im\u00f6rku og sty\u00f0st vi\u00f0 sinn vin? <a href=\"https:\/\/biblian.is\/gudbrandsbiblia\/ljodaljodin-8-kafli\/\"> [&#8230;]<\/a><\/p>\n","protected":false},"author":1,"featured_media":0,"parent":0,"menu_order":0,"comment_status":"open","ping_status":"open","template":"bibliukaflar.php","meta":{"footnotes":""},"class_list":["post-3373","page","type-page","status-publish","hentry"],"_links":{"self":[{"href":"https:\/\/biblian.is\/gudbrandsbiblia\/wp-json\/wp\/v2\/pages\/3373","targetHints":{"allow":["GET"]}}],"collection":[{"href":"https:\/\/biblian.is\/gudbrandsbiblia\/wp-json\/wp\/v2\/pages"}],"about":[{"href":"https:\/\/biblian.is\/gudbrandsbiblia\/wp-json\/wp\/v2\/types\/page"}],"author":[{"embeddable":true,"href":"https:\/\/biblian.is\/gudbrandsbiblia\/wp-json\/wp\/v2\/users\/1"}],"replies":[{"embeddable":true,"href":"https:\/\/biblian.is\/gudbrandsbiblia\/wp-json\/wp\/v2\/comments?post=3373"}],"version-history":[{"count":0,"href":"https:\/\/biblian.is\/gudbrandsbiblia\/wp-json\/wp\/v2\/pages\/3373\/revisions"}],"wp:attachment":[{"href":"https:\/\/biblian.is\/gudbrandsbiblia\/wp-json\/wp\/v2\/media?parent=3373"}],"curies":[{"name":"wp","href":"https:\/\/api.w.org\/{rel}","templated":true}]}}