{"id":3361,"date":"2017-12-18T18:33:26","date_gmt":"2017-12-18T18:33:26","guid":{"rendered":"http:\/\/biblian.is\/gudbrandsbiblia\/predikarinn-8-kafli\/"},"modified":"2017-12-18T18:33:26","modified_gmt":"2017-12-18T18:33:26","slug":"predikarinn-8-kafli","status":"publish","type":"page","link":"https:\/\/biblian.is\/gudbrandsbiblia\/predikarinn-8-kafli\/","title":{"rendered":"Pr\u00e9dikarinn 8. kafli"},"content":{"rendered":"<p>VIII.<\/p>\n<p>Mannsins v\u00edsd\u00f3mur uppl\u00fdsir hans andlit en s\u00e1 sem einar\u00f0ur er hann er \u00f3vins\u00e6ll. Eg var\u00f0veiti k\u00f3ngsins or\u00f0 og Gu\u00f0s ei\u00f0. Fl\u00fdttu \u00fe\u00e9r ekki a\u00f0 ganga fr\u00e1 hans andliti og vef \u00feig ekki \u00ed vondum s\u00f6kum \u00fev\u00ed hann gj\u00f6rir hva\u00f0 hann lystir. \u00cd k\u00f3ngsins or\u00f0um er magt og hver m\u00e1 segja til hans: Hva\u00f0 gj\u00f6rir \u00fe\u00fa? S\u00e1 sem heldur bo\u00f0or\u00f0in hann skal ekkert vont henda en eitt vitugt hjarta veit t\u00ed\u00f0 og m\u00e1ta. \u00dev\u00ed a\u00f0 allt upps\u00e1tur hefur s\u00edna t\u00ed\u00f0 og t\u00edma. \u00dev\u00ed a\u00f0 margfaldleg er mannsins \u00f3lukka hj\u00e1 h\u00f6num \u00fev\u00ed a\u00f0 hann veit ei hva\u00f0 veri\u00f0 hefur og hver kann a\u00f0 segja hva\u00f0 ver\u00f0a kann? Enginn ma\u00f0ur hefur magt yfir andann andann a\u00f0 forhindra, neginn hefur og magt yfir dau\u00f0ans t\u00edma og hann skal ekki laus l\u00e1tast \u00ed str\u00ed\u00f0inu. \u00d3gu\u00f0legar athafnir hj\u00e1lpa ekki \u00feeim \u00f3gu\u00f0legu.<\/p>\n<p>\t\u00deetta hefi eg allt saman s\u00e9\u00f0 og eg lag\u00f0a mitt hjarta til allrar \u00feeirrar i\u00f0ju sem sker undir s\u00f3lunni. Einn ma\u00f0ur r\u00e6\u00f0ur stundum yfir annan s\u00e9r sj\u00e1lfum til \u00f3lukku. Og \u00fe\u00e1 s\u00e1 eg \u00fe\u00e1 inu \u00f3gu\u00f0r\u00e6knu sem jar\u00f0a\u00f0ir voru, hverjir gengi\u00f0 og sp\u00e1s\u00e9ra\u00f0 h\u00f6f\u00f0u \u00ed \u00feeim heilaga sta\u00f0 og \u00feeim var gleymt \u00ed borginni \u00fear e\u00f0 \u00feeir h\u00f6f\u00f0u erfi\u00f0a\u00f0. \u00dea\u00f0 var og einn h\u00e9g\u00f3mi.<\/p>\n<p>\tFyst \u00fear kemur ekki einn skj\u00f3tur d\u00f3mur yfir vondra manna gj\u00f6r\u00f0ir \u00fear af bl\u00edfur mannsins sinni f\u00fast til a\u00f0 gj\u00f6ra illt. \u00de\u00f3 hinn syndugi gj\u00f6ri hundra\u00f0 sinnum illt og lifir \u00fe\u00f3 lengi \u00fe\u00e1 veit eg \u00fe\u00f3 l\u00edka vel a\u00f0 \u00feeim skal \u00fe\u00f3 ganga vel sem \u00f3ttast Gu\u00f0 og hr\u00e6\u00f0ast hans auglit. \u00dev\u00ed a\u00f0 \u00feeir inu \u00f3gu\u00f0legu mun eigi vel ganga og sem einn skuggi skulu \u00feeirra l\u00edfdagar vera sem ekki \u00f3ttast Gu\u00f0.<\/p>\n<p>\t\u00dea\u00f0 er einn h\u00e9g\u00f3mi sem \u00e1 j\u00f6r\u00f0unni ske\u00f0ur a\u00f0 \u00feeim r\u00e9ttl\u00e1tu vegnar sem \u00feeir hef\u00f0u illa gj\u00f6rt en \u00feeim \u00f3gu\u00f0legu sem \u00feeir hef\u00f0u vel gj\u00f6rt og eg sag\u00f0a a\u00f0 svoddan er h\u00e9g\u00f3mi.<\/p>\n<p>\t\u00dev\u00ed pr\u00edsa\u00f0i eg gle\u00f0ina, a\u00f0 ekki neitt er betra manninum undir s\u00f3lunni en a\u00f0 eta og drekka og gj\u00f6ra sig gla\u00f0an og a\u00f0 hann megi so s\u00edns arfi\u00f0is nj\u00f3ta alla s\u00edna l\u00edfdaga sem Gu\u00f0 gefur honum undir s\u00f3lunni.<\/p>\n<p>\tEg gaf m\u00ednu hjarta a\u00f0 vita speki og a\u00f0 sj\u00e1 \u00fe\u00e1 arm\u00e6\u00f0u sem sker \u00e1 j\u00f6r\u00f0unni, a\u00f0 einn var svo a\u00f0 hann s\u00e1 \u00f6ngvan svefn, hverki n\u00f3tt n\u00e9 dag me\u00f0 s\u00ednum augum. Og eg s\u00e1 alla Gu\u00f0s gj\u00f6rninga \u00fev\u00ed a\u00f0 enginn ma\u00f0ur kann \u00fea\u00f0 verk a\u00f0 finna sem a\u00f0 sker undir s\u00f3lunni og \u00feess meira sem ma\u00f0urinn leitar \u00fear eftir \u00feess minna finnur hann. \u00de\u00f3 hann seg\u00f0i so: Eg em hygginn og veit \u00fea\u00f0, \u00fe\u00e1 f\u00e6r hann \u00fe\u00f3 ei fundi\u00f0 \u00fea\u00f0.<\/p>\n","protected":false},"excerpt":{"rendered":"<p>VIII. Mannsins v\u00edsd\u00f3mur uppl\u00fdsir hans andlit en s\u00e1 sem einar\u00f0ur er hann er \u00f3vins\u00e6ll. Eg var\u00f0veiti k\u00f3ngsins or\u00f0 og Gu\u00f0s ei\u00f0. Fl\u00fdttu \u00fe\u00e9r ekki a\u00f0 ganga fr\u00e1 hans andliti og vef \u00feig ekki \u00ed vondum s\u00f6kum \u00fev\u00ed hann gj\u00f6rir hva\u00f0 hann lystir. \u00cd k\u00f3ngsins or\u00f0um er magt og hver m\u00e1 segja til hans: Hva\u00f0 gj\u00f6rir \u00fe\u00fa? S\u00e1 sem heldur bo\u00f0or\u00f0in hann skal ekkert vont henda en eitt vitugt hjarta veit t\u00ed\u00f0 og m\u00e1ta. \u00dev\u00ed a\u00f0 allt upps\u00e1tur hefur s\u00edna t\u00ed\u00f0 og t\u00edma. \u00dev\u00ed a\u00f0 margfaldleg er mannsins \u00f3lukka hj\u00e1 h\u00f6num \u00fev\u00ed a\u00f0 hann veit ei hva\u00f0 veri\u00f0 hefur og hver <a href=\"https:\/\/biblian.is\/gudbrandsbiblia\/predikarinn-8-kafli\/\"> [&#8230;]<\/a><\/p>\n","protected":false},"author":1,"featured_media":0,"parent":0,"menu_order":0,"comment_status":"open","ping_status":"open","template":"bibliukaflar.php","meta":{"footnotes":""},"class_list":["post-3361","page","type-page","status-publish","hentry"],"_links":{"self":[{"href":"https:\/\/biblian.is\/gudbrandsbiblia\/wp-json\/wp\/v2\/pages\/3361","targetHints":{"allow":["GET"]}}],"collection":[{"href":"https:\/\/biblian.is\/gudbrandsbiblia\/wp-json\/wp\/v2\/pages"}],"about":[{"href":"https:\/\/biblian.is\/gudbrandsbiblia\/wp-json\/wp\/v2\/types\/page"}],"author":[{"embeddable":true,"href":"https:\/\/biblian.is\/gudbrandsbiblia\/wp-json\/wp\/v2\/users\/1"}],"replies":[{"embeddable":true,"href":"https:\/\/biblian.is\/gudbrandsbiblia\/wp-json\/wp\/v2\/comments?post=3361"}],"version-history":[{"count":0,"href":"https:\/\/biblian.is\/gudbrandsbiblia\/wp-json\/wp\/v2\/pages\/3361\/revisions"}],"wp:attachment":[{"href":"https:\/\/biblian.is\/gudbrandsbiblia\/wp-json\/wp\/v2\/media?parent=3361"}],"curies":[{"name":"wp","href":"https:\/\/api.w.org\/{rel}","templated":true}]}}