{"id":3358,"date":"2017-12-18T18:33:26","date_gmt":"2017-12-18T18:33:26","guid":{"rendered":"http:\/\/biblian.is\/gudbrandsbiblia\/predikarinn-5-kafli\/"},"modified":"2017-12-18T18:33:26","modified_gmt":"2017-12-18T18:33:26","slug":"predikarinn-5-kafli","status":"publish","type":"page","link":"https:\/\/biblian.is\/gudbrandsbiblia\/predikarinn-5-kafli\/","title":{"rendered":"Pr\u00e9dikarinn 5. kafli"},"content":{"rendered":"<p>V.<\/p>\n<p>Vakta \u00feinn f\u00f3t n\u00e6r \u00fe\u00fa gengur til Gu\u00f0s h\u00fass og kom so \u00fe\u00fa kunnir a\u00f0 heyra. <span class=\"athugasemd\" title=\"H\u00e9r kennir hann a\u00f0 \u00f3ttast Gu\u00f0 og honum a\u00f0 treysta og lifa gu\u00f0r\u00e6kilega \u00ed \u00feessu auma veraldarl\u00edfi\">[<\/span> \u00dea\u00f0 er betra en f\u00e1v\u00edss manns offur \u00fev\u00ed a\u00f0 \u00feeir vita ekki hva\u00f0 vont \u00feeir gj\u00f6ra.<\/p>\n<p>\tVert ekki flj\u00f3tur me\u00f0 \u00fe\u00ednum munni og l\u00e1t \u00feitt hjarta ekki hasta sig a\u00f0 tala nokku\u00f0 fyrir Gu\u00f0i. \u00dev\u00ed a\u00f0 Gu\u00f0 hann er \u00e1 himnum uppi en \u00fe\u00fa h\u00e9r \u00e1 j\u00f6r\u00f0u ni\u00f0ri, \u00fear fyrir l\u00e1ttu \u00fe\u00edn or\u00f0 vera f\u00e1. \u00dev\u00ed hvar mikil sorg er \u00fear eru margir draumar og s\u00e1 sem hefur m\u00f6rg or\u00f0 m\u00e1 merkjast fyrir f\u00e1v\u00edsan og heimskan \u00feuss.<\/p>\n<p>\tN\u00e6r \u00fe\u00fa heitir \u00e1 Gu\u00f0 og lofar honum nokkru \u00fe\u00e1 tef \u00fe\u00fa ekki a\u00f0 efna \u00fea\u00f0 \u00fev\u00ed \u00e1 f\u00e1visku hefur hann \u00f6ngva \u00fe\u00f3knan. <span class=\"athugasemd\" title=\"Ver fyrst gu\u00f0hr\u00e6ddur \/ Deut. 2. 3.\">[<\/span> Hverju sem \u00fe\u00fa lofar \u00fe\u00e1 haltu \u00fea\u00f0. Betra er a\u00f0 lofa \u00f6ngv\u00f6 en a\u00f0 halda ekki \u00fea\u00f0 ma\u00f0ur lofar.<\/p>\n<p>\tLeyf ekki \u00fe\u00ednum munni a\u00f0 l\u00e1ta syndga \u00feitt eigi\u00f0 hold og seg ekki fyrir <span class=\"athugasemd\" title=\"a \/ Engill kallast h\u00e9r kennima\u00f0ur og l\u00e6rari\">[<\/span> englinum: Eg er saklaus. Annars m\u00e1 Gu\u00f0 styggjast yfir \u00feinni raust og fyrird\u00e6ma allan gj\u00f6rning \u00feinna handa. Hvar e\u00f0 margir draumar eru \u00fear eru m\u00f6rg h\u00e9g\u00f3maor\u00f0 en \u00f3ttast \u00fe\u00fa Gu\u00f0.<\/p>\n<p>\tEf \u00fe\u00fa s\u00e9r a\u00f0 hinn f\u00e1t\u00e6ki l\u00ed\u00f0ur \u00f3r\u00e9tt en r\u00e9tturinn og r\u00e9ttl\u00e6ti\u00f0 raskast \u00ed burtu \u00far landinu \u00fe\u00e1 undrast \u00fe\u00fa ekki \u00fea\u00f0 upps\u00e1tur \u00fev\u00ed \u00fear er einn h\u00e1r geymari yfir h\u00e1vum og \u00fe\u00f3 eru enn h\u00e6rri yfir \u00feeim b\u00e1\u00f0um. \u00dear yfir er k\u00f3ngur \u00ed \u00f6llum l\u00f6ndum til a\u00f0 arfi\u00f0a akurinn.<\/p>\n<p>\tHver e\u00f0 elskar au\u00f0\u00e6fi s\u00e1 ver\u00f0ur aldrei saddur og s\u00e1 sem elskar r\u00edkid\u00e6mi\u00f0 hann f\u00e6r ekkert gagn \u00fear \u00fat af. Og \u00fea\u00f0 er einnin h\u00e9g\u00f3mi. \u00dev\u00ed hvar miki\u00f0 g\u00f3ss er \u00fear eru margir ey\u00f0slumenn og hva\u00f0 gagnast \u00fea\u00f0 \u00feeim sem \u00fea\u00f0 hefur utan hann s\u00e9r \u00fear upp \u00e1 me\u00f0 augunum? S\u00e1 sem arfi\u00f0ar honum er svefninn s\u00e6tur, hvert heldur hann etur miki\u00f0 e\u00f0a l\u00edti\u00f0, en fylli hins r\u00edka l\u00e6tur hann ekki sofa.<\/p>\n<p>\t\u00dea\u00f0 var ein vond pl\u00e1ga sem eg s\u00e1 undir s\u00f3lunni a\u00f0 hver hann heldur s\u00ednum r\u00edkd\u00f3mi s\u00e9r sj\u00e1lfum til ska\u00f0a. \u00dev\u00ed s\u00e1 hinn r\u00edki mun fyrirfarast me\u00f0 st\u00f3rri eymd og \u00fe\u00f3 hann hafi \u00e1tt einn son \u00fe\u00e1 kemur ekki par \u00ed hans hendur. L\u00edka sem hann kom nakinn fr\u00e1 sinni m\u00f3\u00f0ur svo skal hann og \u00ed burt aftur fara h\u00e9\u00f0an sem hann hinga\u00f0 kom og hann tekur ekki par \u00ed s\u00edna h\u00f6nd me\u00f0 s\u00e9r af s\u00ednu arfi\u00f0i n\u00e6r hann \u00ed burtu fer. <span class=\"athugasemd\" title=\"Job 1 \/ I. T\u00edm. 6\">[<\/span> Og \u00fea\u00f0 er ein vond pl\u00e1ga a\u00f0 hann ver\u00f0ur \u00ed burt a\u00f0 fara l\u00edka sem hann kom. Hva\u00f0 hj\u00e1lpar honum \u00fea\u00f0 \u00fe\u00f3 a\u00f0 hann hafi arfi\u00f0a\u00f0 svo sem \u00ed vind? Alla s\u00edna l\u00edfsdaga hefur hann eti\u00f0 \u00ed myrkri og \u00ed st\u00f3rum \u00e1huga, sorg og sj\u00fakd\u00f3mi.<\/p>\n<p>\tSvo vir\u00f0ist m\u00e9r n\u00fa \u00fea\u00f0 gott vera og svo pr\u00fd\u00f0ilegt n\u00e6r mann etur og drekkur og er gla\u00f0ur \u00ed \u00f6llu s\u00ednu arfi\u00f0i sem hann gj\u00f6rir undir s\u00f3lunni \u00ed \u00f6llum s\u00ednum l\u00edfd\u00f6gum af \u00fev\u00ed sem Gu\u00f0 gefur honum \u00fev\u00ed \u00fea\u00f0 er hans hlutskipti. <span class=\"athugasemd\" title=\"Sup. 2. 3 \/ Infra 9\">[<\/span> \u00dev\u00ed hverjum \u00feeim manni sem Gu\u00f0 gefur r\u00edkd\u00f3m og au\u00f0\u00e6fi, \u00fear me\u00f0 megn til a\u00f0 eta og drekka \u00fear af eftir s\u00ednu hlutskipti og er \u00e6t\u00ed\u00f0 me\u00f0 gla\u00f0v\u00e6ru ge\u00f0i \u00ed \u00f6llu s\u00ednu erfi\u00f0i, \u00fea\u00f0 er ein Gu\u00f0s g\u00e1fa. \u00dev\u00ed hann \u00feenkir ekki miki\u00f0 \u00e1 eymd \u00feessa l\u00edfs \u00fev\u00ed a\u00f0 Gu\u00f0 gle\u00f0ur hans hjarta.<\/p>\n","protected":false},"excerpt":{"rendered":"<p>V. Vakta \u00feinn f\u00f3t n\u00e6r \u00fe\u00fa gengur til Gu\u00f0s h\u00fass og kom so \u00fe\u00fa kunnir a\u00f0 heyra. [ \u00dea\u00f0 er betra en f\u00e1v\u00edss manns offur \u00fev\u00ed a\u00f0 \u00feeir vita ekki hva\u00f0 vont \u00feeir gj\u00f6ra. Vert ekki flj\u00f3tur me\u00f0 \u00fe\u00ednum munni og l\u00e1t \u00feitt hjarta ekki hasta sig a\u00f0 tala nokku\u00f0 fyrir Gu\u00f0i. \u00dev\u00ed a\u00f0 Gu\u00f0 hann er \u00e1 himnum uppi en \u00fe\u00fa h\u00e9r \u00e1 j\u00f6r\u00f0u ni\u00f0ri, \u00fear fyrir l\u00e1ttu \u00fe\u00edn or\u00f0 vera f\u00e1. \u00dev\u00ed hvar mikil sorg er \u00fear eru margir draumar og s\u00e1 sem hefur m\u00f6rg or\u00f0 m\u00e1 merkjast fyrir f\u00e1v\u00edsan og heimskan \u00feuss. N\u00e6r \u00fe\u00fa heitir \u00e1 Gu\u00f0 <a href=\"https:\/\/biblian.is\/gudbrandsbiblia\/predikarinn-5-kafli\/\"> [&#8230;]<\/a><\/p>\n","protected":false},"author":1,"featured_media":0,"parent":0,"menu_order":0,"comment_status":"open","ping_status":"open","template":"bibliukaflar.php","meta":{"footnotes":""},"class_list":["post-3358","page","type-page","status-publish","hentry"],"_links":{"self":[{"href":"https:\/\/biblian.is\/gudbrandsbiblia\/wp-json\/wp\/v2\/pages\/3358","targetHints":{"allow":["GET"]}}],"collection":[{"href":"https:\/\/biblian.is\/gudbrandsbiblia\/wp-json\/wp\/v2\/pages"}],"about":[{"href":"https:\/\/biblian.is\/gudbrandsbiblia\/wp-json\/wp\/v2\/types\/page"}],"author":[{"embeddable":true,"href":"https:\/\/biblian.is\/gudbrandsbiblia\/wp-json\/wp\/v2\/users\/1"}],"replies":[{"embeddable":true,"href":"https:\/\/biblian.is\/gudbrandsbiblia\/wp-json\/wp\/v2\/comments?post=3358"}],"version-history":[{"count":0,"href":"https:\/\/biblian.is\/gudbrandsbiblia\/wp-json\/wp\/v2\/pages\/3358\/revisions"}],"wp:attachment":[{"href":"https:\/\/biblian.is\/gudbrandsbiblia\/wp-json\/wp\/v2\/media?parent=3358"}],"curies":[{"name":"wp","href":"https:\/\/api.w.org\/{rel}","templated":true}]}}