{"id":3350,"date":"2017-12-18T18:33:22","date_gmt":"2017-12-18T18:33:22","guid":{"rendered":"http:\/\/biblian.is\/gudbrandsbiblia\/ordskvidirnir-28-kafli\/"},"modified":"2017-12-18T18:33:22","modified_gmt":"2017-12-18T18:33:22","slug":"ordskvidirnir-28-kafli","status":"publish","type":"page","link":"https:\/\/biblian.is\/gudbrandsbiblia\/ordskvidirnir-28-kafli\/","title":{"rendered":"Or\u00f0skvi\u00f0irnir 28. kafli"},"content":{"rendered":"<p>XXVIII.<\/p>\n<p>\u00d3mildur ma\u00f0ur <span class=\"athugasemd\" title=\"a \/ (Fl\u00fdr) \/ Sj\u00e1lfs hvers samviska er meir en \u00fe\u00fasund vitni \/ Job xxxiiy.\">[<\/span> fl\u00fdr \u00fe\u00f3 enginn elti hann en r\u00e9ttl\u00e1tur ma\u00f0ur er hughraustur sem eitt ungt le\u00f3n.<\/p>\n<p>\tFyrir synda sakir landsins ver\u00f0a m\u00f6rg umskipti h\u00f6f\u00f0ingst\u00e9ttanna en sakir \u00feeirra manna sem a\u00f0 eru vitrir og skynsamir \u00fe\u00e1 eru \u00feeir lengur.<\/p>\n<p>\tEinn f\u00e1t\u00e6kur ma\u00f0ur s\u00e1 e\u00f0 styggir s\u00e9r vesallri er l\u00edka sem \u00e1kafaregn \u00fea\u00f0 jar\u00f0arinnar \u00e1v\u00f6xt \u00f3n\u00fdtir.<\/p>\n<p>\t\u00deeir sem l\u00f6gm\u00e1li\u00f0 forl\u00e1ta lofa hinn \u00f3milda en \u00feeir sem \u00fea\u00f0 halda eru honum m\u00f3t\u00feykkir.<\/p>\n<p>\tVondir menn hugsa ekki um r\u00e9ttinn en \u00feeir sem leita Drottins taka \u00fea\u00f0 allt til vara. <span class=\"athugasemd\" title=\"1. Cor. y.\">[<\/span> <\/p>\n<p>\tF\u00e1t\u00e6kur ma\u00f0ur gangandi fram \u00ed s\u00ednum einfaldleik er betri en r\u00edkur ma\u00f0ur s\u00e1 e\u00f0 \u00e1 r\u00f6ngum vegi gengur. <span class=\"athugasemd\" title=\"Sup. xix.\">[<\/span> <\/p>\n<p>\tHver han var\u00f0veitir l\u00f6gm\u00e1li\u00f0 \u00fea\u00f0 er hygginn sonur en einn uppsvelgjari skammar sinn f\u00f6\u00f0ur.<\/p>\n<p>\tHver hann eykur s\u00edn au\u00f0\u00e6fi me\u00f0 okri og \u00e1vinning s\u00e1 samandregur \u00feau til f\u00e1t\u00e6kra manna nytsemdar. <span class=\"athugasemd\" title=\"Supra vx.\">[<\/span> <\/p>\n<p>\tHver sem eyra sitt fr\u00e1hverft gj\u00f6rir til a\u00f0 heyra l\u00f6gm\u00e1li\u00f0, \u00feess b\u00e6n er b\u00f6lvanleg.<\/p>\n<p>\tHver hann afvegalei\u00f0ir r\u00e9ttv\u00edsa menn \u00e1 vondan veg, s\u00e1 mun detta \u00ed s\u00edna gr\u00f6f en \u00feeir r\u00e9ttfer\u00f0ugu munu erfa hans g\u00f3ss.<\/p>\n<p>\tEinn r\u00edkur ma\u00f0ur \u00feykist hygginn en f\u00e1t\u00e6kur ma\u00f0ur skynsamur rannsakar hann. <span class=\"athugasemd\" title=\"Sup. xix.\">[<\/span> <\/p>\n<p>\tN\u00e6r e\u00f0 r\u00e9ttl\u00e1tir menn hafa yfirvald fer harla vel fram en \u00feegar \u00f3mildir drottna hverfist allt um fyrir m\u00f6nnum. <span class=\"athugasemd\" title=\"Sup. xi \/ Infra xxix.\">[<\/span> <\/p>\n<p>\tHver hann leynir s\u00ednum misgj\u00f6r\u00f0um \u00feeim mun \u00fea\u00f0 ekki vel vegna en s\u00e1 sem \u00fe\u00e6r me\u00f0kennir og fyrirl\u00e6tur mun miskunn \u00f6\u00f0last.<\/p>\n<p>\tS\u00e6ll er s\u00e1 sem jafnan \u00f3ttast Gu\u00f0 en s\u00e1 sem har\u00f0sv\u00edra\u00f0ur er mun falla \u00ed \u00f3lukku.<\/p>\n<p>\tEinn \u00f3mildur yfirbo\u00f0i s\u00e1 e\u00f0 stj\u00f3rnar f\u00e1t\u00e6kum l\u00fd\u00f0 \u00fea\u00f0 er grenjandi le\u00f3n og hungra\u00f0 bjarnd\u00fdr. <span class=\"athugasemd\" title=\"Sup. ix.\">[<\/span> <\/p>\n<p>\tN\u00e6r e\u00f0 nokkur h\u00f6f\u00f0ingi er fyrir utan skynsemd \u00fe\u00e1 ske mikil rangindi en hver \u00e1girni hatar hann mun lengi lifa.<\/p>\n<p>\tEinn ma\u00f0ur s\u00e1 e\u00f0 rangindi gj\u00f6rir \u00e1 bl\u00f3\u00f0i nokkrar s\u00e1lar hann mun ei hj\u00e1lpast \u00fe\u00f3tt hann fl\u00fd\u00f0i allt ofan til helv\u00edtis.<\/p>\n<p>\tHver einfaldlega framgengur mun hj\u00e1lpast en s\u00e1 sem \u00e1 r\u00f6ngum vegi gengur mun \u00ed einu hrapa.<\/p>\n<p>\tHver \u00e1 s\u00ednu akri erfi\u00f0ar hefur brau\u00f0s n\u00e6g\u00f0 en s\u00e1 sem i\u00f0juleysinu eftir fylgir hefur n\u00f3glega arm\u00f3\u00f0. <span class=\"athugasemd\" title=\"S\u00edra. xy. \/ Sup. xx.\">[<\/span> <\/p>\n<p>\tTr\u00far ma\u00f0ur ver\u00f0ur mikillega blessa\u00f0ur en s\u00e1 sem fl\u00fdtir s\u00e9r a\u00f0 ver\u00f0a r\u00edkur mun ei saklaus bl\u00edfa. <span class=\"athugasemd\" title=\"i. T\u00edm. vi. \/ Sup. xiy.\">[<\/span> <\/p>\n<p>\tManngreinar\u00e1lit er ekki gott a\u00f0 hafa \u00fev\u00ed a\u00f0 fyrir sakir eins brau\u00f0bita syndgar hann. <span class=\"athugasemd\" title=\"Sup. xvy. xviy.\">[<\/span> <\/p>\n<p>\tHver hann \u00e1stundar r\u00edkd\u00f3m og er \u00f6fundsj\u00fakur hann veit ekki a\u00f0 hann skal \u00f3lukku ske.<\/p>\n<p>\tHver hann \u00e1v\u00edtar nokkurn mann hann mun eftir \u00fea\u00f0 hylli finna me\u00f0 \u00feeim sama meir en hinn sem \u00ed eyrun fagurt talar.<\/p>\n<p>\tHver hann tekur nokku\u00f0 fr\u00e1 f\u00f6\u00f0ur s\u00ednum og m\u00f3\u00f0ur og segir \u00fea\u00f0 vera \u00f6ngva synd s\u00e1 er f\u00e9lagi fordjarfarans. <span class=\"athugasemd\" title=\"Math. xv.\">[<\/span> <\/p>\n<p>\tDrambl\u00e1tur ma\u00f0ur kveikir deilur en s\u00e1 sem treystir \u00e1 Drottin mun hj\u00e1lpast.<\/p>\n<p>\tHver hann treystir \u00e1 sitt hjarta s\u00e1 er heimskur og s\u00e1 sem skynsamlega framgengur mun umfl\u00fdja.<\/p>\n<p>\tHver hann gefur f\u00e1t\u00e6kum mun \u00f6ngva \u00fe\u00f6rf \u00feola en s\u00e1 sem s\u00ednum augum fr\u00e1v\u00edkur hann mun mj\u00f6g fordjarfast. <span class=\"athugasemd\" title=\"Deut. xv. \/ y. Cor. ix.\">[<\/span> <\/p>\n<p>\t\u00deegar \u00f3mildir uppr\u00edsa \u00fe\u00e1 leyna s\u00e9r mennirnir en \u00feegar \u00feeir fyrirfarast \u00fe\u00e1 fj\u00f6lgar r\u00e9ttl\u00e1ta.<\/p>\n","protected":false},"excerpt":{"rendered":"<p>XXVIII. \u00d3mildur ma\u00f0ur [ fl\u00fdr \u00fe\u00f3 enginn elti hann en r\u00e9ttl\u00e1tur ma\u00f0ur er hughraustur sem eitt ungt le\u00f3n. Fyrir synda sakir landsins ver\u00f0a m\u00f6rg umskipti h\u00f6f\u00f0ingst\u00e9ttanna en sakir \u00feeirra manna sem a\u00f0 eru vitrir og skynsamir \u00fe\u00e1 eru \u00feeir lengur. Einn f\u00e1t\u00e6kur ma\u00f0ur s\u00e1 e\u00f0 styggir s\u00e9r vesallri er l\u00edka sem \u00e1kafaregn \u00fea\u00f0 jar\u00f0arinnar \u00e1v\u00f6xt \u00f3n\u00fdtir. \u00deeir sem l\u00f6gm\u00e1li\u00f0 forl\u00e1ta lofa hinn \u00f3milda en \u00feeir sem \u00fea\u00f0 halda eru honum m\u00f3t\u00feykkir. Vondir menn hugsa ekki um r\u00e9ttinn en \u00feeir sem leita Drottins taka \u00fea\u00f0 allt til vara. [ F\u00e1t\u00e6kur ma\u00f0ur gangandi fram \u00ed s\u00ednum einfaldleik er betri en r\u00edkur ma\u00f0ur <a href=\"https:\/\/biblian.is\/gudbrandsbiblia\/ordskvidirnir-28-kafli\/\"> [&#8230;]<\/a><\/p>\n","protected":false},"author":1,"featured_media":0,"parent":0,"menu_order":0,"comment_status":"open","ping_status":"open","template":"bibliukaflar.php","meta":{"footnotes":""},"class_list":["post-3350","page","type-page","status-publish","hentry"],"_links":{"self":[{"href":"https:\/\/biblian.is\/gudbrandsbiblia\/wp-json\/wp\/v2\/pages\/3350","targetHints":{"allow":["GET"]}}],"collection":[{"href":"https:\/\/biblian.is\/gudbrandsbiblia\/wp-json\/wp\/v2\/pages"}],"about":[{"href":"https:\/\/biblian.is\/gudbrandsbiblia\/wp-json\/wp\/v2\/types\/page"}],"author":[{"embeddable":true,"href":"https:\/\/biblian.is\/gudbrandsbiblia\/wp-json\/wp\/v2\/users\/1"}],"replies":[{"embeddable":true,"href":"https:\/\/biblian.is\/gudbrandsbiblia\/wp-json\/wp\/v2\/comments?post=3350"}],"version-history":[{"count":0,"href":"https:\/\/biblian.is\/gudbrandsbiblia\/wp-json\/wp\/v2\/pages\/3350\/revisions"}],"wp:attachment":[{"href":"https:\/\/biblian.is\/gudbrandsbiblia\/wp-json\/wp\/v2\/media?parent=3350"}],"curies":[{"name":"wp","href":"https:\/\/api.w.org\/{rel}","templated":true}]}}