{"id":3329,"date":"2017-12-18T18:33:19","date_gmt":"2017-12-18T18:33:19","guid":{"rendered":"http:\/\/biblian.is\/gudbrandsbiblia\/ordskvidirnir-7-kafli\/"},"modified":"2017-12-18T18:33:19","modified_gmt":"2017-12-18T18:33:19","slug":"ordskvidirnir-7-kafli","status":"publish","type":"page","link":"https:\/\/biblian.is\/gudbrandsbiblia\/ordskvidirnir-7-kafli\/","title":{"rendered":"Or\u00f0skvi\u00f0irnir 7. kafli"},"content":{"rendered":"<p>VII.<\/p>\n<p>Son minn, var\u00f0veit m\u00edna r\u00e6\u00f0u og fel mitt bo\u00f0or\u00f0 hj\u00e1 \u00fe\u00e9r. Geym \u00fe\u00fa mitt bo\u00f0or\u00f0, \u00fe\u00e1 muntu lifa og mitt l\u00f6gm\u00e1l svo sem augastein \u00feinn. Bittu \u00fea\u00f0 \u00e1 fingur \u00fe\u00edna og skrifa \u00fea\u00f0 \u00e1 spj\u00f6ld hjarta \u00fe\u00edns. Seg \u00fe\u00fa til spekinnar: \u00de\u00fa ert m\u00edn systir, og kalla viskuna \u00fe\u00edna vinkonu so \u00fe\u00fa geymist fyrir framandi og annarlegri konu sem s\u00e6t or\u00f0 gefur.<\/p>\n<p>\t\u00dev\u00ed a\u00f0 fyrir glugganum \u00ed m\u00ednu h\u00fasi s\u00e1 eg \u00fat um grindurnar og leit eg \u00e1 me\u00f0al \u00feeirra f\u00e1fr\u00f3\u00f0u og var\u00f0 eg var \u00e1 me\u00f0al yngismannanna eins heimskufulls ungmennis. Hann gekk um str\u00e6ti\u00f0 hj\u00e1 einni hyrningu, sp\u00e1s\u00e9ra\u00f0i \u00e1 veginum hj\u00e1 hennar h\u00fasi \u00ed skugganum, a\u00f0 kveldi dags \u00feegar a\u00f0 n\u00e1tta\u00f0i og myrkur var. Og sj\u00e1 \u00fe\u00fa, \u00fe\u00e1 m\u00e6tti honum kona \u00ed sk\u00e6kjub\u00fana\u00f0i, kyndug, galin, \u00f3t\u00f6m, svo a\u00f0 hennar f\u00e6tur kunnu ekki \u00ed hennar h\u00fasi a\u00f0 sta\u00f0n\u00e6mast. N\u00fa er h\u00fan \u00fati, n\u00fa er h\u00fan \u00e1 str\u00e6tunum og umsitur \u00ed \u00f6llum hyrningum. H\u00fan greip til hans og kyssti hann \u00f3feilanlega og sag\u00f0i til hans: &#8222;\u00cd dag hef eg \u00feakkl\u00e6tisf\u00f3rnir fyrir mig betala\u00f0 fyrir m\u00edn heit, \u00fev\u00ed er eg \u00fatgengin \u00ed m\u00f3ts vi\u00f0 \u00feig \u00fe\u00edns andlits a\u00f0 leita og hefi \u00feig fundi\u00f0. Eg hefi pr\u00fddda m\u00edna s\u00e6ng fagurlega me\u00f0 mislitum tj\u00f6ldum af Egyptalandi og b\u00fai\u00f0 mitt r\u00fam me\u00f0 mirru og aloe og caniel. Kom se\u00f0junst af samlagi allt til morguns og fremjum lystileg fa\u00f0ml\u00f6g. \u00dev\u00ed a\u00f0 ma\u00f0urinn er ekki heima, hann er farinn fjarl\u00e6gan veg, hann haf\u00f0i me\u00f0 s\u00e9r peningapunginn, hann kemur ei heim fyrr en a\u00f0 h\u00e1t\u00ed\u00f0ardeginum.&#8220; H\u00fan skrafa\u00f0i hann upp me\u00f0 m\u00f6rgum or\u00f0um og lokka\u00f0i hann me\u00f0 s\u00ednum smja\u00f0ursmunni. Hann f\u00f3r strax eftir henni sem \u00fe\u00e1 eitt naut er leitt til sl\u00e1trunarbekksins, so sem til j\u00e1rnvi\u00f0junnar \u00fear heimskir ver\u00f0a me\u00f0 straffa\u00f0ir, \u00fear til a\u00f0 h\u00fan sundursnei\u00f0 hans lifur me\u00f0 p\u00edlunni, svo sem \u00fe\u00e1 einn fugl fl\u00fdtir s\u00e9r til sn\u00f6runnar og veit ekki a\u00f0 \u00fea\u00f0 kostar hans l\u00edf.<\/p>\n<p>\t\u00dear fyrir heyri\u00f0 m\u00e9r n\u00fa, synir m\u00ednir, og huglei\u00f0i\u00f0 r\u00e6\u00f0u munns m\u00edns. L\u00e1t \u00feitt hjarta ekki \u00e1 hennar veg ganga n\u00e9 \u00feig afvegalei\u00f0a \u00e1 hennar g\u00f6tur. \u00dev\u00ed h\u00fan hefur s\u00e6rt og fellt marga og alls kyns voldugir eru af henni drepnir. Hennar h\u00edb\u00fdli eru vegur til helv\u00edtis, \u00fear a\u00f0 menn ni\u00f0ur st\u00edga \u00ed dau\u00f0ans herbergi.<\/p>\n","protected":false},"excerpt":{"rendered":"<p>VII. Son minn, var\u00f0veit m\u00edna r\u00e6\u00f0u og fel mitt bo\u00f0or\u00f0 hj\u00e1 \u00fe\u00e9r. Geym \u00fe\u00fa mitt bo\u00f0or\u00f0, \u00fe\u00e1 muntu lifa og mitt l\u00f6gm\u00e1l svo sem augastein \u00feinn. Bittu \u00fea\u00f0 \u00e1 fingur \u00fe\u00edna og skrifa \u00fea\u00f0 \u00e1 spj\u00f6ld hjarta \u00fe\u00edns. Seg \u00fe\u00fa til spekinnar: \u00de\u00fa ert m\u00edn systir, og kalla viskuna \u00fe\u00edna vinkonu so \u00fe\u00fa geymist fyrir framandi og annarlegri konu sem s\u00e6t or\u00f0 gefur. \u00dev\u00ed a\u00f0 fyrir glugganum \u00ed m\u00ednu h\u00fasi s\u00e1 eg \u00fat um grindurnar og leit eg \u00e1 me\u00f0al \u00feeirra f\u00e1fr\u00f3\u00f0u og var\u00f0 eg var \u00e1 me\u00f0al yngismannanna eins heimskufulls ungmennis. Hann gekk um str\u00e6ti\u00f0 hj\u00e1 einni hyrningu, sp\u00e1s\u00e9ra\u00f0i <a href=\"https:\/\/biblian.is\/gudbrandsbiblia\/ordskvidirnir-7-kafli\/\"> [&#8230;]<\/a><\/p>\n","protected":false},"author":1,"featured_media":0,"parent":0,"menu_order":0,"comment_status":"open","ping_status":"open","template":"bibliukaflar.php","meta":{"footnotes":""},"class_list":["post-3329","page","type-page","status-publish","hentry"],"_links":{"self":[{"href":"https:\/\/biblian.is\/gudbrandsbiblia\/wp-json\/wp\/v2\/pages\/3329","targetHints":{"allow":["GET"]}}],"collection":[{"href":"https:\/\/biblian.is\/gudbrandsbiblia\/wp-json\/wp\/v2\/pages"}],"about":[{"href":"https:\/\/biblian.is\/gudbrandsbiblia\/wp-json\/wp\/v2\/types\/page"}],"author":[{"embeddable":true,"href":"https:\/\/biblian.is\/gudbrandsbiblia\/wp-json\/wp\/v2\/users\/1"}],"replies":[{"embeddable":true,"href":"https:\/\/biblian.is\/gudbrandsbiblia\/wp-json\/wp\/v2\/comments?post=3329"}],"version-history":[{"count":0,"href":"https:\/\/biblian.is\/gudbrandsbiblia\/wp-json\/wp\/v2\/pages\/3329\/revisions"}],"wp:attachment":[{"href":"https:\/\/biblian.is\/gudbrandsbiblia\/wp-json\/wp\/v2\/media?parent=3329"}],"curies":[{"name":"wp","href":"https:\/\/api.w.org\/{rel}","templated":true}]}}