{"id":3318,"date":"2017-12-18T18:33:19","date_gmt":"2017-12-18T18:33:19","guid":{"rendered":"http:\/\/biblian.is\/gudbrandsbiblia\/salmarnir-146-kafli\/"},"modified":"2017-12-18T18:33:19","modified_gmt":"2017-12-18T18:33:19","slug":"salmarnir-146-kafli","status":"publish","type":"page","link":"https:\/\/biblian.is\/gudbrandsbiblia\/salmarnir-146-kafli\/","title":{"rendered":"S\u00e1lmarnir 146. kafli"},"content":{"rendered":"<p>CLXVI.<\/p>\n<p>Halel\u00faja.<\/p>\n<p>Aund m\u00edn, lofa \u00fe\u00fa Drottin, eg vil Drottin lofa svo lengi sem eg lifi og m\u00ednum Gu\u00f0i lofsyngja \u00e1 me\u00f0an \u00fea\u00f0 eg em h\u00e9r.<\/p>\n<p>\t<span class=\"athugasemd\" title=\"a \/ S\u00e1 sem treystir upp \u00e1 mennina honum bregst sitt \u00e1form og hans ver\u00f0ur a\u00f0 \u00f6ngvu\">[<\/span> Treysti\u00f0 ei upp \u00e1 h\u00f6f\u00f0ingana, \u00feeir eru menn, \u00feeir kunna ekki a\u00f0 hj\u00e1lpa.<\/p>\n<p>\t\u00dev\u00ed a\u00f0 mannsins andi ver\u00f0ur \u00fat \u00fea\u00f0an a\u00f0 fara og han sj\u00e1lfur hl\u00fdtur aftur a\u00f0 j\u00f6r\u00f0u a\u00f0 ver\u00f0a, \u00fe\u00e1 eru allar hans r\u00e1\u00f0agj\u00f6r\u00f0ir a\u00f0 \u00f6ngvu or\u00f0nar.<\/p>\n<p>\tS\u00e6ll er s\u00e1 hvers hj\u00e1lp \u00fea\u00f0 Gu\u00f0 Jakobs er, hvers von a\u00f0 er upp \u00e1 Drottni hans Gu\u00f0i,<\/p>\n<p>\thver e\u00f0 himininn, j\u00f6r\u00f0ina, sj\u00f3inn og allt hva\u00f0 \u00fear er inni hefur gj\u00f6rt, hann s\u00e1 e\u00f0 trygg\u00f0ina heldur eil\u00edflegana,<\/p>\n<p>\thann e\u00f0 r\u00e9ttan d\u00f3m afrekar \u00feeim sem rangindin l\u00ed\u00f0ur, hver e\u00f0 f\u00e6\u00f0slu gefur hungru\u00f0um.<\/p>\n<p>\tDrottinn hann leysir fj\u00f6tra\u00f0a, Drottinn hann gefur s\u00fdn blindum, Drottinn r\u00e9ttir \u00fe\u00e1 vi\u00f0 sem ni\u00f0urslegnir eru, Drottinn elskar \u00fe\u00e1 r\u00e9ttl\u00e1tu, <span class=\"athugasemd\" title=\"Act. 14 \/ Apoc. 14 \/ S\u00e1l. 145\">[<\/span> <\/p>\n<p>\tDrottinn hann var\u00f0veitir hina framandi og f\u00f6\u00f0urleysingjana og annast ekkjurnar og <span class=\"athugasemd\" title=\"b \/ Hann dr\u00edfur \u00fea\u00f0 aftur \u00e1 bak og gj\u00f6rir \u00fea\u00f0 allt \u00f6\u00f0ruv\u00edsi en \u00feeir vilja\">[<\/span> umsn\u00fdr veginum \u00f3gu\u00f0hr\u00e6ddra,<\/p>\n<p>\tDrottinn r\u00edkir eil\u00edflegana, \u00feinn Gu\u00f0, S\u00edon, um aldur og \u00e6vi. Halel\u00faja.<\/p>\n","protected":false},"excerpt":{"rendered":"<p>CLXVI. Halel\u00faja. Aund m\u00edn, lofa \u00fe\u00fa Drottin, eg vil Drottin lofa svo lengi sem eg lifi og m\u00ednum Gu\u00f0i lofsyngja \u00e1 me\u00f0an \u00fea\u00f0 eg em h\u00e9r. [ Treysti\u00f0 ei upp \u00e1 h\u00f6f\u00f0ingana, \u00feeir eru menn, \u00feeir kunna ekki a\u00f0 hj\u00e1lpa. \u00dev\u00ed a\u00f0 mannsins andi ver\u00f0ur \u00fat \u00fea\u00f0an a\u00f0 fara og han sj\u00e1lfur hl\u00fdtur aftur a\u00f0 j\u00f6r\u00f0u a\u00f0 ver\u00f0a, \u00fe\u00e1 eru allar hans r\u00e1\u00f0agj\u00f6r\u00f0ir a\u00f0 \u00f6ngvu or\u00f0nar. S\u00e6ll er s\u00e1 hvers hj\u00e1lp \u00fea\u00f0 Gu\u00f0 Jakobs er, hvers von a\u00f0 er upp \u00e1 Drottni hans Gu\u00f0i, hver e\u00f0 himininn, j\u00f6r\u00f0ina, sj\u00f3inn og allt hva\u00f0 \u00fear er inni hefur gj\u00f6rt, hann s\u00e1 e\u00f0 <a href=\"https:\/\/biblian.is\/gudbrandsbiblia\/salmarnir-146-kafli\/\"> [&#8230;]<\/a><\/p>\n","protected":false},"author":1,"featured_media":0,"parent":0,"menu_order":0,"comment_status":"open","ping_status":"open","template":"bibliukaflar.php","meta":{"footnotes":""},"class_list":["post-3318","page","type-page","status-publish","hentry"],"_links":{"self":[{"href":"https:\/\/biblian.is\/gudbrandsbiblia\/wp-json\/wp\/v2\/pages\/3318","targetHints":{"allow":["GET"]}}],"collection":[{"href":"https:\/\/biblian.is\/gudbrandsbiblia\/wp-json\/wp\/v2\/pages"}],"about":[{"href":"https:\/\/biblian.is\/gudbrandsbiblia\/wp-json\/wp\/v2\/types\/page"}],"author":[{"embeddable":true,"href":"https:\/\/biblian.is\/gudbrandsbiblia\/wp-json\/wp\/v2\/users\/1"}],"replies":[{"embeddable":true,"href":"https:\/\/biblian.is\/gudbrandsbiblia\/wp-json\/wp\/v2\/comments?post=3318"}],"version-history":[{"count":0,"href":"https:\/\/biblian.is\/gudbrandsbiblia\/wp-json\/wp\/v2\/pages\/3318\/revisions"}],"wp:attachment":[{"href":"https:\/\/biblian.is\/gudbrandsbiblia\/wp-json\/wp\/v2\/media?parent=3318"}],"curies":[{"name":"wp","href":"https:\/\/api.w.org\/{rel}","templated":true}]}}