{"id":3297,"date":"2017-12-18T18:33:15","date_gmt":"2017-12-18T18:33:15","guid":{"rendered":"http:\/\/biblian.is\/gudbrandsbiblia\/salmarnir-125-kafli\/"},"modified":"2017-12-18T18:33:15","modified_gmt":"2017-12-18T18:33:15","slug":"salmarnir-125-kafli","status":"publish","type":"page","link":"https:\/\/biblian.is\/gudbrandsbiblia\/salmarnir-125-kafli\/","title":{"rendered":"S\u00e1lmarnir 125. kafli"},"content":{"rendered":"<p>CXXV.<\/p>\n<p>Lofs\u00f6ngur \u00ed h\u00e1kornum.<\/p>\n<p>Hverjir e\u00f0 treysta \u00e1 Drottin \u00feeir munu ekki falla heldur eil\u00edflegana sta\u00f0fastir bl\u00edfa l\u00edka sem fjalli\u00f0 S\u00edon.<\/p>\n<p>\tKringum Jer\u00fasalem eru fj\u00f6ll og Drottinn hann er \u00ed kringum sitt f\u00f3lk, n\u00fa og allt h\u00e9\u00f0an \u00ed fr\u00e1 a\u00f0 eil\u00edfu.<\/p>\n<p>\t\u00dev\u00ed a\u00f0 r\u00edkissp\u00edra hinna \u00f3gu\u00f0legra mun ekki bl\u00edfa yfir flokkinum r\u00e9ttfer\u00f0ugra, \u00fea\u00f0 hinir r\u00e9ttl\u00e1tu \u00fat\u00feenji ekki s\u00ednar hendur til rangl\u00e6tisins.<\/p>\n<p>\tDrottinn, gj\u00f6r gott til \u00feeim g\u00f3\u00f0f\u00fasu og r\u00e9ttfer\u00f0ugum af hjarta.<\/p>\n<p>\tEn hina sem fr\u00e1hverfa \u00e1 s\u00edna rangsn\u00fana vegu \u00fe\u00e1 s\u00f6mu mun Drottinn burt dr\u00edfa me\u00f0 illgj\u00f6r\u00f0am\u00f6nnum. En fri\u00f0ur s\u00e9 yfir \u00cdsrael.<\/p>\n","protected":false},"excerpt":{"rendered":"<p>CXXV. Lofs\u00f6ngur \u00ed h\u00e1kornum. Hverjir e\u00f0 treysta \u00e1 Drottin \u00feeir munu ekki falla heldur eil\u00edflegana sta\u00f0fastir bl\u00edfa l\u00edka sem fjalli\u00f0 S\u00edon. Kringum Jer\u00fasalem eru fj\u00f6ll og Drottinn hann er \u00ed kringum sitt f\u00f3lk, n\u00fa og allt h\u00e9\u00f0an \u00ed fr\u00e1 a\u00f0 eil\u00edfu. \u00dev\u00ed a\u00f0 r\u00edkissp\u00edra hinna \u00f3gu\u00f0legra mun ekki bl\u00edfa yfir flokkinum r\u00e9ttfer\u00f0ugra, \u00fea\u00f0 hinir r\u00e9ttl\u00e1tu \u00fat\u00feenji ekki s\u00ednar hendur til rangl\u00e6tisins. Drottinn, gj\u00f6r gott til \u00feeim g\u00f3\u00f0f\u00fasu og r\u00e9ttfer\u00f0ugum af hjarta. En hina sem fr\u00e1hverfa \u00e1 s\u00edna rangsn\u00fana vegu \u00fe\u00e1 s\u00f6mu mun Drottinn burt dr\u00edfa me\u00f0 illgj\u00f6r\u00f0am\u00f6nnum. En fri\u00f0ur s\u00e9 yfir \u00cdsrael.<\/p>\n","protected":false},"author":1,"featured_media":0,"parent":0,"menu_order":0,"comment_status":"open","ping_status":"open","template":"bibliukaflar.php","meta":{"footnotes":""},"class_list":["post-3297","page","type-page","status-publish","hentry"],"_links":{"self":[{"href":"https:\/\/biblian.is\/gudbrandsbiblia\/wp-json\/wp\/v2\/pages\/3297","targetHints":{"allow":["GET"]}}],"collection":[{"href":"https:\/\/biblian.is\/gudbrandsbiblia\/wp-json\/wp\/v2\/pages"}],"about":[{"href":"https:\/\/biblian.is\/gudbrandsbiblia\/wp-json\/wp\/v2\/types\/page"}],"author":[{"embeddable":true,"href":"https:\/\/biblian.is\/gudbrandsbiblia\/wp-json\/wp\/v2\/users\/1"}],"replies":[{"embeddable":true,"href":"https:\/\/biblian.is\/gudbrandsbiblia\/wp-json\/wp\/v2\/comments?post=3297"}],"version-history":[{"count":0,"href":"https:\/\/biblian.is\/gudbrandsbiblia\/wp-json\/wp\/v2\/pages\/3297\/revisions"}],"wp:attachment":[{"href":"https:\/\/biblian.is\/gudbrandsbiblia\/wp-json\/wp\/v2\/media?parent=3297"}],"curies":[{"name":"wp","href":"https:\/\/api.w.org\/{rel}","templated":true}]}}