{"id":3273,"date":"2017-12-18T18:33:08","date_gmt":"2017-12-18T18:33:08","guid":{"rendered":"http:\/\/biblian.is\/gudbrandsbiblia\/salmarnir-101-kafli\/"},"modified":"2017-12-18T18:33:08","modified_gmt":"2017-12-18T18:33:08","slug":"salmarnir-101-kafli","status":"publish","type":"page","link":"https:\/\/biblian.is\/gudbrandsbiblia\/salmarnir-101-kafli\/","title":{"rendered":"S\u00e1lmarnir 101. kafli"},"content":{"rendered":"<p>CI.<\/p>\n<p>S\u00e1lmur Dav\u00ed\u00f0s.<\/p>\n<p>Af miskunnsemi og d\u00f3minum vil eg syngja og \u00fe\u00e9r, Drottinn, lof segja.<\/p>\n<p>\tForsj\u00e1llega og skilv\u00edslega breyti eg vi\u00f0ur \u00fe\u00e1 sem m\u00e9r til koma og geng meinlauslega fram \u00ed m\u00ednu h\u00fasi.<\/p>\n<p>\tEg tek m\u00e9r ekkert vont m\u00e1lefni til, eg stugga vi\u00f0 honum sem illa gj\u00f6rir og l\u00e6t hann ekki hj\u00e1 m\u00e9r vera.<\/p>\n<p>\tEitt hrekkv\u00edst hjarta \u00fea\u00f0 hl\u00fdtur fr\u00e1 m\u00e9r a\u00f0 v\u00edkja, hinn illgjarna l\u00ed\u00f0 eg ekki.<\/p>\n<p>\tHann sem heimuglega bakm\u00e6lir s\u00ednum n\u00e1unga, \u00feann afm\u00e1i eg, hann f\u00e6 eg og eigi li\u00f0i\u00f0 sem drambl\u00e1tur og metna\u00f0arfullur er.<\/p>\n<p>\tM\u00edn augu l\u00edta til \u00feeirra tr\u00falyndra \u00ed landinu so a\u00f0 \u00feeir b\u00fai hj\u00e1 m\u00e9r og gjarnan \u00fe\u00e1 hefi eg fr\u00f3ma \u00fe\u00e9nara.<\/p>\n<p>\tUndirhyggjusamt f\u00f3lk \u00fea held eg ei \u00ed m\u00ednu h\u00fasi, hinir lygigj\u00f6rnu hafa ekkert athvarf hj\u00e1 m\u00e9r.<\/p>\n<p>\tSnemma \u00fe\u00e1 afm\u00e1i eg alla \u00f3milda \u00ed landinu svo \u00fea\u00f0 eg afm\u00e1i alla illgj\u00f6r\u00f0amenn \u00fat af borginni Drottins.<\/p>\n","protected":false},"excerpt":{"rendered":"<p>CI. S\u00e1lmur Dav\u00ed\u00f0s. Af miskunnsemi og d\u00f3minum vil eg syngja og \u00fe\u00e9r, Drottinn, lof segja. Forsj\u00e1llega og skilv\u00edslega breyti eg vi\u00f0ur \u00fe\u00e1 sem m\u00e9r til koma og geng meinlauslega fram \u00ed m\u00ednu h\u00fasi. Eg tek m\u00e9r ekkert vont m\u00e1lefni til, eg stugga vi\u00f0 honum sem illa gj\u00f6rir og l\u00e6t hann ekki hj\u00e1 m\u00e9r vera. Eitt hrekkv\u00edst hjarta \u00fea\u00f0 hl\u00fdtur fr\u00e1 m\u00e9r a\u00f0 v\u00edkja, hinn illgjarna l\u00ed\u00f0 eg ekki. Hann sem heimuglega bakm\u00e6lir s\u00ednum n\u00e1unga, \u00feann afm\u00e1i eg, hann f\u00e6 eg og eigi li\u00f0i\u00f0 sem drambl\u00e1tur og metna\u00f0arfullur er. M\u00edn augu l\u00edta til \u00feeirra tr\u00falyndra \u00ed landinu so a\u00f0 \u00feeir b\u00fai <a href=\"https:\/\/biblian.is\/gudbrandsbiblia\/salmarnir-101-kafli\/\"> [&#8230;]<\/a><\/p>\n","protected":false},"author":1,"featured_media":0,"parent":0,"menu_order":0,"comment_status":"open","ping_status":"open","template":"bibliukaflar.php","meta":{"footnotes":""},"class_list":["post-3273","page","type-page","status-publish","hentry"],"_links":{"self":[{"href":"https:\/\/biblian.is\/gudbrandsbiblia\/wp-json\/wp\/v2\/pages\/3273","targetHints":{"allow":["GET"]}}],"collection":[{"href":"https:\/\/biblian.is\/gudbrandsbiblia\/wp-json\/wp\/v2\/pages"}],"about":[{"href":"https:\/\/biblian.is\/gudbrandsbiblia\/wp-json\/wp\/v2\/types\/page"}],"author":[{"embeddable":true,"href":"https:\/\/biblian.is\/gudbrandsbiblia\/wp-json\/wp\/v2\/users\/1"}],"replies":[{"embeddable":true,"href":"https:\/\/biblian.is\/gudbrandsbiblia\/wp-json\/wp\/v2\/comments?post=3273"}],"version-history":[{"count":0,"href":"https:\/\/biblian.is\/gudbrandsbiblia\/wp-json\/wp\/v2\/pages\/3273\/revisions"}],"wp:attachment":[{"href":"https:\/\/biblian.is\/gudbrandsbiblia\/wp-json\/wp\/v2\/media?parent=3273"}],"curies":[{"name":"wp","href":"https:\/\/api.w.org\/{rel}","templated":true}]}}