{"id":3265,"date":"2017-12-18T18:33:08","date_gmt":"2017-12-18T18:33:08","guid":{"rendered":"http:\/\/biblian.is\/gudbrandsbiblia\/salmarnir-93-kafli\/"},"modified":"2017-12-18T18:33:08","modified_gmt":"2017-12-18T18:33:08","slug":"salmarnir-93-kafli","status":"publish","type":"page","link":"https:\/\/biblian.is\/gudbrandsbiblia\/salmarnir-93-kafli\/","title":{"rendered":"S\u00e1lmarnir 93. kafli"},"content":{"rendered":"<p>XCIII.<\/p>\n<p>Drottinn er konungur og d\u00fdrlega skr\u00fdddur, Drottinn er veglega b\u00fainn og hefur eitt r\u00edki uppbyrja\u00f0, svo v\u00edtt sem \u00fea\u00f0 ver\u00f6ldin er og fyrirb\u00fai\u00f0 a\u00f0 \u00fea\u00f0 skuli bl\u00edfa.<\/p>\n<p>\tS\u00ed\u00f0an \u00fe\u00e1 stendur \u00feinn veldisst\u00f3ll st\u00f6\u00f0ugur, \u00fe\u00fa ert eil\u00edflegur.<\/p>\n<p>\tDrottinn, \u00feeir vatsstraumarnir forhefja \u00feig, \u00feeir vatsstraumarnir forhefja sinn ni\u00f0, \u00feeir vatsstraumarnir forhefja bylgjurnar.<\/p>\n<p>\t\u00de\u00e6r vasbylgjurnar \u00ed hafinu eru miklar og \u00fej\u00f3ta upp \u00f3gurlega en Drottinn \u00ed upph\u00e6\u00f0unum er \u00fe\u00f3 enn meiri.<\/p>\n<p>\t\u00de\u00edn or\u00f0 eru einn r\u00e9ttfer\u00f0ugur l\u00e6rd\u00f3mur, heilagleikinn er pr\u00fd\u00f0in \u00fe\u00edns h\u00fass, Drottinn, eil\u00edflegana.<\/p>\n","protected":false},"excerpt":{"rendered":"<p>XCIII. Drottinn er konungur og d\u00fdrlega skr\u00fdddur, Drottinn er veglega b\u00fainn og hefur eitt r\u00edki uppbyrja\u00f0, svo v\u00edtt sem \u00fea\u00f0 ver\u00f6ldin er og fyrirb\u00fai\u00f0 a\u00f0 \u00fea\u00f0 skuli bl\u00edfa. S\u00ed\u00f0an \u00fe\u00e1 stendur \u00feinn veldisst\u00f3ll st\u00f6\u00f0ugur, \u00fe\u00fa ert eil\u00edflegur. Drottinn, \u00feeir vatsstraumarnir forhefja \u00feig, \u00feeir vatsstraumarnir forhefja sinn ni\u00f0, \u00feeir vatsstraumarnir forhefja bylgjurnar. \u00de\u00e6r vasbylgjurnar \u00ed hafinu eru miklar og \u00fej\u00f3ta upp \u00f3gurlega en Drottinn \u00ed upph\u00e6\u00f0unum er \u00fe\u00f3 enn meiri. \u00de\u00edn or\u00f0 eru einn r\u00e9ttfer\u00f0ugur l\u00e6rd\u00f3mur, heilagleikinn er pr\u00fd\u00f0in \u00fe\u00edns h\u00fass, Drottinn, eil\u00edflegana.<\/p>\n","protected":false},"author":1,"featured_media":0,"parent":0,"menu_order":0,"comment_status":"open","ping_status":"open","template":"bibliukaflar.php","meta":{"footnotes":""},"class_list":["post-3265","page","type-page","status-publish","hentry"],"_links":{"self":[{"href":"https:\/\/biblian.is\/gudbrandsbiblia\/wp-json\/wp\/v2\/pages\/3265","targetHints":{"allow":["GET"]}}],"collection":[{"href":"https:\/\/biblian.is\/gudbrandsbiblia\/wp-json\/wp\/v2\/pages"}],"about":[{"href":"https:\/\/biblian.is\/gudbrandsbiblia\/wp-json\/wp\/v2\/types\/page"}],"author":[{"embeddable":true,"href":"https:\/\/biblian.is\/gudbrandsbiblia\/wp-json\/wp\/v2\/users\/1"}],"replies":[{"embeddable":true,"href":"https:\/\/biblian.is\/gudbrandsbiblia\/wp-json\/wp\/v2\/comments?post=3265"}],"version-history":[{"count":0,"href":"https:\/\/biblian.is\/gudbrandsbiblia\/wp-json\/wp\/v2\/pages\/3265\/revisions"}],"wp:attachment":[{"href":"https:\/\/biblian.is\/gudbrandsbiblia\/wp-json\/wp\/v2\/media?parent=3265"}],"curies":[{"name":"wp","href":"https:\/\/api.w.org\/{rel}","templated":true}]}}