{"id":3264,"date":"2017-12-18T18:33:08","date_gmt":"2017-12-18T18:33:08","guid":{"rendered":"http:\/\/biblian.is\/gudbrandsbiblia\/salmarnir-92-kafli\/"},"modified":"2017-12-18T18:33:08","modified_gmt":"2017-12-18T18:33:08","slug":"salmarnir-92-kafli","status":"publish","type":"page","link":"https:\/\/biblian.is\/gudbrandsbiblia\/salmarnir-92-kafli\/","title":{"rendered":"S\u00e1lmarnir 92. kafli"},"content":{"rendered":"<p>XCII.<\/p>\n<p>S\u00e1lmas\u00f6ngur \u00e1 sabbatsdegi.<\/p>\n<p>\u00c1g\u00e6tlegt er Drottni \u00feakkir a\u00f0 gj\u00f6ra og lofsyngja \u00fe\u00ednu nafni, \u00fe\u00fa Hinn h\u00e6\u00f0sti,<\/p>\n<p>\ta\u00f0 morni \u00fe\u00edna miskunn og a\u00f0 kveldi \u00feinn sannleik a\u00f0 kunngj\u00f6ra,<\/p>\n<p>\t\u00e1 t\u00edu strengja hlj\u00f3\u00f0f\u00e6ri og psalterio, me\u00f0 lofsl\u00e6tti \u00e1 h\u00f6rpunni.<\/p>\n<p>\t\u00dev\u00ed a\u00f0 \u00fe\u00fa, Drottinn, l\u00e6tur mig gla\u00f0v\u00e6ran syngja \u00fat af \u00fe\u00ednum verkum og \u00fea\u00f0 eg hr\u00f3si verkunum \u00feinna handa.<\/p>\n<p>\tDrottinn, hversu merkileg a\u00f0 eru \u00fe\u00edn verk, \u00fe\u00ednir \u00feankar eru mj\u00f6g <span class=\"athugasemd\" title=\"a \/ (Dj\u00fapir) \/ \u00dea\u00f0 er, svo d\u00e1samlegir, me\u00f0 hverjum hann hj\u00e1lpar oss, svo a\u00f0 engin ma\u00f0ur kann \u00fea\u00f0 a\u00f0 grunda e\u00f0ur hugsa\">[<\/span> dj\u00fapir.<\/p>\n<p>\tHinn f\u00e1v\u00edsi tr\u00fair \u00fev\u00ed ekki og s\u00e1 hinn sj\u00e1lfheimski skynjar \u00fea\u00f0 ekki.<\/p>\n<p>\tHinir \u00f3gu\u00f0hr\u00e6ddu spretta upp sem gras og \u00feeir illgj\u00f6r\u00f0amenn bl\u00f3mgast allir, \u00feanga\u00f0 til \u00feeir afm\u00e1\u00f0ir ver\u00f0a um aldur og \u00e6vi.<\/p>\n<p>\tEn \u00fe\u00fa, Drottinn, ert s\u00e1 Hinn h\u00e6\u00f0sti og bl\u00edfur eil\u00edflegana.<\/p>\n<p>\t\u00dev\u00ed a\u00f0 sj\u00e1 \u00fe\u00fa, Drottinn, \u00fe\u00ednir \u00f3vinir, sj\u00e1 \u00fe\u00fa, \u00fe\u00ednir \u00f3vinir munu fyrirfarast og allir illvirkjar munu \u00ed sundurdreif\u00f0ir ver\u00f0a.<\/p>\n<p>\tEn mitt horn mun upphafi\u00f0 ver\u00f0a so sem annars einhyrnings og eg mun ver\u00f0a <span class=\"athugasemd\" title=\"b \/ Eg mun endurl\u00edfgast og gle\u00f0jast\">[<\/span> smur\u00f0ur me\u00f0 fersku vi\u00f0smj\u00f6ri.<\/p>\n<p>\tOg m\u00edn augu munu sj\u00e1 s\u00edna vild \u00e1 \u00f3vinum m\u00ednum og mitt eyra mun heyra sinn vilja \u00e1 \u00feeim illskufullum sem setja sig upp \u00e1 m\u00f3ti m\u00e9r.<\/p>\n<p>\tHinn r\u00e9ttl\u00e1ti mun bl\u00f3mgast svo sem p\u00e1lmavi\u00f0ur, hann mun vaxa so sem anna\u00f0 sedrustr\u00e9 \u00ed L\u00edbanon.<\/p>\n<p>\t\u00deeir sem innplanta\u00f0ir eru \u00ed h\u00fasi Drottins munu \u00ed fordyrum Gu\u00f0s vors bl\u00f3mgast<\/p>\n<p>\tog n\u00e6r e\u00f0 \u00feeir taka einnin aldra\u00f0ir a\u00f0 ver\u00f0a \u00fe\u00e1 munu \u00feeir \u00fe\u00f3 bl\u00f3mgast samt einnin og \u00e1vaxtasamir og ferskir vera<\/p>\n<p>\tso \u00fea\u00f0 \u00feeir kunngj\u00f6ri a\u00f0 Drottinn s\u00e9 r\u00e9ttl\u00e1tur, mitt <span class=\"athugasemd\" title=\"sword styrkur\">[<\/span> bjarg og engin <span class=\"athugasemd\" title=\"c \/ Hann \u00e1l\u00edtur eigi pers\u00f3nu n\u00e9 m\u00e1lefni hins \u00f3gu\u00f0hr\u00e6dda svo sem hann hyggur og \u00e6tlar\">[<\/span> rangindi eru me\u00f0 honum.<\/p>\n","protected":false},"excerpt":{"rendered":"<p>XCII. S\u00e1lmas\u00f6ngur \u00e1 sabbatsdegi. \u00c1g\u00e6tlegt er Drottni \u00feakkir a\u00f0 gj\u00f6ra og lofsyngja \u00fe\u00ednu nafni, \u00fe\u00fa Hinn h\u00e6\u00f0sti, a\u00f0 morni \u00fe\u00edna miskunn og a\u00f0 kveldi \u00feinn sannleik a\u00f0 kunngj\u00f6ra, \u00e1 t\u00edu strengja hlj\u00f3\u00f0f\u00e6ri og psalterio, me\u00f0 lofsl\u00e6tti \u00e1 h\u00f6rpunni. \u00dev\u00ed a\u00f0 \u00fe\u00fa, Drottinn, l\u00e6tur mig gla\u00f0v\u00e6ran syngja \u00fat af \u00fe\u00ednum verkum og \u00fea\u00f0 eg hr\u00f3si verkunum \u00feinna handa. Drottinn, hversu merkileg a\u00f0 eru \u00fe\u00edn verk, \u00fe\u00ednir \u00feankar eru mj\u00f6g [ dj\u00fapir. Hinn f\u00e1v\u00edsi tr\u00fair \u00fev\u00ed ekki og s\u00e1 hinn sj\u00e1lfheimski skynjar \u00fea\u00f0 ekki. Hinir \u00f3gu\u00f0hr\u00e6ddu spretta upp sem gras og \u00feeir illgj\u00f6r\u00f0amenn bl\u00f3mgast allir, \u00feanga\u00f0 til \u00feeir afm\u00e1\u00f0ir ver\u00f0a um aldur <a href=\"https:\/\/biblian.is\/gudbrandsbiblia\/salmarnir-92-kafli\/\"> [&#8230;]<\/a><\/p>\n","protected":false},"author":1,"featured_media":0,"parent":0,"menu_order":0,"comment_status":"open","ping_status":"open","template":"bibliukaflar.php","meta":{"footnotes":""},"class_list":["post-3264","page","type-page","status-publish","hentry"],"_links":{"self":[{"href":"https:\/\/biblian.is\/gudbrandsbiblia\/wp-json\/wp\/v2\/pages\/3264","targetHints":{"allow":["GET"]}}],"collection":[{"href":"https:\/\/biblian.is\/gudbrandsbiblia\/wp-json\/wp\/v2\/pages"}],"about":[{"href":"https:\/\/biblian.is\/gudbrandsbiblia\/wp-json\/wp\/v2\/types\/page"}],"author":[{"embeddable":true,"href":"https:\/\/biblian.is\/gudbrandsbiblia\/wp-json\/wp\/v2\/users\/1"}],"replies":[{"embeddable":true,"href":"https:\/\/biblian.is\/gudbrandsbiblia\/wp-json\/wp\/v2\/comments?post=3264"}],"version-history":[{"count":0,"href":"https:\/\/biblian.is\/gudbrandsbiblia\/wp-json\/wp\/v2\/pages\/3264\/revisions"}],"wp:attachment":[{"href":"https:\/\/biblian.is\/gudbrandsbiblia\/wp-json\/wp\/v2\/media?parent=3264"}],"curies":[{"name":"wp","href":"https:\/\/api.w.org\/{rel}","templated":true}]}}