{"id":3255,"date":"2017-12-18T18:33:08","date_gmt":"2017-12-18T18:33:08","guid":{"rendered":"http:\/\/biblian.is\/gudbrandsbiblia\/salmarnir-83-kafli\/"},"modified":"2017-12-18T18:33:08","modified_gmt":"2017-12-18T18:33:08","slug":"salmarnir-83-kafli","status":"publish","type":"page","link":"https:\/\/biblian.is\/gudbrandsbiblia\/salmarnir-83-kafli\/","title":{"rendered":"S\u00e1lmarnir 83. kafli"},"content":{"rendered":"<p>LXXXIII.<\/p>\n<p>Lofs\u00f6ngss\u00e1lmur Assaf.<\/p>\n<p>Gu\u00f0, \u00feeg ei \u00feannin og vert ekki svo \u00feagm\u00e6lskur, Gu\u00f0, binst \u00fe\u00fa \u00feess ei svo. <span class=\"athugasemd\" title=\"S\u00e1l. 20\">[<\/span> <\/p>\n<p>\t\u00dev\u00ed sj\u00e1 \u00fe\u00fa, a\u00f0 \u00fe\u00ednir \u00f3vinir \u00e6\u00f0a fram og \u00feeir e\u00f0 \u00feig hata hefja upp h\u00f6fu\u00f0in.<\/p>\n<p>\t\u00deeir kveikja upp kl\u00f3klegar r\u00e1\u00f0agj\u00f6r\u00f0ir \u00ed m\u00f3ti \u00fe\u00ednu f\u00f3lki og samsetja s\u00edn r\u00e1\u00f0 m\u00f3t \u00feeim <span class=\"athugasemd\" title=\"a \/ \u00dea\u00f0 eru heilagir, \u00feeir sem lifa \u00ed tr\u00fanni hverja heimurinn \u00feekkir ekki heldur heldur hann \u00fe\u00e1 fyrir villumenn\">[<\/span> heimuglegu.<\/p>\n<p>\t&#8222;N\u00fa vel,&#8220; segja \u00feeir, &#8222;komum og afm\u00e1um \u00fe\u00e1 so a\u00f0 \u00feeir s\u00e9u ekkert f\u00f3lk og nafnsins \u00cdsrael ver\u00f0i ei lengur geti\u00f0!&#8220;<\/p>\n<p>\t\u00dev\u00ed a\u00f0 \u00feeir hafa samteki\u00f0 innbyr\u00f0is me\u00f0 s\u00e9r og samt\u00f6k gj\u00f6rt s\u00edn \u00e1 milli \u00e1 m\u00f3ti m\u00e9r.<\/p>\n<p>\tTjaldb\u00fa\u00f0ir \u00feeirra Ed\u00f3m\u00edta og \u00cdsmael\u00edta, \u00feeir M\u00f3ab\u00edtar og Hagar\u00edtar,<\/p>\n<p>\t\u00feeir Gebalite, Amonite, Amalechite, \u00feeir Philistei me\u00f0 \u00feeim af Tyro.<\/p>\n<p>\tAss\u00far hefur samlaga\u00f0 sig \u00feeim og hj\u00e1sto\u00f0 veitir sonum Lot. Sela.<\/p>\n<p>\tGj\u00f6r vi\u00f0 \u00fe\u00e1 sem \u00fe\u00fa gj\u00f6r\u00f0ir vi\u00f0 \u00fe\u00e1 Mad\u00edan\u00edta, so sem S\u00edssera, so sem Jab\u00edn hj\u00e1 l\u00e6knum K\u00edson, <span class=\"athugasemd\" title=\"Jud. 7 \/ Jud. 4\">[<\/span> <\/p>\n<p>\t\u00feeir e\u00f0 tort\u00fdndust hj\u00e1 End\u00f3r og ur\u00f0u \u00fear a\u00f0 saurindi jar\u00f0ar.<\/p>\n<p>\tGj\u00f6r \u00fe\u00fa \u00feeirra h\u00f6f\u00f0ingja so sem \u00d3reb og Seb, alla \u00feeirra yfirmenn svo sem Seba og Salmana,<\/p>\n<p>\t\u00feeir e\u00f0 \u00fea\u00f0 segja: &#8222;V\u00e9r viljum h\u00fasin Gu\u00f0s eignast:&#8220;<\/p>\n<p>\tMinn Gu\u00f0, gj\u00f6r \u00fe\u00e1 svo sem anna\u00f0 veltihj\u00f3l og l\u00edka sem h\u00e1lmstr\u00e1 fyrir vindi.<\/p>\n<p>\tSvo sem eldur hver a\u00f0 sk\u00f3gana uppbrennir og svo sem \u00fea\u00f0 b\u00e1l hvert fj\u00f6llin loga l\u00e6tur,<\/p>\n<p>\tl\u00edka svo ofs\u00e6k \u00fe\u00fa \u00fe\u00e1 me\u00f0 \u00fe\u00ednu stormvi\u00f0ri og skelf \u00fe\u00e1 me\u00f0 \u00feinni \u00f3ve\u00f0r\u00e1ttu.<\/p>\n<p>\tUppfyll \u00feeirra auglit me\u00f0 forsm\u00e1n svo a\u00f0 \u00feeir ver\u00f0i eftir \u00fe\u00ednu nafni a\u00f0 spyrja, Drottinn.<\/p>\n<p>\tSkammist \u00feeir s\u00edn og skelfist \u00e6 meir og meir og til skammar ver\u00f0i \u00feeir og fyrirfarist.<\/p>\n<p>\t\u00de\u00e1 so munu \u00feeir me\u00f0kenna \u00fea\u00f0 \u00fe\u00fa me\u00f0 \u00fe\u00ednu nafni heitir Drottinn alleinasta og s\u00e1 Hinn h\u00e6\u00f0sti \u00ed allri ver\u00f6ldinni.<\/p>\n","protected":false},"excerpt":{"rendered":"<p>LXXXIII. Lofs\u00f6ngss\u00e1lmur Assaf. Gu\u00f0, \u00feeg ei \u00feannin og vert ekki svo \u00feagm\u00e6lskur, Gu\u00f0, binst \u00fe\u00fa \u00feess ei svo. [ \u00dev\u00ed sj\u00e1 \u00fe\u00fa, a\u00f0 \u00fe\u00ednir \u00f3vinir \u00e6\u00f0a fram og \u00feeir e\u00f0 \u00feig hata hefja upp h\u00f6fu\u00f0in. \u00deeir kveikja upp kl\u00f3klegar r\u00e1\u00f0agj\u00f6r\u00f0ir \u00ed m\u00f3ti \u00fe\u00ednu f\u00f3lki og samsetja s\u00edn r\u00e1\u00f0 m\u00f3t \u00feeim [ heimuglegu. &#8222;N\u00fa vel,&#8220; segja \u00feeir, &#8222;komum og afm\u00e1um \u00fe\u00e1 so a\u00f0 \u00feeir s\u00e9u ekkert f\u00f3lk og nafnsins \u00cdsrael ver\u00f0i ei lengur geti\u00f0!&#8220; \u00dev\u00ed a\u00f0 \u00feeir hafa samteki\u00f0 innbyr\u00f0is me\u00f0 s\u00e9r og samt\u00f6k gj\u00f6rt s\u00edn \u00e1 milli \u00e1 m\u00f3ti m\u00e9r. Tjaldb\u00fa\u00f0ir \u00feeirra Ed\u00f3m\u00edta og \u00cdsmael\u00edta, \u00feeir M\u00f3ab\u00edtar og Hagar\u00edtar, \u00feeir <a href=\"https:\/\/biblian.is\/gudbrandsbiblia\/salmarnir-83-kafli\/\"> [&#8230;]<\/a><\/p>\n","protected":false},"author":1,"featured_media":0,"parent":0,"menu_order":0,"comment_status":"open","ping_status":"open","template":"bibliukaflar.php","meta":{"footnotes":""},"class_list":["post-3255","page","type-page","status-publish","hentry"],"_links":{"self":[{"href":"https:\/\/biblian.is\/gudbrandsbiblia\/wp-json\/wp\/v2\/pages\/3255","targetHints":{"allow":["GET"]}}],"collection":[{"href":"https:\/\/biblian.is\/gudbrandsbiblia\/wp-json\/wp\/v2\/pages"}],"about":[{"href":"https:\/\/biblian.is\/gudbrandsbiblia\/wp-json\/wp\/v2\/types\/page"}],"author":[{"embeddable":true,"href":"https:\/\/biblian.is\/gudbrandsbiblia\/wp-json\/wp\/v2\/users\/1"}],"replies":[{"embeddable":true,"href":"https:\/\/biblian.is\/gudbrandsbiblia\/wp-json\/wp\/v2\/comments?post=3255"}],"version-history":[{"count":0,"href":"https:\/\/biblian.is\/gudbrandsbiblia\/wp-json\/wp\/v2\/pages\/3255\/revisions"}],"wp:attachment":[{"href":"https:\/\/biblian.is\/gudbrandsbiblia\/wp-json\/wp\/v2\/media?parent=3255"}],"curies":[{"name":"wp","href":"https:\/\/api.w.org\/{rel}","templated":true}]}}