{"id":3223,"date":"2017-12-18T18:33:01","date_gmt":"2017-12-18T18:33:01","guid":{"rendered":"http:\/\/biblian.is\/gudbrandsbiblia\/salmarnir-52-kafli\/"},"modified":"2017-12-18T18:33:01","modified_gmt":"2017-12-18T18:33:01","slug":"salmarnir-52-kafli","status":"publish","type":"page","link":"https:\/\/biblian.is\/gudbrandsbiblia\/salmarnir-52-kafli\/","title":{"rendered":"S\u00e1lmarnir 52. kafli"},"content":{"rendered":"<p>LII.<\/p>\n<p>Eitt menntunarfr\u00e6\u00f0i Dav\u00ed\u00f0s fyrir a\u00f0 syngja, \u00fe\u00e1 D\u00f3eg Edomita kom og kunngj\u00f6r\u00f0i Saul \u00fea\u00f0 og sag\u00f0i: <span class=\"athugasemd\" title=\"1. Reg. 21\">[<\/span> &#8222;Dav\u00ed\u00f0 kom \u00ed h\u00fas Ak\u00edmelek&#8220;<\/p>\n<p>Hva\u00f0 h\u00e6list \u00fe\u00fa um \u00fea\u00f0, \u00fe\u00fa illmenni, a\u00f0 \u00fe\u00fa f\u00e6r ska\u00f0a gj\u00f6rt? Me\u00f0 \u00fev\u00ed Gu\u00f0s mildi varir daglegana. \u00de\u00edn tunga \u00e1stundar ska\u00f0a a\u00f0 gj\u00f6ra og sker me\u00f0 lygunum svo sem hvassbeittur h\u00e1rkn\u00edfur.<\/p>\n<p>\tHeldur m\u00e6lir \u00fe\u00fa illt en gott og miklu framar fals en sannindi. Sela.<\/p>\n<p>\tFeginn talar \u00fe\u00fa allt hva\u00f0 til ska\u00f0r\u00e6\u00f0is horfir me\u00f0 undirf\u00f6rullri tungu.<\/p>\n<p>\t\u00dear fyrir mun einnin Gu\u00f0 <span class=\"athugasemd\" title=\"a \/ Hann telur iiy pl\u00e1gur: Hann skal ekkert h\u00fas hafa, ekki au\u00f0\u00e6fi, \u00f6ngvan sta\u00f0 \u00ed borginni, ekki vera \u00ed neinu landi\">[<\/span> forey\u00f0a \u00feig og \u00feig \u00ed sundursl\u00e1 og \u00ed burt sl\u00edta \u00feig \u00far sinni tjaldb\u00fa\u00f0 og uppr\u00e6ta af j\u00f6r\u00f0u lifandi manna. Sela.<\/p>\n<p>\tOg hinir r\u00e9ttfer\u00f0ugu munu \u00fea\u00f0 sj\u00e1 og \u00f3ttast \u00fea\u00f0, a\u00f0 honum munu \u00feeir hl\u00e6ja.<\/p>\n<p>\t&#8222;Sj\u00e1 \u00fe\u00fa,&#8220; \u0096 segja \u00feeir \u0096 &#8222;\u00fea\u00f0 er s\u00e1 ma\u00f0ur hver e\u00f0 ei h\u00e9lt Gu\u00f0 fyrir sitt hj\u00e1lpr\u00e6\u00f0i<\/p>\n<p>\theldur treysti upp \u00e1 sinn mikla r\u00edkd\u00f3m og var megnugur til ska\u00f0a a\u00f0 gj\u00f6ra.&#8220;<\/p>\n<p>\tEn eg mun bl\u00edfa so sem bl\u00f3mga\u00f0ur vi\u00f0smj\u00f6rsvi\u00f0ur \u00ed Gu\u00f0s h\u00fasi, treystandi upp \u00e1 Gu\u00f0s miskunn um aldir og a\u00f0 eil\u00edfu.<\/p>\n<p>\tEg \u00feakka \u00fe\u00e9r eil\u00edflegana \u00fev\u00ed \u00fe\u00fa kannt \u00fea\u00f0 vel a\u00f0 gj\u00f6ra og eg vil v\u00e6nta \u00fe\u00edns nafns \u00fev\u00ed a\u00f0 \u00fe\u00ednir heilagir hafa \u00fear af gle\u00f0i.<\/p>\n","protected":false},"excerpt":{"rendered":"<p>LII. Eitt menntunarfr\u00e6\u00f0i Dav\u00ed\u00f0s fyrir a\u00f0 syngja, \u00fe\u00e1 D\u00f3eg Edomita kom og kunngj\u00f6r\u00f0i Saul \u00fea\u00f0 og sag\u00f0i: [ &#8222;Dav\u00ed\u00f0 kom \u00ed h\u00fas Ak\u00edmelek&#8220; Hva\u00f0 h\u00e6list \u00fe\u00fa um \u00fea\u00f0, \u00fe\u00fa illmenni, a\u00f0 \u00fe\u00fa f\u00e6r ska\u00f0a gj\u00f6rt? Me\u00f0 \u00fev\u00ed Gu\u00f0s mildi varir daglegana. \u00de\u00edn tunga \u00e1stundar ska\u00f0a a\u00f0 gj\u00f6ra og sker me\u00f0 lygunum svo sem hvassbeittur h\u00e1rkn\u00edfur. Heldur m\u00e6lir \u00fe\u00fa illt en gott og miklu framar fals en sannindi. Sela. Feginn talar \u00fe\u00fa allt hva\u00f0 til ska\u00f0r\u00e6\u00f0is horfir me\u00f0 undirf\u00f6rullri tungu. \u00dear fyrir mun einnin Gu\u00f0 [ forey\u00f0a \u00feig og \u00feig \u00ed sundursl\u00e1 og \u00ed burt sl\u00edta \u00feig \u00far sinni tjaldb\u00fa\u00f0 og <a href=\"https:\/\/biblian.is\/gudbrandsbiblia\/salmarnir-52-kafli\/\"> [&#8230;]<\/a><\/p>\n","protected":false},"author":1,"featured_media":0,"parent":0,"menu_order":0,"comment_status":"open","ping_status":"open","template":"bibliukaflar.php","meta":{"footnotes":""},"class_list":["post-3223","page","type-page","status-publish","hentry"],"_links":{"self":[{"href":"https:\/\/biblian.is\/gudbrandsbiblia\/wp-json\/wp\/v2\/pages\/3223","targetHints":{"allow":["GET"]}}],"collection":[{"href":"https:\/\/biblian.is\/gudbrandsbiblia\/wp-json\/wp\/v2\/pages"}],"about":[{"href":"https:\/\/biblian.is\/gudbrandsbiblia\/wp-json\/wp\/v2\/types\/page"}],"author":[{"embeddable":true,"href":"https:\/\/biblian.is\/gudbrandsbiblia\/wp-json\/wp\/v2\/users\/1"}],"replies":[{"embeddable":true,"href":"https:\/\/biblian.is\/gudbrandsbiblia\/wp-json\/wp\/v2\/comments?post=3223"}],"version-history":[{"count":0,"href":"https:\/\/biblian.is\/gudbrandsbiblia\/wp-json\/wp\/v2\/pages\/3223\/revisions"}],"wp:attachment":[{"href":"https:\/\/biblian.is\/gudbrandsbiblia\/wp-json\/wp\/v2\/media?parent=3223"}],"curies":[{"name":"wp","href":"https:\/\/api.w.org\/{rel}","templated":true}]}}