{"id":3216,"date":"2017-12-18T18:33:01","date_gmt":"2017-12-18T18:33:01","guid":{"rendered":"http:\/\/biblian.is\/gudbrandsbiblia\/salmarnir-45-kafli\/"},"modified":"2017-12-18T18:33:01","modified_gmt":"2017-12-18T18:33:01","slug":"salmarnir-45-kafli","status":"publish","type":"page","link":"https:\/\/biblian.is\/gudbrandsbiblia\/salmarnir-45-kafli\/","title":{"rendered":"S\u00e1lmarnir 45. kafli"},"content":{"rendered":"<p>XLV.<\/p>\n<p>Br\u00fa\u00f0ardiktur og menntanarfr\u00e6\u00f0i sona K\u00f3ra til a\u00f0 syngja fyrir \u00fat af liljur\u00f3sinni<\/p>\n<p>Hjarta mitt \u00fea\u00f0 yrkir eitt \u00e1g\u00e6tt kv\u00e6\u00f0i, \u00fat af einum konungi vil eg syngja, m\u00edn tunga er skriffj\u00f6\u00f0ur eins \u00e1g\u00e6ts skrifara. <span class=\"athugasemd\" title=\"Deut. 18 \/ Esa. 30; 45; 54; 61 \/ Ose 10 \/ J\u00f3el 2 \/ Math. 11 \/ J\u00f3h. 1; 8\">[<\/span> <\/p>\n<p>\t\u00de\u00fa ert hinn fr\u00ed\u00f0asti \u00e1 me\u00f0al allra mannanna sona, \u00e1st\u00fa\u00f0legar eru \u00fe\u00ednar varir, \u00fear fyrir blessar \u00feig Gu\u00f0 eil\u00edflega.<\/p>\n<p>\tGyrt \u00feitt sver\u00f0 vi\u00f0 \u00fe\u00edna s\u00ed\u00f0u, \u00fe\u00fa hetja, og halt \u00feig gj\u00f6rvilegan&#8220;<\/p>\n<p>\t\u00dea\u00f0 lukkast \u00fe\u00e9r vel \u00ed \u00feinni fegur\u00f0arpr\u00fd\u00f0i, bruna \u00fe\u00fa h\u00e9r fram sannleiknum til g\u00f3\u00f0a og \u00fe\u00e1 hinu f\u00e1t\u00e6ku vi\u00f0 r\u00e9ttindin a\u00f0 b\u00edhalda, \u00fe\u00e1 mun \u00fe\u00edn h\u00e6gri h\u00f6nd d\u00e1semdarverkin au\u00f0s\u00fdna.<\/p>\n<p>\tHv\u00f6ss eru \u00fe\u00edn skeyti so \u00fea\u00f0 f\u00f3lki\u00f0 hrynur ni\u00f0ur fyrir \u00fe\u00e9r, mitt \u00e1 millum k\u00f3ngsins \u00f3vina.<\/p>\n<p>\tGu\u00f0, \u00feinn veldisst\u00f3ll hann bl\u00edfur um aldur og a\u00f0 eil\u00edfu, \u00fe\u00edn r\u00edkissp\u00edra er r\u00e9ttur sproti. <span class=\"athugasemd\" title=\"Ebre. 1\">[<\/span> <\/p>\n<p>\t\u00de\u00fa elskar r\u00e9ttl\u00e6ti\u00f0 en hatar \u00f3gu\u00f0legt ath\u00e6fi, \u00fear fyrir hefur \u00feig Gu\u00f0, \u00feinn Gu\u00f0, smurt me\u00f0 gle\u00f0innar vi\u00f0smj\u00f6ri fram yfir \u00fe\u00edna hluttakendur.<\/p>\n<p>\t\u00de\u00edn kl\u00e6\u00f0i eru ei utan myrra, aloes og kezia, n\u00e6r a\u00f0 \u00fe\u00fa \u00fatgengur af \u00feeim f\u00edlabeinsherbergjum \u00ed \u00feinni herralegri pr\u00fd\u00f0i.<\/p>\n<p>\t\u00cd \u00feinni fegur\u00f0arpr\u00fd\u00f0i frambruna konunganna d\u00e6tur, br\u00fa\u00f0urin stendur til \u00feinnar h\u00e6gri handar \u00ed sk\u00e6ru forkostulegu gullvefjarperli.<\/p>\n<p>\tHeyr \u00fe\u00fa, d\u00f3ttir, l\u00edt \u00fear \u00e1 og hneig \u00fe\u00edn eyru: Forgleym \u00fe\u00ednu f\u00f3lki og \u00fe\u00edns f\u00f6\u00f0urs h\u00fasi.<\/p>\n<p>\t\u00de\u00e1 mun konungurinn lysting hafa \u00e1 \u00feinni fegur\u00f0 \u00fev\u00ed a\u00f0 hann er \u00feinn Drottinn og \u00fe\u00fa skalt hann tilbi\u00f0ja.<\/p>\n<p>\tD\u00e6turnar S\u00f3r munu \u00fear me\u00f0ur f\u00e9gj\u00f6fum vera, hinir r\u00edku me\u00f0al f\u00f3lksins munu gr\u00e1tb\u00e6na fyrir \u00fe\u00e9r.<\/p>\n<p>\tKonungsins d\u00f3ttir er hi\u00f0 <span class=\"athugasemd\" title=\"sword So sem \u00ed fr\u00farherberginu allt gl\u00f3ar af gulli og silki\">[<\/span> innra pr\u00fddd me\u00f0 allri vegsemd, h\u00fan er kl\u00e6dd me\u00f0 gullvefjarbor\u00f0um.<\/p>\n<p>\tH\u00fan er \u00ed margbreyttum kl\u00e6\u00f0na\u00f0i til konungsins leidd og hennar leiksystur, meyjarnar, \u00fe\u00e6r e\u00f0 henni eftir fylgja ver\u00f0a leiddar <span class=\"athugasemd\" title=\"a \/ Til gle\u00f0i, dans og fagna\u00f0ar\">[<\/span> til \u00fe\u00edn.<\/p>\n<p>\t\u00de\u00e6r ver\u00f0a leiddar me\u00f0 glaum og gle\u00f0skap og innganga \u00ed konungsins h\u00f6ll.<\/p>\n<p>\t\u00cd sta\u00f0inn fe\u00f0ra \u00feinna munu \u00fe\u00e9r synir f\u00e6\u00f0ast, \u00fe\u00e1 muntu setja til h\u00f6f\u00f0ingja \u00fat \u00ed allri ver\u00f6ldunni.<\/p>\n<p>\tMinnast mun eg \u00fe\u00edns nafns fr\u00e1 slekti til slektis, fyrir \u00fea\u00f0 mun f\u00f3lki\u00f0 \u00fe\u00e9r \u00feakkir gj\u00f6ra um aldir a\u00f0 eil\u00edfu.<\/p>\n","protected":false},"excerpt":{"rendered":"<p>XLV. Br\u00fa\u00f0ardiktur og menntanarfr\u00e6\u00f0i sona K\u00f3ra til a\u00f0 syngja fyrir \u00fat af liljur\u00f3sinni Hjarta mitt \u00fea\u00f0 yrkir eitt \u00e1g\u00e6tt kv\u00e6\u00f0i, \u00fat af einum konungi vil eg syngja, m\u00edn tunga er skriffj\u00f6\u00f0ur eins \u00e1g\u00e6ts skrifara. [ \u00de\u00fa ert hinn fr\u00ed\u00f0asti \u00e1 me\u00f0al allra mannanna sona, \u00e1st\u00fa\u00f0legar eru \u00fe\u00ednar varir, \u00fear fyrir blessar \u00feig Gu\u00f0 eil\u00edflega. Gyrt \u00feitt sver\u00f0 vi\u00f0 \u00fe\u00edna s\u00ed\u00f0u, \u00fe\u00fa hetja, og halt \u00feig gj\u00f6rvilegan&#8220; \u00dea\u00f0 lukkast \u00fe\u00e9r vel \u00ed \u00feinni fegur\u00f0arpr\u00fd\u00f0i, bruna \u00fe\u00fa h\u00e9r fram sannleiknum til g\u00f3\u00f0a og \u00fe\u00e1 hinu f\u00e1t\u00e6ku vi\u00f0 r\u00e9ttindin a\u00f0 b\u00edhalda, \u00fe\u00e1 mun \u00fe\u00edn h\u00e6gri h\u00f6nd d\u00e1semdarverkin au\u00f0s\u00fdna. Hv\u00f6ss eru \u00fe\u00edn skeyti so <a href=\"https:\/\/biblian.is\/gudbrandsbiblia\/salmarnir-45-kafli\/\"> [&#8230;]<\/a><\/p>\n","protected":false},"author":1,"featured_media":0,"parent":0,"menu_order":0,"comment_status":"open","ping_status":"open","template":"bibliukaflar.php","meta":{"footnotes":""},"class_list":["post-3216","page","type-page","status-publish","hentry"],"_links":{"self":[{"href":"https:\/\/biblian.is\/gudbrandsbiblia\/wp-json\/wp\/v2\/pages\/3216","targetHints":{"allow":["GET"]}}],"collection":[{"href":"https:\/\/biblian.is\/gudbrandsbiblia\/wp-json\/wp\/v2\/pages"}],"about":[{"href":"https:\/\/biblian.is\/gudbrandsbiblia\/wp-json\/wp\/v2\/types\/page"}],"author":[{"embeddable":true,"href":"https:\/\/biblian.is\/gudbrandsbiblia\/wp-json\/wp\/v2\/users\/1"}],"replies":[{"embeddable":true,"href":"https:\/\/biblian.is\/gudbrandsbiblia\/wp-json\/wp\/v2\/comments?post=3216"}],"version-history":[{"count":0,"href":"https:\/\/biblian.is\/gudbrandsbiblia\/wp-json\/wp\/v2\/pages\/3216\/revisions"}],"wp:attachment":[{"href":"https:\/\/biblian.is\/gudbrandsbiblia\/wp-json\/wp\/v2\/media?parent=3216"}],"curies":[{"name":"wp","href":"https:\/\/api.w.org\/{rel}","templated":true}]}}