{"id":3214,"date":"2017-12-18T18:33:01","date_gmt":"2017-12-18T18:33:01","guid":{"rendered":"http:\/\/biblian.is\/gudbrandsbiblia\/salmarnir-43-kafli\/"},"modified":"2017-12-18T18:33:01","modified_gmt":"2017-12-18T18:33:01","slug":"salmarnir-43-kafli","status":"publish","type":"page","link":"https:\/\/biblian.is\/gudbrandsbiblia\/salmarnir-43-kafli\/","title":{"rendered":"S\u00e1lmarnir 43. kafli"},"content":{"rendered":"<p>XLIII.<\/p>\n<p>D\u00e6m mig, Gu\u00f0, og legg d\u00f3m \u00e1 mitt m\u00e1lefni \u00ed m\u00f3ti \u00feeirri \u00f3heilagri \u00fej\u00f3\u00f0 og frelsa mig \u00ed fr\u00e1 sviksamlegu og illu f\u00f3lki.<\/p>\n<p>\t\u00dev\u00ed a\u00f0 \u00fe\u00fa ert Gu\u00f0, minn styrkleiki, hvar fyrir forleggur \u00fe\u00fa mig? \u00dev\u00ed l\u00e6tur \u00fe\u00fa mig ganga svo sorgfullan n\u00e6r e\u00f0 minn \u00f3vin hann \u00ferengir a\u00f0 m\u00e9r?<\/p>\n<p>\t\u00datsend \u00fe\u00fa \u00feitt lj\u00f3s og \u00feinn sannleika a\u00f0 \u00feau lei\u00f0togi mig og lei\u00f0 mig \u00e1 \u00feitt hi\u00f0 heilaga fjall og \u00ed \u00fe\u00edna tjaldb\u00fa\u00f0<\/p>\n<p>\tsvo \u00fea\u00f0 eg inngangi til Gu\u00f0s altaris, til \u00feess Gu\u00f0s sem er m\u00edn gle\u00f0i og una\u00f0semd og \u00fea\u00f0 eg \u00feakki \u00fe\u00e9r, Gu\u00f0, me\u00f0 h\u00f6rpunni, minn Gu\u00f0.<\/p>\n<p>\tHvar fyrir ertu, s\u00e1la m\u00edn, svo sorgfull og \u00fev\u00ed angrar \u00fe\u00fa mig \u00feannin?<\/p>\n<p>\tTreystu \u00e1 Gu\u00f0 \u00fev\u00ed a\u00f0 eg mun honum enn \u00feakkir gj\u00f6ra \u00fea\u00f0 hann er hj\u00e1lpari m\u00edns andlits og minn Gu\u00f0.<\/p>\n","protected":false},"excerpt":{"rendered":"<p>XLIII. D\u00e6m mig, Gu\u00f0, og legg d\u00f3m \u00e1 mitt m\u00e1lefni \u00ed m\u00f3ti \u00feeirri \u00f3heilagri \u00fej\u00f3\u00f0 og frelsa mig \u00ed fr\u00e1 sviksamlegu og illu f\u00f3lki. \u00dev\u00ed a\u00f0 \u00fe\u00fa ert Gu\u00f0, minn styrkleiki, hvar fyrir forleggur \u00fe\u00fa mig? \u00dev\u00ed l\u00e6tur \u00fe\u00fa mig ganga svo sorgfullan n\u00e6r e\u00f0 minn \u00f3vin hann \u00ferengir a\u00f0 m\u00e9r? \u00datsend \u00fe\u00fa \u00feitt lj\u00f3s og \u00feinn sannleika a\u00f0 \u00feau lei\u00f0togi mig og lei\u00f0 mig \u00e1 \u00feitt hi\u00f0 heilaga fjall og \u00ed \u00fe\u00edna tjaldb\u00fa\u00f0 svo \u00fea\u00f0 eg inngangi til Gu\u00f0s altaris, til \u00feess Gu\u00f0s sem er m\u00edn gle\u00f0i og una\u00f0semd og \u00fea\u00f0 eg \u00feakki \u00fe\u00e9r, Gu\u00f0, me\u00f0 h\u00f6rpunni, minn Gu\u00f0. <a href=\"https:\/\/biblian.is\/gudbrandsbiblia\/salmarnir-43-kafli\/\"> [&#8230;]<\/a><\/p>\n","protected":false},"author":1,"featured_media":0,"parent":0,"menu_order":0,"comment_status":"open","ping_status":"open","template":"bibliukaflar.php","meta":{"footnotes":""},"class_list":["post-3214","page","type-page","status-publish","hentry"],"_links":{"self":[{"href":"https:\/\/biblian.is\/gudbrandsbiblia\/wp-json\/wp\/v2\/pages\/3214","targetHints":{"allow":["GET"]}}],"collection":[{"href":"https:\/\/biblian.is\/gudbrandsbiblia\/wp-json\/wp\/v2\/pages"}],"about":[{"href":"https:\/\/biblian.is\/gudbrandsbiblia\/wp-json\/wp\/v2\/types\/page"}],"author":[{"embeddable":true,"href":"https:\/\/biblian.is\/gudbrandsbiblia\/wp-json\/wp\/v2\/users\/1"}],"replies":[{"embeddable":true,"href":"https:\/\/biblian.is\/gudbrandsbiblia\/wp-json\/wp\/v2\/comments?post=3214"}],"version-history":[{"count":0,"href":"https:\/\/biblian.is\/gudbrandsbiblia\/wp-json\/wp\/v2\/pages\/3214\/revisions"}],"wp:attachment":[{"href":"https:\/\/biblian.is\/gudbrandsbiblia\/wp-json\/wp\/v2\/media?parent=3214"}],"curies":[{"name":"wp","href":"https:\/\/api.w.org\/{rel}","templated":true}]}}