{"id":3213,"date":"2017-12-18T18:33:01","date_gmt":"2017-12-18T18:33:01","guid":{"rendered":"http:\/\/biblian.is\/gudbrandsbiblia\/salmarnir-42-kafli\/"},"modified":"2017-12-18T18:33:01","modified_gmt":"2017-12-18T18:33:01","slug":"salmarnir-42-kafli","status":"publish","type":"page","link":"https:\/\/biblian.is\/gudbrandsbiblia\/salmarnir-42-kafli\/","title":{"rendered":"S\u00e1lmarnir 42. kafli"},"content":{"rendered":"<p>XLII.<\/p>\n<p>Einn menntunars\u00e1lmur sona K\u00f3ra a\u00f0 syngja fyrir <\/p>\n<p>?l\u00edka sem \u00fea\u00f0 hj\u00f6rturinn kallar eftir fersku vatni, so kallar m\u00edn s\u00e1la, Gu\u00f0, til \u00fe\u00edn.<\/p>\n<p>\tM\u00edna s\u00e1lu hana \u00feyrstir eftir Gu\u00f0i, eftir \u00feeim lifandi Gu\u00f0i. Hven\u00e6r mun eg \u00feanga\u00f0 komast \u00fea\u00f0 eg sj\u00e1i <span class=\"athugasemd\" title=\"a \/ \u00dear e\u00f0 Gu\u00f0 b\u00fdr, sem er \u00ed musterinu, og hvar a\u00f0 hans or\u00f0 er\">[<\/span> Gu\u00f0s andlit?<\/p>\n<p>\tM\u00edn t\u00e1r \u00feau eru m\u00edn f\u00e6\u00f0sla n\u00f3tt og dag me\u00f0 \u00fev\u00ed a\u00f0 daglega ver\u00f0ur til m\u00edn sagt: &#8222;Hvar er n\u00fa \u00feinn Gu\u00f0?&#8220;<\/p>\n<p>\tN\u00e6r e\u00f0 eg hugsa \u00fear til \u00fe\u00e1 \u00fathelli eg nm\u00ednu hjarta hj\u00e1 sj\u00e1lfum m\u00e9r \u00fev\u00ed a\u00f0 eg vildi gjarnan me\u00f0 \u00feeim flokknum burt ganga og me\u00f0 \u00feeim fara til Gu\u00f0s h\u00fass me\u00f0 gle\u00f0skap og \u00feakkargj\u00f6r\u00f0, j\u00e1 me\u00f0 \u00feeim fj\u00f6ldanum sem a\u00f0 h\u00e1t\u00ed\u00f0ina heldur.<\/p>\n<p>\t\u00dev\u00ed ertu, s\u00e1la m\u00edn, so hrygg og hvar fyrir angrar \u00fe\u00fa mig \u00feannin?<\/p>\n<p>\tTreystu \u00e1 Gu\u00f0 \u00fev\u00ed a\u00f0 eg mun honum enn \u00feakkir gj\u00f6ra \u00fea\u00f0 hann hj\u00e1lpar m\u00e9r me\u00f0 s\u00ednu <span class=\"athugasemd\" title=\"b \/ Me\u00f0 vi\u00f0urkenningu og n\u00e1l\u00e6g\u00f0 sinni, fyrir or\u00f0 og tr\u00fana\">[<\/span> augliti.<\/p>\n<p>\tMinn Gu\u00f0, s\u00e1la m\u00edn er sorgbitin \u00ed m\u00e9r, \u00fear fyrir minnist eg \u00e1 \u00feig \u00ed landinu <span class=\"athugasemd\" title=\"c \/ (Land J\u00f3rdanar) \/ \u00dea\u00f0 er, \u00ed Gy\u00f0ingalandi hvert hann so kallar \u00fev\u00ed a\u00f0 J\u00f3rdan rennur um \u00fea\u00f0 mitt. Og Hermon\u00edm eru \u00feau h\u00e1u fj\u00f6ll \u00fear \u00ed n\u00e1nd \u00ed hj\u00e1 hverjum fjalli\u00f0 S\u00edon er a\u00f0 reikna sem l\u00edtill h\u00f3ll e\u00f0a h\u00e6\u00f0\">[<\/span> J\u00f3rdanar og Hermon\u00edm, \u00e1 \u00fev\u00ed sm\u00e1fjalli.<\/p>\n<p>\t\u00de\u00edn vatsf\u00f6ll dynja \u00fea\u00f0an so \u00fea\u00f0 forsar yfir fossa ni\u00f0ja h\u00e9r \u00e1, allar \u00fe\u00ednar vats\u00f6ldur og bylgjur ganga lukt yfir mig.<\/p>\n<p>\tDrottinn hefur \u00e1 deginum heiti\u00f0 sinni miskunn og \u00e1 n\u00e1ttart\u00edma syng eg honum lof og bi\u00f0 til Gu\u00f0s m\u00edns l\u00edfgjafara.<\/p>\n<p>\tEg segi til Gu\u00f0s m\u00edns styrktarbjargs: &#8222;Hvar fyrir gleymir \u00fe\u00fa m\u00e9r? \u00dev\u00ed hl\u00fdt eg a\u00f0 ganga so sorgfullur \u00fe\u00e1 a\u00f0 minn \u00f3vin hann \u00fevingar mig?&#8220;<\/p>\n<p>\t\u00dea\u00f0 er svo sem mor\u00f0 \u00ed m\u00ednum beinum \u00fea\u00f0 m\u00ednir \u00f3vinir skamma mig, \u00fe\u00e1 er \u00feeir segja daglegana til m\u00edn: &#8222;Hvar er n\u00fa \u00feinn Gu\u00f0?&#8220;<\/p>\n<p>\t\u00dev\u00ed ert \u00fe\u00fa, s\u00e1la m\u00edn, so sorgfull og hvar fyri angrar \u00fe\u00fa mig \u00feannin?<\/p>\n<p>\tTreystu \u00e1 Gu\u00f0 \u00fev\u00ed a\u00f0 eg mun honum enn \u00feakkir gj\u00f6ra \u00fea\u00f0 hann er m\u00edns <span class=\"athugasemd\" title=\"d \/ Hann gj\u00f6rir m\u00e9r ekki kinnro\u00f0a, \u00fat supra xxxiiy heldur l\u00e6tur hann mig me\u00f0 f\u00f6gnu\u00f0i f\u00e1 m\u00edna b\u00e6n\">[<\/span> auglits hj\u00e1lpari, minn Gu\u00f0.<\/p>\n","protected":false},"excerpt":{"rendered":"<p>XLII. Einn menntunars\u00e1lmur sona K\u00f3ra a\u00f0 syngja fyrir ?l\u00edka sem \u00fea\u00f0 hj\u00f6rturinn kallar eftir fersku vatni, so kallar m\u00edn s\u00e1la, Gu\u00f0, til \u00fe\u00edn. M\u00edna s\u00e1lu hana \u00feyrstir eftir Gu\u00f0i, eftir \u00feeim lifandi Gu\u00f0i. Hven\u00e6r mun eg \u00feanga\u00f0 komast \u00fea\u00f0 eg sj\u00e1i [ Gu\u00f0s andlit? M\u00edn t\u00e1r \u00feau eru m\u00edn f\u00e6\u00f0sla n\u00f3tt og dag me\u00f0 \u00fev\u00ed a\u00f0 daglega ver\u00f0ur til m\u00edn sagt: &#8222;Hvar er n\u00fa \u00feinn Gu\u00f0?&#8220; N\u00e6r e\u00f0 eg hugsa \u00fear til \u00fe\u00e1 \u00fathelli eg nm\u00ednu hjarta hj\u00e1 sj\u00e1lfum m\u00e9r \u00fev\u00ed a\u00f0 eg vildi gjarnan me\u00f0 \u00feeim flokknum burt ganga og me\u00f0 \u00feeim fara til Gu\u00f0s h\u00fass me\u00f0 gle\u00f0skap og <a href=\"https:\/\/biblian.is\/gudbrandsbiblia\/salmarnir-42-kafli\/\"> [&#8230;]<\/a><\/p>\n","protected":false},"author":1,"featured_media":0,"parent":0,"menu_order":0,"comment_status":"open","ping_status":"open","template":"bibliukaflar.php","meta":{"footnotes":""},"class_list":["post-3213","page","type-page","status-publish","hentry"],"_links":{"self":[{"href":"https:\/\/biblian.is\/gudbrandsbiblia\/wp-json\/wp\/v2\/pages\/3213","targetHints":{"allow":["GET"]}}],"collection":[{"href":"https:\/\/biblian.is\/gudbrandsbiblia\/wp-json\/wp\/v2\/pages"}],"about":[{"href":"https:\/\/biblian.is\/gudbrandsbiblia\/wp-json\/wp\/v2\/types\/page"}],"author":[{"embeddable":true,"href":"https:\/\/biblian.is\/gudbrandsbiblia\/wp-json\/wp\/v2\/users\/1"}],"replies":[{"embeddable":true,"href":"https:\/\/biblian.is\/gudbrandsbiblia\/wp-json\/wp\/v2\/comments?post=3213"}],"version-history":[{"count":0,"href":"https:\/\/biblian.is\/gudbrandsbiblia\/wp-json\/wp\/v2\/pages\/3213\/revisions"}],"wp:attachment":[{"href":"https:\/\/biblian.is\/gudbrandsbiblia\/wp-json\/wp\/v2\/media?parent=3213"}],"curies":[{"name":"wp","href":"https:\/\/api.w.org\/{rel}","templated":true}]}}