{"id":3198,"date":"2017-12-18T18:32:57","date_gmt":"2017-12-18T18:32:57","guid":{"rendered":"http:\/\/biblian.is\/gudbrandsbiblia\/salmarnir-27-kafli\/"},"modified":"2017-12-18T18:32:57","modified_gmt":"2017-12-18T18:32:57","slug":"salmarnir-27-kafli","status":"publish","type":"page","link":"https:\/\/biblian.is\/gudbrandsbiblia\/salmarnir-27-kafli\/","title":{"rendered":"S\u00e1lmarnir 27. kafli"},"content":{"rendered":"<p>XXVII.<\/p>\n<p>S\u00e1lmur Dav\u00ed\u00f0s<\/p>\n<p>Drottinn er m\u00edn uppl\u00fdsing og minn heilsugjafari, fyrir hverjum skal eg \u00f3ttast?<\/p>\n<p>\tDrottinn hann er minn l\u00edfsins kraftur, fyrir hverjum skylda eg hr\u00e6ddur vera?<\/p>\n<p>\t\u00dear fyrir \u00fe\u00f3 a\u00f0 hinir hrekkv\u00edsu, m\u00ednir m\u00f3tst\u00f6\u00f0umenn og \u00f3vinir vilji til vi\u00f0 mig til \u00feess a\u00f0 eta mitt hold \u00fe\u00e1 munu \u00feeir \u00fe\u00f3 \u00e1steyta sig og ni\u00f0ur hrynja.<\/p>\n<p>\t\u00de\u00f3tt a\u00f0 hermenn settu sig upp \u00e1 m\u00f3ti m\u00e9r \u00fe\u00e1 bl\u00f6skra\u00f0i ei a\u00f0 heldur m\u00ednu hjarta, \u00fe\u00f3 a\u00f0 str\u00ed\u00f0 hefjist upp m\u00e9r \u00e1 m\u00f3ti \u00fe\u00e1 treysti eg \u00fe\u00f3 samt \u00e1 hann.<\/p>\n<p>\tEins \u00fe\u00e1 bi\u00f0 eg af Drottni, \u00fea\u00f0 sama \u00fe\u00e6ga eg gjarnan, \u00fea\u00f0 a\u00f0 eg m\u00e6tta bl\u00edfa \u00ed h\u00fasi Drottins m\u00edna l\u00edfdaga til a\u00f0 sko\u00f0a \u00fe\u00e1 \u00e1g\u00e6tu \u00fej\u00f3nustugj\u00f6r\u00f0 Drottins og a\u00f0 vitja hans musteris.<\/p>\n<p>\t\u00dev\u00ed a\u00f0 hann sk\u00fdlir m\u00e9r \u00ed sinni tjaldb\u00fa\u00f0 \u00e1 \u00feeim illa t\u00edmanum, hann felur mig \u00ed leyni sinnar tjaldb\u00fa\u00f0ar og upphefur mig upp \u00e1 bergi\u00f0.<\/p>\n<p>\tOg n\u00fa mun hann upphefja mitt h\u00f6fu\u00f0 yfir m\u00edna \u00f3vini sem h\u00e9r \u00ed kringum mig eru, \u00fe\u00e1 vil eg og \u00ed hans tjaldb\u00fa\u00f0 lofgj\u00f6r\u00f0inni offra, eg vil syngja og lof segja Drottni.<\/p>\n<p>\tHeyr \u00fe\u00fa, Drottinn, m\u00edna raust n\u00e6r a\u00f0 eg kalla, miskunna \u00fe\u00fa m\u00e9r og b\u00e6nheyr mig.<\/p>\n<p>\tMitt hjarta \u00fea\u00f0 setur s\u00e9r \u00fe\u00edn or\u00f0 fyrir (\u00feessi): &#8222;\u00de\u00e9r skulu\u00f0 m\u00edns andlits leita.&#8220; \u00dear fyrir leita eg einnin, Drottinn, \u00fe\u00edns andlits.<\/p>\n<p>\tSn\u00fa ekki \u00fe\u00ednu andliti fr\u00e1 m\u00e9r og \u00ed burt rek ekki \u00fer\u00e6l \u00feinn \u00ed rei\u00f0i \u00feinni \u00fev\u00ed \u00fe\u00fa ert minn hj\u00e1lpari, yfirgef \u00fe\u00fa mig ekki og tak ekki \u00fe\u00edna h\u00f6nd fr\u00e1 m\u00e9r, Gu\u00f0 minn frelsari.<\/p>\n<p>\t\u00dev\u00ed a\u00f0 fa\u00f0ir minn og m\u00f3\u00f0ir m\u00edn \u00feau yfirg\u00e1fu mig en \u00fe\u00fa, Drottinn, anna\u00f0ist mig.<\/p>\n<p>\tV\u00edsa \u00fe\u00fa m\u00e9r, Drottinn, \u00feinn veg og lei\u00f0 mig \u00e1 r\u00e9ttan g\u00f6tust\u00edg vegna minna \u00f3vina.<\/p>\n<p>\tOfurgef mig ekki \u00ed vild \u00f3vina minna \u00fev\u00ed a\u00f0 falsvottar r\u00edsa upp \u00e1 m\u00f3ti m\u00e9r og gj\u00f6ra m\u00e9r rangt til og tala \u00f3sannindi.<\/p>\n<p>\tEn eg tr\u00fai \u00fea\u00f0 \u00fe\u00f3 a\u00f0 eg muni sj\u00e1 g\u00f3\u00f0semd Drottins \u00e1 j\u00f6r\u00f0u lifandi manna.<\/p>\n<p>\tB\u00ed\u00f0 \u00fe\u00fa Drottins, vert hraustur, \u00feitt hjarta s\u00e9 \u00f3efa\u00f0 og b\u00ed\u00f0 Drottins.<\/p>\n","protected":false},"excerpt":{"rendered":"<p>XXVII. S\u00e1lmur Dav\u00ed\u00f0s Drottinn er m\u00edn uppl\u00fdsing og minn heilsugjafari, fyrir hverjum skal eg \u00f3ttast? Drottinn hann er minn l\u00edfsins kraftur, fyrir hverjum skylda eg hr\u00e6ddur vera? \u00dear fyrir \u00fe\u00f3 a\u00f0 hinir hrekkv\u00edsu, m\u00ednir m\u00f3tst\u00f6\u00f0umenn og \u00f3vinir vilji til vi\u00f0 mig til \u00feess a\u00f0 eta mitt hold \u00fe\u00e1 munu \u00feeir \u00fe\u00f3 \u00e1steyta sig og ni\u00f0ur hrynja. \u00de\u00f3tt a\u00f0 hermenn settu sig upp \u00e1 m\u00f3ti m\u00e9r \u00fe\u00e1 bl\u00f6skra\u00f0i ei a\u00f0 heldur m\u00ednu hjarta, \u00fe\u00f3 a\u00f0 str\u00ed\u00f0 hefjist upp m\u00e9r \u00e1 m\u00f3ti \u00fe\u00e1 treysti eg \u00fe\u00f3 samt \u00e1 hann. Eins \u00fe\u00e1 bi\u00f0 eg af Drottni, \u00fea\u00f0 sama \u00fe\u00e6ga eg gjarnan, \u00fea\u00f0 a\u00f0 <a href=\"https:\/\/biblian.is\/gudbrandsbiblia\/salmarnir-27-kafli\/\"> [&#8230;]<\/a><\/p>\n","protected":false},"author":1,"featured_media":0,"parent":0,"menu_order":0,"comment_status":"open","ping_status":"open","template":"bibliukaflar.php","meta":{"footnotes":""},"class_list":["post-3198","page","type-page","status-publish","hentry"],"_links":{"self":[{"href":"https:\/\/biblian.is\/gudbrandsbiblia\/wp-json\/wp\/v2\/pages\/3198","targetHints":{"allow":["GET"]}}],"collection":[{"href":"https:\/\/biblian.is\/gudbrandsbiblia\/wp-json\/wp\/v2\/pages"}],"about":[{"href":"https:\/\/biblian.is\/gudbrandsbiblia\/wp-json\/wp\/v2\/types\/page"}],"author":[{"embeddable":true,"href":"https:\/\/biblian.is\/gudbrandsbiblia\/wp-json\/wp\/v2\/users\/1"}],"replies":[{"embeddable":true,"href":"https:\/\/biblian.is\/gudbrandsbiblia\/wp-json\/wp\/v2\/comments?post=3198"}],"version-history":[{"count":0,"href":"https:\/\/biblian.is\/gudbrandsbiblia\/wp-json\/wp\/v2\/pages\/3198\/revisions"}],"wp:attachment":[{"href":"https:\/\/biblian.is\/gudbrandsbiblia\/wp-json\/wp\/v2\/media?parent=3198"}],"curies":[{"name":"wp","href":"https:\/\/api.w.org\/{rel}","templated":true}]}}