{"id":3178,"date":"2017-12-18T18:32:54","date_gmt":"2017-12-18T18:32:54","guid":{"rendered":"http:\/\/biblian.is\/gudbrandsbiblia\/salmarnir-7-kafli\/"},"modified":"2017-12-18T18:32:54","modified_gmt":"2017-12-18T18:32:54","slug":"salmarnir-7-kafli","status":"publish","type":"page","link":"https:\/\/biblian.is\/gudbrandsbiblia\/salmarnir-7-kafli\/","title":{"rendered":"S\u00e1lmarnir 7. kafli"},"content":{"rendered":"<p>VII.<\/p>\n<p>Sakleysi Dav\u00ed\u00f0s sem hann s\u00f6ng fyrir Drottni vegna or\u00f0a K\u00fas\u00ed sonar Jemini<\/p>\n<p>Upp \u00e1 \u00feig, Drottinn Gu\u00f0, treysti eg, hj\u00e1lpa \u00fe\u00fa m\u00e9r \u00ed fr\u00e1 \u00f6llum m\u00ednum ofs\u00f3knurum og frelsa mig<\/p>\n<p>\tso a\u00f0 \u00feeir gr\u00edpi ekki sem le\u00f3n m\u00edna s\u00e1lu og hana \u00ed sundur sl\u00edti fyrst a\u00f0 \u00fear er enginn s\u00e1 sem (hana) frelsar.<\/p>\n<p>\tDrottinn minn Gu\u00f0, ef a\u00f0 eg hefi \u00feetta gj\u00f6rt og ef rangindi eru \u00ed m\u00ednum h\u00f6ndum,<\/p>\n<p>\tef eg hefi \u00feeim illt endurgoldi\u00f0 sem mig l\u00e9tu \u00ed fri\u00f0i e\u00f0ur hafi eg ska\u00f0a gj\u00f6rt \u00feeim sem m\u00ednir \u00f3vinir voru fyrir \u00f6ngva s\u00f6k<\/p>\n<p>\t\u00fe\u00e1 ofs\u00e6ki minn \u00f3vinur s\u00e1lu m\u00edna og handtaki hana og f\u00f3ttro\u00f0i mitt l\u00edf ni\u00f0ur til jar\u00f0ar og leggi m\u00edna \u00e6ru \u00ed moldarduft. Sela.<\/p>\n<p>\tStatt upp, Drottinn, \u00ed \u00feinni rei\u00f0i, upphef \u00feig yfir grimmd \u00f3vina minna og hj\u00e1lpa m\u00e9r aftur \u00ed \u00fea\u00f0 emb\u00e6tti sem \u00fe\u00fa hefur b\u00edfala\u00f0 m\u00e9r<\/p>\n<p>\tso \u00fea\u00f0 l\u00fd\u00f0urinn safnist til \u00fe\u00edn aftur og vegna\u00feess hins sama \u00fe\u00e1 kom upp aftur.<\/p>\n<p>\tDrottinn hann er <span class=\"athugasemd\" title=\"a \/ Hverki eg n\u00e9 nokkur annar heldur Gu\u00f0 sj\u00e1lfur alleina stj\u00f3rnar yfir oss\">[<\/span> d\u00f3mari yfir f\u00f3lkinu, d\u00e6m \u00fe\u00fa mig, Drottinn, eftir minni r\u00e9ttv\u00edsi og eftir m\u00ednu sakleysi.<\/p>\n<p>\tL\u00e1ttu hrekkv\u00edsi \u00feeirra hinna \u00f3gu\u00f0legu f\u00e1 enda og gj\u00f6r greitt fyrir hinum r\u00e9ttl\u00e1ta \u00fev\u00ed a\u00f0 \u00fe\u00fa, r\u00e9ttfer\u00f0ugur Gu\u00f0, rannsakar hj\u00f6rtun og n\u00fdrun.<\/p>\n<p>\tMitt fullting er af Gu\u00f0i s\u00e1 e\u00f0 hj\u00e1lpar r\u00e9ttfer\u00f0ugum af hjarta.<\/p>\n<p>\tGu\u00f0 hann er einn r\u00e9ttl\u00e1tur d\u00f3mari og einn Gu\u00f0 s\u00e1 hver e\u00f0 daglega h\u00f3tar.<\/p>\n<p>\tNema menn vilji lei\u00f0r\u00e9ttast \u00fe\u00e1 hefur hann hvatt sitt sver\u00f0, sinn boga hefur hann uppspanna\u00f0 og hann tilb\u00fai\u00f0.<\/p>\n<p>\tOg \u00e1 honum hefur hann tilb\u00fai\u00f0 dau\u00f0ans skeyti, s\u00ednar \u00f6rvar hefur hann tilreitt til fordj\u00f6rfunar.<\/p>\n<p>\tSj\u00e1 \u00fe\u00fa, hann hefur illt \u00ed sinni, hann gengur me\u00f0 \u00f3g\u00e6funa og hann mun f\u00e6\u00f0a lygina. <span class=\"athugasemd\" title=\"Esa. 59\">[<\/span> <\/p>\n<p>\tGr\u00f6fina hefur hann grafi\u00f0 og opna\u00f0 hana og \u00ed \u00fe\u00e1 gr\u00f6f f\u00e9ll hann sj\u00e1lfur sem hann gj\u00f6r\u00f0i.<\/p>\n<p>\tHans \u00f3lukka mun honum \u00ed koll koma og hans rangl\u00e6ti sj\u00e1lfs mun ofan falla yfir hans hvirfil.<\/p>\n<p>\t\u00deakkir gj\u00f6ri eg Drottni vegna s\u00edns r\u00e9ttl\u00e6tis og nafni Drottins hins h\u00e6sta vil eg lofsyngja.<\/p>\n","protected":false},"excerpt":{"rendered":"<p>VII. Sakleysi Dav\u00ed\u00f0s sem hann s\u00f6ng fyrir Drottni vegna or\u00f0a K\u00fas\u00ed sonar Jemini Upp \u00e1 \u00feig, Drottinn Gu\u00f0, treysti eg, hj\u00e1lpa \u00fe\u00fa m\u00e9r \u00ed fr\u00e1 \u00f6llum m\u00ednum ofs\u00f3knurum og frelsa mig so a\u00f0 \u00feeir gr\u00edpi ekki sem le\u00f3n m\u00edna s\u00e1lu og hana \u00ed sundur sl\u00edti fyrst a\u00f0 \u00fear er enginn s\u00e1 sem (hana) frelsar. Drottinn minn Gu\u00f0, ef a\u00f0 eg hefi \u00feetta gj\u00f6rt og ef rangindi eru \u00ed m\u00ednum h\u00f6ndum, ef eg hefi \u00feeim illt endurgoldi\u00f0 sem mig l\u00e9tu \u00ed fri\u00f0i e\u00f0ur hafi eg ska\u00f0a gj\u00f6rt \u00feeim sem m\u00ednir \u00f3vinir voru fyrir \u00f6ngva s\u00f6k \u00fe\u00e1 ofs\u00e6ki minn \u00f3vinur s\u00e1lu m\u00edna <a href=\"https:\/\/biblian.is\/gudbrandsbiblia\/salmarnir-7-kafli\/\"> [&#8230;]<\/a><\/p>\n","protected":false},"author":1,"featured_media":0,"parent":0,"menu_order":0,"comment_status":"open","ping_status":"open","template":"bibliukaflar.php","meta":{"footnotes":""},"class_list":["post-3178","page","type-page","status-publish","hentry"],"_links":{"self":[{"href":"https:\/\/biblian.is\/gudbrandsbiblia\/wp-json\/wp\/v2\/pages\/3178","targetHints":{"allow":["GET"]}}],"collection":[{"href":"https:\/\/biblian.is\/gudbrandsbiblia\/wp-json\/wp\/v2\/pages"}],"about":[{"href":"https:\/\/biblian.is\/gudbrandsbiblia\/wp-json\/wp\/v2\/types\/page"}],"author":[{"embeddable":true,"href":"https:\/\/biblian.is\/gudbrandsbiblia\/wp-json\/wp\/v2\/users\/1"}],"replies":[{"embeddable":true,"href":"https:\/\/biblian.is\/gudbrandsbiblia\/wp-json\/wp\/v2\/comments?post=3178"}],"version-history":[{"count":0,"href":"https:\/\/biblian.is\/gudbrandsbiblia\/wp-json\/wp\/v2\/pages\/3178\/revisions"}],"wp:attachment":[{"href":"https:\/\/biblian.is\/gudbrandsbiblia\/wp-json\/wp\/v2\/media?parent=3178"}],"curies":[{"name":"wp","href":"https:\/\/api.w.org\/{rel}","templated":true}]}}