{"id":3132,"date":"2017-12-18T18:32:43","date_gmt":"2017-12-18T18:32:43","guid":{"rendered":"http:\/\/biblian.is\/gudbrandsbiblia\/jobsbok-3-kafli\/"},"modified":"2017-12-18T18:32:43","modified_gmt":"2017-12-18T18:32:43","slug":"jobsbok-3-kafli","status":"publish","type":"page","link":"https:\/\/biblian.is\/gudbrandsbiblia\/jobsbok-3-kafli\/","title":{"rendered":"Jobsb\u00f3k 3. kafli"},"content":{"rendered":"<p>III.<\/p>\n<p>Eftir \u00fea\u00f0 upplauk Job s\u00ednum munni og b\u00f6lva\u00f0i s\u00ednum degi og sag\u00f0i: <span class=\"athugasemd\" title=\"\u00d3\u00feolinm\u00e6\u00f0i Job\">[<\/span> &#8222;Fyrirfarist s\u00e1 dagur \u00e1 hverjum em eg f\u00e6ddur og s\u00fa n\u00f3tt \u00e1 hverri sagt var: Sveinbarn er geti\u00f0. Veri s\u00e1 dagur myrkur og Gu\u00f0 h\u00e9r ofan a\u00f0, hann eigi ekki vi\u00f0 a\u00f0 spyrja eftir honum. Ekkert lj\u00f3s \u00fe\u00e1 sk\u00edni yfir honum. Myrkur og \u00feoka yfirfalli hann, \u00feykkvir sk\u00fdfl\u00f3kar bl\u00edfi yfir honum og \u00feokusv\u00e6lan dagsins gj\u00f6ri hann herfilegan. Og myrkri\u00f0 eignist \u00fe\u00e1 n\u00f3tt svo h\u00fan gle\u00f0ji sig ekki \u00e1 me\u00f0al daganna \u00e1rsins og komi h\u00fan eigi heldur \u00ed m\u00e1nu\u00f0anna t\u00f6lu. Sj\u00e1, veri s\u00fa n\u00f3tt einmana og enginn gle\u00f0skapur s\u00e9 \u00e1 henni. B\u00f6lvi henni \u00feeir sem form\u00e6la deginum og \u00feeir sem rei\u00f0ub\u00fanir eru til a\u00f0 uppvekja \u00feann levjatan. Stj\u00f6rnur hennar ver\u00f0i myrkvar \u00ed hennar r\u00f6kkri, h\u00fan voni eftir lj\u00f3sinu og \u00fea\u00f0 komi ekki og eigi l\u00edti h\u00fan augabr\u00fan morgunro\u00f0ans. Af \u00fev\u00ed h\u00fan ei afturlukti dyrnar m\u00edns <span class=\"athugasemd\" title=\"a \/ (Kvi\u00f0ar) \/ m\u00f3\u00f0urinnar af hverjum eg er f\u00e6ddur\">[<\/span> kvi\u00f0ar og byrg\u00f0i ekki \u00fe\u00e1 g\u00e6funa fyrir m\u00ednum augum. <\/p>\n<p>\tHvar fyrir dey\u00f0i eg ekki \u00ed m\u00f3\u00f0urkvi\u00f0i? \u00dev\u00ed fyrirf\u00f3rst eg \u00fe\u00e1 ekki \u00feegar a\u00f0 eg kom af minnar m\u00f3\u00f0ur l\u00edfi? Hvar fyrir hafa \u00fe\u00e6r lagt mig \u00ed kj\u00f6ltu s\u00e9r? Hvar fyrir var eg \u00e1 brj\u00f3sti uppf\u00e6ddur? \u00dev\u00ed \u00fe\u00e1 l\u00e6gi eg n\u00fa og v\u00e6ri kyrr, sv\u00e6fi og hef\u00f0i hv\u00edld me\u00f0 k\u00f3ngunum og r\u00e1\u00f0sherrunum jar\u00f0arinnar sem byggja \u00fea\u00f0 sem \u00ed <span class=\"athugasemd\" title=\"b \/ \u00dea\u00f0 er, reisa n\u00fdjar byggingar\">[<\/span> ey\u00f0i er, elligar me\u00f0 \u00feeim h\u00f6f\u00f0ingjum sem gulli\u00f0 eiga og \u00feeirra h\u00fasin eru full af silfri, e\u00f0ur falinn svo sem einn \u00f3t\u00edmab\u00e6r bur\u00f0ur og v\u00e6ri ekki neitt, svo sem a\u00f0 \u00feau ungu b\u00f6rnin er aldrei s\u00e1u lj\u00f3si\u00f0, \u00fear e\u00f0 hinir \u00f3mildu munu afl\u00e1ta grimdar\u00e6\u00f0inu, \u00fear e\u00f0 hv\u00edla sig \u00feeir e\u00f0 haft hafa miki\u00f0 erfi\u00f0i. \u00dear hafa og fangarnir fri\u00f0 hver vi\u00f0 annan og heyra ekki kvalarans hlj\u00f3\u00f0. \u00dear eru b\u00e6\u00f0i sm\u00e1ir og st\u00f3rir, \u00fer\u00e6llinn og s\u00e1 sem frelsi er gefi\u00f0 af s\u00ednum herra.<\/p>\n<p>\tHvar fyrir er lj\u00f3si\u00f0 gefi\u00f0 hinum vesala og l\u00edfi\u00f0 sorgbitnum \u00ed hjarta? \u00deeim sem b\u00ed\u00f0a eftir dau\u00f0anum og hann kemur ekki og gr\u00e6fi hann \u00fat af <span class=\"athugasemd\" title=\"c \/ (Fylsnunum) \/ \u00dea\u00f0 er, af j\u00f6r\u00f0u\">[<\/span> fylsnunum? \u00deeir mundu gle\u00f0ja sig mj\u00f6g og vera gla\u00f0ir vi\u00f0 \u00fea\u00f0 a\u00f0 \u00feeir megi komast til grafarinnar. Og s\u00e1 ma\u00f0ur hvers vegur a\u00f0 <span class=\"athugasemd\" title=\"d \/ (Byrg\u00f0ur) \/ Hva\u00f0 skal \u00feeim a\u00f0 lifa sem hann veit ekki fyrir eymd hvert hann skal. Honum er betri dau\u00f0i.\">[<\/span> byrg\u00f0ur er og Gu\u00f0 byrgir \u00feann sama fyrir honum. \u00dev\u00ed \u00fe\u00e1 n\u00e6r eg skal matar neyta hl\u00fdt eg a\u00f0 andvarpa \u00fear \u00fat af og minn gr\u00e1tur \u00fatrennur sem vatn. \u00dev\u00ed \u00fea\u00f0 hva\u00f0 eg hr\u00e6ddist, \u00fea\u00f0 er yfir mig komi\u00f0 og fyrir \u00fev\u00ed sem eg kv\u00eddda, \u00fea\u00f0 henti mig. Var eg ekki lukkusamlegur? Var eg ekki a\u00f0 h\u00f3fi spakl\u00e1tur? Haf\u00f0i eg ekki g\u00f3\u00f0a hv\u00edld? Og \u00fear kom svoddan hrelling.&#8220;<\/p>\n","protected":false},"excerpt":{"rendered":"<p>III. Eftir \u00fea\u00f0 upplauk Job s\u00ednum munni og b\u00f6lva\u00f0i s\u00ednum degi og sag\u00f0i: [ &#8222;Fyrirfarist s\u00e1 dagur \u00e1 hverjum em eg f\u00e6ddur og s\u00fa n\u00f3tt \u00e1 hverri sagt var: Sveinbarn er geti\u00f0. Veri s\u00e1 dagur myrkur og Gu\u00f0 h\u00e9r ofan a\u00f0, hann eigi ekki vi\u00f0 a\u00f0 spyrja eftir honum. Ekkert lj\u00f3s \u00fe\u00e1 sk\u00edni yfir honum. Myrkur og \u00feoka yfirfalli hann, \u00feykkvir sk\u00fdfl\u00f3kar bl\u00edfi yfir honum og \u00feokusv\u00e6lan dagsins gj\u00f6ri hann herfilegan. Og myrkri\u00f0 eignist \u00fe\u00e1 n\u00f3tt svo h\u00fan gle\u00f0ji sig ekki \u00e1 me\u00f0al daganna \u00e1rsins og komi h\u00fan eigi heldur \u00ed m\u00e1nu\u00f0anna t\u00f6lu. Sj\u00e1, veri s\u00fa n\u00f3tt einmana og enginn <a href=\"https:\/\/biblian.is\/gudbrandsbiblia\/jobsbok-3-kafli\/\"> [&#8230;]<\/a><\/p>\n","protected":false},"author":1,"featured_media":0,"parent":0,"menu_order":0,"comment_status":"open","ping_status":"open","template":"bibliukaflar.php","meta":{"footnotes":""},"class_list":["post-3132","page","type-page","status-publish","hentry"],"_links":{"self":[{"href":"https:\/\/biblian.is\/gudbrandsbiblia\/wp-json\/wp\/v2\/pages\/3132","targetHints":{"allow":["GET"]}}],"collection":[{"href":"https:\/\/biblian.is\/gudbrandsbiblia\/wp-json\/wp\/v2\/pages"}],"about":[{"href":"https:\/\/biblian.is\/gudbrandsbiblia\/wp-json\/wp\/v2\/types\/page"}],"author":[{"embeddable":true,"href":"https:\/\/biblian.is\/gudbrandsbiblia\/wp-json\/wp\/v2\/users\/1"}],"replies":[{"embeddable":true,"href":"https:\/\/biblian.is\/gudbrandsbiblia\/wp-json\/wp\/v2\/comments?post=3132"}],"version-history":[{"count":0,"href":"https:\/\/biblian.is\/gudbrandsbiblia\/wp-json\/wp\/v2\/pages\/3132\/revisions"}],"wp:attachment":[{"href":"https:\/\/biblian.is\/gudbrandsbiblia\/wp-json\/wp\/v2\/media?parent=3132"}],"curies":[{"name":"wp","href":"https:\/\/api.w.org\/{rel}","templated":true}]}}