{"id":3124,"date":"2017-12-18T18:32:43","date_gmt":"2017-12-18T18:32:43","guid":{"rendered":"http:\/\/biblian.is\/gudbrandsbiblia\/esterarbok-5-kafli\/"},"modified":"2017-12-18T18:32:43","modified_gmt":"2017-12-18T18:32:43","slug":"esterarbok-5-kafli","status":"publish","type":"page","link":"https:\/\/biblian.is\/gudbrandsbiblia\/esterarbok-5-kafli\/","title":{"rendered":"Esterarb\u00f3k 5. kafli"},"content":{"rendered":"<p>V.<\/p>\n<p>Og \u00e1 \u00feeim \u00feri\u00f0ja degi skr\u00fdddist Ester konunglegum skr\u00fa\u00f0a og gekk inn \u00ed forgar\u00f0inn a\u00f0 k\u00f3ngsins h\u00f6llu innan til gegnt k\u00f3ngsins herbergi. Og k\u00f3ngurinn sat \u00ed s\u00ednu k\u00f3nglega h\u00e1s\u00e6ti gagnvart h\u00fasdyrunum. Og \u00feegar k\u00f3ngurinn s\u00e1 Ester drottningu standandi \u00ed forgar\u00f0inum f\u00e9kk h\u00fan n\u00e1\u00f0 fyrir hans augliti. Og k\u00f3ngurinn \u00fatr\u00e9tti gullsp\u00edruna \u00fe\u00e1 hann haf\u00f0i \u00ed sinni hendi \u00ed m\u00f3t Ester. H\u00fan gekk a\u00f0 og snart oddinn \u00e1 sp\u00edrunni. \u00de\u00e1 sag\u00f0i k\u00f3ngurinn til hennar: &#8222;Ester drottning, hva\u00f0 er \u00fe\u00e9r? Og hvers bei\u00f0ist \u00fe\u00fa? \u00de\u00f3 \u00fe\u00fa bi\u00f0jir mig um helft m\u00edns r\u00edkis \u00fe\u00e1 skal \u00fe\u00e9r gefast \u00fea\u00f0.&#8220; Ester svara\u00f0i: &#8222;Ef \u00fea\u00f0 \u00fe\u00f3knast svo k\u00f3nginum \u00fe\u00e1 bi\u00f0 eg a\u00f0 k\u00f3ngurinn komi \u00ed dag og svo Aman til \u00feess gestabo\u00f0s sem eg hefi tilb\u00fai\u00f0.&#8220; K\u00f3ngurinn sag\u00f0i: &#8222;Fari\u00f0 sem skj\u00f3tast og kalli\u00f0 \u00e1 Aman a\u00f0 hann gj\u00f6ri so sem Ester hefur sagt.&#8220;<\/p>\n<p>\tOg sem k\u00f3ngurinn og Aman voru komnir til gestabo\u00f0sins hvert Ester haf\u00f0i tilb\u00fai\u00f0 sag\u00f0i k\u00f3ngurinn til Ester \u00fe\u00e1 hann haf\u00f0i n\u00fa drukki\u00f0 v\u00edn: &#8222;Hver er \u00fe\u00edn b\u00e6n Ester? Hva\u00f0 \u00fe\u00fa vilt skal \u00fe\u00e9r veitast \u00fe\u00f3 \u00fea\u00f0 v\u00e6ri helmingurinn m\u00edns k\u00f3ngsr\u00edkis, \u00fe\u00e1 skal \u00fea\u00f0 ske.&#8220; \u00de\u00e1 svara\u00f0i Ester og sag\u00f0i: &#8222;M\u00edn b\u00e6n og b\u00f3n er \u00fea\u00f0: Hafi eg fundi\u00f0 n\u00e1\u00f0 fyrir k\u00f3nginum og ef \u00fea\u00f0 l\u00edkar k\u00f3nginum a\u00f0 veita m\u00e9r m\u00edna b\u00e6n og a\u00f0 gj\u00f6ra sem eg bi\u00f0 \u00fe\u00e1 komi k\u00f3ngur og Aman til \u00feess gestabo\u00f0s sem eg vil rei\u00f0ub\u00faa fyrir \u00feeim. So vil eg gj\u00f6ra \u00e1 morgun eftir k\u00f3ngsins or\u00f0i.&#8220;<\/p>\n<p>\tSvo gekk Aman \u00fat \u00e1 \u00feeim degi, gla\u00f0ur og me\u00f0 g\u00f3\u00f0um huga. En sem hann s\u00e1 Mardokeum \u00ed k\u00f3ngsins porti, a\u00f0 hann st\u00f3\u00f0 ekki upp og hr\u00e6r\u00f0i sig hvergi \u00far s\u00ednu s\u00e6ti fyri honum var\u00f0 hann b\u00f3lginn af rei\u00f0i vi\u00f0 Mardokeum. En hann stillti sig \u00fe\u00f3. Og sem Aman kom heim \u00fe\u00e1 sendi hann \u00fat og l\u00e9t samankalla s\u00edna vini og s\u00edna h\u00fastr\u00fa Seres og framtaldi fyrir \u00feeim s\u00edna r\u00edkd\u00f3ms d\u00fdr\u00f0 og fj\u00f6lda sinna sona og svo allt saman hversu k\u00f3ngurinn haf\u00f0i gj\u00f6rt hann formegtugan fram yfir alla k\u00f3ngsins h\u00f6f\u00f0ingja og \u00fe\u00e9nara. Einnin sag\u00f0i Aman: &#8222;Og drottningin Ester l\u00e9t \u00f6ngvan koma til gestabo\u00f0sins me\u00f0 k\u00f3nginum utan mig, eg er og svo bo\u00f0inn til hennar \u00e1 morgun aftur me\u00f0 k\u00f3nginum. En allt \u00feetta n\u00e6gist m\u00e9r ekki svo lengi sem eg s\u00e9 \u00feann Gy\u00f0ing Mardokeum sitja hj\u00e1 k\u00f3ngsins porti.&#8220; \u00de\u00e1 svara\u00f0i hans kvinna Seres honum og allir hans vinir: &#8222;Bj\u00f3\u00f0 \u00fe\u00fa a\u00f0 reisa skuli upp eitt tr\u00e9 fimmt\u00edgi \u00e1lna h\u00e1tt og seg \u00fe\u00fa \u00e1 morgun til k\u00f3ngsins a\u00f0 Mardokeus s\u00e9 hengdur \u00e1 \u00fev\u00ed. So kemur \u00fe\u00fa gla\u00f0ur til gestabo\u00f0sins me\u00f0 k\u00f3nginum.&#8220; \u00deetta l\u00edka\u00f0i Aman vel og hann l\u00e9t tilb\u00faa tr\u00e9\u00f0.<\/p>\n","protected":false},"excerpt":{"rendered":"<p>V. Og \u00e1 \u00feeim \u00feri\u00f0ja degi skr\u00fdddist Ester konunglegum skr\u00fa\u00f0a og gekk inn \u00ed forgar\u00f0inn a\u00f0 k\u00f3ngsins h\u00f6llu innan til gegnt k\u00f3ngsins herbergi. Og k\u00f3ngurinn sat \u00ed s\u00ednu k\u00f3nglega h\u00e1s\u00e6ti gagnvart h\u00fasdyrunum. Og \u00feegar k\u00f3ngurinn s\u00e1 Ester drottningu standandi \u00ed forgar\u00f0inum f\u00e9kk h\u00fan n\u00e1\u00f0 fyrir hans augliti. Og k\u00f3ngurinn \u00fatr\u00e9tti gullsp\u00edruna \u00fe\u00e1 hann haf\u00f0i \u00ed sinni hendi \u00ed m\u00f3t Ester. H\u00fan gekk a\u00f0 og snart oddinn \u00e1 sp\u00edrunni. \u00de\u00e1 sag\u00f0i k\u00f3ngurinn til hennar: &#8222;Ester drottning, hva\u00f0 er \u00fe\u00e9r? Og hvers bei\u00f0ist \u00fe\u00fa? \u00de\u00f3 \u00fe\u00fa bi\u00f0jir mig um helft m\u00edns r\u00edkis \u00fe\u00e1 skal \u00fe\u00e9r gefast \u00fea\u00f0.&#8220; Ester svara\u00f0i: &#8222;Ef \u00fea\u00f0 \u00fe\u00f3knast <a href=\"https:\/\/biblian.is\/gudbrandsbiblia\/esterarbok-5-kafli\/\"> [&#8230;]<\/a><\/p>\n","protected":false},"author":1,"featured_media":0,"parent":0,"menu_order":0,"comment_status":"open","ping_status":"open","template":"bibliukaflar.php","meta":{"footnotes":""},"class_list":["post-3124","page","type-page","status-publish","hentry"],"_links":{"self":[{"href":"https:\/\/biblian.is\/gudbrandsbiblia\/wp-json\/wp\/v2\/pages\/3124","targetHints":{"allow":["GET"]}}],"collection":[{"href":"https:\/\/biblian.is\/gudbrandsbiblia\/wp-json\/wp\/v2\/pages"}],"about":[{"href":"https:\/\/biblian.is\/gudbrandsbiblia\/wp-json\/wp\/v2\/types\/page"}],"author":[{"embeddable":true,"href":"https:\/\/biblian.is\/gudbrandsbiblia\/wp-json\/wp\/v2\/users\/1"}],"replies":[{"embeddable":true,"href":"https:\/\/biblian.is\/gudbrandsbiblia\/wp-json\/wp\/v2\/comments?post=3124"}],"version-history":[{"count":0,"href":"https:\/\/biblian.is\/gudbrandsbiblia\/wp-json\/wp\/v2\/pages\/3124\/revisions"}],"wp:attachment":[{"href":"https:\/\/biblian.is\/gudbrandsbiblia\/wp-json\/wp\/v2\/media?parent=3124"}],"curies":[{"name":"wp","href":"https:\/\/api.w.org\/{rel}","templated":true}]}}