{"id":3116,"date":"2017-12-18T18:32:43","date_gmt":"2017-12-18T18:32:43","guid":{"rendered":"http:\/\/biblian.is\/gudbrandsbiblia\/nehemiabok-10-kafli\/"},"modified":"2017-12-18T18:32:43","modified_gmt":"2017-12-18T18:32:43","slug":"nehemiabok-10-kafli","status":"publish","type":"page","link":"https:\/\/biblian.is\/gudbrandsbiblia\/nehemiabok-10-kafli\/","title":{"rendered":"Nehem\u00edab\u00f3k 10. kafli"},"content":{"rendered":"<p>X.<\/p>\n<p>Og \u00feeir e\u00f0 innsiglu\u00f0u voru \u00feessir: <span class=\"athugasemd\" title=\"Prestar\">[<\/span> Nehem\u00eda Hat\u00edrsata son Hakalja og Sedek\u00eda, Seraja, Asarja, Jerem\u00eda, Pash\u00far, Amrja, Malk\u00eda, Hatt\u00fas, Sebanja, Mall\u00fak, Har\u00edm, Merem\u00f3t, \u00d3bad\u00eda, Dan\u00edel, Gint\u00fan, Bar\u00fak, Mes\u00fallam, Ab\u00eda, Mejam\u00edn, Maeseja, Bilga\u00ed og Semaja, \u00fea\u00f0 voru kennimennirnir.<\/p>\n<p>\tEn Lev\u00edtarnir voru \u00feessir: <span class=\"athugasemd\" title=\"Lev\u00edtar\">[<\/span> Jes\u00faa son Asanja, Bin\u00fa\u00ed \u00e1 me\u00f0al sona Henadad, Kadm\u00edel og \u00feeirra br\u00e6\u00f0ur, Sekanja, H\u00f3d\u00eda, Kl\u00edta, Plaja, Hanan, M\u00edka, Reh\u00f3b, Hasabja, Sak\u00far, Serebja, Sebanja, H\u00f3d\u00eda, Ban\u00ed, Ben\u00edn\u00fa.<\/p>\n<p>\tEn h\u00f6f\u00f0ingjar f\u00f3lksins voru: <span class=\"athugasemd\" title=\"H\u00f6f\u00f0ingjar\">[<\/span> Pareos, Pahat M\u00f3ab, Elam, Sat\u00fa, Ban\u00ed, B\u00fan\u00ed, Asgad, Beba\u00ed, Ad\u00f3n\u00eda, Bigva\u00ed, Ad\u00edn, Ater, Hisk\u00eda, As\u00far, Hod\u00edja, Has\u00fam, Besa\u00ed, Har\u00edf, Anat\u00f3t, Nevba\u00ed, Magp\u00edas, Mes\u00fallam, Hes\u00edr, Mesesabeel, Sad\u00f3k, Jadd\u00faa, Platja, Hanan, Ananja, H\u00f3sea, Hananja, Has\u00fab, Hal\u00f3hes, P\u00edlha, S\u00f3bek, Reh\u00fam, Asabna, Maeseja, Ah\u00eda, Hanan, Anan, Mall\u00fak, Har\u00edm og Baena. Og \u00fea\u00f0 anna\u00f0 f\u00f3lk: Prestarnir, Lev\u00edtarnir, dyraver\u00f0irnir, s\u00f6ngvararnir, Neth\u00edn\u00edm og allir \u00feeir sem sig h\u00f6f\u00f0u skili\u00f0 fr\u00e1 f\u00f3lkinu \u00ed landinu til Gu\u00f0s laga me\u00f0 s\u00ednum kvinnum, sonum og d\u00e6trum, allir \u00feeir sem \u00fea\u00f0 g\u00e1tu undirsta\u00f0i\u00f0 og \u00feeirra megtugu lofu\u00f0u \u00feessu sinna br\u00e6\u00f0ra vegna.<\/p>\n<p>\tOg \u00feeir komu a\u00f0 sverja og skuldbinda sig me\u00f0 s\u00ednum ei\u00f0i a\u00f0 \u00feeir skyldu ganga \u00ed Gu\u00f0s l\u00f6gm\u00e1li \u00fev\u00ed sem \u00feeim var gefi\u00f0 fyrir Mosen Gu\u00f0s \u00fe\u00e9nara, a\u00f0 \u00feeir vildu halda og gj\u00f6ra eftir \u00f6llum Gu\u00f0s vors Drottins bo\u00f0or\u00f0um, r\u00e9ttindum, st\u00e1t\u00fatum, og a\u00f0 v\u00e9r skyldum ekki gefa landsins innbyggjurum vorar d\u00e6tur, eigi skyldum v\u00e9r heldur taka \u00feeirra d\u00e6tur til vorra sona og \u00fe\u00e1 f\u00f3lki\u00f0 \u00ed landinu flutti um sabbatsdaga v\u00f6ru og allsh\u00e1tta\u00f0a atvinnu til kaups \u00fe\u00e1 skyldu v\u00e9r ekki taka \u00fea\u00f0 af \u00feeim um \u00fevottdaginn og a\u00f0ra helga daga og a\u00f0 v\u00e9r \u00e1 \u00fev\u00ed sj\u00f6unda \u00e1ri skyldum l\u00e1ta allra handa \u00feyngsl vera fr\u00ed, og l\u00f6g\u00f0um eitt bo\u00f0or\u00f0 upp \u00e1 oss a\u00f0 v\u00e9r skyldum \u00e1rlega gefa hinn \u00feri\u00f0ja hlut af einum sekel til \u00fej\u00f3nustugj\u00f6r\u00f0arinnar \u00ed vors Gu\u00f0s h\u00fasi, sem er til sko\u00f0unarbrau\u00f0a, til daglegs matoffurs, til daglegrar brennif\u00f3rnar um sabbatinn, til kalendah\u00e1t\u00ed\u00f0a og helgra daga og til \u00feeirra sem helgu\u00f0ust, til syndaoffurs me\u00f0 hverju \u00cdsrael bl\u00edfur forl\u00edktur og til allra handa gj\u00f6rnings \u00ed vors Gu\u00f0s h\u00fasi. Og v\u00e9r k\u00f6stu\u00f0um hluti \u00e1 me\u00f0al kennimannanna, Lev\u00edtanna og f\u00f3lksins um vi\u00f0arins offur hva\u00f0 menn skyldi \u00e1rlega f\u00e6ra til vors Gu\u00f0s h\u00fass eftir vorra fe\u00f0ra h\u00fasi \u00ed tilsettan t\u00edma til a\u00f0 brenna \u00e1 Drottins vors Gu\u00f0s altari svo sem skrifa\u00f0 stendur \u00ed l\u00f6gm\u00e1linu og \u00e1rlega fram a\u00f0 bera \u00feann fyrsta vors landsgr\u00f3\u00f0a og allra trj\u00e1nna fyrstan \u00e1v\u00f6xt til Gu\u00f0s h\u00fass og \u00fe\u00e1 frumgetnu af vorum sonum og af vorum f\u00e9na\u00f0i svo sem skrifa\u00f0 stendur \u00ed l\u00f6gm\u00e1linu og vora frumbur\u00f0i af vorum nautum og sau\u00f0um, a\u00f0 v\u00e9r skyldum f\u00e6ra allt \u00feetta til vors Gu\u00f0s h\u00fass til kennimannanna \u00feeirra sem \u00fej\u00f3nu\u00f0u \u00ed h\u00fasi Drottins og a\u00f0 v\u00e9r skyldum bera fram hi\u00f0 fyrsta af voru deigi og af vorum upplyftingum af allra handa tr\u00e9s\u00e1v\u00f6xtum, v\u00edn og vi\u00f0smj\u00f6r til kennimannanna \u00ed hirsluna hj\u00e1 vors Gu\u00f0s h\u00fasi og t\u00edund af voru landi til Lev\u00edtanna a\u00f0 Lev\u00edtarnir skyldu hafa t\u00edund af \u00f6llum st\u00f6\u00f0um \u00fear v\u00e9r hef\u00f0um akurvinnu. <span class=\"athugasemd\" title=\"\u00c1minning prestanna og Lev\u00edtanna\">[<\/span><\/p>\n<p>\tOg presturinn, son Aron, skal og hafa me\u00f0 Lev\u00edtunum af Lev\u00edtanna t\u00edundum so a\u00f0 Lev\u00edtarnir skulu uppf\u00e6ra t\u00edund af \u00feeirra t\u00edundum \u00ed vors Gu\u00f0s h\u00fas \u00ed \u00f6rkina \u00ed f\u00e9hirsluh\u00fasinu. \u00dev\u00ed a\u00f0 \u00cdsraelssynir og synir Lev\u00ed skulu uppf\u00e6ra upplyfting kornsins, v\u00ednsins og vi\u00f0smj\u00f6rsins \u00ed hirsluna \u00fear e\u00f0 helgid\u00f3mskerin eru og prestarnir sem \u00fear \u00fej\u00f3na og dyraver\u00f0irnir og s\u00f6ngvararnir so a\u00f0 v\u00e9r yfirgefum ekki vors Gu\u00f0s h\u00fas.&#8220;<\/p>\n","protected":false},"excerpt":{"rendered":"<p>X. Og \u00feeir e\u00f0 innsiglu\u00f0u voru \u00feessir: [ Nehem\u00eda Hat\u00edrsata son Hakalja og Sedek\u00eda, Seraja, Asarja, Jerem\u00eda, Pash\u00far, Amrja, Malk\u00eda, Hatt\u00fas, Sebanja, Mall\u00fak, Har\u00edm, Merem\u00f3t, \u00d3bad\u00eda, Dan\u00edel, Gint\u00fan, Bar\u00fak, Mes\u00fallam, Ab\u00eda, Mejam\u00edn, Maeseja, Bilga\u00ed og Semaja, \u00fea\u00f0 voru kennimennirnir. En Lev\u00edtarnir voru \u00feessir: [ Jes\u00faa son Asanja, Bin\u00fa\u00ed \u00e1 me\u00f0al sona Henadad, Kadm\u00edel og \u00feeirra br\u00e6\u00f0ur, Sekanja, H\u00f3d\u00eda, Kl\u00edta, Plaja, Hanan, M\u00edka, Reh\u00f3b, Hasabja, Sak\u00far, Serebja, Sebanja, H\u00f3d\u00eda, Ban\u00ed, Ben\u00edn\u00fa. En h\u00f6f\u00f0ingjar f\u00f3lksins voru: [ Pareos, Pahat M\u00f3ab, Elam, Sat\u00fa, Ban\u00ed, B\u00fan\u00ed, Asgad, Beba\u00ed, Ad\u00f3n\u00eda, Bigva\u00ed, Ad\u00edn, Ater, Hisk\u00eda, As\u00far, Hod\u00edja, Has\u00fam, Besa\u00ed, Har\u00edf, Anat\u00f3t, Nevba\u00ed, Magp\u00edas, Mes\u00fallam, Hes\u00edr, Mesesabeel, <a href=\"https:\/\/biblian.is\/gudbrandsbiblia\/nehemiabok-10-kafli\/\"> [&#8230;]<\/a><\/p>\n","protected":false},"author":1,"featured_media":0,"parent":0,"menu_order":0,"comment_status":"open","ping_status":"open","template":"bibliukaflar.php","meta":{"footnotes":""},"class_list":["post-3116","page","type-page","status-publish","hentry"],"_links":{"self":[{"href":"https:\/\/biblian.is\/gudbrandsbiblia\/wp-json\/wp\/v2\/pages\/3116","targetHints":{"allow":["GET"]}}],"collection":[{"href":"https:\/\/biblian.is\/gudbrandsbiblia\/wp-json\/wp\/v2\/pages"}],"about":[{"href":"https:\/\/biblian.is\/gudbrandsbiblia\/wp-json\/wp\/v2\/types\/page"}],"author":[{"embeddable":true,"href":"https:\/\/biblian.is\/gudbrandsbiblia\/wp-json\/wp\/v2\/users\/1"}],"replies":[{"embeddable":true,"href":"https:\/\/biblian.is\/gudbrandsbiblia\/wp-json\/wp\/v2\/comments?post=3116"}],"version-history":[{"count":0,"href":"https:\/\/biblian.is\/gudbrandsbiblia\/wp-json\/wp\/v2\/pages\/3116\/revisions"}],"wp:attachment":[{"href":"https:\/\/biblian.is\/gudbrandsbiblia\/wp-json\/wp\/v2\/media?parent=3116"}],"curies":[{"name":"wp","href":"https:\/\/api.w.org\/{rel}","templated":true}]}}