{"id":3106,"date":"2017-12-18T18:32:39","date_gmt":"2017-12-18T18:32:39","guid":{"rendered":"http:\/\/biblian.is\/gudbrandsbiblia\/esrabok-10-kafli\/"},"modified":"2017-12-18T18:32:39","modified_gmt":"2017-12-18T18:32:39","slug":"esrabok-10-kafli","status":"publish","type":"page","link":"https:\/\/biblian.is\/gudbrandsbiblia\/esrabok-10-kafli\/","title":{"rendered":"Esrab\u00f3k 10. kafli"},"content":{"rendered":"<p>X.<\/p>\n<p>En sem Esdra haf\u00f0i so be\u00f0i\u00f0 og j\u00e1ta\u00f0 gr\u00e1tandi og l\u00e1 fyrir Gu\u00f0s h\u00fasi \u00fe\u00e1 samansafna\u00f0ist einn mikill mannfj\u00f6ldi til hans af \u00cdsrael, menn, kvinnur og b\u00f6rn, \u00fev\u00ed f\u00f3lki\u00f0 gr\u00e9t mj\u00f6g beisklega. <span class=\"athugasemd\" title=\"\u00cdsrael hafa syndgast \u00fev\u00ed a\u00f0 \u00feeir t\u00f3ku hei\u00f0nar kvinnur til ekta\">[<\/span> <\/p>\n<p>\tEn Sekanja son Jeh\u00edel af sonum Elam, \u00fe\u00e1 hann s\u00e1 \u00fev\u00edl\u00edkt sag\u00f0i hann til Esdram: &#8222;N\u00fa vel, v\u00e9r h\u00f6fum misgj\u00f6rt \u00ed m\u00f3ti vorum Gu\u00f0i \u00ed \u00fev\u00ed a\u00f0 v\u00e9r h\u00f6fum teki\u00f0 oss annarlegar eiginkvinnur af landsins f\u00f3lki. Enn skal \u00cdsrael hafa von vegna \u00feessa. Gj\u00f6rum \u00fev\u00ed eitt s\u00e1ttm\u00e1l vi\u00f0 vorn Gu\u00f0 a\u00f0 v\u00e9r l\u00e1tum fr\u00e1 oss allar \u00feessar kvinnur og \u00fea\u00f0 sem f\u00e6tt er af \u00feeim, eftir Drottins r\u00e1\u00f0i og \u00feeirra sem a\u00f0 \u00f3ttast vors Gu\u00f0s bo\u00f0or\u00f0 svo a\u00f0 v\u00e9r gj\u00f6rum eftir l\u00f6gm\u00e1linu. \u00dev\u00ed tak \u00feig upp, \u00fea\u00f0 ber \u00fe\u00e9r, v\u00e9r viljum fylgja \u00fe\u00e9r, ver hughraustur og gj\u00f6r \u00fea\u00f0.&#8220;<\/p>\n<p>\t\u00de\u00e1 st\u00f3\u00f0 Esdra upp og t\u00f3k einn ei\u00f0 af \u00feeim yppustum kennim\u00f6nnum og Lev\u00edtum og af \u00f6llum \u00cdsrael a\u00f0 \u00feeir skyldu gj\u00f6ra eftir \u00feessum or\u00f0um. Og \u00feeir s\u00f3ru ei\u00f0inn. En sem Esdra st\u00f3\u00f0 upp fyrir Gu\u00f0s h\u00fasi gekk hann inn \u00ed herbergi J\u00f3hanan sonar Eljas\u00edb og \u00fe\u00e1 er hann kom \u00fear \u00fe\u00e1 vildi hann einskis brau\u00f0s neyta n\u00e9 vatn drekka \u00fev\u00ed hann gr\u00e9t \u00feeirra yfirtro\u00f0slu sem \u00ed fangelsinu h\u00f6f\u00f0u veri\u00f0. Og \u00fe\u00e9r l\u00e9tu \u00fathr\u00f3pa \u00ed J\u00fada og Jer\u00fasalem til allra \u00feeirra sem fanga\u00f0ir h\u00f6f\u00f0u veri\u00f0 a\u00f0 \u00feeir skyldu samansafnast til Jer\u00fasalem og hver sem ekki k\u00e6mi innan \u00feriggja daga, eftir r\u00e1\u00f0i og bo\u00f0i \u00feeirra hinna yppustu og elstu, \u00feeirra eignir skyldu uppn\u00e6mar ver\u00f0a og s\u00e1 skyldi \u00fatrekast fr\u00e1 samlagi \u00feeirra herteknu.<\/p>\n<p>\t\u00de\u00e1 komu saman allir menn af J\u00fada og Benjam\u00edn til Jer\u00fasalem \u00ed \u00ferj\u00e1 daga, \u00fea\u00f0 var \u00e1 \u00feeim tuttugasta degi \u00ed \u00feeim n\u00edunda m\u00e1nu\u00f0i. <span class=\"athugasemd\" title=\"Lands\u00feing holdi\u00f0 af Esdra um \u00fe\u00e6r annarlegu kvinnur \/ xx. decemb.\">[<\/span> Og allt f\u00f3lki\u00f0 sat \u00e1 \u00fev\u00ed str\u00e6ti sem l\u00e1 til Gu\u00f0s h\u00fass, skalf og bifa\u00f0i s\u00f6kum \u00feessa m\u00e1lefnis og s\u00f6kum regns. Og Esdra kennima\u00f0ur reis upp og sag\u00f0i til \u00feeirra: &#8222;\u00de\u00e9r hafi\u00f0 misgj\u00f6rt \u00ed \u00fev\u00ed a\u00f0 \u00fe\u00e9r t\u00f3ku\u00f0 annarlegar eiginkvinnur og hafi\u00f0 auki\u00f0 h\u00e9r me\u00f0 Israelis synd. \u00dear fyrir vi\u00f0urkenni\u00f0 n\u00fa Drottin y\u00f0ra fe\u00f0ra Gu\u00f0 og gj\u00f6ri\u00f0 \u00fea\u00f0 honum \u00fe\u00f3knast og skilji\u00f0 y\u00f0ur fr\u00e1 landsins f\u00f3lki og fr\u00e1 \u00feeim annarlegu eiginkvinnum.&#8220;<\/p>\n<p>\t\u00de\u00e1 svara\u00f0i allur alm\u00faginn og sag\u00f0i me\u00f0 h\u00e1rri raustu: &#8222;Ver\u00f0i so sem \u00fe\u00fa hefur sagt oss. En f\u00f3lki\u00f0 er margt og votvi\u00f0ri er so a\u00f0 f\u00f3lki\u00f0 m\u00e1 eigi standa \u00fati. So er \u00fea\u00f0 og eigi heldur eins dags verk e\u00f0ur tveggja \u00fev\u00ed a\u00f0 fj\u00f6ldi af oss hefur frami\u00f0 \u00feennan misgj\u00f6rning. L\u00e1tum oss tilsetja vora h\u00f6f\u00f0ingja me\u00f0al alls alm\u00fagans a\u00f0 \u00feeir allir sem eru \u00ed vorum st\u00f6\u00f0um og til s\u00edn hafa teki\u00f0 annarlegar kvinnur a\u00f0 \u00feeir komi \u00e1 tilsettum t\u00edma og me\u00f0 \u00feeim \u00f6ldungar af s\u00e9rhverjum sta\u00f0 og \u00feeirra d\u00f3mendur \u00fear til a\u00f0 vors Gu\u00f0s rei\u00f0i verndast fr\u00e1 oss s\u00f6kum \u00feessarar syndar.&#8220;<\/p>\n<p>\t\u00de\u00e1 voru tilsettir J\u00f3natan son Assahel og J\u00f3has\u00eda son Tik\u00faa yfir \u00feetta m\u00e1lefni og Mes\u00fallam og Sabita\u00ed Lev\u00edtar hj\u00e1lpu\u00f0u \u00feeim. Og herlei\u00f0ingarsynir gj\u00f6r\u00f0u so. Og Esdra kennima\u00f0ur og \u00feeir yppustu fe\u00f0ur \u00ed \u00feeirra fe\u00f0ra h\u00fasi og \u00feeir allir sem n\u00fa eru nefndir skildu \u00fe\u00e1 a\u00f0 og settu sig h\u00e9r til \u00e1 \u00feeim fyrsta degi \u00ed \u00feeim t\u00edunda m\u00e1na\u00f0i a\u00f0 rannsaka \u00feetta m\u00e1lefni. <span class=\"athugasemd\" title=\"1. aprilis\">[<\/span> Og \u00feeir fullkomnu\u00f0u \u00feetta hj\u00e1 \u00f6llum m\u00f6nnum \u00feeir sem h\u00f6f\u00f0u annarlegar kvinnur teki\u00f0 allt til \u00feess fyrsta dags \u00ed \u00feeim fyrsta m\u00e1na\u00f0i. <span class=\"athugasemd\" title=\"1. januarii\">[<\/span><\/p>\n<p>\tOg \u00fear ur\u00f0u fundnir me\u00f0al prestanna sona sem a\u00f0 teki\u00f0 h\u00f6f\u00f0u annarlegar kvinnur, sem a\u00f0 voru \u00e1 me\u00f0al sona Jes\u00faa sonar J\u00f3sedek og hans br\u00e6\u00f0ra Maeseja, El\u00edeser, Jar\u00edb og Gedalja. <span class=\"athugasemd\" title=\"Prestar \u00feeir sem framandi konur h\u00f6f\u00f0u teki\u00f0\">[<\/span> Og \u00feeir g\u00e1fu s\u00edna h\u00f6nd \u00fear upp \u00e1 a\u00f0 \u00feeir skyldu \u00fatlei\u00f0a \u00feessar kvinnur og gefa einn hr\u00fat til syndaoffurs fyrir \u00feeirra s\u00f6k. \u00c1 me\u00f0al sona Immer Hanan\u00ed og Sebadja. \u00c1 me\u00f0al sona Har\u00edm Maeseja, El\u00eda, Semaja, Jeh\u00edel og \u00das\u00eda. \u00c1 me\u00f0al sona Pash\u00far El\u00ed\u00f3ena\u00ed, Maeseja, \u00cdsmael, Netaneel, J\u00f3sabad og Eleasa. \u00c1 me\u00f0al Lev\u00edtanna J\u00f3sabad, S\u00edme\u00ed, Kelaja (hann er Kl\u00edta), Petahja, J\u00fada og El\u00edeser. \u00c1 me\u00f0al s\u00f6ngvaranna Eljas\u00edb. En \u00e1 me\u00f0al dyraver\u00f0anna Sall\u00fam, Telem og \u00dar\u00ed. <\/p>\n<p>\tAf \u00cdsrael \u00e1 me\u00f0al sona Pareos: Ramja, Jes\u00eda, Malk\u00eda, Mejam\u00edn, Eleasar, Malk\u00eda og Benaja. \u00c1 me\u00f0al sona Elam: Matanja, Sakar\u00eda, Jeh\u00edel, Abd\u00ed, Jer\u00edm\u00f3t og El\u00eda. \u00c1 me\u00f0al sona Sat\u00fa: El\u00ed\u00f3ena\u00ed, Eljas\u00edb, Matanja, Jer\u00edm\u00f3t, Sabad, As\u00edsa. \u00c1 me\u00f0al sona Beba\u00ed: J\u00f3hanan, Hananja, Seba\u00ed og Atla\u00ed. \u00c1 me\u00f0al sona Ban\u00ed: Mes\u00fallam, Mall\u00fak, Adaja, Jas\u00fab, S\u00f3al og Jarem\u00f3t. \u00c1 me\u00f0al sona Pahat M\u00f3ab: Adna, Kelal, Benaja, Maeseja, Matanja, Besaleel, Ben\u00fa\u00ed og Manasse. \u00c1 me\u00f0al sona Har\u00edm: El\u00edeser, Jes\u00eda, Malk\u00eda, Semaja, S\u00edmeon, Benjam\u00edn, Mall\u00fak og Samarja. \u00c1 me\u00f0al sona Has\u00fam: Mattna\u00ed, Matata, Sabad, El\u00edefelet, Jerema\u00ed, Manasse og Seme\u00ed. \u00c1 me\u00f0al sona Ban\u00ed: Maeda\u00ed, Amram, H\u00fael, Benaja, Kel\u00fam, Bedaja, Naja, Nerem\u00f3t, Eljas\u00edb, Matanja, Matna\u00ed, Jaesa\u00fa, Ban\u00ed, Ben\u00fa\u00ed, S\u00edme\u00ed, Selemja, Natan, Adaja, Maknadba\u00ed, Sasa\u00ed, Sara\u00ed, Asareel, Selemja, Samarja, Sall\u00fam, Amarja og J\u00f3sef. \u00c1 me\u00f0al sona Neb\u00f3: Je\u00edel, Matitja, Sabad, Seb\u00edna, Jadda\u00ed, J\u00f3el og Benaja. \u00deessir h\u00f6f\u00f0u allir teki\u00f0 framandi kvinnur og \u00fear voru nokkrar \u00fe\u00e6r kvinnur af \u00feessum sem b\u00f6rn h\u00f6f\u00f0u f\u00e6tt.<\/p>\n<p>Endir \u00e1 b\u00f3kinni Esdra.<\/p>\n","protected":false},"excerpt":{"rendered":"<p>X. En sem Esdra haf\u00f0i so be\u00f0i\u00f0 og j\u00e1ta\u00f0 gr\u00e1tandi og l\u00e1 fyrir Gu\u00f0s h\u00fasi \u00fe\u00e1 samansafna\u00f0ist einn mikill mannfj\u00f6ldi til hans af \u00cdsrael, menn, kvinnur og b\u00f6rn, \u00fev\u00ed f\u00f3lki\u00f0 gr\u00e9t mj\u00f6g beisklega. [ En Sekanja son Jeh\u00edel af sonum Elam, \u00fe\u00e1 hann s\u00e1 \u00fev\u00edl\u00edkt sag\u00f0i hann til Esdram: &#8222;N\u00fa vel, v\u00e9r h\u00f6fum misgj\u00f6rt \u00ed m\u00f3ti vorum Gu\u00f0i \u00ed \u00fev\u00ed a\u00f0 v\u00e9r h\u00f6fum teki\u00f0 oss annarlegar eiginkvinnur af landsins f\u00f3lki. Enn skal \u00cdsrael hafa von vegna \u00feessa. Gj\u00f6rum \u00fev\u00ed eitt s\u00e1ttm\u00e1l vi\u00f0 vorn Gu\u00f0 a\u00f0 v\u00e9r l\u00e1tum fr\u00e1 oss allar \u00feessar kvinnur og \u00fea\u00f0 sem f\u00e6tt er af \u00feeim, eftir <a href=\"https:\/\/biblian.is\/gudbrandsbiblia\/esrabok-10-kafli\/\"> [&#8230;]<\/a><\/p>\n","protected":false},"author":1,"featured_media":0,"parent":0,"menu_order":0,"comment_status":"open","ping_status":"open","template":"bibliukaflar.php","meta":{"footnotes":""},"class_list":["post-3106","page","type-page","status-publish","hentry"],"_links":{"self":[{"href":"https:\/\/biblian.is\/gudbrandsbiblia\/wp-json\/wp\/v2\/pages\/3106","targetHints":{"allow":["GET"]}}],"collection":[{"href":"https:\/\/biblian.is\/gudbrandsbiblia\/wp-json\/wp\/v2\/pages"}],"about":[{"href":"https:\/\/biblian.is\/gudbrandsbiblia\/wp-json\/wp\/v2\/types\/page"}],"author":[{"embeddable":true,"href":"https:\/\/biblian.is\/gudbrandsbiblia\/wp-json\/wp\/v2\/users\/1"}],"replies":[{"embeddable":true,"href":"https:\/\/biblian.is\/gudbrandsbiblia\/wp-json\/wp\/v2\/comments?post=3106"}],"version-history":[{"count":0,"href":"https:\/\/biblian.is\/gudbrandsbiblia\/wp-json\/wp\/v2\/pages\/3106\/revisions"}],"wp:attachment":[{"href":"https:\/\/biblian.is\/gudbrandsbiblia\/wp-json\/wp\/v2\/media?parent=3106"}],"curies":[{"name":"wp","href":"https:\/\/api.w.org\/{rel}","templated":true}]}}