{"id":3050,"date":"2017-12-18T18:32:28","date_gmt":"2017-12-18T18:32:28","guid":{"rendered":"http:\/\/biblian.is\/gudbrandsbiblia\/fyrri-kronikubok-20-kafli\/"},"modified":"2017-12-18T18:32:28","modified_gmt":"2017-12-18T18:32:28","slug":"fyrri-kronikubok-20-kafli","status":"publish","type":"page","link":"https:\/\/biblian.is\/gudbrandsbiblia\/fyrri-kronikubok-20-kafli\/","title":{"rendered":"Fyrri kron\u00edkub\u00f3k 20. kafli"},"content":{"rendered":"<p>XX.<\/p>\n<p>Eftir \u00feetta anda\u00f0ist Nahas Amm\u00f3nsona k\u00f3ngur og hans son var\u00f0 k\u00f3ngur \u00ed hans sta\u00f0. <span class=\"athugasemd\" title=\"Nahas \/ 2. Reg. 10 \/ Han\u00f3n\">[<\/span> \u00de\u00e1 m\u00e6lti Dav\u00ed\u00f0: &#8222;Eg vil veita miskunn Han\u00f3n syni Naas \u00fev\u00ed hans fa\u00f0ir veitti m\u00e9r miskunn.&#8220; Og Dav\u00ed\u00f0 sendi menn \u00feanga\u00f0 a\u00f0 hugga harm hans eftir sinn f\u00f6\u00f0ur.<\/p>\n<p>\tEn sem Dav\u00ed\u00f0s \u00fe\u00e9narar komu \u00ed Amm\u00f3nsona land til Han\u00f3n a\u00f0 hugga hann \u00fe\u00e1 s\u00f6g\u00f0u h\u00f6f\u00f0ingjar sona Amm\u00f3n til Han\u00f3n: &#8222;Hyggur \u00fe\u00fa a\u00f0 Dav\u00ed\u00f0 hafi til s\u00e6mdar f\u00f6\u00f0ur \u00fe\u00ednum sent huggendur til \u00fe\u00edn? J\u00e1, hans \u00fe\u00e9narar eru komnir til \u00fe\u00edn a\u00f0 rannsaka og umsko\u00f0a og a\u00f0 nj\u00f3sna um \u00feitt land.&#8220; \u00de\u00e1 t\u00f3k Han\u00f3n Dav\u00ed\u00f0s \u00fe\u00e9nara og l\u00e9t raka \u00feeirra skegg og skar af \u00feeim h\u00e1lf kl\u00e6\u00f0in allt a\u00f0 \u00fej\u00f3hn\u00f6ppum og sendi \u00fe\u00e1 svo aftur. En \u00feeir gengu af sta\u00f0 og l\u00e9tu undirv\u00edsa \u00feetta Dav\u00ed\u00f0. Og hann sendi \u00ed m\u00f3ti \u00feeim (\u00fev\u00ed mennirnir voru mj\u00f6g l\u00fdttir) og k\u00f3ngurinn sag\u00f0i: &#8222;Veri\u00f0 \u00ed Jer\u00edk\u00f3 \u00fear til y\u00f0ar skegg vaxa. Eftir \u00fea\u00f0 komi\u00f0 aftur.&#8220;<\/p>\n<p>\tOg er synir Amm\u00f3n s\u00e1u \u00fea\u00f0 a\u00f0 \u00feeir h\u00f6f\u00f0u misgj\u00f6rt vi\u00f0 Dav\u00ed\u00f0 \u00fe\u00e1 sendu \u00feeir, b\u00e6\u00f0i Han\u00f3n og Amm\u00f3nsynir, \u00fe\u00fasund centener silfurs a\u00f0 leigja s\u00e9r vagna og riddarali\u00f0 af Mesopotamia, af Maeka og af S\u00f3ba. <span class=\"athugasemd\" title=\"Orostur og bardagar Dav\u00ed\u00f0s\">[<\/span> Og \u00feeir leig\u00f0u t\u00f3lf og tuttugu \u00fe\u00fasund vagna og k\u00f3ng Maeka me\u00f0 s\u00ednu f\u00f3lki. \u00deeir komu og settu herb\u00fa\u00f0ir hj\u00e1 Medba. Og synir Amm\u00f3n s\u00f6fnu\u00f0ust saman af \u00feeirra borgum og komu til bardagans. En sem Dav\u00ed\u00f0 spur\u00f0i \u00feetta \u00fe\u00e1 sendi hann J\u00f3ab me\u00f0 allan sinn str\u00ed\u00f0sher og s\u00edna kappa. Og synir Amm\u00f3n voru \u00fatfarnir og fylktu li\u00f0i s\u00ednu fyrir utan sta\u00f0arporti\u00f0. En k\u00f3ngarnir sem komnir voru \u00feeim til li\u00f0s fylktu \u00feeirra li\u00f0i s\u00e9r \u00ed lagi \u00e1 v\u00f6llunum.<\/p>\n<p>\t\u00de\u00e1 J\u00f3ab s\u00e1 n\u00fa \u00fea\u00f0 a\u00f0 honum var b\u00fainn bardagai \u00e1 bak og fyrir \u00fatvaldi hann alla hina hraustustu menn af \u00cdsrael og fylkti li\u00f0i s\u00ednu \u00ed m\u00f3t \u00feeim Syris. <span class=\"athugasemd\" title=\"Syri slegnir og Ammoniter\">[<\/span> En fyrir \u00fea\u00f0 f\u00f3lk sem afgangs var setti hann sinn br\u00f3\u00f0ur Ab\u00edsa\u00ed og \u00feeir f\u00f3ru \u00ed m\u00f3ti Amm\u00f3nsonum og sag\u00f0i: &#8222;Ef a\u00f0 \u00feeir Syri bera mig ofurli\u00f0i \u00fe\u00e1 kom m\u00e9r til hj\u00e1lpar en ef Amm\u00f3nsynir ver\u00f0a \u00fe\u00e9r yfirsterkari \u00fe\u00e1 vil eg hj\u00e1lpa \u00fe\u00e9r. Vert styrkur og berjunst hraustlega vegna vors f\u00f3lks og vors Gu\u00f0s sta\u00f0ar. Drottinn gj\u00f6ri hva\u00f0 honum \u00fe\u00f3knast.&#8220; Og J\u00f3ab me\u00f0 \u00fea\u00f0 f\u00f3lk sem var hj\u00e1 honum r\u00e9\u00f0st til bardaga \u00ed m\u00f3ti Syris og \u00feeir fl\u00fd\u00f0u fyrir honum. Og sem synir Amm\u00f3n s\u00e1u \u00fea\u00f0 a\u00f0 \u00feeir af Siria fl\u00fd\u00f0u \u00fe\u00e1 h\u00e9ldu \u00feeir og \u00e1 fl\u00f3tta fyrir hans br\u00f3\u00f0ur Ab\u00edsa\u00ed og f\u00f3ru \u00ed borgina. En J\u00f3ab hvarf aftur til Jer\u00fasalem.<\/p>\n<p>\tSem \u00feeir af Syria s\u00e1u \u00f3farar s\u00ednar fyrir \u00cdsrael \u00fe\u00e1 sendu \u00feeir \u00fat bo\u00f0 og l\u00e9tu s\u00e6kja \u00fe\u00e1 Syros sem voru hinumegin vatsins. <span class=\"athugasemd\" title=\"Syri slegnir \u00ed anna\u00f0 sinn\">[<\/span> Og S\u00f3fak str\u00ed\u00f0sh\u00f6fu\u00f0sma\u00f0ur Hadadeser var h\u00f6f\u00f0ingi yfir \u00feeim. En sem Dav\u00ed\u00f0 spur\u00f0i \u00fea\u00f0 kalla\u00f0i hann saman allan Israelisl\u00fd\u00f0 og dr\u00f3 yfir J\u00f3rdan. En sem hann kom til \u00feeirra \u00fe\u00e1 bj\u00f3st hann \u00ed m\u00f3t \u00feeim. Og Dav\u00ed\u00f0 r\u00e9\u00f0ist til bardaga vi\u00f0 Syros og \u00feeir \u00e1ttu orostu vi\u00f0 hann en Syri fl\u00fd\u00f0u fyrir \u00cdsrael. Og Dav\u00ed\u00f0 sl\u00f3 \u00ed hel af Syris sj\u00f6 \u00fe\u00fasund vagna og fj\u00f6rut\u00edgi \u00fe\u00fasund f\u00f3tganganda li\u00f0s. \u00dear me\u00f0 drap hann S\u00f3fak hersh\u00f6f\u00f0ingja. En sem \u00fe\u00e9narar Hadadesser s\u00e1u a\u00f0 \u00feeir voru slegnir af \u00cdsrael \u00fe\u00e1 gj\u00f6r\u00f0u \u00feeir s\u00e1tt vi\u00f0 Dav\u00ed\u00f0 og hans \u00fe\u00e9nara. Og \u00feeir Syri vildu ekki upp \u00fea\u00f0an veita li\u00f0 Amm\u00f3nsonum.<\/p>\n","protected":false},"excerpt":{"rendered":"<p>XX. Eftir \u00feetta anda\u00f0ist Nahas Amm\u00f3nsona k\u00f3ngur og hans son var\u00f0 k\u00f3ngur \u00ed hans sta\u00f0. [ \u00de\u00e1 m\u00e6lti Dav\u00ed\u00f0: &#8222;Eg vil veita miskunn Han\u00f3n syni Naas \u00fev\u00ed hans fa\u00f0ir veitti m\u00e9r miskunn.&#8220; Og Dav\u00ed\u00f0 sendi menn \u00feanga\u00f0 a\u00f0 hugga harm hans eftir sinn f\u00f6\u00f0ur. En sem Dav\u00ed\u00f0s \u00fe\u00e9narar komu \u00ed Amm\u00f3nsona land til Han\u00f3n a\u00f0 hugga hann \u00fe\u00e1 s\u00f6g\u00f0u h\u00f6f\u00f0ingjar sona Amm\u00f3n til Han\u00f3n: &#8222;Hyggur \u00fe\u00fa a\u00f0 Dav\u00ed\u00f0 hafi til s\u00e6mdar f\u00f6\u00f0ur \u00fe\u00ednum sent huggendur til \u00fe\u00edn? J\u00e1, hans \u00fe\u00e9narar eru komnir til \u00fe\u00edn a\u00f0 rannsaka og umsko\u00f0a og a\u00f0 nj\u00f3sna um \u00feitt land.&#8220; \u00de\u00e1 t\u00f3k Han\u00f3n Dav\u00ed\u00f0s \u00fe\u00e9nara og <a href=\"https:\/\/biblian.is\/gudbrandsbiblia\/fyrri-kronikubok-20-kafli\/\"> [&#8230;]<\/a><\/p>\n","protected":false},"author":1,"featured_media":0,"parent":0,"menu_order":0,"comment_status":"open","ping_status":"open","template":"bibliukaflar.php","meta":{"footnotes":""},"class_list":["post-3050","page","type-page","status-publish","hentry"],"_links":{"self":[{"href":"https:\/\/biblian.is\/gudbrandsbiblia\/wp-json\/wp\/v2\/pages\/3050","targetHints":{"allow":["GET"]}}],"collection":[{"href":"https:\/\/biblian.is\/gudbrandsbiblia\/wp-json\/wp\/v2\/pages"}],"about":[{"href":"https:\/\/biblian.is\/gudbrandsbiblia\/wp-json\/wp\/v2\/types\/page"}],"author":[{"embeddable":true,"href":"https:\/\/biblian.is\/gudbrandsbiblia\/wp-json\/wp\/v2\/users\/1"}],"replies":[{"embeddable":true,"href":"https:\/\/biblian.is\/gudbrandsbiblia\/wp-json\/wp\/v2\/comments?post=3050"}],"version-history":[{"count":0,"href":"https:\/\/biblian.is\/gudbrandsbiblia\/wp-json\/wp\/v2\/pages\/3050\/revisions"}],"wp:attachment":[{"href":"https:\/\/biblian.is\/gudbrandsbiblia\/wp-json\/wp\/v2\/media?parent=3050"}],"curies":[{"name":"wp","href":"https:\/\/api.w.org\/{rel}","templated":true}]}}