{"id":3043,"date":"2017-12-18T18:32:28","date_gmt":"2017-12-18T18:32:28","guid":{"rendered":"http:\/\/biblian.is\/gudbrandsbiblia\/fyrri-kronikubok-13-kafli\/"},"modified":"2017-12-18T18:32:28","modified_gmt":"2017-12-18T18:32:28","slug":"fyrri-kronikubok-13-kafli","status":"publish","type":"page","link":"https:\/\/biblian.is\/gudbrandsbiblia\/fyrri-kronikubok-13-kafli\/","title":{"rendered":"Fyrri kron\u00edkub\u00f3k 13. kafli"},"content":{"rendered":"<p>XIII.<\/p>\n<p>\u00deessir menn komu til Dav\u00ed\u00f0s til Siklag \u00fe\u00e1 hann var enn inniluktur fyrir Saul syni K\u00eds. Og \u00feeir voru \u00e1 me\u00f0al \u00feeirra kappa sem hj\u00e1lpu\u00f0u honum til str\u00ed\u00f0sins og voru g\u00f3\u00f0ir bogmenn, v\u00edgir \u00e1 b\u00e1\u00f0ar hendur a\u00f0 kasta steinum og skj\u00f6ta \u00f6rum: Af br\u00e6\u00f0rum Saul sem voru af Benjam\u00edn: <span class=\"athugasemd\" title=\"Kappar af br\u00e6\u00f0rum Saul\">[<\/span> Ah\u00edeser \u00feann yppasti og J\u00f3as synir Samaja Gibeathiter, Jes\u00edel og Pelet synir Asmavet, Baraka og Jeh\u00fa Anthotiter, Jesmaja Gibeoniter sterkastur \u00e1 me\u00f0al \u00ferj\u00e1t\u00edgi og yfir \u00ferj\u00e1t\u00edgi, Jerem\u00eda, Jahes\u00edel, J\u00f3hanan, J\u00f3sabad Gederathiter, Elkana, Jeseja, Asareel, J\u00f3eser, Jasabeam, Choriter, J\u00f3ela og Sabadja synir Jer\u00f3ham af Ged\u00f3r, Ele\u00fasa\u00ed, Jer\u00edm\u00f3t, Beal\u00eda, Samarja, Safatja af Har\u00f3f. <\/p>\n<p>\tAf sonum Ga\u00f0 fl\u00fa\u00f0u til Dav\u00ed\u00f0s \u00ed \u00feau virki \u00ed ey\u00f0im\u00f6rkinni sterkir kappar og str\u00ed\u00f0smenn, hafandi b\u00e6\u00f0i skj\u00f6ld og spj\u00f3t, grimmir a\u00f0 sj\u00e1 sem le\u00f3n og flj\u00f3tir sem hreind\u00fdr \u00e1 fj\u00f6llum. <span class=\"athugasemd\" title=\"H\u00f6f\u00f0ingjar af \u00e6tt Ga\u00f0\">[<\/span> S\u00e1 hinn fyrsti h\u00e9t Esser, annar \u00d3bad\u00eda, \u00feri\u00f0ji El\u00edab, fj\u00f3r\u00f0i Masmanna, fimmti Jerem\u00eda, sj\u00f6tti Ata\u00ed, sj\u00f6undi El\u00edel, \u00e1ttundi J\u00f3hanan, n\u00edundi El\u00edsabad, t\u00edundi Jerem\u00eda, ellefti Makbana\u00ed. \u00deessir voru af sonum Ga\u00f0, h\u00f6f\u00f0ingjarnir yfir hernum. S\u00e1 hinn minnsti var yfir hundra\u00f0 en s\u00e1 yppasti yfir \u00fe\u00fasund. \u00deessir eru \u00feeir sem gengu yfir J\u00f3rdan \u00ed \u00feeim fyrsta m\u00e1na\u00f0i \u00fe\u00e1 h\u00fan var full \u00e1 b\u00e1\u00f0a bakka og fl\u00f3\u00f0i um allar grundir, b\u00e6\u00f0i \u00ed m\u00f3t austri og \u00ed m\u00f3t vestri. <\/p>\n<p>\tOg \u00fear komu af sonum Benjam\u00edn og af J\u00fada til \u00feess virkis sem Dav\u00ed\u00f0 var. <span class=\"athugasemd\" title=\"Kappar af Benjam\u00edn og J\u00fada\">[<\/span> Og Dav\u00ed\u00f0 gekk \u00fat til \u00feeirra, svara\u00f0i og sag\u00f0i: &#8222;Ef \u00fe\u00e9r komi\u00f0 til m\u00edn \u00ed fri\u00f0i a\u00f0 veita m\u00e9r li\u00f0 \u00fe\u00e1 skal mitt hjarta vera me\u00f0 y\u00f0ur. En ef \u00fe\u00e9r komi\u00f0 me\u00f0 sl\u00e6g\u00f0 og vilji\u00f0 vera \u00ed m\u00f3ti m\u00e9r \u00fe\u00f3 a\u00f0 \u00fear s\u00e9 ekkert rangl\u00e6ti me\u00f0 m\u00e9r \u00fe\u00e1 sj\u00e1i Gu\u00f0 vorra forfe\u00f0ra \u00fea\u00f0 og straffi \u00fea\u00f0.&#8220; En andinn gaf sig \u00ed Amasa\u00ed brj\u00f3st, h\u00f6fu\u00f0smanns \u00e1 me\u00f0al \u00ferj\u00e1t\u00edgi, og sag\u00f0i: &#8222;Dav\u00ed\u00f0, \u00fe\u00ednir erum v\u00e9r og v\u00e9r h\u00f6ldum me\u00f0 \u00fe\u00e9r, \u00fe\u00fa son \u00cdsa\u00ed. Fri\u00f0ur, fri\u00f0ur veri me\u00f0 \u00fe\u00e9r, fri\u00f0ur veri me\u00f0 \u00fe\u00ednum hj\u00e1lparm\u00f6nnum \u00fev\u00ed a\u00f0 \u00feinn Gu\u00f0 hj\u00e1lpar \u00fe\u00e9r.&#8220; \u00de\u00e1 t\u00f3k Dav\u00ed\u00f0 \u00fe\u00e1 til s\u00edn og setti \u00fe\u00e1 til h\u00f6fu\u00f0smanna yfir str\u00ed\u00f0sf\u00f3lki\u00f0. <\/p>\n<p>\tOg af kynkv\u00edsl Manasse f\u00e9llu nokkrir til Dav\u00ed\u00f0s \u00fe\u00e1 hann kom me\u00f0 Philisteis \u00ed m\u00f3t Saul \u00ed str\u00ed\u00f0 og bar\u00f0ist ei me\u00f0 \u00feeim. <span class=\"athugasemd\" title=\"2. Reg. 29 \/ H\u00f6f\u00f0ingjar af Manasse\">[<\/span> \u00dev\u00ed h\u00f6f\u00f0ingjar \u00feeirra Philistinorum l\u00e9tu hann fara fr\u00e1 s\u00e9r me\u00f0 r\u00e1\u00f0i og s\u00f6g\u00f0u: &#8222;Ef hann fellur \u00ed li\u00f0 me\u00f0 s\u00ednum herra Saul \u00fe\u00e1 m\u00e1 \u00fea\u00f0 kosta vorn h\u00e1ls.&#8220; \u00de\u00e1 hann kom n\u00fa aftur til Siklag \u00fe\u00e1 f\u00e9llu til hans af Manasse Adna, J\u00f3sabad, Jed\u00edael, M\u00edkael, J\u00f3sabad, El\u00edh\u00fa, Silta\u00ed, h\u00f6f\u00f0ingjarnir yfir \u00fe\u00fasund \u00ed Manasse. Og \u00feessir hj\u00e1lpu\u00f0u Dav\u00ed\u00f0 \u00e1 m\u00f3ti v\u00edkingum \u00fev\u00ed \u00feeir voru allir hinir sterkustu kappar og voru hersh\u00f6f\u00f0ingjar. Og hvern dag komu nokkrir til Dav\u00ed\u00f0s honum til li\u00f0s \u00fear til a\u00f0 \u00fear var\u00f0 mikill her, l\u00edka sem Gu\u00f0s her. <\/p>\n<p>\tOg \u00feessi er talan \u00e1 hersh\u00f6f\u00f0ingjum sem komu til Dav\u00ed\u00f0s \u00ed Hebron a\u00f0 sn\u00faa k\u00f3ngsr\u00edki Saul til hans eftir or\u00f0um Drottins: <span class=\"athugasemd\" title=\"Talan \u00feeirra h\u00f6f\u00f0ingja og str\u00ed\u00f0smanna af \u00f6llum \u00cdsraels \u00e6ttum sem komu til Dav\u00ed\u00f0s \u00ed Hebron\">[<\/span> <\/p>\n<p>\tSynir J\u00fada sem b\u00e1ru skj\u00f6ld og spj\u00f3t voru sex \u00fe\u00fasund og \u00e1tta hundru\u00f0 b\u00fanir til bardaga. Synir S\u00edmeon, hraustir kappar til herna\u00f0ar, sj\u00f6 \u00fe\u00fasund og hundra\u00f0. Synir Lev\u00ed,  fj\u00f3rar \u00fe\u00fasundir og sex hundru\u00f0, og s\u00e1 h\u00f6f\u00f0ingi J\u00f3ajada \u00e1 me\u00f0al \u00feeirra, af \u00e6tt Aron, og me\u00f0 honum \u00ferj\u00e1r \u00fe\u00fasundir og sj\u00f6 hundru\u00f0. Sad\u00f3k hinn ungi, einn hraustur kappi me\u00f0 s\u00ednu f\u00f6\u00f0urs h\u00fasi: Tveir og tuttugu h\u00f6f\u00f0ingjar. Synir Benjam\u00edn, br\u00e6\u00f0ur Saul: \u00derj\u00e1r \u00fe\u00fasundir. \u00dev\u00ed a\u00f0 allt til \u00feess t\u00edma fylgdu enn margir h\u00fasi Saul k\u00f3ngs.<\/p>\n<p>\tSynir Efra\u00edm: Tuttugu \u00fe\u00fasund og \u00e1tta hundru\u00f0, sterkir kappar, nafnfr\u00e6gir menn \u00ed sinna fe\u00f0ra h\u00fasum. S\u00fa h\u00e1lf \u00e6tt af Manasse, \u00e1tj\u00e1n \u00fe\u00fasundir, hver vi\u00f0 sitt nafn, komu a\u00f0 taka Dav\u00ed\u00f0 til k\u00f3ngs. Synir \u00cdsaskar sem voru <span class=\"athugasemd\" title=\"sword V\u00edgk\u00e6nir\">[<\/span> hyggnir menn og vissu hva\u00f0 \u00cdsraelsl\u00fd\u00f0ur skyldi gj\u00f6ra \u00ed s\u00e9rhverri t\u00ed\u00f0, tv\u00f6 hundru\u00f0 h\u00f6fu\u00f0smenn, og allir \u00feeirra br\u00e6\u00f0ur hl\u00fdddu \u00feeirra or\u00f0um. Af Seb\u00falon, \u00feeir sem herf\u00e6rir voru, b\u00fanir me\u00f0 allrahanda vopnum til bardaga, fimmt\u00edgi \u00fe\u00fasund, komu til li\u00f0s me\u00f0 einf\u00f6ldu hjarta. Af Neftal\u00ed, \u00fe\u00fasund h\u00f6f\u00f0ingjar og sj\u00f6 og \u00ferj\u00e1t\u00edgi \u00fe\u00fasundir me\u00f0 \u00feeim hverjir a\u00f0 b\u00e6\u00f0i h\u00f6f\u00f0u skj\u00f6ld og spj\u00f3t. Af Dan, b\u00fanir til bardaga, fj\u00f6rut\u00edgi \u00fe\u00fasundir. Hinumegin J\u00f3rdanar af \u00feeim sonum R\u00faben, Ga\u00f0 og af h\u00e1lfri Manasses \u00e6tt me\u00f0 allsh\u00e1ttu\u00f0um str\u00ed\u00f0svopnum, hundra\u00f0 og tuttugu \u00fe\u00fasundir. <\/p>\n<p>\tAllir \u00feessir str\u00ed\u00f0smenn, tilb\u00fanir til bardaga, komu af \u00f6llu hjarta til Hebron a\u00f0 taka Dav\u00ed\u00f0 til k\u00f3ngs yfir allan \u00cdsrael. Og allir a\u00f0rir \u00ed \u00cdsrael h\u00f6f\u00f0u eitt hjarta a\u00f0 Dav\u00ed\u00f0 v\u00e6ri til k\u00f3ngs tekinn. Og \u00feeir voru hj\u00e1 Dav\u00ed\u00f0 \u00ed \u00ferj\u00e1 daga, \u00e1tu og drukku, \u00fev\u00ed \u00feeirra br\u00e6\u00f0ur h\u00f6f\u00f0u reitt \u00fear til fyrir \u00feeim. Og \u00feeir sem n\u00e6stir \u00feeim voru \u00fear \u00ed kring, til \u00cdsaskar, Seb\u00falon og Neftal\u00ed, \u00feeir fluttu \u00feanga\u00f0 \u00e1 \u00f6snum, \u00falf\u00f6ldu, m\u00falum og uxum til matar brau\u00f0, mj\u00f6l, f\u00edkjur, r\u00fas\u00edn, v\u00edn, oleum, uxa, sau\u00f0i, yfirgn\u00e6fanlega, \u00fev\u00ed f\u00f6gnu\u00f0ur var \u00ed \u00cdsrael.<\/p>\n","protected":false},"excerpt":{"rendered":"<p>XIII. \u00deessir menn komu til Dav\u00ed\u00f0s til Siklag \u00fe\u00e1 hann var enn inniluktur fyrir Saul syni K\u00eds. Og \u00feeir voru \u00e1 me\u00f0al \u00feeirra kappa sem hj\u00e1lpu\u00f0u honum til str\u00ed\u00f0sins og voru g\u00f3\u00f0ir bogmenn, v\u00edgir \u00e1 b\u00e1\u00f0ar hendur a\u00f0 kasta steinum og skj\u00f6ta \u00f6rum: Af br\u00e6\u00f0rum Saul sem voru af Benjam\u00edn: [ Ah\u00edeser \u00feann yppasti og J\u00f3as synir Samaja Gibeathiter, Jes\u00edel og Pelet synir Asmavet, Baraka og Jeh\u00fa Anthotiter, Jesmaja Gibeoniter sterkastur \u00e1 me\u00f0al \u00ferj\u00e1t\u00edgi og yfir \u00ferj\u00e1t\u00edgi, Jerem\u00eda, Jahes\u00edel, J\u00f3hanan, J\u00f3sabad Gederathiter, Elkana, Jeseja, Asareel, J\u00f3eser, Jasabeam, Choriter, J\u00f3ela og Sabadja synir Jer\u00f3ham af Ged\u00f3r, Ele\u00fasa\u00ed, Jer\u00edm\u00f3t, Beal\u00eda, Samarja, Safatja <a href=\"https:\/\/biblian.is\/gudbrandsbiblia\/fyrri-kronikubok-13-kafli\/\"> [&#8230;]<\/a><\/p>\n","protected":false},"author":1,"featured_media":0,"parent":0,"menu_order":0,"comment_status":"open","ping_status":"open","template":"bibliukaflar.php","meta":{"footnotes":""},"class_list":["post-3043","page","type-page","status-publish","hentry"],"_links":{"self":[{"href":"https:\/\/biblian.is\/gudbrandsbiblia\/wp-json\/wp\/v2\/pages\/3043","targetHints":{"allow":["GET"]}}],"collection":[{"href":"https:\/\/biblian.is\/gudbrandsbiblia\/wp-json\/wp\/v2\/pages"}],"about":[{"href":"https:\/\/biblian.is\/gudbrandsbiblia\/wp-json\/wp\/v2\/types\/page"}],"author":[{"embeddable":true,"href":"https:\/\/biblian.is\/gudbrandsbiblia\/wp-json\/wp\/v2\/users\/1"}],"replies":[{"embeddable":true,"href":"https:\/\/biblian.is\/gudbrandsbiblia\/wp-json\/wp\/v2\/comments?post=3043"}],"version-history":[{"count":0,"href":"https:\/\/biblian.is\/gudbrandsbiblia\/wp-json\/wp\/v2\/pages\/3043\/revisions"}],"wp:attachment":[{"href":"https:\/\/biblian.is\/gudbrandsbiblia\/wp-json\/wp\/v2\/media?parent=3043"}],"curies":[{"name":"wp","href":"https:\/\/api.w.org\/{rel}","templated":true}]}}