{"id":3026,"date":"2017-12-18T18:32:25","date_gmt":"2017-12-18T18:32:25","guid":{"rendered":"http:\/\/biblian.is\/gudbrandsbiblia\/sidari-konungabok-21-kafli\/"},"modified":"2017-12-18T18:32:25","modified_gmt":"2017-12-18T18:32:25","slug":"sidari-konungabok-21-kafli","status":"publish","type":"page","link":"https:\/\/biblian.is\/gudbrandsbiblia\/sidari-konungabok-21-kafli\/","title":{"rendered":"S\u00ed\u00f0ari konungab\u00f3k 21. kafli"},"content":{"rendered":"<p>XXI.<\/p>\n<p>Manasses var t\u00f3lf vetra gamall \u00fe\u00e1 hann t\u00f3k k\u00f3ngd\u00f3m og r\u00edkti fimm og fimmt\u00edgi \u00e1r \u00ed Jer\u00fasalem. <span class=\"athugasemd\" title=\"13 \/ Manasses lv \u00e1r k\u00f3ngur \u00ed J\u00fada\">[<\/span> Hans m\u00f3\u00f0ir h\u00e9t Hefsiba. Og hann gj\u00f6r\u00f0i \u00fea\u00f0 sem Drottni illa l\u00edka\u00f0i, eftir hei\u00f0ingjanna sv\u00edvir\u00f0ingum, hverja a\u00f0 Drottinn \u00fatrak fyrir \u00cdsraelssonum. Og hann sneri s\u00e9r og uppbygg\u00f0i \u00fe\u00e6r h\u00e6\u00f0ir sem Ezechias hans fa\u00f0ir haf\u00f0i ni\u00f0urbroti\u00f0 og uppreisti Baals altari og gj\u00f6r\u00f0i bl\u00f3tsk\u00f3ga svo sem gj\u00f6rt haf\u00f0i \u00cdsraelsk\u00f3ngur Akab og tilba\u00f0 allsh\u00e1tta\u00f0an himins her og \u00fej\u00f3na\u00f0i honum. Og hann reisti eitt altari \u00ed h\u00fasi Drottins um hvert a\u00f0 Drottinn sag\u00f0i: &#8222;Eg vil setja mitt nafn \u00ed Jer\u00fasalem.&#8220; Og hann bygg\u00f0i \u00f6llum himinsins her altari \u00ed b\u00e1\u00f0um g\u00f6r\u00f0unum sem a\u00f0 voru \u00ed kringum Drottins h\u00fas. Og hann l\u00e9t sinn son ganga \u00ed gegnum eldinn, hann gaf g\u00e6tur a\u00f0 fuglam\u00e1li og teiknum, hann setti f\u00edtonsmenn og t\u00e1kna\u00fatleggjara og gj\u00f6r\u00f0i margt \u00fev\u00edl\u00edkt mj\u00f6g miki\u00f0 sem Drottni illa l\u00edka\u00f0i, honum til stygg\u00f0ar. <span class=\"athugasemd\" title=\"Levit. 24 \/ 4. Reg. 24 \/ Deut. 18 \/ 4. Reg. 16 \/ 2. Reg. 7 \/ 3. Reg. 8\">[<\/span> <\/p>\n<p>\tHann setti og eitt bl\u00f3tsk\u00fargo\u00f0 sem hann haf\u00f0i gj\u00f6rt \u00ed \u00fea\u00f0 h\u00fas um hvert a\u00f0 Drottinn haf\u00f0i sagt til Dav\u00ed\u00f0s og til hans sonar Sal\u00f3mons: &#8222;\u00cd \u00feetta h\u00fas og \u00ed Jer\u00fasalem sem eg \u00fatvaldi af \u00f6llum Israelis \u00e6ttum vil eg setja mitt nafn \u00e6vinlega. Og eigi vil eg l\u00e1ta \u00cdsraels f\u00e6tur meir hr\u00e6rast af landinu \u00fev\u00ed sem eg gaf \u00feeirra forfe\u00f0rum. \u00de\u00f3 me\u00f0 \u00fev\u00ed m\u00f3ti a\u00f0 \u00feeir haldi og gj\u00f6ri eftir \u00f6llu \u00fev\u00ed sem eg hefi bo\u00f0i\u00f0 \u00feeim og eftir \u00f6llu \u00fev\u00ed l\u00f6gm\u00e1li sem M\u00f3ses minn \u00fe\u00e9nari bau\u00f0 \u00feeim.&#8220; En \u00feeir hl\u00fdddu ekki heldur villti Manasses \u00fe\u00e1 so \u00feeir gj\u00f6r\u00f0u meiri illskur en \u00feeir hei\u00f0ingjarnir hverja Drottinn haf\u00f0i ey\u00f0ilagt fyrir Israelissonum.<\/p>\n<p>\t\u00de\u00e1 tala\u00f0i Drottinn fyrir s\u00edna \u00fe\u00e9nara sp\u00e1mennina og sag\u00f0i: <span class=\"athugasemd\" title=\"Sp\u00e1d\u00f3mur m\u00f3ti Jer\u00fasalem og J\u00fada \/ Jere. 15\">[<\/span> &#8222;S\u00f6kum \u00feess a\u00f0 Manasses k\u00f3ngur af J\u00fada hefur gj\u00f6rt soddan sv\u00edvir\u00f0ingar og meiri illskur og \u00f3d\u00e1\u00f0ir heldur en \u00feeir Amoriter gj\u00f6r\u00f0u sem a\u00f0 voru fyrir honum og hefur komi\u00f0 J\u00fada til a\u00f0 syndgast me\u00f0 s\u00ednum sk\u00fargo\u00f0um, \u00fear fyrir segir Drottinn Israelis Gu\u00f0 so: Sj\u00e1, eg vil lei\u00f0a \u00f3lukku yfir Jer\u00fasalem og J\u00fada og hver \u00fea\u00f0 heyrir, \u00fea\u00f0 mun gn\u00edsta \u00ed b\u00e1\u00f0um hans eyrum. Og eg vil draga m\u00e6liva\u00f0 Samarie og \u00feungan Akabs h\u00fass yfir Jer\u00fasalem og eg vil af\u00feurrka Jer\u00fasalem l\u00edka sem einn ma\u00f0ur \u00feurrkar eitt fat og hvelfir \u00fev\u00ed. En \u00fe\u00f3 vil eg l\u00e1ta nokku\u00f0 af minni arfleif\u00f0 bl\u00edfa eftir og gefa \u00fe\u00e1 \u00ed sinna \u00f3vina hendur svo \u00feeir skulu ver\u00f0a \u00f6llum s\u00ednum \u00f3vinum a\u00f0 r\u00e1ni og herfangi s\u00f6kum \u00feess a\u00f0 \u00feeir gj\u00f6r\u00f0u \u00fea\u00f0 sem m\u00e9r illa l\u00edka\u00f0i og hafa styggt mig fr\u00e1 \u00feeim degi sem \u00feeirra forfe\u00f0ur f\u00f3ru af Egyptalandi og allt til \u00feessa dags.&#8220;<\/p>\n<p>\tOg Manasses hellti \u00fat miklu saklausu bl\u00f3\u00f0i og uppfyllti alla Jer\u00fasalem, a\u00f0 auk \u00feeirra synda me\u00f0 hverjum hann kom J\u00fada til a\u00f0 syndgast svo \u00feeir gj\u00f6r\u00f0u \u00fea\u00f0 sem Drottni illa l\u00edka\u00f0i. <span class=\"athugasemd\" title=\"Syndir Manasses\">[<\/span><\/p>\n<p>\tHva\u00f0 meir er a\u00f0 segja um Manassen og allt \u00fea\u00f0 sem hann hefur gj\u00f6rt og hans syndir sem hann framdi, sj\u00e1, \u00fea\u00f0 er skrifa\u00f0 \u00ed J\u00fadak\u00f3nga kron\u00edku. Og Manasses sofna\u00f0i me\u00f0 s\u00ednum fe\u00f0rum og var jar\u00f0a\u00f0ur \u00ed \u00feeim grasgar\u00f0i sem l\u00e1 hj\u00e1 hans h\u00fasi, sem var \u00ed grasgar\u00f0i \u00das\u00eda. Og Am\u00f3n hans son var\u00f0 k\u00f3ngur \u00ed hans sta\u00f0. <\/p>\n<p>\tAm\u00f3n haf\u00f0i tvo vetur um tv\u00edtugt \u00fe\u00e1 hann var\u00f0 k\u00f3ngur og hann r\u00edkti tv\u00f6 \u00e1r \u00ed Jer\u00fasalem. <span class=\"athugasemd\" title=\"14 \/ Am\u00f3n 2 \u00e1r k\u00f3ngur \u00ed J\u00fada \">[<\/span> Hans m\u00f3\u00f0ir h\u00e9t Mesulemet, d\u00f3ttir H\u00e1rus af Jatba. Og hann gj\u00f6r\u00f0i \u00fea\u00f0 sem Drottni illa \u00fe\u00f3kna\u00f0ist eins sem Manasses hans fa\u00f0ir og hann f\u00f3r allan feril f\u00f6\u00f0ur s\u00edns og \u00fej\u00f3na\u00f0i \u00feeim afgu\u00f0um sem fa\u00f0ir hans \u00fej\u00f3na\u00f0i og ba\u00f0 til \u00feeirra en gleymdi Drottni Gu\u00f0i sinna forfe\u00f0ra og gekk ekki \u00e1 vegum Drottins. Og hans eigin \u00fe\u00e9narar b\u00e1ru r\u00e1\u00f0 saman \u00ed m\u00f3ti Am\u00f3n og sl\u00f3gu k\u00f3nginn \u00ed hel \u00ed hans eigin h\u00fasi. En landsf\u00f3lki\u00f0 drap \u00fe\u00e1 alla sem \u00fev\u00edl\u00edka uppreist gj\u00f6r\u00f0u \u00ed m\u00f3ti k\u00f3nginum. S\u00ed\u00f0an setti landsf\u00f3lki\u00f0 J\u00f3s\u00edam hans son til k\u00f3ngs \u00ed hans sta\u00f0.<\/p>\n","protected":false},"excerpt":{"rendered":"<p>XXI. Manasses var t\u00f3lf vetra gamall \u00fe\u00e1 hann t\u00f3k k\u00f3ngd\u00f3m og r\u00edkti fimm og fimmt\u00edgi \u00e1r \u00ed Jer\u00fasalem. [ Hans m\u00f3\u00f0ir h\u00e9t Hefsiba. Og hann gj\u00f6r\u00f0i \u00fea\u00f0 sem Drottni illa l\u00edka\u00f0i, eftir hei\u00f0ingjanna sv\u00edvir\u00f0ingum, hverja a\u00f0 Drottinn \u00fatrak fyrir \u00cdsraelssonum. Og hann sneri s\u00e9r og uppbygg\u00f0i \u00fe\u00e6r h\u00e6\u00f0ir sem Ezechias hans fa\u00f0ir haf\u00f0i ni\u00f0urbroti\u00f0 og uppreisti Baals altari og gj\u00f6r\u00f0i bl\u00f3tsk\u00f3ga svo sem gj\u00f6rt haf\u00f0i \u00cdsraelsk\u00f3ngur Akab og tilba\u00f0 allsh\u00e1tta\u00f0an himins her og \u00fej\u00f3na\u00f0i honum. Og hann reisti eitt altari \u00ed h\u00fasi Drottins um hvert a\u00f0 Drottinn sag\u00f0i: &#8222;Eg vil setja mitt nafn \u00ed Jer\u00fasalem.&#8220; Og hann bygg\u00f0i \u00f6llum himinsins <a href=\"https:\/\/biblian.is\/gudbrandsbiblia\/sidari-konungabok-21-kafli\/\"> [&#8230;]<\/a><\/p>\n","protected":false},"author":1,"featured_media":0,"parent":0,"menu_order":0,"comment_status":"open","ping_status":"open","template":"bibliukaflar.php","meta":{"footnotes":""},"class_list":["post-3026","page","type-page","status-publish","hentry"],"_links":{"self":[{"href":"https:\/\/biblian.is\/gudbrandsbiblia\/wp-json\/wp\/v2\/pages\/3026","targetHints":{"allow":["GET"]}}],"collection":[{"href":"https:\/\/biblian.is\/gudbrandsbiblia\/wp-json\/wp\/v2\/pages"}],"about":[{"href":"https:\/\/biblian.is\/gudbrandsbiblia\/wp-json\/wp\/v2\/types\/page"}],"author":[{"embeddable":true,"href":"https:\/\/biblian.is\/gudbrandsbiblia\/wp-json\/wp\/v2\/users\/1"}],"replies":[{"embeddable":true,"href":"https:\/\/biblian.is\/gudbrandsbiblia\/wp-json\/wp\/v2\/comments?post=3026"}],"version-history":[{"count":0,"href":"https:\/\/biblian.is\/gudbrandsbiblia\/wp-json\/wp\/v2\/pages\/3026\/revisions"}],"wp:attachment":[{"href":"https:\/\/biblian.is\/gudbrandsbiblia\/wp-json\/wp\/v2\/media?parent=3026"}],"curies":[{"name":"wp","href":"https:\/\/api.w.org\/{rel}","templated":true}]}}