{"id":3020,"date":"2017-12-18T18:32:25","date_gmt":"2017-12-18T18:32:25","guid":{"rendered":"http:\/\/biblian.is\/gudbrandsbiblia\/sidari-konungabok-15-kafli\/"},"modified":"2017-12-18T18:32:25","modified_gmt":"2017-12-18T18:32:25","slug":"sidari-konungabok-15-kafli","status":"publish","type":"page","link":"https:\/\/biblian.is\/gudbrandsbiblia\/sidari-konungabok-15-kafli\/","title":{"rendered":"S\u00ed\u00f0ari konungab\u00f3k 15. kafli"},"content":{"rendered":"<p>XV.<\/p>\n<p>\u00c1 \u00fev\u00ed sj\u00f6unda og tuttugasta \u00e1ri Jer\u00f3b\u00f3ams Israelisk\u00f3ngs t\u00f3k Asar\u00eda sonur Amas\u00eda k\u00f3ngd\u00f3m yfir J\u00fada. <span class=\"athugasemd\" title=\"9 \/ Asar\u00eda 52! \u00e1r k\u00f3ngur \u00ed J\u00fada\">[<\/span> Og hann var sext\u00e1n \u00e1ra gamall \u00fe\u00e1 hann var til k\u00f3ngs kj\u00f6rinn og hann r\u00edkti tv\u00f6 og fimmt\u00edgi \u00e1r \u00ed Jer\u00fasalem. Hans m\u00f3\u00f0ir h\u00e9t Jekalja af Jer\u00fasalem. Og hann gj\u00f6r\u00f0i \u00fea\u00f0 sem Drottni vel \u00fe\u00f3kna\u00f0ist \u00ed allan m\u00e1ta sem hans fa\u00f0ir Amas\u00eda fyrir utan \u00fea\u00f0 a\u00f0 hann aft\u00f3k ekki h\u00e6\u00f0irnar. \u00dev\u00ed f\u00f3lki\u00f0 offra\u00f0i enn \u00fe\u00e1 og brenndi reykelsi \u00e1 h\u00e6\u00f0um. En Drottinn sl\u00f3 k\u00f3nginn svo hann var\u00f0 l\u00edk\u00fer\u00e1r allt til s\u00edns dau\u00f0ad\u00e6gurs og bj\u00f3 einslega \u00ed einu s\u00e9rlegu herbergi. <span class=\"athugasemd\" title=\"Asar\u00eda l\u00edk\u00fer\u00e1r\">[<\/span> En J\u00f3tam k\u00f3ngson stj\u00f3rna\u00f0i k\u00f3ngsins h\u00fasi og d\u00e6mdi f\u00f3lki\u00f0 \u00ed landinu. <\/p>\n<p>\tHva\u00f0 meira er a\u00f0 segja um Asar\u00eda og allt hva\u00f0 hann gj\u00f6r\u00f0i, sj\u00e1, \u00fea\u00f0 er skrifa\u00f0 \u00ed J\u00fadak\u00f3nga kron\u00edku. <span class=\"athugasemd\" title=\"2. Para. 26\">[<\/span> Og Asar\u00eda sofna\u00f0i me\u00f0 s\u00ednum fe\u00f0rum og var jar\u00f0a\u00f0ur \u00ed Dav\u00ed\u00f0ssta\u00f0. En hans son J\u00f3tam var\u00f0 k\u00f3ngur \u00ed hans sta\u00f0. <\/p>\n<p>\t\u00c1 \u00fev\u00ed \u00fer\u00edtugasta og \u00e1ttunda \u00e1ri Asar\u00eda J\u00fadak\u00f3ngs var\u00f0 Sakar\u00eda son Jer\u00f3b\u00f3am k\u00f3ngur yfir \u00cdsrael \u00ed Samaria sex m\u00e1na\u00f0i. <span class=\"athugasemd\" title=\"14 \/ Sakar\u00eda sex m\u00e1nu\u00f0i k\u00f3ngur yfir \u00cdsrael\">[<\/span> Og hann gj\u00f6r\u00f0i \u00fea\u00f0 sem Drottni misl\u00edka\u00f0i eins og hans forfe\u00f0ur h\u00f6f\u00f0u gj\u00f6rt. Hann l\u00e9t ekki af syndum Jer\u00f3b\u00f3am sonar Nebat hver e\u00f0 kom \u00cdsrael til a\u00f0 syndgast. Og Sall\u00fam son Jabes reis upp \u00ed m\u00f3ti honum og sl\u00f3 hann fyrir f\u00f3lkinu og drap hann og t\u00f3k k\u00f3ngd\u00f3m eftir hann. Hva\u00f0 fleira er a\u00f0 segja af Sakar\u00eda, sj\u00e1, \u00fea\u00f0 er skrifa\u00f0 \u00ed \u00cdsraelsk\u00f3nga kron\u00edku. Og \u00feetta er \u00fea\u00f0 or\u00f0 sem Drottinn tala\u00f0i til Jeh\u00fa: &#8222;\u00de\u00ednir \u00fe\u00e9narar skulu sitja \u00e1 \u00cdsraels st\u00f3li inn til fj\u00f3r\u00f0a li\u00f0s.&#8220; Og \u00fea\u00f0 ske\u00f0i so.<\/p>\n<p>\tOg Sall\u00fam son Jabes t\u00f3k k\u00f3ngd\u00f3m \u00e1 \u00fev\u00ed n\u00edtj\u00e1nda og tuttugasta \u00e1ri Asar\u00eda k\u00f3ngs J\u00fada og r\u00edkti einn m\u00e1nu\u00f0 \u00ed Samaria. <span class=\"athugasemd\" title=\"Supra 10 \/ 15 \/ Sall\u00fam einn m\u00e1nu\u00f0 k\u00f3ngur \u00ed \u00cdsrael\">[<\/span> \u00dev\u00ed a\u00f0 Manahem son Gadd\u00ed f\u00f3r upp fr\u00e1 Tirsa og kom til Samariam og sl\u00f3 Sall\u00fam son Jabes \u00ed hel \u00ed Samaria og var\u00f0 k\u00f3ngur \u00ed hans sta\u00f0. <\/p>\n<p>\tHva\u00f0 meira er a\u00f0 segja af Sall\u00fam og um \u00feau r\u00e1\u00f0 sem hann samanbar, sj\u00e1, \u00fea\u00f0 er skrifa\u00f0 \u00ed \u00cdsraelsk\u00f3nga kron\u00edku. \u00c1 \u00feeim t\u00edma sl\u00f3 Manahem borg Tiipsa og alla \u00fe\u00e1 sem voru \u00fear inni og hennar landamerki af Tirsa fyrir \u00fev\u00ed a\u00f0 \u00feeir vildu ekki l\u00e1ta upp borgarhli\u00f0 fyrir honum. Og hann drap allar \u00feunga\u00f0ar kvinnur og snei\u00f0 \u00fe\u00e6r \u00ed sundur.<\/p>\n<p>\t\u00c1 \u00fev\u00ed n\u00edtj\u00e1nda og tuttugasta \u00e1ri Asar\u00eda J\u00fadak\u00f3ngs var\u00f0 Manahem son Gadd\u00ed k\u00f3ngur yfir \u00cdsrael og r\u00edkti t\u00edu \u00e1r \u00ed Samaria. <span class=\"athugasemd\" title=\"16 \/ Manahem x \u00e1r k\u00f3ngur yfir \u00cdsrael\">[<\/span> Og hann gekk vondslega \u00ed augliti Drottins \u00fev\u00ed han l\u00e9t ekki af syndum Jer\u00f3b\u00f3am sanar Nebat \u00ed \u00f6llum s\u00ednum d\u00f6gum hver e\u00f0 kom \u00cdsrael til a\u00f0 syndgast. Og P\u00fal, k\u00f3ngurinn af Assyria, kom \u00fe\u00e1 \u00ed landi\u00f0 og Menahem skenkti P\u00fal \u00fe\u00fasund centener silfurs a\u00f0 hann h\u00e9ldi me\u00f0 honum og styrkti hann til r\u00edkis. <span class=\"athugasemd\" title=\"P\u00fal k\u00f3ngur \u00ed Ass\u00far\">[<\/span> Og Menahem lag\u00f0i f\u00e9gj\u00f6ld \u00e1 \u00fe\u00e1 r\u00edkustu \u00ed \u00cdsrael svo a\u00f0 hver af \u00feeim skyldi gefa fimmt\u00edgi siclos silfurs k\u00f3nginum af Assyria. S\u00ed\u00f0an dr\u00f3 k\u00f3ngur af Assyria heim aftur og sta\u00f0n\u00e6mdist ekki lengi \u00ed landinu. Hva\u00f0 meira er a\u00f0 segja um Menahem og allt \u00fea\u00f0 hann gj\u00f6r\u00f0i, sj\u00e1, \u00fea\u00f0 er skrifa\u00f0 \u00ed \u00cdsraelsk\u00f3nga kron\u00edku. Og Menahem sofna\u00f0i me\u00f0 s\u00ednum forfe\u00f0rum og Pekaja hans son t\u00f3k k\u00f3ngd\u00f3m eftir hann.<\/p>\n<p>\t\u00c1 \u00fev\u00ed fimmtuganda \u00e1ri Asar\u00eda k\u00f3ngs \u00ed J\u00fada t\u00f3k Pekah\u00eda son Menahem k\u00f3ngd\u00f3m yfir \u00cdsrael \u00ed Samaria og var k\u00f3ngur \u00ed tv\u00f6 \u00e1r. <span class=\"athugasemd\" title=\"17 \/ Pekah\u00eda 2 \u00e1r k\u00f3ngur yfir \u00cdsrael\">[<\/span> Hann gj\u00f6r\u00f0i \u00fea\u00f0 sem Drottni illa \u00fe\u00f3kna\u00f0ist \u00fev\u00ed a\u00f0 hann f\u00e9ll ekki fr\u00e1 syndum Jer\u00f3b\u00f3am sonar Nebat sem \u00cdsrael kom til a\u00f0 syndgast. En Peka son Remalie, einn hans hertugi, gj\u00f6r\u00f0i uppreist \u00ed m\u00f3ti honum og sl\u00f3 hann til dau\u00f0s \u00ed k\u00f3ngsins sal \u00ed Samaria me\u00f0 Arg\u00f3b og Ar\u00ede og a\u00f0ra fimmt\u00edgi menn me\u00f0 honum af G\u00edlea\u00f0ssonum og hann var\u00f0 k\u00f3ngur \u00ed hans sta\u00f0. Hva\u00f0 meira er a\u00f0 segja af Pekah\u00eda og allt \u00fea\u00f0 hann gj\u00f6r\u00f0i, sj\u00e1, \u00fea\u00f0 er skrifa\u00f0 \u00ed \u00cdsraelsk\u00f3nga kron\u00edku.<\/p>\n<p>\t\u00c1 \u00fev\u00ed \u00f6\u00f0ru og fimmtuganda \u00e1ri Asar\u00eda k\u00f3ngs J\u00fada var\u00f0 Peka son Remal\u00eda k\u00f3ngur yfir \u00cdsrael \u00ed Samaria \u00ed tuttugu \u00e1r. <span class=\"athugasemd\" title=\"18 \/ Peka 20 \u00e1r k\u00f3ngur yfir \u00cdsrael\">[<\/span> Og hann gj\u00f6r\u00f0i illt \u00ed augliti Drottins \u00fev\u00ed hann l\u00e9t ekki af syndum Jer\u00f3b\u00f3am sonar Nebat sem a\u00f0 \u00cdsrael kom til a\u00f0 syndga. <\/p>\n<p>\tEn \u00ed Peka \u00cdsraelsk\u00f3ngs t\u00ed\u00f0 kom T\u00edglat Pillesser k\u00f3ngur af Ass\u00far og vann H\u00edon, Abel Bet Maaka, Jan\u00f3a, Hedes, Has\u00f3r, G\u00edlea\u00f0, Galilea og allt land Neftal\u00ed og flutti f\u00f3lki\u00f0 burt til Assyriam. <span class=\"athugasemd\" title=\"Fj\u00f6ldi \u00cdsraels burt fluttur \u00ed Assyriam\">[<\/span> <\/p>\n<p>\tEn H\u00f3sea son Ela bar r\u00e1\u00f0 saman m\u00f3ti Peka syni Remal\u00eda og sl\u00f3 hann \u00ed hel og var\u00f0 k\u00f3ngur \u00ed hans sta\u00f0 \u00e1 \u00fev\u00ed tuttugasta \u00e1ri J\u00f3tam sonar \u00das\u00eda. Hva\u00f0 meira er a\u00f0 segja um Peka og allt \u00fea\u00f0 hann gj\u00f6r\u00f0i, sj\u00e1, \u00fea\u00f0 er skrifa\u00f0 \u00ed \u00cdsraelsk\u00f3nga kron\u00edku.<\/p>\n<p>\t\u00c1 \u00fev\u00ed \u00f6\u00f0ru \u00e1ri Peka sonar Remal\u00eda \u00cdsraelsk\u00f3ngs t\u00f3k k\u00f3ngd\u00f3m J\u00f3tam sonur \u00das\u00eda J\u00fadak\u00f3ngs. <span class=\"athugasemd\" title=\"10 \/ J\u00f3tam 16 \u00e1r k\u00f3ngur \u00ed J\u00fada\">[<\/span> Og hann var fimm og tuttugu \u00e1ra gamall \u00fe\u00e1 hann var\u00f0 k\u00f3ngur og hann r\u00edkti sext\u00e1n \u00e1r \u00ed Jer\u00fasalem. Hans m\u00f3\u00f0ir h\u00e9t Jer\u00fasa, d\u00f3ttir Sad\u00f3k. Og hann gekk fram \u00ed \u00fev\u00ed sem Drottni vel l\u00edka\u00f0i eftir f\u00f3tsporum \u00das\u00eda f\u00f6\u00f0urs s\u00edns nema \u00fea\u00f0 a\u00f0 hann braut ekki ni\u00f0ur h\u00e6\u00f0irnar \u00fev\u00ed f\u00f3lki\u00f0 offra\u00f0i enn \u00fe\u00e1 og brenndi reykelsi \u00e1 h\u00e6\u00f0um uppi. Hann uppbygg\u00f0i h\u00e6rra porti\u00f0 \u00e1 h\u00fasi Drottins. Hva\u00f0 meira er a\u00f0 segja um J\u00f3tam og allt \u00fea\u00f0 hann gj\u00f6r\u00f0i, sj\u00e1, \u00fea\u00f0 er skrifa\u00f0 \u00ed J\u00fadak\u00f3nga kron\u00edku. <\/p>\n<p>\t\u00c1 \u00feeim t\u00edma h\u00f3f Drottinn upp a\u00f0 senda \u00ed r\u00edki J\u00fada Res\u00edm k\u00f3ng af Syria og Peka son Remal\u00eda. <span class=\"athugasemd\" title=\"Res\u00edm k\u00f3ngur \u00ed Syria\">[<\/span> Og J\u00f3tam sofna\u00f0i me\u00f0 s\u00ednum fe\u00f0rum og var\u00f0 jar\u00f0a\u00f0ur hj\u00e1 s\u00ednum fe\u00f0rum \u00ed borg s\u00edns f\u00f6\u00f0urs Dav\u00ed\u00f0s og Akas hans son t\u00f3k r\u00edki eftir hann.<\/p>\n","protected":false},"excerpt":{"rendered":"<p>XV. \u00c1 \u00fev\u00ed sj\u00f6unda og tuttugasta \u00e1ri Jer\u00f3b\u00f3ams Israelisk\u00f3ngs t\u00f3k Asar\u00eda sonur Amas\u00eda k\u00f3ngd\u00f3m yfir J\u00fada. [ Og hann var sext\u00e1n \u00e1ra gamall \u00fe\u00e1 hann var til k\u00f3ngs kj\u00f6rinn og hann r\u00edkti tv\u00f6 og fimmt\u00edgi \u00e1r \u00ed Jer\u00fasalem. Hans m\u00f3\u00f0ir h\u00e9t Jekalja af Jer\u00fasalem. Og hann gj\u00f6r\u00f0i \u00fea\u00f0 sem Drottni vel \u00fe\u00f3kna\u00f0ist \u00ed allan m\u00e1ta sem hans fa\u00f0ir Amas\u00eda fyrir utan \u00fea\u00f0 a\u00f0 hann aft\u00f3k ekki h\u00e6\u00f0irnar. \u00dev\u00ed f\u00f3lki\u00f0 offra\u00f0i enn \u00fe\u00e1 og brenndi reykelsi \u00e1 h\u00e6\u00f0um. En Drottinn sl\u00f3 k\u00f3nginn svo hann var\u00f0 l\u00edk\u00fer\u00e1r allt til s\u00edns dau\u00f0ad\u00e6gurs og bj\u00f3 einslega \u00ed einu s\u00e9rlegu herbergi. [ En J\u00f3tam k\u00f3ngson <a href=\"https:\/\/biblian.is\/gudbrandsbiblia\/sidari-konungabok-15-kafli\/\"> [&#8230;]<\/a><\/p>\n","protected":false},"author":1,"featured_media":0,"parent":0,"menu_order":0,"comment_status":"open","ping_status":"open","template":"bibliukaflar.php","meta":{"footnotes":""},"class_list":["post-3020","page","type-page","status-publish","hentry"],"_links":{"self":[{"href":"https:\/\/biblian.is\/gudbrandsbiblia\/wp-json\/wp\/v2\/pages\/3020","targetHints":{"allow":["GET"]}}],"collection":[{"href":"https:\/\/biblian.is\/gudbrandsbiblia\/wp-json\/wp\/v2\/pages"}],"about":[{"href":"https:\/\/biblian.is\/gudbrandsbiblia\/wp-json\/wp\/v2\/types\/page"}],"author":[{"embeddable":true,"href":"https:\/\/biblian.is\/gudbrandsbiblia\/wp-json\/wp\/v2\/users\/1"}],"replies":[{"embeddable":true,"href":"https:\/\/biblian.is\/gudbrandsbiblia\/wp-json\/wp\/v2\/comments?post=3020"}],"version-history":[{"count":0,"href":"https:\/\/biblian.is\/gudbrandsbiblia\/wp-json\/wp\/v2\/pages\/3020\/revisions"}],"wp:attachment":[{"href":"https:\/\/biblian.is\/gudbrandsbiblia\/wp-json\/wp\/v2\/media?parent=3020"}],"curies":[{"name":"wp","href":"https:\/\/api.w.org\/{rel}","templated":true}]}}