{"id":2957,"date":"2017-12-18T18:32:14","date_gmt":"2017-12-18T18:32:14","guid":{"rendered":"http:\/\/biblian.is\/gudbrandsbiblia\/fyrri-samuelsbok-29-kafli\/"},"modified":"2017-12-18T18:32:14","modified_gmt":"2017-12-18T18:32:14","slug":"fyrri-samuelsbok-29-kafli","status":"publish","type":"page","link":"https:\/\/biblian.is\/gudbrandsbiblia\/fyrri-samuelsbok-29-kafli\/","title":{"rendered":"Fyrri Sam\u00faelsb\u00f3k 29. kafli"},"content":{"rendered":"<p>XXIX.<\/p>\n<p>Og Philistei samans\u00f6fnu\u00f0u \u00f6llum s\u00ednum her \u00ed Afek og Israelisl\u00fd\u00f0ur setti herb\u00fa\u00f0ir s\u00ednar \u00ed A\u00edm \u00ed Jesreel. Og h\u00f6f\u00f0ingjar Philistinorum gengu fram hundru\u00f0um saman og \u00fe\u00fasundum saman. En Dav\u00ed\u00f0 og hans me\u00f0fylgjarar voru \u00ed seinustu fylking me\u00f0 Ak\u00eds.<\/p>\n<p>\t\u00de\u00e1 s\u00f6g\u00f0u h\u00f6f\u00f0ingjar Philistinorum: &#8222;Hva\u00f0 skulu \u00feessir Hebrei?&#8220; Ak\u00eds svara\u00f0i: &#8222;Er \u00fea\u00f0 ekki Dav\u00ed\u00f0, \u00fe\u00e9nari Saul \u00cdsraelsk\u00f3ngs, hver a\u00f0 n\u00fa hefur veri\u00f0 hj\u00e1 m\u00e9r \u00e1r og dag, me\u00f0 hverjum eg hefi ekki fundi\u00f0 neitt illt fr\u00e1 \u00fev\u00ed a\u00f0 hann fl\u00fd\u00f0i til m\u00edn allt til \u00feessa dags?&#8220; <span class=\"athugasemd\" title=\"1. Para. 15\">[<\/span> En Philisteis h\u00f6f\u00f0ingjar ur\u00f0u honum rei\u00f0ir og s\u00f6g\u00f0u til hans: &#8222;L\u00e1t \u00fe\u00fa \u00feann mann sn\u00faa aftur og s\u00e9 hann kyrr \u00ed \u00feeim sta\u00f0 sem \u00fe\u00fa skipa\u00f0ir honum og l\u00e1t hann ekki fara me\u00f0 oss til bardaga a\u00f0 ei sn\u00faist hann \u00fe\u00e1 \u00ed m\u00f3ti oss \u00feegar orrostan hefst. <span class=\"athugasemd\" title=\"1. Reg. 18\">[<\/span> \u00dev\u00ed hvar me\u00f0 kann hann betur a\u00f0 kaupa sig \u00ed fri\u00f0 vi\u00f0 sinn herra en me\u00f0 h\u00f6f\u00f0um \u00feessara manna? Er hann ekki s\u00e1 Dav\u00ed\u00f0 um hvern a\u00f0 kve\u00f0i\u00f0 var \u00ed dansinum: Saul vann sigur \u00e1 \u00fe\u00fasund en Dav\u00ed\u00f0 \u00e1 t\u00edu \u00fe\u00fasundum?&#8220;<\/p>\n<p>\t\u00de\u00e1 kalla\u00f0i Ak\u00eds Dav\u00ed\u00f0 fyrir sig og sag\u00f0i til hans: &#8222;Svo sannarlega sem Drottinn lifir, eg held \u00feig einn hei\u00f0arlegan mann og \u00feinn inngangur og \u00fatgangur \u00ed \u00feessari herf\u00f6r l\u00edkar m\u00e9r og \u00f6ngva hrekkv\u00edsi hefi eg fundi\u00f0 me\u00f0 \u00fe\u00e9r fr\u00e1 \u00fev\u00ed fyrst \u00fe\u00fa komst til m\u00edn og allt til \u00feessa dags. En ei \u00fe\u00f3knast \u00fe\u00fa h\u00f6f\u00f0ingjunum. \u00dear fyrir sn\u00fa \u00fe\u00fa aftur og far \u00ed fri\u00f0i so a\u00f0 \u00fe\u00fa ei styggir augu h\u00f6f\u00f0ingja Philistinorum.&#8220; \u00de\u00e1 sag\u00f0i Dav\u00ed\u00f0 til Ak\u00eds: &#8222;Hva\u00f0 hefi eg a\u00f0hafst e\u00f0a hva\u00f0 hefur \u00fe\u00fa fundi\u00f0 hj\u00e1 \u00fe\u00ednum \u00fe\u00e9nara fr\u00e1 \u00feeim t\u00edma eg kom til \u00fe\u00edn og inn til \u00feessa a\u00f0 eg skyldi ekki mega fara \u00ed orrostu og berjast \u00ed m\u00f3ti m\u00edns herra k\u00f3ngsins \u00f3vinum?&#8220;<\/p>\n<p>\tAk\u00eds svara\u00f0i og sag\u00f0i til Dav\u00ed\u00f0s: &#8222;Eg veit \u00fea\u00f0 vel \u00fev\u00ed a\u00f0 vel \u00fe\u00f3knast \u00fe\u00fa fyrir m\u00ednu augliti svo sem Gu\u00f0s engill. En \u00feeir h\u00f6f\u00f0ingjar Philisteis s\u00f6g\u00f0u: L\u00e1t hann eigi fara me\u00f0 oss \u00ed \u00feennan bardaga. Svo tak \u00feig upp \u00e1 morgun \u00e1rla og \u00fe\u00e9narar \u00fe\u00edns herra sem komu me\u00f0 \u00fe\u00e9r og sem \u00fe\u00e9r eru\u00f0 b\u00fanir \u00e1 morgun \u00fe\u00e1 a\u00f0 l\u00fdsir \u00fe\u00e1 fari\u00f0 af sta\u00f0.&#8220; So st\u00f3\u00f0 Dav\u00ed\u00f0 og hans menn \u00e1rla upp um morguninn og fer\u00f0u\u00f0ust og komu aftur \u00ed land Philistinorum. En Philistei fluttu sinn her upp til Jesreel.<\/p>\n","protected":false},"excerpt":{"rendered":"<p>XXIX. Og Philistei samans\u00f6fnu\u00f0u \u00f6llum s\u00ednum her \u00ed Afek og Israelisl\u00fd\u00f0ur setti herb\u00fa\u00f0ir s\u00ednar \u00ed A\u00edm \u00ed Jesreel. Og h\u00f6f\u00f0ingjar Philistinorum gengu fram hundru\u00f0um saman og \u00fe\u00fasundum saman. En Dav\u00ed\u00f0 og hans me\u00f0fylgjarar voru \u00ed seinustu fylking me\u00f0 Ak\u00eds. \u00de\u00e1 s\u00f6g\u00f0u h\u00f6f\u00f0ingjar Philistinorum: &#8222;Hva\u00f0 skulu \u00feessir Hebrei?&#8220; Ak\u00eds svara\u00f0i: &#8222;Er \u00fea\u00f0 ekki Dav\u00ed\u00f0, \u00fe\u00e9nari Saul \u00cdsraelsk\u00f3ngs, hver a\u00f0 n\u00fa hefur veri\u00f0 hj\u00e1 m\u00e9r \u00e1r og dag, me\u00f0 hverjum eg hefi ekki fundi\u00f0 neitt illt fr\u00e1 \u00fev\u00ed a\u00f0 hann fl\u00fd\u00f0i til m\u00edn allt til \u00feessa dags?&#8220; [ En Philisteis h\u00f6f\u00f0ingjar ur\u00f0u honum rei\u00f0ir og s\u00f6g\u00f0u til hans: &#8222;L\u00e1t \u00fe\u00fa \u00feann mann <a href=\"https:\/\/biblian.is\/gudbrandsbiblia\/fyrri-samuelsbok-29-kafli\/\"> [&#8230;]<\/a><\/p>\n","protected":false},"author":1,"featured_media":0,"parent":0,"menu_order":0,"comment_status":"open","ping_status":"open","template":"bibliukaflar.php","meta":{"footnotes":""},"class_list":["post-2957","page","type-page","status-publish","hentry"],"_links":{"self":[{"href":"https:\/\/biblian.is\/gudbrandsbiblia\/wp-json\/wp\/v2\/pages\/2957","targetHints":{"allow":["GET"]}}],"collection":[{"href":"https:\/\/biblian.is\/gudbrandsbiblia\/wp-json\/wp\/v2\/pages"}],"about":[{"href":"https:\/\/biblian.is\/gudbrandsbiblia\/wp-json\/wp\/v2\/types\/page"}],"author":[{"embeddable":true,"href":"https:\/\/biblian.is\/gudbrandsbiblia\/wp-json\/wp\/v2\/users\/1"}],"replies":[{"embeddable":true,"href":"https:\/\/biblian.is\/gudbrandsbiblia\/wp-json\/wp\/v2\/comments?post=2957"}],"version-history":[{"count":0,"href":"https:\/\/biblian.is\/gudbrandsbiblia\/wp-json\/wp\/v2\/pages\/2957\/revisions"}],"wp:attachment":[{"href":"https:\/\/biblian.is\/gudbrandsbiblia\/wp-json\/wp\/v2\/media?parent=2957"}],"curies":[{"name":"wp","href":"https:\/\/api.w.org\/{rel}","templated":true}]}}