{"id":2931,"date":"2017-12-18T18:32:07","date_gmt":"2017-12-18T18:32:07","guid":{"rendered":"http:\/\/biblian.is\/gudbrandsbiblia\/fyrri-samuelsbok-3-kafli\/"},"modified":"2017-12-18T18:32:07","modified_gmt":"2017-12-18T18:32:07","slug":"fyrri-samuelsbok-3-kafli","status":"publish","type":"page","link":"https:\/\/biblian.is\/gudbrandsbiblia\/fyrri-samuelsbok-3-kafli\/","title":{"rendered":"Fyrri Sam\u00faelsb\u00f3k 3. kafli"},"content":{"rendered":"<p>III.<\/p>\n<p>Og sem sveinninn Sam\u00fael \u00fej\u00f3na\u00f0i Drottni fyrir El\u00ed \u00fe\u00e1 var Gu\u00f0s or\u00f0 d\u00fdrt \u00e1 \u00feeim sama t\u00edma og \u00fear ur\u00f0u sjaldan vitranir.<\/p>\n<p>\tOg \u00fea\u00f0 ske\u00f0i svo \u00e1 \u00feeim sama t\u00edma a\u00f0 El\u00ed l\u00e1 \u00ed s\u00ednum sta\u00f0 og hans augu voru n\u00e6sta blind svo hann m\u00e1tti ekki sj\u00e1. Og Sam\u00fael haf\u00f0i lagt sig \u00ed musteri Drottins \u00fear sem Gu\u00f0s \u00f6rk var \u00e1\u00f0ur en Gu\u00f0s lampar slokknu\u00f0u. Og Drottinn kalla\u00f0i: &#8222;Sam\u00fael.&#8220; <span class=\"athugasemd\" title=\"Drottinn kallar Sam\u00fael \u00ferisvar\">[<\/span> Hann svara\u00f0i: &#8222;Sj\u00e1, h\u00e9r er eg.&#8220; Og hann rann til El\u00ed og sag\u00f0i: &#8222;Sj\u00e1, h\u00e9r er eg, \u00fe\u00fa kalla\u00f0ir mig.&#8220; Hann sag\u00f0i: &#8222;Eg kalla\u00f0i \u00feig ekki. Far aftur til hv\u00edlu \u00feinnar og sof.&#8220; Og hann gekk \u00ed burt og lag\u00f0i sig aftur til svefns.<\/p>\n<p>\tOg Drottinn kalla\u00f0i enn eitt sinn: &#8222;Sam\u00fael.&#8220; Og Sam\u00fael st\u00f3\u00f0 upp og gekk til El\u00ed og sag\u00f0i: &#8222;Sj\u00e1, h\u00e9r er eg, \u00fe\u00fa kalla\u00f0ir mig.&#8220; Hann svara\u00f0i: &#8222;Eigi kalla\u00f0i eg \u00feig, minn son. Far burt aftur og legg \u00feig a\u00f0 sofa.&#8220; En Sam\u00fael \u00feekkti \u00fe\u00e1 enn ekki Drottin og m\u00e1l Drottins haf\u00f0i \u00fe\u00e1 enn ekki birst fyrir honum. Og Drottinn kalla\u00f0i Sam\u00fael \u00ed \u00feri\u00f0ja sinn. Og hann st\u00f3\u00f0 upp og gekk til El\u00ed og sag\u00f0i: &#8222;Sj\u00e1, h\u00e9r er eg, \u00fe\u00fa kalla\u00f0ir mig.&#8220; \u00de\u00e1 merkti El\u00ed a\u00f0 Drottinn kalla\u00f0i sveininn og sag\u00f0i til hans: &#8222;Far \u00ed burt aftur og legg \u00feig a\u00f0 sofa. Og ver\u00f0i oftar kalla\u00f0 \u00e1 \u00feig \u00fe\u00e1 svara \u00fe\u00fa: Tala \u00fe\u00fa, Drottinn, \u00fev\u00ed \u00feinn \u00fe\u00e9nari heyrir \u00fea\u00f0.&#8220; Sam\u00fael gekk \u00ed burt og lag\u00f0i sig \u00ed sinn sama sta\u00f0.<\/p>\n<p>\t\u00de\u00e1 kom Drottinn og gekk \u00feanga\u00f0 og kalla\u00f0i sem fyr: &#8222;Sam\u00fael, Sam\u00fael.&#8220; <span class=\"athugasemd\" title=\"Kallan Samuelis\">[<\/span> Og Sam\u00fael svara\u00f0i: &#8222;Tala \u00fe\u00fa \u00fev\u00ed \u00feinn \u00fe\u00e9nari heyrir.&#8220; Og Drottinn sag\u00f0i til Sam\u00fael: &#8222;Sj\u00e1, eg gj\u00f6ri einn hlut \u00ed \u00cdsrael og hver \u00fea\u00f0 heyrir \u00fear skal klingja fyri b\u00e1\u00f0um hans eyrum. \u00c1 \u00feeim degi vil eg upvekja yfir El\u00ed \u00fea\u00f0 eg hefi tala\u00f0 \u00ed m\u00f3ti hans h\u00fasi. Eg vil uppbyrja og fullkomna \u00fea\u00f0. \u00dev\u00ed eg hefi \u00e1\u00f0ur undirv\u00edsa\u00f0 honum \u00fea\u00f0 a\u00f0 eg vil vera d\u00f3mari yfir hans h\u00fasi \u00e6vinlega s\u00f6kum \u00feess misgj\u00f6rnings a\u00f0 hann vissi hversu hans synir breyttu s\u00e9r skammarlega og hann leit ekki eitt sinn rei\u00f0uglega \u00fear til. \u00dev\u00ed s\u00f3r eg El\u00ed h\u00fasi a\u00f0 \u00feessi El\u00ed h\u00fassins misgj\u00f6rningur skyldi ekki ver\u00f0a forl\u00edktur, hverki me\u00f0 f\u00f3rnum n\u00e9 matoffri, \u00e6vinlega.&#8220;<\/p>\n<p>\tOg Sam\u00fael l\u00e1 allt til morguns og lauk upp dyrum \u00e1 Drottins h\u00fasi. En ei \u00feor\u00f0i hann a\u00f0 segja El\u00ed \u00feessa s\u00fdn. \u00de\u00e1 kalla\u00f0i El\u00ed hann og sag\u00f0i: &#8222;Sam\u00fael, minn son.&#8220; Hann svara\u00f0i: &#8222;Sj\u00e1, h\u00e9r er eg.&#8220; El\u00ed sag\u00f0i: &#8222;Hva\u00f0 er \u00fea\u00f0 or\u00f0 sem \u00fe\u00e9r er sagt? Leyn \u00f6ngu af fyrir m\u00e9r. Gu\u00f0 gj\u00f6ri \u00fe\u00e9r \u00fea\u00f0 og \u00fea\u00f0 ef \u00fe\u00fa n\u00fa leynir nokkru fyrir m\u00e9r af \u00fev\u00ed sem \u00fe\u00e9r er sagt.&#8220; \u00de\u00e1 sag\u00f0i Sam\u00fael honum \u00fea\u00f0 allt saman og leyndi \u00f6ngvu af. En hann sag\u00f0i: &#8222;Hann er Drottinn, hann gj\u00f6rir hva\u00f0 honum er \u00feekkt.&#8220;<\/p>\n<p>\tSam\u00fael v\u00f3x upp og Drottinn var me\u00f0 honum og \u00fear f\u00e9ll ekki eitt af \u00f6llum hans or\u00f0um \u00e1 <span class=\"athugasemd\" title=\"a \/ (J\u00f6r\u00f0) \/ \u00dea\u00f0 var\u00f0 ekki a\u00f0 h\u00e9g\u00f3ma\">[<\/span> j\u00f6r\u00f0. Og allur \u00cdsraelsl\u00fd\u00f0ur fr\u00e1 Dan til Bersaba vissi a\u00f0 Sam\u00fael var Drottins tr\u00falyndur sp\u00e1ma\u00f0ur. Og Drottinn opinbera\u00f0ist upp fr\u00e1 \u00feessu \u00ed S\u00edl\u00f3 \u00fev\u00ed Drottinn birtist Sam\u00fael \u00ed S\u00edl\u00f3 fyrir Drottins or\u00f0. Og Sam\u00fael h\u00f3f upp a\u00f0 pr\u00e9dika fyrir \u00f6llum \u00cdsrael.<\/p>\n","protected":false},"excerpt":{"rendered":"<p>III. Og sem sveinninn Sam\u00fael \u00fej\u00f3na\u00f0i Drottni fyrir El\u00ed \u00fe\u00e1 var Gu\u00f0s or\u00f0 d\u00fdrt \u00e1 \u00feeim sama t\u00edma og \u00fear ur\u00f0u sjaldan vitranir. Og \u00fea\u00f0 ske\u00f0i svo \u00e1 \u00feeim sama t\u00edma a\u00f0 El\u00ed l\u00e1 \u00ed s\u00ednum sta\u00f0 og hans augu voru n\u00e6sta blind svo hann m\u00e1tti ekki sj\u00e1. Og Sam\u00fael haf\u00f0i lagt sig \u00ed musteri Drottins \u00fear sem Gu\u00f0s \u00f6rk var \u00e1\u00f0ur en Gu\u00f0s lampar slokknu\u00f0u. Og Drottinn kalla\u00f0i: &#8222;Sam\u00fael.&#8220; [ Hann svara\u00f0i: &#8222;Sj\u00e1, h\u00e9r er eg.&#8220; Og hann rann til El\u00ed og sag\u00f0i: &#8222;Sj\u00e1, h\u00e9r er eg, \u00fe\u00fa kalla\u00f0ir mig.&#8220; Hann sag\u00f0i: &#8222;Eg kalla\u00f0i \u00feig ekki. Far aftur til <a href=\"https:\/\/biblian.is\/gudbrandsbiblia\/fyrri-samuelsbok-3-kafli\/\"> [&#8230;]<\/a><\/p>\n","protected":false},"author":1,"featured_media":0,"parent":0,"menu_order":0,"comment_status":"open","ping_status":"open","template":"bibliukaflar.php","meta":{"footnotes":""},"class_list":["post-2931","page","type-page","status-publish","hentry"],"_links":{"self":[{"href":"https:\/\/biblian.is\/gudbrandsbiblia\/wp-json\/wp\/v2\/pages\/2931","targetHints":{"allow":["GET"]}}],"collection":[{"href":"https:\/\/biblian.is\/gudbrandsbiblia\/wp-json\/wp\/v2\/pages"}],"about":[{"href":"https:\/\/biblian.is\/gudbrandsbiblia\/wp-json\/wp\/v2\/types\/page"}],"author":[{"embeddable":true,"href":"https:\/\/biblian.is\/gudbrandsbiblia\/wp-json\/wp\/v2\/users\/1"}],"replies":[{"embeddable":true,"href":"https:\/\/biblian.is\/gudbrandsbiblia\/wp-json\/wp\/v2\/comments?post=2931"}],"version-history":[{"count":0,"href":"https:\/\/biblian.is\/gudbrandsbiblia\/wp-json\/wp\/v2\/pages\/2931\/revisions"}],"wp:attachment":[{"href":"https:\/\/biblian.is\/gudbrandsbiblia\/wp-json\/wp\/v2\/media?parent=2931"}],"curies":[{"name":"wp","href":"https:\/\/api.w.org\/{rel}","templated":true}]}}