{"id":2928,"date":"2017-12-18T18:32:07","date_gmt":"2017-12-18T18:32:07","guid":{"rendered":"http:\/\/biblian.is\/gudbrandsbiblia\/rutarbok-4-kafli\/"},"modified":"2017-12-18T18:32:07","modified_gmt":"2017-12-18T18:32:07","slug":"rutarbok-4-kafli","status":"publish","type":"page","link":"https:\/\/biblian.is\/gudbrandsbiblia\/rutarbok-4-kafli\/","title":{"rendered":"Rutarb\u00f3k 4. kafli"},"content":{"rendered":"<p>IIII.<\/p>\n<p>Og B\u00f3as gekk upp a\u00f0 sta\u00f0arportinu og setti sig \u00fear. Og sj\u00e1, \u00fe\u00e1 erfinginn gekk \u00fear framhj\u00e1 tala\u00f0i B\u00f3as til hans og sag\u00f0i: &#8222;Kom og set \u00feig ni\u00f0ur h\u00e9r e\u00f0ur \u00fear.&#8220; Og hann kom og settist ni\u00f0ur.<\/p>\n<p>\tOg B\u00f3as t\u00f3k t\u00edu \u00f6ldunga af borgarm\u00f6nnunum og ba\u00f0 \u00fe\u00e1 sitja og \u00feeir settust ni\u00f0ur. \u00de\u00e1 m\u00e6lti B\u00f3as til erfingjans: &#8222;Naem\u00ed sem aftur er komin af landi \u00feeirra Moabitarum vill selja \u00feann part akurs sem heyr\u00f0i til vorum br\u00f3\u00f0ur El\u00edmelek. \u00dev\u00ed \u00feenkta eg m\u00e9r a\u00f0 l\u00e1ta \u00fea\u00f0 koma fyrir \u00fe\u00edn eyru og a\u00f0 segja \u00fe\u00e9r. Ef \u00fe\u00fa vilt kaupa hann \u00fe\u00e1 kaup hann h\u00e9r fyrir borg\u00f6r\u00f6num og fyrir \u00feeim \u00f6ldungum m\u00edns f\u00f3lks. En viljir \u00fe\u00fa ekki erfa \u00fea\u00f0 \u00fe\u00e1 undirv\u00edsa \u00fe\u00fa m\u00e9r \u00fea\u00f0 so eg megi vita \u00fea\u00f0. \u00dev\u00ed a\u00f0 \u00fear er enginn erfingi nema \u00fe\u00fa og eg n\u00e6st \u00fe\u00e9r.&#8220; Hann sag\u00f0i: &#8222;Akurinn vil eg kaupa.&#8220;<\/p>\n<p>\tB\u00f3as svara\u00f0i: &#8222;\u00c1 hverjum degi sem \u00fe\u00fa kaupir \u00feann akur af hendi Naem\u00ed \u00fe\u00e1 hl\u00fdtur \u00fe\u00fa og svo a\u00f0 taka \u00fe\u00e9r til eiginkonu \u00fe\u00e1 m\u00f3versku Rut hverja e\u00f0 \u00e1tti framli\u00f0inn (fr\u00e6ndi vor) svo \u00fe\u00fa uppvekir eitt nafn \u00feeim inum arfgengna \u00e1 hans erf\u00f0aparti.&#8220; \u00de\u00e1 svara\u00f0i hann: &#8222;Eigi kann eg \u00feann akur til m\u00edn a\u00f0 leysa svo a\u00f0 eg ekki \u00fear me\u00f0 fordjarfi m\u00edna erf\u00f0. <span class=\"athugasemd\" title=\"Deut. 25\">[<\/span> Erf\u00f0u \u00fea\u00f0 sem eg skyldi erfa \u00fev\u00ed ekki get eg erft \u00fea\u00f0.&#8220; En \u00fea\u00f0 var forn venja \u00ed \u00cdsrael n\u00e6r e\u00f0 nokkur vildi ekki erfa e\u00f0a kaupa nokku\u00f0 g\u00f3ss, so a\u00f0 \u00fea\u00f0 skyldi standa \u00f3brig\u00f0ult \u00fe\u00e1 t\u00f3k hann sinn sk\u00f3 af s\u00ednum f\u00e6ti og gaf \u00feeim hinum \u00f6\u00f0rum. Og \u00feetta var vitnisbur\u00f0ur \u00ed \u00cdsrael.<\/p>\n<p>\tOg erfinginn sag\u00f0i til B\u00f3as: &#8222;Kaup \u00fe\u00fa hann&#8220; og hann t\u00f3k sk\u00f3inn af s\u00ednum f\u00e6ti. \u00de\u00e1 sag\u00f0i B\u00f3as til \u00f6ldunganna og til alls f\u00f3lksins: &#8222;Eg tek y\u00f0ur til vitnis \u00e1 \u00feessum degi a\u00f0 eg hefi keypt af Naem\u00ed hendi allt \u00fea\u00f0 sem El\u00edmelek tilheyr\u00f0i og allt \u00fea\u00f0 sem heyr\u00f0i til Kilj\u00f3n og Mahl\u00f3n. <span class=\"athugasemd\" title=\"B\u00f3as tekur Rut til eiginkvinnu\">[<\/span> H\u00e9r me\u00f0 tek eg og svo Rut \u00fe\u00e1 m\u00f3versku m\u00e9r til kvinnu, sem var Mal\u00f3n kvinna, svo eg uppveki \u00feeim framli\u00f0na eitt nafn \u00ed sinni erf\u00f0 svo a\u00f0 hans nafn skuli eigi ver\u00f0a afm\u00e1\u00f0 me\u00f0al hans br\u00e6\u00f0ra n\u00e9 af hans sta\u00f0 \u00ed portinu. \u00deessa hlutar eru \u00fe\u00e9r vitni \u00e1 \u00feessum degi.&#8220;<\/p>\n<p>\tOg allt f\u00f3lki\u00f0 sem var \u00ed sta\u00f0arportinu og \u00f6ldungarnir s\u00f6g\u00f0u: &#8222;\u00deess erum v\u00e9r vitni. Drottinn gj\u00f6ri \u00feessa kvinnu sem a\u00f0 kemur \u00ed \u00feitt h\u00fas eins og hann gj\u00f6r\u00f0i Rakel og Lea hverjar b\u00e1\u00f0ar a\u00f0 uppbygg\u00f0u Israelis h\u00fas og vaxi (h\u00fan) mj\u00f6g \u00ed Efrata og ver\u00f0i pr\u00edsu\u00f0 \u00ed Betlehem. <span class=\"athugasemd\" title=\"Gen. 33\">[<\/span> Og ver\u00f0i \u00feitt h\u00fas sem h\u00fas Peres hvern a\u00f0 Tamar f\u00e6ddi J\u00fada, af \u00fev\u00ed afsprengi sem Drottinn skal gefa \u00fe\u00e9r af \u00feessari ungri kvinnu.&#8220;<\/p>\n<p>\tSvo gekk n\u00fa B\u00f3as a\u00f0 eiga Rut. Og \u00fe\u00e1 hann gekk inn til hennar \u00fe\u00e1 gaf Gu\u00f0 henni a\u00f0 h\u00fan var\u00f0 \u00f3l\u00e9tt og f\u00e6ddi einn son. \u00de\u00e1 s\u00f6g\u00f0u kvinnurnar til Naem\u00ed: &#8222;Lofa\u00f0ur s\u00e9 Drottinn sem a\u00f0 eigi vildi l\u00e1ta \u00feig erfingjalausa \u00e1 \u00feessum t\u00edma svo a\u00f0 hans nafn skyldi bl\u00edfa \u00ed \u00cdsrael. Hann mun endurl\u00edfga \u00feig og annast \u00fe\u00edna elli \u00fev\u00ed a\u00f0 \u00fe\u00edn sonarkvinna sem \u00feig elska\u00f0i hefur f\u00e6tt \u00feann sem \u00fe\u00e9r er betri en sj\u00f6 synir.&#8220; <span class=\"athugasemd\" title=\"\u00d3be\u00f0 afi Dav\u00ed\u00f0s\">[<\/span> <\/p>\n<p>\tOg Naem\u00ed t\u00f3k barni\u00f0 og lag\u00f0i \u00fea\u00f0 \u00ed sitt skaut og f\u00f3stra\u00f0i \u00fea\u00f0 upp. Og hennar grannkonur g\u00e1fu \u00fev\u00ed nafn og s\u00f6g\u00f0u: &#8222;Naem\u00ed er f\u00e6ddur einn son&#8220; og nefndu hann \u00d3be\u00f0. Hann er fa\u00f0ir Jesse, f\u00f6\u00f0ur Dav\u00ed\u00f0s.<\/p>\n<p>\t\u00deetta er Peres kynkv\u00edsl: Peres gat Hesr\u00f3n, Hesr\u00f3n gat Ram, Ram gat Am\u00ednadab, Am\u00ednadab gat Nahasson, Nahasson gat Salma, Salma gat B\u00f3as, B\u00f3as gat \u00d3be\u00f0, \u00d3be\u00f0 gat Jesse, Jesse gat Dav\u00ed\u00f0. <span class=\"athugasemd\" title=\"Linea Christi \/ Peres \u00e6tt \/ Math. 1 \/ 1. Para. 2\">[<\/span> <\/p>\n<p>Endir B\u00f3karinnar Rut<\/p>\n","protected":false},"excerpt":{"rendered":"<p>IIII. Og B\u00f3as gekk upp a\u00f0 sta\u00f0arportinu og setti sig \u00fear. Og sj\u00e1, \u00fe\u00e1 erfinginn gekk \u00fear framhj\u00e1 tala\u00f0i B\u00f3as til hans og sag\u00f0i: &#8222;Kom og set \u00feig ni\u00f0ur h\u00e9r e\u00f0ur \u00fear.&#8220; Og hann kom og settist ni\u00f0ur. Og B\u00f3as t\u00f3k t\u00edu \u00f6ldunga af borgarm\u00f6nnunum og ba\u00f0 \u00fe\u00e1 sitja og \u00feeir settust ni\u00f0ur. \u00de\u00e1 m\u00e6lti B\u00f3as til erfingjans: &#8222;Naem\u00ed sem aftur er komin af landi \u00feeirra Moabitarum vill selja \u00feann part akurs sem heyr\u00f0i til vorum br\u00f3\u00f0ur El\u00edmelek. \u00dev\u00ed \u00feenkta eg m\u00e9r a\u00f0 l\u00e1ta \u00fea\u00f0 koma fyrir \u00fe\u00edn eyru og a\u00f0 segja \u00fe\u00e9r. Ef \u00fe\u00fa vilt kaupa hann \u00fe\u00e1 kaup <a href=\"https:\/\/biblian.is\/gudbrandsbiblia\/rutarbok-4-kafli\/\"> [&#8230;]<\/a><\/p>\n","protected":false},"author":1,"featured_media":0,"parent":0,"menu_order":0,"comment_status":"open","ping_status":"open","template":"bibliukaflar.php","meta":{"footnotes":""},"class_list":["post-2928","page","type-page","status-publish","hentry"],"_links":{"self":[{"href":"https:\/\/biblian.is\/gudbrandsbiblia\/wp-json\/wp\/v2\/pages\/2928","targetHints":{"allow":["GET"]}}],"collection":[{"href":"https:\/\/biblian.is\/gudbrandsbiblia\/wp-json\/wp\/v2\/pages"}],"about":[{"href":"https:\/\/biblian.is\/gudbrandsbiblia\/wp-json\/wp\/v2\/types\/page"}],"author":[{"embeddable":true,"href":"https:\/\/biblian.is\/gudbrandsbiblia\/wp-json\/wp\/v2\/users\/1"}],"replies":[{"embeddable":true,"href":"https:\/\/biblian.is\/gudbrandsbiblia\/wp-json\/wp\/v2\/comments?post=2928"}],"version-history":[{"count":0,"href":"https:\/\/biblian.is\/gudbrandsbiblia\/wp-json\/wp\/v2\/pages\/2928\/revisions"}],"wp:attachment":[{"href":"https:\/\/biblian.is\/gudbrandsbiblia\/wp-json\/wp\/v2\/media?parent=2928"}],"curies":[{"name":"wp","href":"https:\/\/api.w.org\/{rel}","templated":true}]}}