{"id":2897,"date":"2017-12-18T18:32:04","date_gmt":"2017-12-18T18:32:04","guid":{"rendered":"http:\/\/biblian.is\/gudbrandsbiblia\/josuabok-18-kafli\/"},"modified":"2017-12-18T18:32:04","modified_gmt":"2017-12-18T18:32:04","slug":"josuabok-18-kafli","status":"publish","type":"page","link":"https:\/\/biblian.is\/gudbrandsbiblia\/josuabok-18-kafli\/","title":{"rendered":"J\u00f3s\u00faab\u00f3k 18. kafli"},"content":{"rendered":"<p>XVIII.<\/p>\n<p>Og allur alm\u00fagi Israelissona kom til samans \u00ed S\u00edl\u00f3 og uppreistu \u00fear vitnisbur\u00f0arins tjaldb\u00fa\u00f0 og landi\u00f0 var \u00feeim undirgefi\u00f0. <span class=\"athugasemd\" title=\"S\u00e1ttm\u00e1lsaurkin uppreist \u00ed S\u00edl\u00f3\">[<\/span> En \u00fear voru \u00fe\u00e1 enn sj\u00f6 \u00e6ttir Israelissona hverjum \u00fe\u00e1 var \u00f6ngv\u00f6 til erf\u00f0a skipt. Og J\u00f3s\u00faa sag\u00f0i til \u00cdsraelssona: &#8222;\u00dev\u00ed eru \u00fe\u00e9r so lengi \u00f3mennskufullir a\u00f0 \u00fe\u00e9r fari\u00f0 ei a\u00f0 eignast landi\u00f0 \u00fea\u00f0 sem Drottinn y\u00f0ra fe\u00f0ra Gu\u00f0 gaf y\u00f0ur? \u00datvelji\u00f0 y\u00f0ur \u00ferj\u00e1 menn af s\u00e9rhverri \u00e6tt so eg megi senda \u00fe\u00e1 \u00feanga\u00f0 a\u00f0 \u00feeir megi tilrei\u00f0a sig a\u00f0 fara \u00ed gegnum landi\u00f0 og uppskrifa \u00fea\u00f0 eftir \u00feeirra arfleif\u00f0 og koma so til m\u00edn aftur.<\/p>\n<p>\tSkipti\u00f0 landinu \u00ed sj\u00f6 parta. J\u00fada skal bl\u00edfa \u00ed s\u00ednu takmarki \u00e1 \u00fe\u00e1 sy\u00f0ri s\u00ed\u00f0u og J\u00f3sefs h\u00fas skal bl\u00edfa \u00ed s\u00ednu landamerki \u00ed m\u00f3t nor\u00f0ri. En \u00fe\u00e9r skulu\u00f0 uppskrifa \u00fe\u00e1 sj\u00f6 parta \u00ed landinu og f\u00e6ri\u00f0 m\u00e9r \u00fea\u00f0 skrif, so vil eg leggja \u00e1 hluti fyrir Drottni vorum Gu\u00f0i. <span class=\"athugasemd\" title=\"Num. 18 \/ Deut. 18\">[<\/span> \u00dev\u00ed a\u00f0 Lev\u00edtarnir hafa \u00f6ngvan part \u00e1 me\u00f0al y\u00f0ar heldur er Drottins kennimannsskapur \u00feeirra arfleif\u00f0. Ga\u00f0 og R\u00faben og h\u00e1lfpart af Manasse \u00e6tt hafa fengi\u00f0 sinn hlut hinumegin J\u00f3rdanar \u00ed m\u00f3t austri sem M\u00f3ses Gu\u00f0s \u00fe\u00e9nari gaf \u00feeim.&#8220;<\/p>\n<p>\tEftir \u00feetta t\u00f3ku mennirnir sig upp og f\u00f3ru af sta\u00f0. Og J\u00f3s\u00faa b\u00edfala\u00f0i \u00feeim a\u00f0 fara \u00feanga\u00f0 og uppskrifa landi\u00f0 og sag\u00f0i: &#8222;Fari\u00f0 og reisi\u00f0 \u00ed gegnum landi\u00f0 og skrifi\u00f0 \u00fea\u00f0 upp og komi\u00f0 til m\u00edn aftur so eg megi h\u00e9r \u00ed S\u00edl\u00f3 ksata y\u00f0ar hluti fyrir Drottni.&#8220; S\u00ed\u00f0an f\u00f3ru \u00feessir menn af sta\u00f0 og gengu \u00ed gegnum landi\u00f0 og uppskrifu\u00f0u \u00fea\u00f0 \u00e1 einu br\u00e9fi \u00ed sj\u00f6 parta eftir borgunum og komu aftur til J\u00f3s\u00faa \u00ed herb\u00fa\u00f0irnar \u00ed S\u00edl\u00f3. S\u00ed\u00f0an lag\u00f0i J\u00f3s\u00faa hluti millum \u00feeirra fyrir Drottni \u00ed S\u00edl\u00f3 og \u00fatskipti \u00fev\u00ed landi \u00e1 millum Israelissona hverjum sitt hlutskipti.<\/p>\n<p>\tOg hlutfall f\u00e9ll sonum Benjam\u00edn\u00e6ttar eftir \u00feeirra kynkv\u00edslum og landamerki \u00feeirra hluta gekk \u00e1 millum sona J\u00fada og J\u00f3sefssona. Og \u00feeirra landamerki voru \u00ed horni\u00f0 \u00e1 m\u00f3t nor\u00f0ri fr\u00e1 J\u00f3rdan og gengu af nor\u00f0ri upp hj\u00e1 Jer\u00edk\u00f3 og gengur \u00fear fr\u00e1 \u00ed vestur upp til fjallanna og gengur \u00fat til ey\u00f0imerkur Bet Aven og gengur \u00fear fr\u00e1 til L\u00fas og gengur framhj\u00e1 L\u00fas m\u00f3t su\u00f0ri, \u00fea\u00f0 er Betel, og liggur ofan til Atar\u00f3t Adar hj\u00e1 fjallinu sem liggur \u00ed su\u00f0ur upp til \u00feess sta\u00f0arins ne\u00f0ra Bet H\u00f3ron. S\u00ed\u00f0an beygir \u00fea\u00f0 sig og sn\u00fdr s\u00e9r a\u00f0 \u00fev\u00ed landhorni sem liggur \u00ed su\u00f0ur hj\u00e1 fjallinu hvert a\u00f0 liggur \u00ed m\u00f3t su\u00f0ri \u00fevert yfir fr\u00e1 Bet H\u00f3ron og endast vi\u00f0 Kirjat Baal, \u00fea\u00f0 er Kirjat Jear\u00edm, sta\u00f0ur sona J\u00fada, og \u00fea\u00f0 er vestra horni\u00f0.<\/p>\n<p>\tEn \u00fea\u00f0 horn m\u00f3t su\u00f0ri er fr\u00e1 Kirjat Jear\u00edm og gengur \u00ed vestur og kemur \u00fat til Neft\u00f3a vatsuppsprettu og gengur ni\u00f0ur til enda fjallsins og liggur \u00fevert yfir fr\u00e1 Hinnamsonadal hver a\u00f0 liggur \u00ed dal Rafa\u00edm \u00ed m\u00f3t nor\u00f0ri og gengur \u00fea\u00f0an \u00ed m\u00f3t su\u00f0ri mitt \u00ed gegnum Hinnamdal hj\u00e1 \u00feeim Jebusitis og \u00fear fr\u00e1 \u00fat til brunns R\u00f3gel og dregur sig fr\u00e1 nor\u00f0ri og kemur \u00fat til En Semes og hleypur \u00fat til \u00feeirra h\u00e6\u00f0a sem liggja upp eftir \u00fever yfir fr\u00e1 Ad\u00fam\u00edm og gengur ni\u00f0ur til R\u00fabensona steinboga og fellur s\u00ed\u00f0an sunnanvert hj\u00e1 sl\u00e9ttlendi sem liggur \u00ed nor\u00f0ur og kemur fr\u00e1 \u00feeirri sl\u00e9ttu Markr og gengur upp me\u00f0 s\u00ed\u00f0unni hj\u00e1 Bethagla nor\u00f0anvert og endist hj\u00e1 tungunni \u00feeirri sem skerst \u00ed \u00feann salta sj\u00f3 \u00ed nor\u00f0ur hj\u00e1 J\u00f3rdan \u00ed su\u00f0ur\u00e1tt. Og \u00feetta er \u00fea\u00f0 sy\u00f0ra landamerki.<\/p>\n<p>\tEn J\u00f3rdan skal vera endir \u00e1 \u00fev\u00ed eystra landshorni. \u00deetta er Benjam\u00ednsona arfleif\u00f0 \u00ed \u00feeirra landamerkjum r\u00e9tt um kring meal \u00feeirra slektis.<\/p>\n<p>\t\u00deessar eru borgir Benjam\u00ednsona \u00e6ttar \u00e1 me\u00f0al \u00feeirra kynkv\u00edsla: Jer\u00edk\u00f3, Bethagla, Emekkes\u00eds, Bet Araba, Semara\u00edm, Betel, Av\u00edn, Hapara, Ofra, Kaftar Am\u00f3na\u00ed, Afn\u00ed, Gaba, \u00fea\u00f0 eru t\u00f3lf borgir me\u00f0 \u00feeirra \u00feorpum. <span class=\"athugasemd\" title=\"J\u00f3h. 2\">[<\/span> G\u00edbeon, Rama, Beer\u00f3t, Mispe, Kaf\u00edra, M\u00f3sa, Rekem, Jerpeel, Tareala, Sela, Elef og \u00feeir Jebusiter, \u00fea\u00f0 er Jer\u00fasalem, G\u00edbea\u00f0, Kirja\u00f0, fj\u00f3rt\u00e1n borgir me\u00f0 \u00feeirra \u00feorpum. <span class=\"athugasemd\" title=\"Jer\u00fasalem\">[<\/span> \u00deetta er Benjam\u00edn erf\u00f0 \u00ed \u00feeirra kynkv\u00edslum.<\/p>\n","protected":false},"excerpt":{"rendered":"<p>XVIII. Og allur alm\u00fagi Israelissona kom til samans \u00ed S\u00edl\u00f3 og uppreistu \u00fear vitnisbur\u00f0arins tjaldb\u00fa\u00f0 og landi\u00f0 var \u00feeim undirgefi\u00f0. [ En \u00fear voru \u00fe\u00e1 enn sj\u00f6 \u00e6ttir Israelissona hverjum \u00fe\u00e1 var \u00f6ngv\u00f6 til erf\u00f0a skipt. Og J\u00f3s\u00faa sag\u00f0i til \u00cdsraelssona: &#8222;\u00dev\u00ed eru \u00fe\u00e9r so lengi \u00f3mennskufullir a\u00f0 \u00fe\u00e9r fari\u00f0 ei a\u00f0 eignast landi\u00f0 \u00fea\u00f0 sem Drottinn y\u00f0ra fe\u00f0ra Gu\u00f0 gaf y\u00f0ur? \u00datvelji\u00f0 y\u00f0ur \u00ferj\u00e1 menn af s\u00e9rhverri \u00e6tt so eg megi senda \u00fe\u00e1 \u00feanga\u00f0 a\u00f0 \u00feeir megi tilrei\u00f0a sig a\u00f0 fara \u00ed gegnum landi\u00f0 og uppskrifa \u00fea\u00f0 eftir \u00feeirra arfleif\u00f0 og koma so til m\u00edn aftur. Skipti\u00f0 landinu \u00ed <a href=\"https:\/\/biblian.is\/gudbrandsbiblia\/josuabok-18-kafli\/\"> [&#8230;]<\/a><\/p>\n","protected":false},"author":1,"featured_media":0,"parent":0,"menu_order":0,"comment_status":"open","ping_status":"open","template":"bibliukaflar.php","meta":{"footnotes":""},"class_list":["post-2897","page","type-page","status-publish","hentry"],"_links":{"self":[{"href":"https:\/\/biblian.is\/gudbrandsbiblia\/wp-json\/wp\/v2\/pages\/2897","targetHints":{"allow":["GET"]}}],"collection":[{"href":"https:\/\/biblian.is\/gudbrandsbiblia\/wp-json\/wp\/v2\/pages"}],"about":[{"href":"https:\/\/biblian.is\/gudbrandsbiblia\/wp-json\/wp\/v2\/types\/page"}],"author":[{"embeddable":true,"href":"https:\/\/biblian.is\/gudbrandsbiblia\/wp-json\/wp\/v2\/users\/1"}],"replies":[{"embeddable":true,"href":"https:\/\/biblian.is\/gudbrandsbiblia\/wp-json\/wp\/v2\/comments?post=2897"}],"version-history":[{"count":0,"href":"https:\/\/biblian.is\/gudbrandsbiblia\/wp-json\/wp\/v2\/pages\/2897\/revisions"}],"wp:attachment":[{"href":"https:\/\/biblian.is\/gudbrandsbiblia\/wp-json\/wp\/v2\/media?parent=2897"}],"curies":[{"name":"wp","href":"https:\/\/api.w.org\/{rel}","templated":true}]}}