{"id":2882,"date":"2017-12-18T18:32:00","date_gmt":"2017-12-18T18:32:00","guid":{"rendered":"http:\/\/biblian.is\/gudbrandsbiblia\/josuabok-3-kafli\/"},"modified":"2017-12-18T18:32:00","modified_gmt":"2017-12-18T18:32:00","slug":"josuabok-3-kafli","status":"publish","type":"page","link":"https:\/\/biblian.is\/gudbrandsbiblia\/josuabok-3-kafli\/","title":{"rendered":"J\u00f3s\u00faab\u00f3k 3. kafli"},"content":{"rendered":"<p>III.<\/p>\n<p>Og J\u00f3s\u00faa st\u00f3\u00f0 upp mj\u00f6g snemma morguns og \u00feeir fer\u00f0u\u00f0ust fr\u00e1 Sitt\u00edm og komu til J\u00f3rdanar, hann og allir \u00cdsraelissynir, og voru \u00fear um n\u00f3ttina \u00e1\u00f0ur \u00feeir f\u00e6ri yfir um. <span class=\"athugasemd\" title=\"J\u00f3s\u00faa kemur a\u00f0 J\u00f3rdan\">[<\/span> En \u00ferimur d\u00f6gum \u00fear eftir gengu h\u00f6fu\u00f0smennirnir um allar herb\u00fa\u00f0irnar, bu\u00f0u f\u00f3lkinu og s\u00f6g\u00f0u: &#8222;\u00deegar \u00fe\u00e9r sj\u00e1i\u00f0 Drottins Gu\u00f0s y\u00f0ars s\u00e1ttm\u00e1lans \u00f6rk og prestana af Lev\u00edt\u00f6num berandi hana \u00fe\u00e1 dragi\u00f0 \u00fat hver af s\u00ednum sta\u00f0 og fylgi\u00f0 henni eftir. \u00de\u00f3 so a\u00f0 \u00fear s\u00e9 tveggja \u00fe\u00fasund \u00e1lna r\u00fam \u00ed millum y\u00f0ar og hennar. \u00de\u00e9r skulu\u00f0 ekki ganga mj\u00f6g n\u00e6rri henni so a\u00f0 \u00fe\u00e9r megi\u00f0 vita hvern veg \u00fe\u00e9r skulu\u00f0 fara \u00fev\u00ed \u00fe\u00e9r hafi\u00f0 ekki fyrr gengi\u00f0 \u00feennan veg.&#8220;<\/p>\n<p>\tOg J\u00f3s\u00faa sag\u00f0i til f\u00f3lksins: &#8222;Helgi\u00f0 y\u00f0ur \u00fev\u00ed a\u00f0 Drottinn mun gj\u00f6ra d\u00e1semdarverk \u00e1 morgun \u00e1 me\u00f0al y\u00f0ar.&#8220; Og hann sag\u00f0i til prestanna: &#8222;Beri\u00f0 s\u00e1ttm\u00e1lans \u00f6rkina og gangi\u00f0 undan f\u00f3lkinu.&#8220; Og \u00feeir t\u00f3ku \u00f6rkina og b\u00e1ru hana undan f\u00f3lkinu. Og Drottinn sag\u00f0i til J\u00f3s\u00faa: &#8222;\u00c1 \u00feessum degi vil eg taka til a\u00f0 mikla \u00feig fyrir \u00f6llum \u00cdsrael svo a\u00f0 \u00feeir skulu vita a\u00f0 so sem eg var me\u00f0 M\u00f3se so l\u00edka vil eg vera me\u00f0 \u00fe\u00e9r. Og bj\u00f3\u00f0 \u00fe\u00fa prestunum sem bera s\u00e1ttm\u00e1lans \u00f6rkina og seg: \u00de\u00e1 \u00fe\u00e9r st\u00edgi\u00f0 fyrst \u00ed J\u00f3rdanarvatn \u00fe\u00e1 standi\u00f0 \u00fear kyrrir.&#8220;<\/p>\n<p>\tOg J\u00f3s\u00faa sag\u00f0i til \u00cdsraelssona: &#8222;Komi\u00f0 hinga\u00f0 og heyri\u00f0 Drottins y\u00f0ars Gu\u00f0s or\u00f0.&#8220; Og hann sag\u00f0i: &#8222;\u00dear af skulu \u00fe\u00e9r vita a\u00f0 s\u00e1 lifandi Gu\u00f0 er \u00e1 me\u00f0al y\u00f0ar og a\u00f0 hann skal \u00fatdr\u00edfa fyri y\u00f0ur \u00fe\u00e1 Cananeos, Heteos, Heviteos, Phereseos, Gergositeos, Amoreos og Jebuseos. Sj\u00e1, s\u00e1ttm\u00e1lans \u00f6rk hans sem r\u00e6\u00f0ur yfir alla ver\u00f6ld h\u00fan skal fara undan y\u00f0ur \u00ed J\u00f3rdan. So taki\u00f0 n\u00fa t\u00f3lf menn af \u00cdsraels \u00e6ttkv\u00edslum, sinn mann af hverjum kyn\u00fe\u00e6tti, og \u00fe\u00e1 prestarnir sem bera Drottins s\u00e1ttm\u00e1lans \u00f6rk sem drottnar yfir allri ver\u00f6ld drepa s\u00ednum f\u00f3tum \u00ed J\u00f3rdans vatn \u00fe\u00e1 skal vatni\u00f0 skiljast a\u00f0, \u00fea\u00f0 sem rennur ofan a\u00f0, og safnast saman \u00ed eitt \u00ed J\u00f3rdan.&#8220;<\/p>\n<p>\tEn sem f\u00f3lki\u00f0 f\u00f3r n\u00fa af s\u00ednum tjaldb\u00fa\u00f0um og \u00feeir skyldu reisa yfir J\u00f3rdan og prestarnir b\u00e1ru s\u00e1ttm\u00e1lans \u00f6rkina fyrir f\u00f3lkinu og komu a\u00f0 J\u00f3rdan so a\u00f0 \u00feeir dr\u00e1pu s\u00ednum f\u00f3tum \u00ed vatni\u00f0 (en <span class=\"athugasemd\" title=\"a \/ (J\u00f3rdan) \u00deessi historia merkir \u00fea\u00f0 a\u00f0 Christus hvern postularnir \u00ed evangelio framsetja fyrir oss og bera undan oss, hann s\u00e9 s\u00e1 sem oss lei\u00f0i \u00ed himer\u00edke \u00ed gegnum \u00feurra J\u00f3rdan, hver e\u00f0 \u00feornar full upp \u00e1 bakka, \u00fea\u00f0 er l\u00f6gm\u00e1li\u00f0 hvert e\u00f0 me\u00f0 verkunum \u00fej\u00e1ir oss og a\u00f0 \u00ferengir, \u00fea\u00f0 l\u00e6tur undan fyrir evangelium svo a\u00f0 vorar samviskur eru fyrir l\u00f6gm\u00e1linu gla\u00f0ar og \u00f3hr\u00e6ddar og ugglausar og eftirfylgja Christo alleina \u00ed tr\u00fanni et c.\">[<\/span> J\u00f3rdan fylldi allan sinn farveg upp \u00e1 bakka um allan kornskur\u00f0art\u00edmann) \u00fe\u00e1 nam straumurinn sta\u00f0ar s\u00e1 sem rann ofan a\u00f0 og \u00fer\u00fatna\u00f0i saman \u00ed eina h\u00e6\u00f0 mj\u00f6g langt fr\u00e1 f\u00f3lkinu \u00feess sta\u00f0ar sem liggur vi\u00f0 Sartan. En vatni\u00f0 \u00e1rinnar fyrir ne\u00f0an fram rann til hafsins allt \u00ed saltan sj\u00f3 og \u00feorna\u00f0i upp me\u00f0 \u00f6llu og rann \u00ed burt. So gekk f\u00f3lki\u00f0 yfir um gagnvart Jer\u00edk\u00f3. En prestarnir sem b\u00e1ru Drottins s\u00e1ttm\u00e1ls\u00f6rk st\u00f3\u00f0u kyrrir mitt \u00ed J\u00f3rdan \u00e1 \u00feurrum f\u00f3tum. Og allt \u00cdsraelsf\u00f3lk gekk \u00feurrum f\u00f3tum yfir um \u00feanga\u00f0 til a\u00f0 allt f\u00f3lki\u00f0 var yfir um J\u00f3rdan komi\u00f0.<\/p>\n","protected":false},"excerpt":{"rendered":"<p>III. Og J\u00f3s\u00faa st\u00f3\u00f0 upp mj\u00f6g snemma morguns og \u00feeir fer\u00f0u\u00f0ust fr\u00e1 Sitt\u00edm og komu til J\u00f3rdanar, hann og allir \u00cdsraelissynir, og voru \u00fear um n\u00f3ttina \u00e1\u00f0ur \u00feeir f\u00e6ri yfir um. [ En \u00ferimur d\u00f6gum \u00fear eftir gengu h\u00f6fu\u00f0smennirnir um allar herb\u00fa\u00f0irnar, bu\u00f0u f\u00f3lkinu og s\u00f6g\u00f0u: &#8222;\u00deegar \u00fe\u00e9r sj\u00e1i\u00f0 Drottins Gu\u00f0s y\u00f0ars s\u00e1ttm\u00e1lans \u00f6rk og prestana af Lev\u00edt\u00f6num berandi hana \u00fe\u00e1 dragi\u00f0 \u00fat hver af s\u00ednum sta\u00f0 og fylgi\u00f0 henni eftir. \u00de\u00f3 so a\u00f0 \u00fear s\u00e9 tveggja \u00fe\u00fasund \u00e1lna r\u00fam \u00ed millum y\u00f0ar og hennar. \u00de\u00e9r skulu\u00f0 ekki ganga mj\u00f6g n\u00e6rri henni so a\u00f0 \u00fe\u00e9r megi\u00f0 vita hvern veg \u00fe\u00e9r <a href=\"https:\/\/biblian.is\/gudbrandsbiblia\/josuabok-3-kafli\/\"> [&#8230;]<\/a><\/p>\n","protected":false},"author":1,"featured_media":0,"parent":0,"menu_order":0,"comment_status":"open","ping_status":"open","template":"bibliukaflar.php","meta":{"footnotes":""},"class_list":["post-2882","page","type-page","status-publish","hentry"],"_links":{"self":[{"href":"https:\/\/biblian.is\/gudbrandsbiblia\/wp-json\/wp\/v2\/pages\/2882","targetHints":{"allow":["GET"]}}],"collection":[{"href":"https:\/\/biblian.is\/gudbrandsbiblia\/wp-json\/wp\/v2\/pages"}],"about":[{"href":"https:\/\/biblian.is\/gudbrandsbiblia\/wp-json\/wp\/v2\/types\/page"}],"author":[{"embeddable":true,"href":"https:\/\/biblian.is\/gudbrandsbiblia\/wp-json\/wp\/v2\/users\/1"}],"replies":[{"embeddable":true,"href":"https:\/\/biblian.is\/gudbrandsbiblia\/wp-json\/wp\/v2\/comments?post=2882"}],"version-history":[{"count":0,"href":"https:\/\/biblian.is\/gudbrandsbiblia\/wp-json\/wp\/v2\/pages\/2882\/revisions"}],"wp:attachment":[{"href":"https:\/\/biblian.is\/gudbrandsbiblia\/wp-json\/wp\/v2\/media?parent=2882"}],"curies":[{"name":"wp","href":"https:\/\/api.w.org\/{rel}","templated":true}]}}