{"id":2879,"date":"2017-12-18T18:32:00","date_gmt":"2017-12-18T18:32:00","guid":{"rendered":"http:\/\/biblian.is\/gudbrandsbiblia\/fimmta-mosebok-34-kafli\/"},"modified":"2017-12-18T18:32:00","modified_gmt":"2017-12-18T18:32:00","slug":"fimmta-mosebok-34-kafli","status":"publish","type":"page","link":"https:\/\/biblian.is\/gudbrandsbiblia\/fimmta-mosebok-34-kafli\/","title":{"rendered":"Fimmta M\u00f3seb\u00f3k 34. kafli"},"content":{"rendered":"<p>Og M\u00f3ses gekk \u00ed burt af v\u00f6llunum \u00feeirra Moabitis upp \u00e1 fjalli\u00f0 Neb\u00f3, upp \u00e1 h\u00e6stu h\u00e6\u00f0irnar fjallsins Pisga, jafngegnt Jer\u00edk\u00f3. <span class=\"athugasemd\" title=\"Deut. 3\">[<\/span> Og Drottinn s\u00fdndi honum gj\u00f6rvallt landi\u00f0 G\u00edlea\u00f0 allt til Dan og gj\u00f6rvallt Neftal\u00ed og Efra\u00edm og Manasses land og gj\u00f6rvallt landi\u00f0 J\u00fada, \u00fat til hins ysta hafsins og \u00ed m\u00f3t su\u00f0rinu og \u00fea\u00f0 sl\u00e9tta v\u00ed\u00f0lendi\u00f0 gegnt Jer\u00edk\u00f3 \u00feeim p\u00e1lmvi\u00f0arsta\u00f0num allt til S\u00f3ar. <span class=\"athugasemd\" title=\"Gen. 12; 15\">[<\/span> Og Drottinn sag\u00f0i til hans: &#8222;\u00deetta er \u00fea\u00f0 landi\u00f0 sem eg hefi svari\u00f0 Abraham, \u00cdsak og Jakob og sagt: Eg vil gefa \u00fe\u00ednu s\u00e6\u00f0i \u00fea\u00f0. \u00de\u00fa hefur n\u00fa s\u00e9\u00f0 \u00fea\u00f0 me\u00f0 \u00fe\u00ednum augum en \u00fe\u00fa skalt ekki ganga h\u00e9r yfir um.&#8220;<\/p>\n<p>\tOg M\u00f3ses s\u00e1 \u00fe\u00e9nari Drottins anda\u00f0ist \u00fear \u00ed \u00feeim sama sta\u00f0 \u00ed Moabitislandi eftir or\u00f0i Drottins. <span class=\"athugasemd\" title=\"M\u00f3ses andast fyrsta dag marty Anno Mundi Mmccccxciy \/ Fyrir Christi hinga\u00f0bur\u00f0 Mcccclxviy\">[<\/span> Og hann jar\u00f0a\u00f0i hann \u00ed einum dal \u00ed Moabitislandi \u00fevert yfir fr\u00e1 \u00fev\u00ed h\u00fasinu Pe\u00f3r og enginn veit enn n\u00fa af hans gr\u00f6f allt til \u00feessa dags. Og M\u00f3ses var hundra\u00f0 og tuttugu \u00e1ra gamall \u00fe\u00e1 hann anda\u00f0ist. Eigi glaptist honum s\u00fdn og ei minnka\u00f0i honum hans mannskapur. Og \u00cdsraelsb\u00f6rn gr\u00e9tu M\u00f3sen \u00ed \u00ferj\u00e1t\u00edgi daga \u00e1 \u00feeim sl\u00e9ttu v\u00f6llunum \u00ed Moabitislandi. \u00dear me\u00f0 \u00fe\u00e1 fullkomna\u00f0ist harmsins og \u00feeir hrygg\u00f0ardagarnir eftir M\u00f3sen.<\/p>\n<p>\tOg J\u00f3s\u00faa son N\u00fan uppfylltist af v\u00edsd\u00f3msanda \u00fev\u00ed a\u00f0 M\u00f3ses haf\u00f0i lagt s\u00ednar hendur yfir hann. Og \u00cdsraelssynir hl\u00fdddu honum og gj\u00f6r\u00f0u so sem Drottinn haf\u00f0i bo\u00f0i\u00f0 M\u00f3se. Og \u00fear reis enginn svoddan prophete s\u00ed\u00f0ar meir upp \u00ed \u00cdsrael sem M\u00f3ses hvern e\u00f0 Drottinn so \u00feekkti fr\u00e1 augliti til auglitis, fyrir allra handa t\u00e1kn og d\u00e1semdarverk sem \u00fea\u00f0 Drottinn sendi hann til a\u00f0 gj\u00f6ra \u00ed Egyptalandi \u00e1 fara\u00f3 og \u00f6llum hans \u00fe\u00e9n\u00f6rum og \u00e1 \u00f6llu hans landi og fyrir alls kyns magtarh\u00f6nd og miklar <span class=\"athugasemd\" title=\"sword Skelfingar\">[<\/span> sj\u00f3nir sem M\u00f3ses gj\u00f6r\u00f0i fyrir augs\u00fdn alls \u00cdsraels.<\/p>\n<p>Ending hinnar Fimmtu M\u00f3ses b\u00f3kar<\/p>\n","protected":false},"excerpt":{"rendered":"<p>Og M\u00f3ses gekk \u00ed burt af v\u00f6llunum \u00feeirra Moabitis upp \u00e1 fjalli\u00f0 Neb\u00f3, upp \u00e1 h\u00e6stu h\u00e6\u00f0irnar fjallsins Pisga, jafngegnt Jer\u00edk\u00f3. [ Og Drottinn s\u00fdndi honum gj\u00f6rvallt landi\u00f0 G\u00edlea\u00f0 allt til Dan og gj\u00f6rvallt Neftal\u00ed og Efra\u00edm og Manasses land og gj\u00f6rvallt landi\u00f0 J\u00fada, \u00fat til hins ysta hafsins og \u00ed m\u00f3t su\u00f0rinu og \u00fea\u00f0 sl\u00e9tta v\u00ed\u00f0lendi\u00f0 gegnt Jer\u00edk\u00f3 \u00feeim p\u00e1lmvi\u00f0arsta\u00f0num allt til S\u00f3ar. [ Og Drottinn sag\u00f0i til hans: &#8222;\u00deetta er \u00fea\u00f0 landi\u00f0 sem eg hefi svari\u00f0 Abraham, \u00cdsak og Jakob og sagt: Eg vil gefa \u00fe\u00ednu s\u00e6\u00f0i \u00fea\u00f0. \u00de\u00fa hefur n\u00fa s\u00e9\u00f0 \u00fea\u00f0 me\u00f0 \u00fe\u00ednum augum en \u00fe\u00fa <a href=\"https:\/\/biblian.is\/gudbrandsbiblia\/fimmta-mosebok-34-kafli\/\"> [&#8230;]<\/a><\/p>\n","protected":false},"author":1,"featured_media":0,"parent":0,"menu_order":0,"comment_status":"open","ping_status":"open","template":"bibliukaflar.php","meta":{"footnotes":""},"class_list":["post-2879","page","type-page","status-publish","hentry"],"_links":{"self":[{"href":"https:\/\/biblian.is\/gudbrandsbiblia\/wp-json\/wp\/v2\/pages\/2879","targetHints":{"allow":["GET"]}}],"collection":[{"href":"https:\/\/biblian.is\/gudbrandsbiblia\/wp-json\/wp\/v2\/pages"}],"about":[{"href":"https:\/\/biblian.is\/gudbrandsbiblia\/wp-json\/wp\/v2\/types\/page"}],"author":[{"embeddable":true,"href":"https:\/\/biblian.is\/gudbrandsbiblia\/wp-json\/wp\/v2\/users\/1"}],"replies":[{"embeddable":true,"href":"https:\/\/biblian.is\/gudbrandsbiblia\/wp-json\/wp\/v2\/comments?post=2879"}],"version-history":[{"count":0,"href":"https:\/\/biblian.is\/gudbrandsbiblia\/wp-json\/wp\/v2\/pages\/2879\/revisions"}],"wp:attachment":[{"href":"https:\/\/biblian.is\/gudbrandsbiblia\/wp-json\/wp\/v2\/media?parent=2879"}],"curies":[{"name":"wp","href":"https:\/\/api.w.org\/{rel}","templated":true}]}}