{"id":2857,"date":"2017-12-18T18:31:57","date_gmt":"2017-12-18T18:31:57","guid":{"rendered":"http:\/\/biblian.is\/gudbrandsbiblia\/fimmta-mosebok-12-kafli\/"},"modified":"2017-12-18T18:31:57","modified_gmt":"2017-12-18T18:31:57","slug":"fimmta-mosebok-12-kafli","status":"publish","type":"page","link":"https:\/\/biblian.is\/gudbrandsbiblia\/fimmta-mosebok-12-kafli\/","title":{"rendered":"Fimmta M\u00f3seb\u00f3k 12. kafli"},"content":{"rendered":"<p>\u00deessi eru \u00feau bo\u00f0or\u00f0 og r\u00e9ttindi sem \u00fe\u00e9r skulu\u00f0 halda a\u00f0 \u00fe\u00e9r gj\u00f6ri\u00f0 \u00fear eftir \u00ed \u00fev\u00ed landinu sem Drottinn Gu\u00f0 fe\u00f0ra \u00feinna hefur gefi\u00f0 \u00fe\u00e9r til eignar so lengi sem \u00fe\u00e9r lifi\u00f0 \u00e1 j\u00f6r\u00f0u. <span class=\"athugasemd\" title=\"Sk\u00fargo\u00f0ad\u00fdrkan fyrirbo\u00f0in\">[<\/span> <\/p>\n<p>\tNi\u00f0urbrj\u00f3ti\u00f0 a\u00f0 velli alla \u00fe\u00e1 sta\u00f0i \u00fear sem hei\u00f0ingjarnir (\u00feeir e\u00f0 \u00fe\u00e9r skulu\u00f0 undir y\u00f0ur leggja) hafa \u00fej\u00f3na\u00f0 \u00feeirra gu\u00f0um \u00fat\u00ed, b\u00e6\u00f0i \u00e1 h\u00e1fj\u00f6llunum og \u00e1 sm\u00e1h\u00e6\u00f0unum e\u00f0a undir \u00feeim bl\u00f3mgu\u00f0um vi\u00f0artrj\u00e1num. Og ni\u00f0urr\u00edfi\u00f0 \u00feeirra <span class=\"athugasemd\" title=\"sword Altari\">[<\/span> stalla og \u00ed sundurbrj\u00f3ti\u00f0 \u00feeirra sto\u00f0ir og uppbrenni\u00f0 me\u00f0 eldi \u00feeirra lunda og \u00ed burt taki\u00f0 sk\u00fargo\u00f0 \u00feeirra afgu\u00f0a og forey\u00f0i\u00f0 \u00feeirra n\u00f6fnum af \u00feeim sama <span class=\"athugasemd\" title=\"a \/ (Sta\u00f0) \/ \u00dea\u00f0 er Jer\u00fasalem\">[<\/span> sta\u00f0.<\/p>\n<p>\t\u00de\u00e9r skulu\u00f0 ekki gj\u00f6ra Drottni Gu\u00f0i y\u00f0ar soddan, heldur \u00ed \u00feeim sta\u00f0 sem Drottinn Gu\u00f0 y\u00f0ar hann \u00fatvelur \u00e1 me\u00f0al allra y\u00f0ar kynkv\u00edsla a\u00f0 hann vilji l\u00e1ta sitt nafn \u00fear b\u00faa, \u00fear skulu \u00fe\u00e9r eftir spyrja og \u00feanga\u00f0 skulu \u00fe\u00e9r koma og flytja \u00feanga\u00f0 y\u00f0art brennioffur og a\u00f0rar y\u00f0ar f\u00f3rnir og y\u00f0ar t\u00edund og \u00fea\u00f0 upplyftingaroffur y\u00f0vara handa og y\u00f0ar heitgjafir og y\u00f0ar sj\u00e1lfkrafa f\u00f3rnir og \u00fe\u00e1 frumbur\u00f0i y\u00f0vars f\u00e9na\u00f0ar og sau\u00f0fj\u00e1r. <span class=\"athugasemd\" title=\"3 Reg. 8 \/ 2 Para. 7\">[<\/span> Og \u00fear skulu \u00fe\u00e9r eta \u00fea\u00f0 fyrir Drottni Gu\u00f0i y\u00f0ar og vera gla\u00f0ir af \u00f6llu \u00fev\u00ed sem \u00fe\u00e9r og y\u00f0art heimkynni beri\u00f0 \u00feanga\u00f0, me\u00f0ur \u00fev\u00ed sem Drottinn Gu\u00f0 \u00feinn hefur blessa\u00f0 \u00feig.<\/p>\n<p>\t\u00de\u00e9r skulu\u00f0 ekki gj\u00f6ra neitt svoddan sem v\u00e9r gj\u00f6rum h\u00e9r \u00ed dag, hver eftir \u00fev\u00ed sem honum sj\u00e1lfum \u00feykir r\u00e9tt vera. <span class=\"athugasemd\" title=\"Deut. 29\">[<\/span> \u00dev\u00ed a\u00f0 \u00fe\u00e9r eru\u00f0 enn ekki innkomnir til hv\u00edldarinnar, eigi heldur til arfleif\u00f0arinnar sem Drottinn Gu\u00f0 \u00feinn mun gefa \u00fe\u00e9r. En \u00fe\u00e9r skulu\u00f0 ganga yfir um J\u00f3rdan og b\u00faa \u00ed landinu \u00fev\u00ed sem Drottinn Gu\u00f0 y\u00f0ar mun hlutskipta y\u00f0ur til arft\u00f6ku og mun gefa y\u00f0ur hv\u00edld fyrir \u00f6llum y\u00f0ar \u00f3vinum \u00ed kringum y\u00f0ur og \u00fe\u00e9r munu\u00f0 b\u00faa ugglausir.<\/p>\n<p>\tN\u00e6r e\u00f0 Drottinn Gu\u00f0 y\u00f0ar \u00fatvelur n\u00fa einn sta\u00f0 \u00fear hans nafn skal b\u00faa \u00fe\u00e1 skulu \u00fe\u00e9r hafa \u00feanga\u00f0 allt \u00fea\u00f0 sem \u00e9g b\u00fd\u00f0 y\u00f0ur, y\u00f0vart brennioffur, a\u00f0rar y\u00f0ar f\u00f3rnir, y\u00f0ar t\u00edundir, y\u00f0art handanna upphafningaroffur og \u00f6ll y\u00f0ar heit sem \u00fe\u00e9r lofi\u00f0 sj\u00e1lfkrafa Drottni. <span class=\"athugasemd\" title=\"Deut. 10 (JHS: mi\u00f0 setningin)\">[<\/span> Og \u00fe\u00e9r skulu\u00f0 gla\u00f0ir vera fyrir Drottni Gu\u00f0i y\u00f0ar, \u00fe\u00e9r og y\u00f0rir synir og y\u00f0rar d\u00e6tur og y\u00f0rir \u00fej\u00f3nustumenn og \u00fej\u00f3nustukvinnur og Lev\u00edtarnir sem eru innan y\u00f0vara sta\u00f0ardyra, \u00fev\u00ed a\u00f0 \u00feeir hafa \u00f6ngva hlutdeild n\u00e9 arft\u00f6ku me\u00f0 y\u00f0ur.<\/p>\n<p>\tVara \u00feig vi\u00f0 \u00fev\u00ed a\u00f0 \u00fe\u00fa offrir ekki \u00fe\u00ednu brennioffri \u00ed \u00f6llum \u00feeim st\u00f6\u00f0um sem \u00fe\u00fa s\u00e9r heldur \u00ed \u00feeim sta\u00f0 sem Drottinn \u00fatvelur \u00e1 me\u00f0al einnra af \u00feinni kynkv\u00edsl, \u00fear skalt \u00fe\u00fa offra \u00fe\u00ednu brennioffri og gj\u00f6ra allt \u00fea\u00f0 sem \u00e9g b\u00fd\u00f0 \u00fe\u00e9r. <span class=\"athugasemd\" title=\"Levit. 3; 7; 19\">[<\/span> \u00de\u00f3 m\u00e1ttu sl\u00e1tra og kj\u00f6t eta innan allra \u00feinna dyra eftir allri vild \u00feinnar s\u00e1lu, eftir Drottins Gu\u00f0s \u00fe\u00edns blessan sem hann hefur gefi\u00f0 \u00fe\u00e9r, b\u00e6\u00f0i hinn hreini og hinn \u00f3hreini mega eta \u00fear af, sem af einni hind e\u00f0a af einum hj\u00f6rt. \u00de\u00f3 so a\u00f0 \u00fe\u00fa etir ekki bl\u00f3\u00f0i\u00f0, heldur \u00fathellir \u00fev\u00ed \u00e1 j\u00f6r\u00f0ina sem vatni.<\/p>\n<p>\tEn ekki m\u00e1tt \u00fe\u00fa eta innan \u00feinna sta\u00f0ardyra af t\u00edundinni \u00fe\u00edns korns\u00e6\u00f0is, <span class=\"athugasemd\" title=\"Deut. 14\">[<\/span> \u00fe\u00edns v\u00edns, \u00fe\u00edns vi\u00f0smj\u00f6rs, n\u00e9 af \u00feeim frumbur\u00f0inum \u00feinna k\u00faa, \u00fe\u00edns sau\u00f0fj\u00e1r, e\u00f0a nokku\u00f0 af \u00feeim \u00e1heitum sem \u00fe\u00fa hefur lofa\u00f0, e\u00f0a af \u00fe\u00ednu sj\u00e1lfkrafa offri, e\u00f0ur af y\u00f0ar handanna upphafningaroffri, heldur skalt \u00fe\u00fa svoddan eta l\u00e1ta fyrir Drottni \u00fe\u00ednum Gu\u00f0i \u00ed \u00feeim sta\u00f0 sem Drottinn Gu\u00f0 \u00feinn \u00fatvelur, \u00fe\u00fa og \u00feinn sonur, \u00fe\u00edn d\u00f3ttir, \u00feinn \u00fej\u00f3nustuma\u00f0ur, \u00fe\u00edn \u00fej\u00f3nustukvinna og \u00feeir Lev\u00edtarnir sem eru innan \u00feinna borgarhli\u00f0a, og skalt vera gla\u00f0v\u00e6r fyrir Drottni Gu\u00f0i \u00fe\u00ednum af \u00f6llu \u00fev\u00ed sem \u00fe\u00fa ber \u00feanga\u00f0. Og vara \u00feig vi\u00f0 \u00fev\u00ed a\u00f0 \u00fe\u00fa yfirgefir ekki Lev\u00edtana alla \u00fe\u00e1 daga sem \u00fe\u00fa lifir \u00e1 j\u00f6r\u00f0u. <span class=\"athugasemd\" title=\"\u00c1hyggja fyrir kennim\u00f6nnunum\">[<\/span> <\/p>\n<p>\tN\u00e6r e\u00f0 Drottinn Gu\u00f0 \u00feinn gj\u00f6rir \u00fe\u00edn landamerki v\u00ed\u00f0ari so sem \u00fea\u00f0 hann hefur tilsagt \u00fe\u00e9r og \u00fe\u00fa segir: &#8222;\u00c9g vil eta kj\u00f6t&#8220; af \u00fev\u00ed a\u00f0 \u00fe\u00edn s\u00e1la hefur lysting til a\u00f0 eta kj\u00f6t, \u00fe\u00e1 et kj\u00f6t sem \u00fe\u00edna s\u00e1l lystir. En ef s\u00e1 sta\u00f0urinn er langt \u00ed burtu fr\u00e1 \u00fe\u00e9r sem Drottinn Gu\u00f0 \u00feinn hefur \u00fatvali\u00f0 a\u00f0 l\u00e1ta sitt nafn \u00fear byggja, \u00fe\u00e1 sl\u00e1tra \u00fe\u00ednum nautum e\u00f0ur sau\u00f0f\u00e9 sem Drottinn hefur gefi\u00f0 \u00fe\u00e9r l\u00edka sem \u00e9g hefi bo\u00f0i\u00f0 \u00fe\u00e9r og et \u00fea\u00f0 innan \u00feinna sta\u00f0ardyra eftir allri lysting \u00feinnar s\u00e1lu. L\u00edka sem \u00fea\u00f0 ma\u00f0ur hann etur eina hind e\u00f0ur einn hj\u00f6rt, so m\u00e1ttu \u00fea\u00f0 eta, b\u00e6\u00f0i s\u00e1 hinn \u00f3hreini og hinn hreini mega eta \u00fea\u00f0 til l\u00edka. A\u00f0eins \u00fe\u00fa vara \u00feig vi\u00f0 \u00fev\u00ed a\u00f0 \u00fe\u00fa etir ekki bl\u00f3\u00f0i\u00f0 \u00fev\u00ed a\u00f0 bl\u00f3\u00f0i\u00f0 er s\u00e1lin. \u00dear fyrir skaltu ekki eta s\u00e1lina me\u00f0 kj\u00f6tinu heldur skalt \u00fe\u00fa \u00fathella \u00fev\u00ed \u00e1 j\u00f6r\u00f0ina sem vatni. Og \u00fe\u00fa skalt ekki eta \u00fea\u00f0 so a\u00f0 \u00fe\u00e9r megi vel vegna og \u00fe\u00ednum b\u00f6rnum eftir \u00feig, a\u00f0 \u00fe\u00fa hafir gj\u00f6rt \u00fea\u00f0 sem r\u00e9ttfer\u00f0ugt er fyrir Drottni.<\/p>\n<p>\tN\u00e6r e\u00f0 \u00fe\u00fa vilt heilagt gj\u00f6ra \u00fea\u00f0 nokku\u00f0 sem \u00fe\u00e9r tilheyrir e\u00f0a heitir \u00fe\u00fa nokkru \u00fe\u00e1 skalt \u00fe\u00fa taka \u00fea\u00f0 og flytja til \u00feess sta\u00f0ar sem Drottinn hefur \u00fatvali\u00f0 og l\u00e1t \u00fear offra \u00fe\u00ednu brennioffri me\u00f0 kj\u00f6ti og bl\u00f3\u00f0i upp\u00e1 Drottins Gu\u00f0s \u00fe\u00edns altari. Og \u00fe\u00fa skalt \u00fathella bl\u00f3\u00f0inu af \u00fe\u00ednu offri upp\u00e1 Drottins Gu\u00f0s \u00fe\u00edns altari og eta kj\u00f6ti\u00f0. Sj\u00e1 \u00fe\u00fa til og hl\u00fd\u00f0 \u00f6llum \u00feessum or\u00f0um sem \u00e9g b\u00fd\u00f0 \u00fe\u00e9r so a\u00f0 \u00fea\u00f0 megi \u00fe\u00e9r vel vegna og \u00fe\u00ednum b\u00f6rnum eftir \u00feig \u00e6vinlega, a\u00f0 \u00fe\u00fa hefur \u00fea\u00f0 gj\u00f6rt hva\u00f0 r\u00e9ttfer\u00f0ugt og \u00feakkn\u00e6milegt er fyrir Drottni \u00fe\u00ednum Gu\u00f0i.<\/p>\n<p>\tN\u00e6r Drottinn Gu\u00f0 \u00feinn forey\u00f0ir fyrir \u00fe\u00e9r \u00feeim hei\u00f0ingjunum sem \u00fe\u00fa dregur n\u00fa til \u00fe\u00e1 undir \u00feig a\u00f0 leggja og \u00fe\u00fa b\u00fdr \u00fear og eignast \u00feeirra land, \u00fe\u00e1 vara \u00feig vi\u00f0 a\u00f0 \u00fe\u00fa fallir ekki \u00ed sn\u00f6runa eftir \u00feeim s\u00ed\u00f0an \u00fea\u00f0 \u00feeir voru foreyddir fyrir \u00fe\u00e9r og spyrjir ekki eftir \u00feeirra gu\u00f0um og segir: &#8222;L\u00edka so sem a\u00f0 \u00feetta f\u00f3lk \u00fej\u00f3na\u00f0i \u00feeirra gu\u00f0um, svo vil \u00e9g og gj\u00f6ra.&#8220; <span class=\"athugasemd\" title=\"Deut. 18 \/ J\u00f3s\u00fa. 23\">[<\/span> \u00de\u00fa skalt ekki so breyta fyrir Drottni Gu\u00f0i \u00fe\u00ednum. \u00dev\u00ed a\u00f0 \u00feeir gj\u00f6r\u00f0u \u00feeirra gu\u00f0um allt \u00fea\u00f0 sem sv\u00edvir\u00f0ulegt er fyrir Drottni og \u00fea\u00f0 sem hann hatar. \u00dev\u00ed a\u00f0 \u00feeir hafa og uppbrennt \u00ed eldi s\u00edna sonu og d\u00e6tur fyrir \u00feeirra gu\u00f0um.<\/p>\n<p>\t\u00de\u00e9r skulu\u00f0 halda allt \u00fea\u00f0 \u00e9g b\u00fd\u00f0 y\u00f0ur a\u00f0 \u00fe\u00e9r gj\u00f6ri\u00f0 \u00fear eftir. <span class=\"athugasemd\" title=\"Psal. 106 \/ Levit. 18\">[<\/span> \u00de\u00e9r skulu\u00f0 \u00f6ngu auka \u00fear vi\u00f0 og ekki neitt taka \u00fear \u00ed fr\u00e1.<\/p>\n","protected":false},"excerpt":{"rendered":"<p>\u00deessi eru \u00feau bo\u00f0or\u00f0 og r\u00e9ttindi sem \u00fe\u00e9r skulu\u00f0 halda a\u00f0 \u00fe\u00e9r gj\u00f6ri\u00f0 \u00fear eftir \u00ed \u00fev\u00ed landinu sem Drottinn Gu\u00f0 fe\u00f0ra \u00feinna hefur gefi\u00f0 \u00fe\u00e9r til eignar so lengi sem \u00fe\u00e9r lifi\u00f0 \u00e1 j\u00f6r\u00f0u. [ Ni\u00f0urbrj\u00f3ti\u00f0 a\u00f0 velli alla \u00fe\u00e1 sta\u00f0i \u00fear sem hei\u00f0ingjarnir (\u00feeir e\u00f0 \u00fe\u00e9r skulu\u00f0 undir y\u00f0ur leggja) hafa \u00fej\u00f3na\u00f0 \u00feeirra gu\u00f0um \u00fat\u00ed, b\u00e6\u00f0i \u00e1 h\u00e1fj\u00f6llunum og \u00e1 sm\u00e1h\u00e6\u00f0unum e\u00f0a undir \u00feeim bl\u00f3mgu\u00f0um vi\u00f0artrj\u00e1num. Og ni\u00f0urr\u00edfi\u00f0 \u00feeirra [ stalla og \u00ed sundurbrj\u00f3ti\u00f0 \u00feeirra sto\u00f0ir og uppbrenni\u00f0 me\u00f0 eldi \u00feeirra lunda og \u00ed burt taki\u00f0 sk\u00fargo\u00f0 \u00feeirra afgu\u00f0a og forey\u00f0i\u00f0 \u00feeirra n\u00f6fnum af \u00feeim sama [ sta\u00f0. <a href=\"https:\/\/biblian.is\/gudbrandsbiblia\/fimmta-mosebok-12-kafli\/\"> [&#8230;]<\/a><\/p>\n","protected":false},"author":1,"featured_media":0,"parent":0,"menu_order":0,"comment_status":"open","ping_status":"open","template":"bibliukaflar.php","meta":{"footnotes":""},"class_list":["post-2857","page","type-page","status-publish","hentry"],"_links":{"self":[{"href":"https:\/\/biblian.is\/gudbrandsbiblia\/wp-json\/wp\/v2\/pages\/2857","targetHints":{"allow":["GET"]}}],"collection":[{"href":"https:\/\/biblian.is\/gudbrandsbiblia\/wp-json\/wp\/v2\/pages"}],"about":[{"href":"https:\/\/biblian.is\/gudbrandsbiblia\/wp-json\/wp\/v2\/types\/page"}],"author":[{"embeddable":true,"href":"https:\/\/biblian.is\/gudbrandsbiblia\/wp-json\/wp\/v2\/users\/1"}],"replies":[{"embeddable":true,"href":"https:\/\/biblian.is\/gudbrandsbiblia\/wp-json\/wp\/v2\/comments?post=2857"}],"version-history":[{"count":0,"href":"https:\/\/biblian.is\/gudbrandsbiblia\/wp-json\/wp\/v2\/pages\/2857\/revisions"}],"wp:attachment":[{"href":"https:\/\/biblian.is\/gudbrandsbiblia\/wp-json\/wp\/v2\/media?parent=2857"}],"curies":[{"name":"wp","href":"https:\/\/api.w.org\/{rel}","templated":true}]}}