{"id":2833,"date":"2017-12-18T18:31:54","date_gmt":"2017-12-18T18:31:54","guid":{"rendered":"http:\/\/biblian.is\/gudbrandsbiblia\/fjorda-mosebok-24-kafli\/"},"modified":"2017-12-18T18:31:54","modified_gmt":"2017-12-18T18:31:54","slug":"fjorda-mosebok-24-kafli","status":"publish","type":"page","link":"https:\/\/biblian.is\/gudbrandsbiblia\/fjorda-mosebok-24-kafli\/","title":{"rendered":"Fj\u00f3r\u00f0a M\u00f3seb\u00f3k 24. kafli"},"content":{"rendered":"<p>Sem Balaam s\u00e1 n\u00fa a\u00f0 \u00fea\u00f0 \u00fe\u00f3kna\u00f0ist Drottni a\u00f0 hann blessa\u00f0i Jakob f\u00f3r hann ekki til <span class=\"athugasemd\" title=\"b \/ (Fj\u00f6lkynngi) \/ H\u00e9r m\u00e1 merkja af a\u00f0 Balaam hefur \u00e6t\u00ed\u00f0 \u00e1\u00f0ur fari\u00f0 a\u00f0 fj\u00f6lkynngi undir yfirvarpi gu\u00f0legs nafns. En Drottinn m\u00e6tti honum \u00e6t\u00ed\u00f0 og hamla\u00f0i hans g\u00f6ldrum so hann hlaut a\u00f0 me\u00f0taka Gu\u00f0s or\u00f0 \u00ed sta\u00f0inn sinna galdra\">[<\/span> fj\u00f6lkynngi sem \u00e1\u00f0ur heldur sneri hann sinni \u00e1sj\u00f3nu strax til ey\u00f0imerkur, upph\u00f3f s\u00edn augu og s\u00e1 \u00cdsrael, hvernin \u00feeir l\u00e1u eftir s\u00ednum kynkv\u00edslum. Og Gu\u00f0s Andi kom yfir hann og hann t\u00f3k til a\u00f0 tala og sag\u00f0i: &#8222;\u00dea\u00f0 segir Balaam son Be\u00f3r, \u00fea\u00f0 segir hann hvers augum er upploki\u00f0, \u00fea\u00f0 segir heyrari gu\u00f0legra m\u00e1la, sem s\u00e9r opinberan \u00feess Allsmegtugasta, s\u00e1 hvers augu a\u00f0 upp eru lokin \u00fe\u00e1 hann fellur \u00e1 s\u00edn kn\u00e9.<\/p>\n<p>\t\u00d3 hversu f\u00f6gur eru \u00fe\u00edn landtj\u00f6ld Jakob og \u00fe\u00ednar tjaldb\u00fa\u00f0ir \u00cdsrael, l\u00edka sem l\u00e6kir \u00fatbrei\u00f0ast og aldingar\u00f0arnir vi\u00f0 v\u00f6tnin, sem \u00feau tj\u00f6ld er sj\u00e1lfur Drottinn planta\u00f0i, sem sedrusvi\u00f0artr\u00e9 hj\u00e1 vatni. \u00dear mun renna vatn af hans skj\u00f3lu og hans s\u00e1\u00f0 skal bl\u00edfa eitt st\u00f3rt vatn. Hans k\u00f3ngur skal bl\u00edfa h\u00e6rri en Agag og hans r\u00edki skal upphefja sig. Gu\u00f0 leiddi hann af Egyptalandi, hans styrkleiki er l\u00edka sem einhyrnings. Hann mun uppsvelgja hei\u00f0ingjana \u00feeir e\u00f0 hann ofs\u00e6kja og \u00ed sundurmelja \u00feeirra bein og sl\u00e1 \u00fe\u00e1 sm\u00e1tt me\u00f0 s\u00ednum skotum. Hann hefur lagt sig ni\u00f0ur sem eitt le\u00f3n og sem eirn ungur le\u00f3n. Hver vill uppreisa sig \u00ed m\u00f3ti honum? Blessa\u00f0ur er s\u00e1 sem \u00fe\u00e9r blessar og b\u00f6lva\u00f0ur er s\u00e1 sem \u00fe\u00e9r b\u00f6lvar.&#8220;<\/p>\n<p>\t\u00de\u00e1 var\u00f0 Balak gramur og rei\u00f0ur upp\u00e1 Balaam og sl\u00f3 h\u00f6ndum saman og sag\u00f0i til hans: &#8222;\u00c9g l\u00e9t s\u00e6kja \u00feig so a\u00f0 \u00fe\u00fa skyldir b\u00f6lva m\u00ednum \u00f3vinum og sj\u00e1, \u00fe\u00fa hefur n\u00fa \u00ferysvar blessa\u00f0 \u00fe\u00e1. Far n\u00fa heim \u00ed \u00feinn sta\u00f0. \u00c9g \u00feenkta m\u00e9r a\u00f0 veita \u00fe\u00e9r hei\u00f0ur en Drottinn hefur svipt \u00feig \u00feeim hei\u00f0ri.&#8220;<\/p>\n<p>\tBalaam svara\u00f0i honum: &#8222;Hvort sag\u00f0a \u00e9g ekki \u00feetta \u00fe\u00ednum sendim\u00f6nnum sem \u00fe\u00fa sendir til m\u00edn? \u00de\u00f3tt Balak gefi m\u00e9r sitt h\u00fas fullt af gulli og silfri \u00fe\u00e1 kann \u00e9g ekki a\u00f0 gj\u00f6ra \u00ed m\u00f3ti Drottins or\u00f0um, hverki i\u00f0 vonda n\u00e9 i\u00f0 g\u00f3\u00f0a, eftir m\u00ednu hjarta, heldur hva\u00f0 Drottinn segir m\u00e9r \u00fea\u00f0 mun \u00e9g tala. Og sj\u00e1 n\u00fa, \u00fe\u00e1 \u00e9g fer til m\u00edns f\u00f3lks, kom \u00fe\u00fa \u00fe\u00e1, svo vil \u00e9g r\u00e1\u00f0leggja \u00fe\u00e9r hva\u00f0 \u00feetta f\u00f3lk skal gj\u00f6ra \u00fe\u00ednu f\u00f3lki \u00e1 seinustum t\u00edma.&#8220;<\/p>\n<p>\tOg hann upph\u00f3f sitt m\u00e1l og sag\u00f0i: &#8222;\u00deetta segir Balaam son Be\u00f3r, \u00fea\u00f0 segir s\u00e1 ma\u00f0ur hvers augum upp er loki\u00f0, \u00fea\u00f0 segir heyrari gu\u00f0legra m\u00e1la og s\u00e1 sem hefur v\u00edsd\u00f3m \u00feess allra h\u00e6sta, s\u00e1 sem s\u00e9r opinberan \u00feess Alm\u00e1ttuga, hann hvers augu eru opnu\u00f0 \u00fe\u00e1 hann fellur fram: \u00c9g mun sj\u00e1 hann en ekki n\u00fa, \u00e9g skal sko\u00f0a hann en ekki \u00ed n\u00e1nd. <span class=\"athugasemd\" title=\"Balaam sp\u00e1d\u00f3mur \u00fat af Krist\u00f3\">[<\/span> \u00dear mun upprenna ein stjarna af Jakob og ein r\u00edkissp\u00edra skal uppr\u00edsa af \u00cdsrael og mun \u00ed sundurmerja M\u00f3ab\u00edtis h\u00f6f\u00f0ingja og ey\u00f0ileggja alla sonu Set. Ed\u00f3m mun hann eignast og S\u00eder skal vera s\u00ednum \u00f3vinum undirgefin. En \u00cdsrael skal hafa sigurinn. Af Jakob mun s\u00e1 koma e\u00f0 yfirdrottnar og ey\u00f0ileggur \u00fea\u00f0 sem eftir er af st\u00f6\u00f0unum.&#8220;<\/p>\n<p>\tOg \u00fe\u00e1 hann s\u00e1 Amalek upph\u00f3f hann sitt m\u00e1l og sag\u00f0i: &#8222;Amalek er s\u00e1 fyrsti \u00e1 me\u00f0al hei\u00f0ingja en me\u00f0 \u00fea\u00f0 s\u00ed\u00f0sta skaltu me\u00f0 \u00f6llu ey\u00f0ileggjast.&#8220;<\/p>\n<p>\tOg sem hann s\u00e1 Ken\u00edterna h\u00f3f hann sitt m\u00e1l og sag\u00f0i: &#8222;Rambyggt er \u00feitt heimili og \u00fe\u00fa hefur byggt \u00feitt hrei\u00f0ur \u00ed bjargskorum en \u00fe\u00fa, Kain, \u00fe\u00fa skalt brennast \u00fe\u00e1 Asser flytur \u00feig fanginn \u00ed burt.&#8220;<\/p>\n<p>\tOg hann upph\u00f3f enn sitt m\u00e1l og sag\u00f0i: &#8222;\u00d3 hver mun lifa \u00fe\u00e1 Gu\u00f0 mun gj\u00f6ra \u00feetta? Og skipin af Kit\u00edm skulu fordjarfa Ass\u00far og Eber en hann mun a\u00f0 s\u00ed\u00f0ustu ey\u00f0ileggjast.&#8220;<\/p>\n<p>\tOg Balaam t\u00f3k sig upp og f\u00f3r \u00fea\u00f0an og kom til s\u00edns sta\u00f0ar aftur en Balak f\u00f3r sinn veg.<\/p>\n","protected":false},"excerpt":{"rendered":"<p>Sem Balaam s\u00e1 n\u00fa a\u00f0 \u00fea\u00f0 \u00fe\u00f3kna\u00f0ist Drottni a\u00f0 hann blessa\u00f0i Jakob f\u00f3r hann ekki til [ fj\u00f6lkynngi sem \u00e1\u00f0ur heldur sneri hann sinni \u00e1sj\u00f3nu strax til ey\u00f0imerkur, upph\u00f3f s\u00edn augu og s\u00e1 \u00cdsrael, hvernin \u00feeir l\u00e1u eftir s\u00ednum kynkv\u00edslum. Og Gu\u00f0s Andi kom yfir hann og hann t\u00f3k til a\u00f0 tala og sag\u00f0i: &#8222;\u00dea\u00f0 segir Balaam son Be\u00f3r, \u00fea\u00f0 segir hann hvers augum er upploki\u00f0, \u00fea\u00f0 segir heyrari gu\u00f0legra m\u00e1la, sem s\u00e9r opinberan \u00feess Allsmegtugasta, s\u00e1 hvers augu a\u00f0 upp eru lokin \u00fe\u00e1 hann fellur \u00e1 s\u00edn kn\u00e9. \u00d3 hversu f\u00f6gur eru \u00fe\u00edn landtj\u00f6ld Jakob og \u00fe\u00ednar tjaldb\u00fa\u00f0ir \u00cdsrael, <a href=\"https:\/\/biblian.is\/gudbrandsbiblia\/fjorda-mosebok-24-kafli\/\"> [&#8230;]<\/a><\/p>\n","protected":false},"author":1,"featured_media":0,"parent":0,"menu_order":0,"comment_status":"open","ping_status":"open","template":"bibliukaflar.php","meta":{"footnotes":""},"class_list":["post-2833","page","type-page","status-publish","hentry"],"_links":{"self":[{"href":"https:\/\/biblian.is\/gudbrandsbiblia\/wp-json\/wp\/v2\/pages\/2833","targetHints":{"allow":["GET"]}}],"collection":[{"href":"https:\/\/biblian.is\/gudbrandsbiblia\/wp-json\/wp\/v2\/pages"}],"about":[{"href":"https:\/\/biblian.is\/gudbrandsbiblia\/wp-json\/wp\/v2\/types\/page"}],"author":[{"embeddable":true,"href":"https:\/\/biblian.is\/gudbrandsbiblia\/wp-json\/wp\/v2\/users\/1"}],"replies":[{"embeddable":true,"href":"https:\/\/biblian.is\/gudbrandsbiblia\/wp-json\/wp\/v2\/comments?post=2833"}],"version-history":[{"count":0,"href":"https:\/\/biblian.is\/gudbrandsbiblia\/wp-json\/wp\/v2\/pages\/2833\/revisions"}],"wp:attachment":[{"href":"https:\/\/biblian.is\/gudbrandsbiblia\/wp-json\/wp\/v2\/media?parent=2833"}],"curies":[{"name":"wp","href":"https:\/\/api.w.org\/{rel}","templated":true}]}}