{"id":2832,"date":"2017-12-18T18:31:50","date_gmt":"2017-12-18T18:31:50","guid":{"rendered":"http:\/\/biblian.is\/gudbrandsbiblia\/fjorda-mosebok-23-kafli\/"},"modified":"2017-12-18T18:31:50","modified_gmt":"2017-12-18T18:31:50","slug":"fjorda-mosebok-23-kafli","status":"publish","type":"page","link":"https:\/\/biblian.is\/gudbrandsbiblia\/fjorda-mosebok-23-kafli\/","title":{"rendered":"Fj\u00f3r\u00f0a M\u00f3seb\u00f3k 23. kafli"},"content":{"rendered":"<p>Um morguninn t\u00f3k Balak Balaam og haf\u00f0i hann upp \u00e1 Baals <span class=\"athugasemd\" title=\"a \/ Baals kirkja\">[<\/span> h\u00e6\u00f0 so hann m\u00e6tti sj\u00e1 \u00fea\u00f0an yfir hlut herb\u00fa\u00f0a f\u00f3lksins. Og Balaam sag\u00f0i til Balak: &#8222;Gj\u00f6r m\u00e9r h\u00e9r sj\u00f6 altari og skikka m\u00e9r hinga\u00f0 sj\u00f6 uxa og sj\u00f6 hr\u00fata.&#8220; Og Balak gj\u00f6r\u00f0i sem Balaam sag\u00f0i og \u00feeir b\u00e1\u00f0ir, Balak og Balaam, f\u00e6r\u00f0u f\u00f3rnir, j\u00e1, upp\u00e1 hvert altari einn uxa og einn hr\u00fat. Og Balaam sag\u00f0i til Balak: &#8222;Stattu hj\u00e1 \u00fe\u00ednu brennioffri. \u00c9g vil ganga \u00ed burt ef ske m\u00e6tti a\u00f0 Drottinn m\u00e6ti m\u00e9r so \u00e9g kunngj\u00f6ri \u00fe\u00e9r hva\u00f0 hann undirv\u00edsar m\u00e9r.&#8220; Og hann gekk skyndilega af sta\u00f0.<\/p>\n<p>\tOg Drottinn m\u00e6tti Balaam en hann sag\u00f0i til hans: &#8222;\u00c9g hefi tilb\u00fai\u00f0 sj\u00f6 altari og offra\u00f0 einum uxa og einum hr\u00fat yfir hvert altari.&#8220; \u00de\u00e1 lag\u00f0i Drottinn or\u00f0i\u00f0 \u00ed munn Balaam og sag\u00f0i: &#8222;Gakktu til Balak aftur og seg \u00fe\u00fa so.&#8220; Og sem hann kom til hans aftur, sj\u00e1, \u00fe\u00e1 st\u00f3\u00f0 hann hj\u00e1 sinni brennif\u00f3rn me\u00f0 \u00f6llum M\u00f3ab\u00edtis h\u00f6f\u00f0ingjum.<\/p>\n<p>\t\u00de\u00e1 upph\u00f3f Balaam sitt m\u00e1l og sag\u00f0i: &#8222;Af S\u00fdr\u00eda hefur Balak M\u00f3ab\u00edtis k\u00f3ngur l\u00e1ti\u00f0 kalla mig, fr\u00e1 fj\u00f6llunum \u00ed austri: Kom og b\u00f6lva fyrir mig Jakob, kom, form\u00e6l \u00fe\u00fa \u00cdsrael. <span class=\"athugasemd\" title=\"Balaam blessar \u00cdsrael\">[<\/span> Me\u00f0 hverju m\u00f3ti m\u00e1 \u00e9g b\u00f6lva \u00feeim sem Gu\u00f0 ekki b\u00f6lvar? E\u00f0a hvernin m\u00e1 \u00e9g form\u00e6la \u00feeim sem Gu\u00f0 ekki form\u00e6lir? \u00dev\u00ed \u00e9g s\u00e9 hann vel af \u00feessum h\u00e1vum bj\u00f6rgum og af h\u00e6\u00f0unum sko\u00f0a \u00e9g hann. Sj\u00e1, \u00fea\u00f0 f\u00f3lk skal s\u00e9r \u00ed lagi b\u00faa og ekki reiknast \u00e1 me\u00f0al hei\u00f0ingja. Hver kann a\u00f0 telja duft Jakobs e\u00f0a t\u00f6luna af einum fj\u00f3r\u00f0aparti \u00cdsraels? M\u00edn s\u00e1l deyi r\u00e9ttl\u00e1tra manna dau\u00f0a og mitt hi\u00f0 s\u00ed\u00f0asta ver\u00f0i l\u00edka sem \u00feeirra.&#8220;<\/p>\n<p>\t\u00de\u00e1 sag\u00f0i Balak til Balaam: &#8222;Hva\u00f0 gj\u00f6rir \u00fe\u00fa m\u00e9r? \u00c9g l\u00e9t s\u00e6kja \u00feig a\u00f0 b\u00f6lva m\u00ednum \u00f3vinum og sj\u00e1, \u00fe\u00fa blessar \u00fe\u00e1?&#8220; Hann svara\u00f0i og sag\u00f0i: &#8222;Skal \u00e9g \u00fea\u00f0 ekki halda og tala sem Drottinn leggur m\u00e9r \u00ed munn?&#8220; Balak sag\u00f0i til hans: &#8222;Kom enn me\u00f0 m\u00e9r \u00e1 einn annan sta\u00f0 af hverjum \u00fe\u00fa kannt a\u00f0 sj\u00e1 nokku\u00f0 af \u00feeim og \u00fe\u00f3 ei alla og b\u00f6lva \u00feeim \u00fear fyrir mig.&#8220;<\/p>\n<p>\tOg hann f\u00e6r\u00f0i hann upp\u00e1 eirn nj\u00f3snarh\u00f3l \u00e1 hvirfli fjallsins Pisga og bygg\u00f0i \u00fear sj\u00f6 altari og offra\u00f0i yfir hvert altari einum uxa og einum hr\u00fat. <span class=\"athugasemd\" title=\"Pisgafjall\">[<\/span> Og <span class=\"athugasemd\" title=\"hann\">[<\/span> sag\u00f0i til Balak: &#8222;Statt \u00fe\u00fa h\u00e9r hj\u00e1 \u00feinni brennif\u00f3rn, \u00e9g vil \u00fear a\u00f0 g\u00e6ta.&#8220; Og Drottinn m\u00e6tti Balaam og gaf honum or\u00f0i\u00f0 \u00ed hans munn og sag\u00f0i: &#8222;Far til Balak aftur og tala so.&#8220; Og sem hann kom til hans aftur, sj\u00e1, \u00fe\u00e1 st\u00f3\u00f0 hann hj\u00e1 s\u00ednu brennioffri me\u00f0 M\u00f3ab\u00edtis h\u00f6f\u00f0ingjum. Og Balak sag\u00f0i til hans: &#8222;Hva\u00f0 sag\u00f0i Drottinn?&#8220;<\/p>\n<p>\tOg hann upph\u00f3f sitt m\u00e1l og sag\u00f0i: &#8222;R\u00eds upp Balak og heyr \u00fe\u00fa til. Gaumg\u00e6f \u00fe\u00fa hva\u00f0 \u00e9g segi, \u00fe\u00fa son Sip\u00f3r. Gu\u00f0 er ekki ma\u00f0ur a\u00f0 hann lj\u00fagi, eigi heldur mannsson svo hann angri nokku\u00f0. Skyldi hann segja nokku\u00f0 og gj\u00f6ra \u00fea\u00f0 ekki? Skyldi hann tala nokku\u00f0 og halda \u00fea\u00f0 ekki? Sj\u00e1, \u00e9g er haf\u00f0ur hinga\u00f0 a\u00f0 blessa. \u00c9g blessa og m\u00e1 \u00fev\u00ed ekki umbreyta. Menn sj\u00e1 \u00f6ngva <span class=\"athugasemd\" title=\"a \/ (M\u00e6\u00f0u) \/ M\u00e6\u00f0a og erfi\u00f0i kallast sk\u00fargo\u00f0ad\u00fdrkan\">[<\/span> m\u00e6\u00f0u \u00ed Jakob og ekkert erfi\u00f0i \u00ed \u00cdsrael. Drottinn hans Gu\u00f0 er hj\u00e1 honum og k\u00f3ngsins l\u00fa\u00f0rar \u00e1 me\u00f0al \u00feeirra. Gu\u00f0 f\u00e6r\u00f0i \u00fe\u00e1 af Egyptalandi, hans styrkleiki er l\u00edka sem eins einhyrnings. \u00dev\u00ed ekkert fj\u00f6lkynngi er \u00ed Jakob og enginn sp\u00e1sagnari \u00ed \u00cdsrael. \u00c1 s\u00ednum t\u00edma skulu menn tala um Jakob og \u00cdsrael hverjar d\u00e1semdir Gu\u00f0 gj\u00f6rir. Sj\u00e1 \u00fe\u00fa, \u00fea\u00f0 f\u00f3lk skal uppstanda sem einn ungur le\u00f3n og \u00fea\u00f0 skal upphefja sig sem eitt le\u00f3n. \u00dea\u00f0 skal ekki leggja sig fyrr en \u00fea\u00f0 upp\u00e9tur herfangi\u00f0 og drekkur bl\u00f3\u00f0i\u00f0 af \u00fev\u00ed sem \u00ed hel er slegi\u00f0.&#8220;<\/p>\n<p>\t\u00de\u00e1 sag\u00f0i Balak til Balaam: &#8222;\u00de\u00fa skalt hverki b\u00f6lva \u00feeim n\u00e9 blessa.&#8220; Balaam svara\u00f0i og sag\u00f0i til Balak: &#8222;Hef \u00e9g ekki sagt \u00fe\u00e9r a\u00f0 allt \u00fea\u00f0 sem Drottinn segir \u00fea\u00f0 skal \u00e9g gj\u00f6ra?&#8220; Balak sag\u00f0i til hans: &#8222;Kom \u00fe\u00f3 sem \u00e1\u00f0ur, \u00e9g vil lei\u00f0a \u00feig enn til eins sta\u00f0ar. M\u00e6tti ske a\u00f0 Gu\u00f0 vildi s\u00e9r \u00fe\u00f3knast l\u00e1ta a\u00f0 \u00fe\u00fa b\u00f6lvar \u00feeim \u00fear fyrir mig. Og hann f\u00e6r\u00f0i hann \u00e1 eina h\u00e6stu h\u00e6\u00f0 fjallsins Pe\u00f3r sem a\u00f0 horfir til ey\u00f0imerkur. Og Balaam sag\u00f0i til Balak: &#8222;Gj\u00f6r m\u00e9r h\u00e9r sj\u00f6 altari og l\u00e1t mig f\u00e1 sj\u00f6 uxa og sj\u00f6 hr\u00fata.&#8220; Balak gj\u00f6r\u00f0i sem Balaam sag\u00f0i og offra\u00f0i einum uxa og einum hr\u00fat yfir hvert altari.<\/p>\n","protected":false},"excerpt":{"rendered":"<p>Um morguninn t\u00f3k Balak Balaam og haf\u00f0i hann upp \u00e1 Baals [ h\u00e6\u00f0 so hann m\u00e6tti sj\u00e1 \u00fea\u00f0an yfir hlut herb\u00fa\u00f0a f\u00f3lksins. Og Balaam sag\u00f0i til Balak: &#8222;Gj\u00f6r m\u00e9r h\u00e9r sj\u00f6 altari og skikka m\u00e9r hinga\u00f0 sj\u00f6 uxa og sj\u00f6 hr\u00fata.&#8220; Og Balak gj\u00f6r\u00f0i sem Balaam sag\u00f0i og \u00feeir b\u00e1\u00f0ir, Balak og Balaam, f\u00e6r\u00f0u f\u00f3rnir, j\u00e1, upp\u00e1 hvert altari einn uxa og einn hr\u00fat. Og Balaam sag\u00f0i til Balak: &#8222;Stattu hj\u00e1 \u00fe\u00ednu brennioffri. \u00c9g vil ganga \u00ed burt ef ske m\u00e6tti a\u00f0 Drottinn m\u00e6ti m\u00e9r so \u00e9g kunngj\u00f6ri \u00fe\u00e9r hva\u00f0 hann undirv\u00edsar m\u00e9r.&#8220; Og hann gekk skyndilega af sta\u00f0. Og <a href=\"https:\/\/biblian.is\/gudbrandsbiblia\/fjorda-mosebok-23-kafli\/\"> [&#8230;]<\/a><\/p>\n","protected":false},"author":1,"featured_media":0,"parent":0,"menu_order":0,"comment_status":"open","ping_status":"open","template":"bibliukaflar.php","meta":{"footnotes":""},"class_list":["post-2832","page","type-page","status-publish","hentry"],"_links":{"self":[{"href":"https:\/\/biblian.is\/gudbrandsbiblia\/wp-json\/wp\/v2\/pages\/2832","targetHints":{"allow":["GET"]}}],"collection":[{"href":"https:\/\/biblian.is\/gudbrandsbiblia\/wp-json\/wp\/v2\/pages"}],"about":[{"href":"https:\/\/biblian.is\/gudbrandsbiblia\/wp-json\/wp\/v2\/types\/page"}],"author":[{"embeddable":true,"href":"https:\/\/biblian.is\/gudbrandsbiblia\/wp-json\/wp\/v2\/users\/1"}],"replies":[{"embeddable":true,"href":"https:\/\/biblian.is\/gudbrandsbiblia\/wp-json\/wp\/v2\/comments?post=2832"}],"version-history":[{"count":0,"href":"https:\/\/biblian.is\/gudbrandsbiblia\/wp-json\/wp\/v2\/pages\/2832\/revisions"}],"wp:attachment":[{"href":"https:\/\/biblian.is\/gudbrandsbiblia\/wp-json\/wp\/v2\/media?parent=2832"}],"curies":[{"name":"wp","href":"https:\/\/api.w.org\/{rel}","templated":true}]}}