{"id":2822,"date":"2017-12-18T18:31:50","date_gmt":"2017-12-18T18:31:50","guid":{"rendered":"http:\/\/biblian.is\/gudbrandsbiblia\/fjorda-mosebok-13-kafli\/"},"modified":"2017-12-18T18:31:50","modified_gmt":"2017-12-18T18:31:50","slug":"fjorda-mosebok-13-kafli","status":"publish","type":"page","link":"https:\/\/biblian.is\/gudbrandsbiblia\/fjorda-mosebok-13-kafli\/","title":{"rendered":"Fj\u00f3r\u00f0a M\u00f3seb\u00f3k 13. kafli"},"content":{"rendered":"<p>Og Drottinn tala\u00f0i vi\u00f0 M\u00f3sen og sag\u00f0i: &#8222;Send \u00fe\u00fa menn \u00fat a\u00f0 sko\u00f0a landi\u00f0 Kanaan hv\u00f6rt \u00e9g vil gefa \u00cdsraelssonum, af s\u00e9rhverri kynkv\u00edsl eirn s\u00e9rlegan mann.&#8220; M\u00f3ses sendi \u00fe\u00e1 af \u00feeirri ey\u00f0im\u00f6rku Paran eftir or\u00f0um Drottins, \u00feeir e\u00f0 allir voru s\u00e9rlegir (yppustu menn) \u00e1 millum \u00cdsraelssona. Og \u00feeir heita svo:<\/p>\n<p>\tSamn\u00faa son Sak\u00far af \u00e6tt R\u00faben, Safat son H\u00f3r\u00ed af \u00e6tt S\u00edmeon, Kaleb son Jef\u00fanne af \u00e6tt J\u00fada, \u00cdgeal son J\u00f3sef af \u00e6tt \u00cdsaskar, H\u00f3sea son N\u00fan af \u00e6tt Efra\u00edm, Palt\u00ed son Raf\u00fa af \u00e6tt Benjam\u00edn, Gad\u00edel son S\u00f3d\u00ed af \u00e6tt Seb\u00falon, Gadd\u00ed son S\u00fas\u00ed af \u00e6tt J\u00f3sef og Manasse, Amm\u00edel son Gemall\u00ed af \u00e6tt Dan, Set\u00far son M\u00edkael af \u00e6tt Asser, Nahab\u00ed son Vaps\u00ed af \u00e6tt Neftal\u00ed, G\u00fael son Mak\u00ed af \u00e6tt Ga\u00f0. <span class=\"athugasemd\" title=\"N\u00f6fn \u00feeirra e\u00f0 rannsaka skyldu landi\u00f0\">[<\/span> \u00deessi eru n\u00f6fn \u00feeirra manna sem M\u00f3ses \u00fatsendi a\u00f0 sko\u00f0a landi\u00f0. En M\u00f3ses kalla\u00f0i H\u00f3sea N\u00fan son J\u00f3s\u00faa.<\/p>\n<p>\tOg sem M\u00f3ses sendi \u00fe\u00e1 n\u00fa \u00fat til a\u00f0 sko\u00f0a Kanaansland sag\u00f0i hann til \u00feeirra: &#8222;Reisi\u00f0 upp \u00ed m\u00f3ti su\u00f0ri og gangi\u00f0 \u00e1 fj\u00f6llum uppi og l\u00edti\u00f0 \u00fea\u00f0an \u00e1 landi\u00f0, hvernin \u00fea\u00f0 er og \u00fea\u00f0 f\u00f3lk sem landi\u00f0 byggir, hvort \u00fea\u00f0 er sterkt e\u00f0ur veykt, f\u00e1tt e\u00f0a margt, og hva\u00f0 \u00fea\u00f0 er fyrir eitt land sem \u00feeir byggja, hvort \u00fea\u00f0 er gott e\u00f0a vont, og hva\u00f0 fyrir borgir \u00fea\u00f0 eru sem \u00feeir b\u00faa \u00fati, hvort \u00feeir b\u00faa \u00ed tjaldb\u00fa\u00f0um e\u00f0a f\u00f6stum st\u00f6\u00f0um, og hva\u00f0 \u00fea\u00f0 er fyrir land, hvort \u00fea\u00f0 er feitt e\u00f0a magurt, og hvort \u00fea\u00f0 er sk\u00f3g\u00f3tt e\u00f0a ekki. Veri\u00f0 hraustir og taki\u00f0 af \u00e1vexti landsins.&#8220; Og \u00feetta var \u00e1 \u00feeim t\u00edma sem v\u00edn\u00fer\u00fagurnar voru fyrst fullvaxnar.<\/p>\n<p>\t\u00deeir f\u00f3ru af sta\u00f0 og ranns\u00f6ku\u00f0u landi\u00f0 fr\u00e1 ey\u00f0im\u00f6rku S\u00edn og allt til Reh\u00f3b, \u00fe\u00e1 fari\u00f0 er til Hamat. \u00deeir gengu og upp \u00ed m\u00f3t su\u00f0ri og komu til Hebron. \u00dear voru \u00feeir Ah\u00edman, Sesa\u00ed og Talma\u00ed, synir Enak. En Hebron var bygg\u00f0 sj\u00f6 \u00e1rum fyrr en S\u00f3an \u00ed Egyptalandi. Og \u00feeir komu til \u00feess l\u00e6kjar sem kallast Esk\u00f3l og sk\u00e1ru \u00fear upp einn v\u00ednvi\u00f0 me\u00f0 s\u00ednum v\u00ednberjum og l\u00e9tu tvo menn bera hann \u00e1 eirni st\u00f6ng \u00fear til og so grantaepli og f\u00edkjur. S\u00e1 sta\u00f0ur kallast Esk\u00f3lsl\u00e6kur s\u00f6kum \u00feeirrar v\u00edn\u00fer\u00fagu sem \u00cdsraelssynir sk\u00e1ru \u00fear af.<\/p>\n<p>\tOg \u00feeir komu aftur \u00fe\u00e1 \u00feeir h\u00f6f\u00f0u rannsaka\u00f0 landi\u00f0 eftir fj\u00f6rutygu daga, gengu \u00fea\u00f0an og komu til M\u00f3se og Aron og alls alm\u00fagans \u00cdsraelssona \u00ed ey\u00f0im\u00f6rku Paran \u00ed Kades og s\u00f6g\u00f0u \u00feeim og \u00f6llum alm\u00faganum fr\u00e1 \u00feeim t\u00ed\u00f0indum sem \u00feeir s\u00e9\u00f0 h\u00f6f\u00f0u. Og \u00feeir s\u00fdndu \u00feeim landsins \u00e1v\u00f6xtu og kunngj\u00f6r\u00f0u \u00feeim fr\u00e1 og s\u00f6g\u00f0u: &#8222;V\u00e9r komum \u00ed landi\u00f0 \u00fea\u00f0 \u00fe\u00e9r sendu\u00f0 oss til, hv\u00f6rt a\u00f0 fl\u00fdtur \u00ed mj\u00f3lk og hunangi, og \u00feetta er landsins \u00e1v\u00f6xtur, utan \u00fea\u00f0 a\u00f0 \u00fea\u00f0 land byggir eitt sterkt f\u00f3lk og \u00fea\u00f0 eru mj\u00f6g st\u00f3rar og sterkar borgir og v\u00e9r s\u00e1um \u00fear syni Enak. Amalek byggir landi\u00f0 a\u00f0 sunnanver\u00f0u, Hetei og Jeb\u00fasei og Amorei b\u00faa \u00e1 fjallbygg\u00f0um, Kananei b\u00faa \u00fat me\u00f0 hafinu og hj\u00e1 J\u00f3rdan.&#8220;<\/p>\n<p>\tEn Kaleb st\u00f6\u00f0va\u00f0i f\u00f3lksins m\u00f6gl \u00ed gegn M\u00f3se og sag\u00f0i: &#8222;L\u00e1tum oss fara upp \u00feanga\u00f0 a\u00f0 eignast landi\u00f0, \u00fev\u00ed a\u00f0 v\u00e9r f\u00e1um \u00fea\u00f0 vel unni\u00f0.&#8220; En f\u00f6runautar hans s\u00f6g\u00f0u: &#8222;Eigi kunnum v\u00e9r a\u00f0 fara m\u00f3t \u00fev\u00ed f\u00f3lki, \u00fev\u00ed \u00fea\u00f0 er sterkara en v\u00e9r.&#8220; Og \u00feeir hallm\u00e6ltu landinu fyrir \u00cdsraelssonum sem \u00fea\u00f0 h\u00f6f\u00f0u sko\u00f0a\u00f0 og s\u00f6g\u00f0u: &#8222;\u00dea\u00f0 land sem v\u00e9r gengum \u00ed gegnum a\u00f0 sko\u00f0a upp \u00e9tur s\u00edna innbyggjara og allur s\u00e1 l\u00fd\u00f0ur sem v\u00e9r s\u00e1um \u00fear inni er me\u00f0 risavexti. V\u00e9r s\u00e1um \u00fear og risa, sonu Enak af risa \u00e6ttum, og v\u00e9r \u00fe\u00f3ttunst vera l\u00edka sem <span class=\"athugasemd\" title=\"sword P\u00f6ddur\">[<\/span> locustae hj\u00e1 \u00feeim a\u00f0 sj\u00e1 og so vorum v\u00e9r fyrir \u00feeirra augum.&#8220;<\/p>\n","protected":false},"excerpt":{"rendered":"<p>Og Drottinn tala\u00f0i vi\u00f0 M\u00f3sen og sag\u00f0i: &#8222;Send \u00fe\u00fa menn \u00fat a\u00f0 sko\u00f0a landi\u00f0 Kanaan hv\u00f6rt \u00e9g vil gefa \u00cdsraelssonum, af s\u00e9rhverri kynkv\u00edsl eirn s\u00e9rlegan mann.&#8220; M\u00f3ses sendi \u00fe\u00e1 af \u00feeirri ey\u00f0im\u00f6rku Paran eftir or\u00f0um Drottins, \u00feeir e\u00f0 allir voru s\u00e9rlegir (yppustu menn) \u00e1 millum \u00cdsraelssona. Og \u00feeir heita svo: Samn\u00faa son Sak\u00far af \u00e6tt R\u00faben, Safat son H\u00f3r\u00ed af \u00e6tt S\u00edmeon, Kaleb son Jef\u00fanne af \u00e6tt J\u00fada, \u00cdgeal son J\u00f3sef af \u00e6tt \u00cdsaskar, H\u00f3sea son N\u00fan af \u00e6tt Efra\u00edm, Palt\u00ed son Raf\u00fa af \u00e6tt Benjam\u00edn, Gad\u00edel son S\u00f3d\u00ed af \u00e6tt Seb\u00falon, Gadd\u00ed son S\u00fas\u00ed af \u00e6tt J\u00f3sef og Manasse, <a href=\"https:\/\/biblian.is\/gudbrandsbiblia\/fjorda-mosebok-13-kafli\/\"> [&#8230;]<\/a><\/p>\n","protected":false},"author":1,"featured_media":0,"parent":0,"menu_order":0,"comment_status":"open","ping_status":"open","template":"bibliukaflar.php","meta":{"footnotes":""},"class_list":["post-2822","page","type-page","status-publish","hentry"],"_links":{"self":[{"href":"https:\/\/biblian.is\/gudbrandsbiblia\/wp-json\/wp\/v2\/pages\/2822","targetHints":{"allow":["GET"]}}],"collection":[{"href":"https:\/\/biblian.is\/gudbrandsbiblia\/wp-json\/wp\/v2\/pages"}],"about":[{"href":"https:\/\/biblian.is\/gudbrandsbiblia\/wp-json\/wp\/v2\/types\/page"}],"author":[{"embeddable":true,"href":"https:\/\/biblian.is\/gudbrandsbiblia\/wp-json\/wp\/v2\/users\/1"}],"replies":[{"embeddable":true,"href":"https:\/\/biblian.is\/gudbrandsbiblia\/wp-json\/wp\/v2\/comments?post=2822"}],"version-history":[{"count":0,"href":"https:\/\/biblian.is\/gudbrandsbiblia\/wp-json\/wp\/v2\/pages\/2822\/revisions"}],"wp:attachment":[{"href":"https:\/\/biblian.is\/gudbrandsbiblia\/wp-json\/wp\/v2\/media?parent=2822"}],"curies":[{"name":"wp","href":"https:\/\/api.w.org\/{rel}","templated":true}]}}