{"id":2816,"date":"2017-12-18T18:31:50","date_gmt":"2017-12-18T18:31:50","guid":{"rendered":"http:\/\/biblian.is\/gudbrandsbiblia\/fjorda-mosebok-7-kafli\/"},"modified":"2017-12-18T18:31:50","modified_gmt":"2017-12-18T18:31:50","slug":"fjorda-mosebok-7-kafli","status":"publish","type":"page","link":"https:\/\/biblian.is\/gudbrandsbiblia\/fjorda-mosebok-7-kafli\/","title":{"rendered":"Fj\u00f3r\u00f0a M\u00f3seb\u00f3k 7. kafli"},"content":{"rendered":"<p>\u00de\u00e1 M\u00f3ses haf\u00f0i uppreist tjaldb\u00fa\u00f0ina, smurt hana og helga\u00f0 \u00f6ll hennar ker og so smurt og helga\u00f0 altari\u00f0 me\u00f0 \u00f6llum s\u00ednum umb\u00fana\u00f0i, \u00fe\u00e1 offru\u00f0u \u00cdsraelis h\u00f6f\u00f0ingjar, \u00feeir sem helstir voru \u00ed \u00feeirra fe\u00f0ra h\u00fasi. <span class=\"athugasemd\" title=\"F\u00f3rnir \u00feeirra t\u00f3lf h\u00f6f\u00f0ingja \u00cdsraelis\">[<\/span> \u00dev\u00ed \u00feeir voru \u00feeir inu yppurstu \u00e1 me\u00f0al kyn\u00fe\u00e1ttanna og st\u00f3\u00f0u fyrst \u00e1 me\u00f0al \u00feeirra sem taldir voru. Og \u00feeir b\u00e1ru sitt offur fram fyrir Drottin: Sex hla\u00f0na vagna og t\u00f3lf uxa, j\u00e1 eirn vagn fyrir tvo h\u00f6f\u00f0ingja, og eirn uxa fyrir hv\u00f6rn af \u00feeim, og \u00feeir f\u00e6r\u00f0u \u00feetta fyrir tjaldb\u00fa\u00f0ina.<\/p>\n<p>\tOg Drottinn tala\u00f0i vi\u00f0 M\u00f3sen og sag\u00f0i: &#8222;Me\u00f0tak \u00fe\u00fa \u00fea\u00f0 af \u00feeim so \u00fea\u00f0 megi vera til \u00fej\u00f3nustugj\u00f6r\u00f0ar \u00ed vitnisbur\u00f0arins tjaldb\u00fa\u00f0 og gef \u00fea\u00f0 Lev\u00edtunum, s\u00e9rhv\u00f6rjum eftir s\u00ednu emb\u00e6tti.&#8220; \u00de\u00e1 t\u00f3k M\u00f3ses vagnana og uxana og gaf Lev\u00edtunum \u00fe\u00e1. Og hann gaf sonum Gersons tvo vagna og fj\u00f3ra uxa eftir \u00feeirra emb\u00e6tti. Og hann gaf sonum Merar\u00ed fj\u00f3ra vagna og \u00e1tta uxa eftir \u00feeirra emb\u00e6tti undir \u00cdtamar Arons prests sona hendi. En hann gaf sonum Kahat ekkert fyrir \u00fev\u00ed a\u00f0 \u00feeir h\u00f6f\u00f0u eitt heilagt emb\u00e6tti \u00e1 s\u00e9r og ur\u00f0u a\u00f0 bera \u00e1 s\u00ednum \u00f6xlum.<\/p>\n<p>\tOg h\u00f6f\u00f0ingjarnir offru\u00f0u til altarisins v\u00edgslu \u00e1 \u00feeim degi sem \u00fea\u00f0 var v\u00edgt og offru\u00f0u \u00feeirra g\u00e1fum fyrir altari\u00f0. Og Drottinn sag\u00f0i til M\u00f3sen: &#8222;L\u00e1ttu s\u00e9rhv\u00f6rn h\u00f6f\u00f0ingjanna f\u00e6ra sitt offur fram \u00e1 s\u00ednum degi til altarisins v\u00edgslu.&#8220;<\/p>\n<p>\t\u00c1 fyrsta degi offra\u00f0i Nahasson son Amm\u00ednadab af \u00e6tt J\u00fada s\u00ednum g\u00e1fum. <span class=\"athugasemd\" title=\"1 \/ Nahasson\">[<\/span> Og hans g\u00e1fa var eitt silfurfat hundra\u00f0 og \u00ferj\u00e1tygi sikla vert, ein silfursk\u00e1l sj\u00f6tygi sikla ver\u00f0 eftir helgid\u00f3msins sikli, hvorttveggja fullt af hveitimj\u00f6lssarla, menga\u00f0 me\u00f0 oleo, til eins matoffurs. \u00dear til ein gullskei\u00f0 t\u00edu sikla gulls ver\u00f0, full af reykelsi, eirn uxi af nautunum, eirn hr\u00fatur, eitt lamb \u00e1rsgamalt til brennioffurs, einn kjarnhafur til syndaoffurs, og tveir uxar til eins \u00feakkaroffurs, fimm hr\u00fatar, fimm kjarnhafrar og fimm l\u00f6mb \u00e1rsg\u00f6mul. \u00deetta eru g\u00e1fur Nahasson sonar Amm\u00ednadab.<\/p>\n<p>\t\u00c1 \u00f6\u00f0rum degi offra\u00f0i Netaneel son S\u00faar h\u00f6f\u00f0ingi \u00cdsaskar. <span class=\"athugasemd\" title=\"2 \/ Netaneel\">[<\/span> Hans g\u00e1fa var eitt silfurfat hundra\u00f0 og \u00ferj\u00e1tygi sikla vir\u00f0i, ein silfursk\u00e1l sj\u00f6tygi sikla ver\u00f0 eftir helgid\u00f3msins sikli, hvorttveggja fullt af hveitimj\u00f6lssarla, menga\u00f0 me\u00f0 oleo, til eins matoffurs. \u00dear til ein gullskei\u00f0 t\u00edu sikla gulls ver\u00f0, full af reykelsi, einn uxi af nautunum, eirn hr\u00fatur, eitt lamb \u00e1rsgamalt til brennioffurs, einn kjarnhafur til syndaoffurs og tv\u00f6 yxn til \u00feakkoffurs, fimm hr\u00fatar, fimm kjarnhafrar og fimm l\u00f6mb \u00e1rsg\u00f6mul. \u00deetta eru g\u00e1fur Netaneel sonar S\u00faar.<\/p>\n<p>\t\u00c1 \u00feri\u00f0ja degi offra\u00f0i El\u00edab son Helon h\u00f6f\u00f0ingi yfir sonum Seb\u00falon. <span class=\"athugasemd\" title=\"3 \/ El\u00edab\">[<\/span> Hans g\u00e1fa var einn silfurdiskur hundra\u00f0 og \u00ferj\u00e1tygi siclos ver\u00f0ur, ein silfursk\u00e1l sj\u00f6tygi sicel ver\u00f0 eftir helgid\u00f3msins sikli, hvorttveggja fullt af hveitimj\u00f6lssarla, blanda\u00f0 me\u00f0 oleo, til eins matoffurs, ein gullskei\u00f0 t\u00edu sikla gulls ver\u00f0 full af reykelsi, einn uxi af nautunum, einn hr\u00fatur og eitt lamb \u00e1rsgamalt til brennif\u00f3rnar, einn kjarnhafur til syndaoffurs, og tveir uxar til \u00feakkoffurs, fimm hr\u00fatar, fimm kjarnhafrar og fimm l\u00f6mb \u00e1rsg\u00f6mul. \u00deessar eru g\u00e1fur El\u00edab sonar Helon.<\/p>\n<p>\tEn fj\u00f3r\u00f0a daginn offra\u00f0i El\u00eds\u00far son Sede\u00far h\u00f6f\u00f0inginn fyrir sonum R\u00faben. <span class=\"athugasemd\" title=\"4 \/ El\u00eds\u00far\">[<\/span> Hans g\u00e1fa var eirn silfurdiskur hundra\u00f0 og \u00ferj\u00e1tygi sikla ver\u00f0ur, ein silfursk\u00e1l sj\u00f6tygu sikla ver\u00f0 eftir helgid\u00f3msins sikli, hvorttveggja fullt af hveitimj\u00f6lssarla blanda\u00f0 me\u00f0 oleo til matoffurs, ein gullskei\u00f0 t\u00edu sikla gulls ver\u00f0 full af reykelsi, einn uxi af nautunum, eirn hr\u00fatur, eitt \u00e1rsgamalt lamb til eins brennioffurs, eirn kjarnhafur til eins syndaoffurs, og tveir uxar til eins \u00feakkaroffurs, fimm hr\u00fatar, fimm kjarnhafrar, og fimm l\u00f6mb \u00e1rsg\u00f6mul. \u00deetta er g\u00e1fa El\u00eds\u00far sonar Sede\u00far. <\/p>\n<p>\tEn fimmta dag offra\u00f0i Sel\u00fam\u00edel son S\u00far\u00ed Sada\u00ed h\u00f6f\u00f0inginn af sonum S\u00edmeonis. <span class=\"athugasemd\" title=\"5 \/ Sel\u00fam\u00edel\">[<\/span> Hans g\u00e1fa var eirn silfurdiskur hundra\u00f0 og \u00ferj\u00e1tygi sikla ver\u00f0ur, ein silfursk\u00e1l sj\u00f6tygi sikla ver\u00f0 eftir helgid\u00f3msins sikli, hvorttveggja fullt me\u00f0 hveitimj\u00f6lssarla blanda\u00f0 me\u00f0 oleo til matoffurs, ein gullskei\u00f0 t\u00edu sikla gulls ver\u00f0 full af reykelsi, eirn uxi af nautunum, einn hr\u00fatur, eitt \u00e1rsgamalt lamb til brennif\u00f3rnar, eirn geithafur til eins syndaoffurs, og tveir uxar til \u00feakkaroffurs, fimm hr\u00fatar, geithafrar fimm og fimm l\u00f6mb \u00e1rsg\u00f6mul. Og \u00feessar eru g\u00e1fur Sel\u00fam\u00edel sonar S\u00far\u00ed.<\/p>\n<p>\t\u00c1 sj\u00f6tta degi offra\u00f0i El\u00edsaf son Deg\u00faels h\u00f6f\u00f0ingi yfir sonum Ga\u00f0. <span class=\"athugasemd\" title=\"6 \/ El\u00edsaf\">[<\/span> Hans g\u00e1fa var eirn silfurdiskur hundra\u00f0 og \u00ferj\u00e1tygu sikla ver\u00f0ur, ein silfursk\u00e1l sj\u00f6tygi sikla ver\u00f0 eftir helgid\u00f3msins sikli, hvorttveggja fullt me\u00f0 hveitimj\u00f6lssarla blanda\u00f0 me\u00f0 oleo til matoffurs, ein gullskei\u00f0 t\u00edu sikla gulls ver\u00f0 full af reykelsi, eirn uxi af nautunum, einn hr\u00fatur, eitt \u00e1rsgamalt lamb til brennif\u00f3rnar, eirn geithafur til syndaoffurs, og tveir uxar til \u00feakkaroffurs, fimm hr\u00fatar, fimm geithafrar og fimm l\u00f6mb \u00e1rsg\u00f6mul. Og \u00feessar eru g\u00e1fur El\u00edsaf son Deg\u00fael.<\/p>\n<p>\tEn sj\u00f6unda dag offra\u00f0i El\u00edsama son Am\u00edh\u00fad h\u00f6f\u00f0inginn yfir Efra\u00edms sonum. <span class=\"athugasemd\" title=\"7 \/ El\u00edsama\">[<\/span> Hans g\u00e1fa var ein silfurdiskur hundra\u00f0 og \u00ferj\u00e1tygi sikla ver\u00f0ur, ein silfursk\u00e1l sj\u00f6tygi sikla ver\u00f0 eftir helgid\u00f3msins sikli, hvorttveggja fullt af hveitimj\u00f6lssarla blanda\u00f0 me\u00f0 oleo til eins matoffurs, ein gullskei\u00f0 t\u00edu sikla gulls ver\u00f0 full af reykelsi, eirn uxi af f\u00e9na\u00f0inum, einn hr\u00fatur, eitt \u00e1rsgamalt lamb til brennioffurs, einn kjarnhafur til syndaoffurs, og tv\u00f6 yxn til \u00feakkoffurs, fimm hr\u00fatar, fimm kjarnhafrar, fimm l\u00f6mb \u00e1rsg\u00f6mul. \u00deetta eru g\u00e1fur El\u00edsama son Am\u00edh\u00fad.<\/p>\n<p>\t\u00c1 \u00e1ttunda degi offra\u00f0i Gaml\u00edel son Pedas\u00far h\u00f6f\u00f0ingi yfir Manasse sonum. <span class=\"athugasemd\" title=\"8 \/ Gaml\u00edel\">[<\/span> Hans g\u00e1fa var eirn silfurdiskur hundra\u00f0 og \u00ferj\u00e1tygi sikla ver\u00f0ur, ein silfursk\u00e1l sj\u00f6tygi sikla ver\u00f0 eftir helgid\u00f3msins sikli, hvorttveggja fullt af hveitimj\u00f6lssarla blanda\u00f0 me\u00f0 oleo til matoffurs, ein gullskei\u00f0 t\u00edu siclos gulls ver\u00f0 full af reykelsi, eirn uxi af nautunum, eirn hr\u00fatur, \u00e1rsgamalt lamb til brennif\u00f3rnar, einn kjarnhafur til eins sydaoffurs, og tveir uxar til \u00feakkaroffurs, fimm hr\u00fatar, kjarnhafrar fimm, og fimm l\u00f6mb \u00e1rsg\u00f6mul. \u00deetta eru g\u00e1fur Gaml\u00edel sonar Pedas\u00far.<\/p>\n<p>\t\u00deann n\u00edunda dag offra\u00f0i Ab\u00eddan son Gedeon h\u00f6f\u00f0inginn fyrir sonum Benjam\u00edns. <span class=\"athugasemd\" title=\"9 \/ Ab\u00eddan\">[<\/span> Hans g\u00e1fa var eirn silfurdiskur hundra\u00f0 og \u00ferj\u00e1tygi siclos ver\u00f0ur, ein silfursk\u00e1l sj\u00f6tygi siclos ver\u00f0 eftir helgid\u00f3msins sikli, hvorttveggja fullt af hveitimj\u00f6lssarla blanda\u00f0 me\u00f0 oleo til matoffurs, ein gullskei\u00f0 t\u00edu siclos ver\u00f0 full af reykelsi, einn uxa af nautunum, einn hr\u00fatur, eitt \u00e1rsgamalt lamb til brennioffurs, einn kjarnhafur til syndaoffurs, og tveir uxar til \u00feakkaroffurs, fimm hr\u00fatar, fimm kjarnhafrar, fimm l\u00f6mb \u00e1rsg\u00f6mul. Og \u00feetta eru n\u00fa g\u00e1fur Ab\u00eddans sonar G\u00eddeon\u00ed. <\/p>\n<p>\tT\u00edunda dag offra\u00f0i Ah\u00edeser son Amm\u00ed-Sada\u00ed h\u00f6f\u00f0ingi fyrir sonum Dan. <span class=\"athugasemd\" title=\"10 \/ Ah\u00edeser\">[<\/span> Hans g\u00e1fa var eirn silfurdiskur hundra\u00f0 og \u00ferj\u00e1tygi siclos ver\u00f0ur, ein silfursk\u00e1l sj\u00f6tygi siclos ver\u00f0 eftir helgid\u00f3msins sikli, hvorttveggja fullt af hveitimj\u00f6lssarla blanda\u00f0 me\u00f0 oleo til matoffurs, ein gullskei\u00f0 t\u00edu siclos gulls ver\u00f0 full af reykelsi, eirn uxi af nautunum, einn hr\u00fatur, eitt \u00e1rsgamalt lamb til brennioffurs, eirn kjarnhafur til syndaoffurs, og tveir uxar til \u00feakkaroffurs, fimm hr\u00fatar, fimm kjarnhafrar, fimm l\u00f6mb \u00e1rsg\u00f6mul. Og \u00feetta eru n\u00fa g\u00e1fur Ah\u00edeser sonar Amm\u00ed-Sada\u00ed.<\/p>\n<p>\t\u00deann ellefta dag offra\u00f0i Pag\u00edel son Okran h\u00f6f\u00f0inginn fyrir sonum Assers. <span class=\"athugasemd\" title=\"11 \/ Pag\u00edel\">[<\/span> Hans g\u00e1fa var eirn silfurdiskur hundra\u00f0 og \u00ferj\u00e1tygi siclos ver\u00f0ur, ein silfursk\u00e1l sj\u00f6tygi siclos ver\u00f0 eftir helgid\u00f3msins sikli, hvorttveggja fullt af hveitimj\u00f6lssarla blanda\u00f0 me\u00f0 oleo til matoffurs, ein gullskei\u00f0 t\u00edu siclos gulls ver\u00f0 full af reykelsi, einn uxi af nautunum, einn hr\u00fatur, eitt \u00e1rsgamalt lamb til brennioffurs, einn kjarnhafur til syndaoffurs, og tveir uxar til \u00feakkaroffurs, fimm hr\u00fatar, fimm kjarnhafrar, fimm l\u00f6mb \u00e1rsg\u00f6mul. Og \u00feetta eru n\u00fa g\u00e1fur Pag\u00edel sonar Okran.<\/p>\n<p>\tEn \u00feann t\u00f3lfta dag offra\u00f0i Ah\u00edra son Enan h\u00f6f\u00f0ingi fyrir sonum Neftal\u00ed. <span class=\"athugasemd\" title=\"12 \/ Ah\u00edra\">[<\/span> Hans g\u00e1fa var einn silfurdiskur hundra\u00f0 og \u00ferj\u00e1tygi siclos ver\u00f0ur, ein silfursk\u00e1l sj\u00f6tygi siclos ver\u00f0 eftir helgid\u00f3msins sikli, hvorttveggja fullt af hveitimj\u00f6lssarla blanda\u00f0 me\u00f0 oleo til eins matoffurs, ein gullskei\u00f0 t\u00edu siclos gulls ver\u00f0 full af reykelsi, eirn uxi af nautunum, eirn hr\u00fatur, eitt \u00e1rsgamalt lamb til brennioffurs, einn kjarnhafur til syndaoffurs, og tveir hr\u00fatar til \u00feakkoffurs, fimm hr\u00fatar, fimm kjarnhafrar, fimm l\u00f6mb \u00e1rsg\u00f6mul. Og \u00feetta eru g\u00e1fur Ah\u00edra sonar Enan.<\/p>\n<p>\t\u00deetta er altarisins v\u00edgsla \u00feann t\u00edma \u00fe\u00e1 \u00fea\u00f0 var v\u00edgt, til hv\u00f6rs a\u00f0 \u00cdsraels h\u00f6f\u00f0ingjar offru\u00f0u \u00feessa t\u00f3lf silfurdiska, t\u00f3lf silfursk\u00e1lir, t\u00f3lf gullskei\u00f0ir. <span class=\"athugasemd\" title=\"Summan \u00e1 f\u00f3rnum \u00feeirra t\u00f3lf h\u00f6f\u00f0ingja\">[<\/span> So a\u00f0 hv\u00f6r diskur v\u00f3g hundra\u00f0 og \u00ferj\u00e1tygi siclos silfurs og hv\u00f6r ein sk\u00e1l \u00ferj\u00e1tygi siclos, svo a\u00f0 summan alls silfursins af \u00feessum kerum var a\u00f0 vigt tv\u00f6 \u00fe\u00fasund og fj\u00f6gur hundru\u00f0 siklar eftir helgid\u00f3msins sikli, og \u00fe\u00e6r t\u00f3lf gullskei\u00f0ir fullar af reykelsi, og h\u00e9lt s\u00e9rhv\u00f6r t\u00edu siclos eftir helgid\u00f3msins sikli, so a\u00f0 summan gullsins \u00ed skei\u00f0unum var a\u00f0 vigt hundra\u00f0 og tuttugu sicli.<\/p>\n<p>\tTalan \u00e1 uxunum til brennioffursins voru t\u00f3lf uxar, t\u00f3lf hr\u00fatar, t\u00f3lf l\u00f6mb \u00e1rsg\u00f6mul me\u00f0 \u00feeirra matoffri, og t\u00f3lf kjarnhafrar til syndaoffurs. Og summan af uxunum til \u00feakkoffursins voru fj\u00f3rir og tuttugu uxar, sextygi hr\u00fatar, sextygi kjarnhafrar, sextygi l\u00f6mb \u00e1rsg\u00f6mul. \u00deetta var altarisins vigslan \u00fe\u00e1 \u00fea\u00f0 var v\u00edgt.<\/p>\n<p>\tOg \u00fe\u00e1 M\u00f3ses gekk inn \u00ed vitnisbur\u00f0arins tjaldb\u00fa\u00f0 a\u00f0 leita atkv\u00e6\u00f0is \u00fe\u00e1 heyr\u00f0i hann r\u00f6ddina tala vi\u00f0 sig af n\u00e1\u00f0arst\u00f3lnum sem var ofan \u00e1 vitnisbur\u00f0arins \u00f6rk, \u00ed millum \u00feeirra tveggja ker\u00fab\u00edm, \u00fea\u00f0an var tala\u00f0 vi\u00f0 hann.<\/p>\n","protected":false},"excerpt":{"rendered":"<p>\u00de\u00e1 M\u00f3ses haf\u00f0i uppreist tjaldb\u00fa\u00f0ina, smurt hana og helga\u00f0 \u00f6ll hennar ker og so smurt og helga\u00f0 altari\u00f0 me\u00f0 \u00f6llum s\u00ednum umb\u00fana\u00f0i, \u00fe\u00e1 offru\u00f0u \u00cdsraelis h\u00f6f\u00f0ingjar, \u00feeir sem helstir voru \u00ed \u00feeirra fe\u00f0ra h\u00fasi. [ \u00dev\u00ed \u00feeir voru \u00feeir inu yppurstu \u00e1 me\u00f0al kyn\u00fe\u00e1ttanna og st\u00f3\u00f0u fyrst \u00e1 me\u00f0al \u00feeirra sem taldir voru. Og \u00feeir b\u00e1ru sitt offur fram fyrir Drottin: Sex hla\u00f0na vagna og t\u00f3lf uxa, j\u00e1 eirn vagn fyrir tvo h\u00f6f\u00f0ingja, og eirn uxa fyrir hv\u00f6rn af \u00feeim, og \u00feeir f\u00e6r\u00f0u \u00feetta fyrir tjaldb\u00fa\u00f0ina. Og Drottinn tala\u00f0i vi\u00f0 M\u00f3sen og sag\u00f0i: &#8222;Me\u00f0tak \u00fe\u00fa \u00fea\u00f0 af \u00feeim so \u00fea\u00f0 <a href=\"https:\/\/biblian.is\/gudbrandsbiblia\/fjorda-mosebok-7-kafli\/\"> [&#8230;]<\/a><\/p>\n","protected":false},"author":1,"featured_media":0,"parent":0,"menu_order":0,"comment_status":"open","ping_status":"open","template":"bibliukaflar.php","meta":{"footnotes":""},"class_list":["post-2816","page","type-page","status-publish","hentry"],"_links":{"self":[{"href":"https:\/\/biblian.is\/gudbrandsbiblia\/wp-json\/wp\/v2\/pages\/2816","targetHints":{"allow":["GET"]}}],"collection":[{"href":"https:\/\/biblian.is\/gudbrandsbiblia\/wp-json\/wp\/v2\/pages"}],"about":[{"href":"https:\/\/biblian.is\/gudbrandsbiblia\/wp-json\/wp\/v2\/types\/page"}],"author":[{"embeddable":true,"href":"https:\/\/biblian.is\/gudbrandsbiblia\/wp-json\/wp\/v2\/users\/1"}],"replies":[{"embeddable":true,"href":"https:\/\/biblian.is\/gudbrandsbiblia\/wp-json\/wp\/v2\/comments?post=2816"}],"version-history":[{"count":0,"href":"https:\/\/biblian.is\/gudbrandsbiblia\/wp-json\/wp\/v2\/pages\/2816\/revisions"}],"wp:attachment":[{"href":"https:\/\/biblian.is\/gudbrandsbiblia\/wp-json\/wp\/v2\/media?parent=2816"}],"curies":[{"name":"wp","href":"https:\/\/api.w.org\/{rel}","templated":true}]}}