{"id":2757,"date":"2017-12-18T18:31:40","date_gmt":"2017-12-18T18:31:40","guid":{"rendered":"http:\/\/biblian.is\/gudbrandsbiblia\/onnur-mosebok-15-kafli\/"},"modified":"2017-12-18T18:31:40","modified_gmt":"2017-12-18T18:31:40","slug":"onnur-mosebok-15-kafli","status":"publish","type":"page","link":"https:\/\/biblian.is\/gudbrandsbiblia\/onnur-mosebok-15-kafli\/","title":{"rendered":"\u00d6nnur M\u00f3seb\u00f3k 15. kafli"},"content":{"rendered":"<p>\u00de\u00e1 s\u00f6ng M\u00f3ses og \u00cdsraelssynir Drottni \u00feennan lofs\u00f6ng og s\u00f6g\u00f0u: <\/p>\n<p>\t&#8222;\u00c9g vil lofsyngja Drottni \u00fev\u00ed hann hefur gj\u00f6rt eitt d\u00e1semdarverk, hestum og v\u00f6gnum hefur hann \u00ed hafi\u00f0 ni\u00f0ur steypt. <span class=\"athugasemd\" title=\"Lofs\u00f6ngur M\u00f3se \/ S\u00e1l. 118; Esa 12\">[<\/span> <\/p>\n<p>\tDrottinn er minn styrkur og lofs\u00f6ngur og hann er mitt hj\u00e1lpr\u00e6\u00f0i. Hann er minn Gu\u00f0, hann vil \u00e9g pr\u00edsa. Hann er m\u00edns f\u00f6\u00f0urs Gu\u00f0, hann vil \u00e9g upphefja.<\/p>\n<p>\tDrottinn er \u00feann r\u00e9tti str\u00ed\u00f0smann, Drottinn er hans heiti. Hann kasta\u00f0i fara\u00f3nis v\u00f6gnum og hans magt ni\u00f0ur \u00ed hafi\u00f0.<\/p>\n<p>\tHans \u00fatvaldir h\u00f6f\u00f0ingjar sukku \u00ed Hafinu rau\u00f0a og undirdj\u00fapi\u00f0 huldi \u00fe\u00e1, \u00feeir sukku til botns sem steinar.<\/p>\n<p>\tDrottinn, \u00fe\u00edn h\u00e6gri h\u00f6nd gj\u00f6r\u00f0i miklar d\u00e1semdir, Drottinn, \u00fe\u00edn h\u00e6gri h\u00f6nd sl\u00f3 ni\u00f0ur fjandmanninn.<\/p>\n<p>\t\u00de\u00fa kollvarpa\u00f0ir \u00fe\u00ednum m\u00f3tst\u00f6\u00f0um\u00f6nnum me\u00f0 \u00feinni mikillri d\u00fdr\u00f0, \u00fev\u00ed \u00fe\u00e1 \u00fe\u00fa l\u00e9st lausa \u00fe\u00edna rei\u00f0i \u00fe\u00e1 fort\u00e6r\u00f0i h\u00fan \u00feeim svo sem \u00f6gnum.<\/p>\n<p>\t\u00de\u00e1 \u00fe\u00fa bl\u00e9st gaf vatni\u00f0 sig upp og vatsf\u00f6llin st\u00f3\u00f0u sem \u00f6nnur hr\u00faga og undirdj\u00fapin veltu upp vatninu mitt \u00ed sj\u00f3num.<\/p>\n<p>\t\u00d3vinurinn sag\u00f0i: \u00e9g vil s\u00e6kja eftir \u00feeim og h\u00f6ndla \u00fe\u00e1 og skipta herfangi og se\u00f0ja rei\u00f0i m\u00edna \u00e1 \u00feeim.<\/p>\n<p>\t\u00c9g vil rykkja m\u00ednu sver\u00f0i og m\u00edn h\u00f6nd skal vega \u00fe\u00e1. \u00de\u00e1 l\u00e9stu \u00feinn vind bl\u00e1sa og sj\u00f3rinn huldi \u00fe\u00e1 og \u00feeir sukku ni\u00f0ur sem bl\u00fd \u00ed miklum vatsf\u00f6llum.<\/p>\n<p>\tDrottinn, hver er \u00feinn l\u00edki \u00e1 me\u00f0al gu\u00f0anna? Hver er \u00feinn l\u00edki sem so er m\u00e1ttugur, heilagur, hr\u00e6\u00f0ilegur, loflegur og so d\u00e1samlegur \u00ed s\u00ednum verkum sem \u00fe\u00fa?<\/p>\n<p>\t\u00de\u00e1 \u00fe\u00fa \u00fatr\u00e9ttir \u00fe\u00edna h\u00e6gri h\u00f6nd \u00fe\u00e1 gleypti j\u00f6r\u00f0in \u00fe\u00e1.<\/p>\n<p>\t\u00de\u00fa hefur leitt \u00feitt f\u00f3lk me\u00f0 \u00feinni miskunnsemd sem \u00fe\u00fa hefur endurleyst og hefur leitt \u00fe\u00e1 me\u00f0 \u00fe\u00ednum styrk til \u00fe\u00edns heilaga b\u00fasta\u00f0ar.<\/p>\n<p>\t\u00de\u00e1 \u00fej\u00f3\u00f0irnar heyr\u00f0u \u00fea\u00f0 \u00fe\u00e1 bifu\u00f0ust \u00fe\u00e6r og angist kom yfir Filisteos.<\/p>\n<p>\t\u00de\u00e1 ur\u00f0u hr\u00e6ddir h\u00f6f\u00f0ingjar Ed\u00f3m og \u00feeir voldugu \u00ed M\u00f3ab skulfu og allir innbyggjarar \u00ed Kanaan ur\u00f0u duglausir. <span class=\"athugasemd\" title=\"J\u00f3s\u00fa 2\">[<\/span> <\/p>\n<p>\tL\u00e1t hr\u00e6\u00f0slu og \u00f3tta falla yfir \u00fe\u00e1 fyrir \u00feinn sterka arm, a\u00f0 \u00feeir stir\u00f0ni sem steinar \u00fear til \u00feitt f\u00f3lk, Drottinn, er framhj\u00e1 komi\u00f0, \u00fear til \u00feitt f\u00f3lk er fram um komi\u00f0, \u00fea\u00f0 sem \u00fe\u00fa hefur \u00fatvega\u00f0.<\/p>\n<p>\tLei\u00f0 \u00fe\u00e1 \u00fear inn og gr\u00f3\u00f0urset \u00fe\u00e1 upp\u00e1 \u00fe\u00ednu erf\u00f0afjalli sem \u00fe\u00fa, Drottinn, gj\u00f6r\u00f0ir \u00fe\u00e9r til eins heimilis, til \u00fe\u00edns helgid\u00f3ms, Drottinn, sem \u00fe\u00edn h\u00f6nd hefur tilreitt.<\/p>\n<p>\tDrottinn mun r\u00edkja um aldir og a\u00f0 eil\u00edfu. \u00dev\u00ed fara\u00f3 dr\u00f3 inn \u00ed hafi\u00f0 me\u00f0 hestum, v\u00f6gnum og riddarali\u00f0i og Drottinn l\u00e9t hafi\u00f0 falla aftur yfir \u00fe\u00e1.<\/p>\n<p>\tEn \u00cdsraelssynir gengu \u00e1 \u00feurru mitt \u00ed gegnum hafi\u00f0.&#8220;<\/p>\n<p>\tOg Mar\u00eda sp\u00e1kona, systir Arons, t\u00f3k eina bumbu \u00ed s\u00edna h\u00f6nd og kvinnurnar allar \u00fat eftir henni \u00ed dans me\u00f0 hlj\u00f3\u00f0f\u00e6rum. Og Mar\u00eda s\u00f6ng fyrir \u00feeim: &#8222;L\u00e1tum oss lofsyngja Drottni \u00fev\u00ed hann hefur gj\u00f6rt eirn d\u00fdr\u00f0legan gj\u00f6rning og ni\u00f0ur kasta\u00f0i manni og hesti \u00ed hafi\u00f0.&#8220;<\/p>\n<p>\tOg M\u00f3ses l\u00e9t \u00cdsraelssonu fer\u00f0ast burt fr\u00e1 Hafinu rau\u00f0a til \u00feeirrar ey\u00f0imerkur S\u00far. <span class=\"athugasemd\" title=\"S\u00far ey\u00f0im\u00f6rk\">[<\/span> \u00dear gengu \u00feeir \u00ferj\u00e1 daga \u00ed ey\u00f0im\u00f6rku og fundu ekkert vatn. \u00de\u00e1 komu \u00feeir til Mara. <span class=\"athugasemd\" title=\"Mara \/ \u00fe\u00fd\u00f0ist Beiskur\">[<\/span> En \u00feeir g\u00e1tu ekki drukki\u00f0 af vatninu \u00ed Mara \u00fev\u00ed \u00fea\u00f0 var mj\u00f6g beiskt. \u00dear fyrir kalla menn \u00feann sta\u00f0 Mara. \u00de\u00e1 m\u00f6gla\u00f0i f\u00f3lki\u00f0 m\u00f3t M\u00f3se og sag\u00f0i: &#8222;Hva\u00f0 skulum v\u00e9r drekka?&#8220; En hann kalla\u00f0i til Drottins og Drottinn v\u00edsa\u00f0i honum eitt tr\u00e9, \u00fev\u00ed kasta\u00f0i hann \u00ed vatni\u00f0 og vatni\u00f0 var\u00f0 s\u00e6tt.<\/p>\n<p>\t\u00dear setti hann \u00feeim l\u00f6g og r\u00e9tt og freista\u00f0i \u00feeirra og sag\u00f0i: &#8222;Ef a\u00f0 \u00fe\u00fa hl\u00fd\u00f0ir r\u00f6ddu Drottins Gu\u00f0s \u00fe\u00edns og gj\u00f6rir \u00fea\u00f0 sem r\u00e9tt er fyrir honum og ef \u00fe\u00fa l\u00e6tur hans bo\u00f0or\u00f0 \u00fe\u00e9r \u00ed eyrum lo\u00f0a og heldur allar hans skikkanir \u00fe\u00e1 vil \u00e9g \u00f6ngvan af \u00feeim sj\u00fakd\u00f3mum leggja upp\u00e1 \u00feig sem \u00e9g lag\u00f0i \u00e1 Egyptaland. \u00dev\u00ed a\u00f0 \u00e9g er Drottinn \u00feinn gr\u00e6\u00f0ari.&#8220;<\/p>\n","protected":false},"excerpt":{"rendered":"<p>\u00de\u00e1 s\u00f6ng M\u00f3ses og \u00cdsraelssynir Drottni \u00feennan lofs\u00f6ng og s\u00f6g\u00f0u: &#8222;\u00c9g vil lofsyngja Drottni \u00fev\u00ed hann hefur gj\u00f6rt eitt d\u00e1semdarverk, hestum og v\u00f6gnum hefur hann \u00ed hafi\u00f0 ni\u00f0ur steypt. [ Drottinn er minn styrkur og lofs\u00f6ngur og hann er mitt hj\u00e1lpr\u00e6\u00f0i. Hann er minn Gu\u00f0, hann vil \u00e9g pr\u00edsa. Hann er m\u00edns f\u00f6\u00f0urs Gu\u00f0, hann vil \u00e9g upphefja. Drottinn er \u00feann r\u00e9tti str\u00ed\u00f0smann, Drottinn er hans heiti. Hann kasta\u00f0i fara\u00f3nis v\u00f6gnum og hans magt ni\u00f0ur \u00ed hafi\u00f0. Hans \u00fatvaldir h\u00f6f\u00f0ingjar sukku \u00ed Hafinu rau\u00f0a og undirdj\u00fapi\u00f0 huldi \u00fe\u00e1, \u00feeir sukku til botns sem steinar. Drottinn, \u00fe\u00edn h\u00e6gri h\u00f6nd gj\u00f6r\u00f0i miklar <a href=\"https:\/\/biblian.is\/gudbrandsbiblia\/onnur-mosebok-15-kafli\/\"> [&#8230;]<\/a><\/p>\n","protected":false},"author":1,"featured_media":0,"parent":0,"menu_order":0,"comment_status":"open","ping_status":"open","template":"bibliukaflar.php","meta":{"footnotes":""},"class_list":["post-2757","page","type-page","status-publish","hentry"],"_links":{"self":[{"href":"https:\/\/biblian.is\/gudbrandsbiblia\/wp-json\/wp\/v2\/pages\/2757","targetHints":{"allow":["GET"]}}],"collection":[{"href":"https:\/\/biblian.is\/gudbrandsbiblia\/wp-json\/wp\/v2\/pages"}],"about":[{"href":"https:\/\/biblian.is\/gudbrandsbiblia\/wp-json\/wp\/v2\/types\/page"}],"author":[{"embeddable":true,"href":"https:\/\/biblian.is\/gudbrandsbiblia\/wp-json\/wp\/v2\/users\/1"}],"replies":[{"embeddable":true,"href":"https:\/\/biblian.is\/gudbrandsbiblia\/wp-json\/wp\/v2\/comments?post=2757"}],"version-history":[{"count":0,"href":"https:\/\/biblian.is\/gudbrandsbiblia\/wp-json\/wp\/v2\/pages\/2757\/revisions"}],"wp:attachment":[{"href":"https:\/\/biblian.is\/gudbrandsbiblia\/wp-json\/wp\/v2\/media?parent=2757"}],"curies":[{"name":"wp","href":"https:\/\/api.w.org\/{rel}","templated":true}]}}