{"id":2755,"date":"2017-12-18T18:31:40","date_gmt":"2017-12-18T18:31:40","guid":{"rendered":"http:\/\/biblian.is\/gudbrandsbiblia\/onnur-mosebok-13-kafli\/"},"modified":"2017-12-18T18:31:40","modified_gmt":"2017-12-18T18:31:40","slug":"onnur-mosebok-13-kafli","status":"publish","type":"page","link":"https:\/\/biblian.is\/gudbrandsbiblia\/onnur-mosebok-13-kafli\/","title":{"rendered":"\u00d6nnur M\u00f3seb\u00f3k 13. kafli"},"content":{"rendered":"<p>Og Drottinn m\u00e6lti vi\u00f0 M\u00f3sen og sag\u00f0i: &#8222;Helgi\u00f0 m\u00e9r allan frumbur\u00f0 sem fyrst opnar allsh\u00e1ttar m\u00f3\u00f0url\u00edf \u00e1 me\u00f0al \u00cdsraelssona, b\u00e6\u00f0i af m\u00f6nnum og f\u00e9na\u00f0i, \u00fev\u00ed a\u00f0 \u00fea\u00f0 heyrir m\u00e9r til.&#8220; <span class=\"athugasemd\" title=\"L\u00f6gm\u00e1l \u00fea\u00f0 allir frumbur\u00f0ir skulu helgast Drottni \/ L\u00fak. 2 \/ Lev\u00edt. 27\">[<\/span> <\/p>\n<p>\tOg M\u00f3ses sag\u00f0i til f\u00f3lksins: &#8222;Veri\u00f0 minnugir \u00feessa dags \u00e1 hverjum \u00fe\u00e9r gengu\u00f0 \u00fat af Egyptalandi, \u00far \u00fer\u00e6ld\u00f3ms h\u00fasi, \u00fev\u00ed a\u00f0 Drottinn leiddi y\u00f0ur \u00fat \u00fea\u00f0an me\u00f0 styrkri hendi. \u00dear fyrir skaltu ekki eta s\u00fardeig. \u00cd dag eru \u00fe\u00e9r \u00fatgengnir \u00ed \u00feeim m\u00e1nu\u00f0i <span class=\"athugasemd\" title=\"a (Ab\u00edb) er apr\u00edlis\">[<\/span> Ab\u00edb. Og n\u00fa \u00feegar a\u00f0 Drottinn hefur innleitt \u00feig \u00ed landi\u00f0 Kananei, Hetei, Amorei, Hev\u00edtei, Jeb\u00fasei, hvert han s\u00f3r \u00fe\u00ednu forfe\u00f0rum a\u00f0 gefa \u00fe\u00e9r \u00fea\u00f0 land sem fl\u00fdtur \u00ed mj\u00f3lk og hunangi, \u00fe\u00e1 skaltu halda \u00feessa \u00fej\u00f3nustugj\u00f6r\u00f0 \u00ed \u00feeim m\u00e1nu\u00f0i. Sj\u00f6 daga skaltu eta \u00f3s\u00fdrt brau\u00f0 og \u00e1 \u00feeim sj\u00f6unda degi er Drottins h\u00e1t\u00ed\u00f0. \u00dear fyrir skaltu eta \u00f3s\u00fdrt brau\u00f0 \u00ed sj\u00f6 daga so a\u00f0 ekkert s\u00fardeig n\u00e9 s\u00fart brau\u00f0 sj\u00e1ist hj\u00e1 \u00fe\u00e9r \u00ed \u00f6llum \u00fe\u00ednum lands\u00e1lfum.<\/p>\n<p>\tOg \u00fe\u00e9r skulu\u00f0 segja \u00feetta fyrir y\u00f0rum sonum \u00e1 \u00feeim degi: &#8222;\u00deetta h\u00f6ldum v\u00e9r \u00feess vegna sem Drottinn gj\u00f6r\u00f0i oss \u00fe\u00e1 v\u00e9r f\u00f3rum af Egyptalandi. \u00dear fyrir skal \u00feetta vera \u00fe\u00e9r eitt teikn \u00ed \u00feinni hendi og ein minning fyrir \u00fe\u00ednum augum so a\u00f0 Gu\u00f0s l\u00f6gm\u00e1l\u00e6 s\u00e9 \u00ed \u00fe\u00ednum munni, a\u00f0 Drottinn \u00fatleiddi \u00feig af Egyptalandi me\u00f0 eirnri styrkri h\u00f6nd. \u00dear fyrir haldi\u00f0 \u00feessa skikkan \u00e1 s\u00ednum t\u00edma hv\u00f6rt \u00e1r.<\/p>\n<p>\tOg \u00fe\u00e1 Drottinn hefur innleitt \u00feig \u00ed land Kanaans sem hann s\u00f3r \u00fe\u00e9r og \u00fe\u00ednum forfe\u00f0rum og \u00fe\u00e1 hann hefur gefi\u00f0 \u00fe\u00e9r \u00fea\u00f0, \u00fe\u00e1 skaltu fr\u00e1skilja Drottni til handa allt \u00fea\u00f0 sem opnar sinnar m\u00f3\u00f0urkvi\u00f0, og \u00feann fyrsta frambur\u00f0 af f\u00e9na\u00f0inum sem kallkyns er. <span class=\"athugasemd\" title=\"Allir frumbur\u00f0ir eru Drottni heilagir \/ L\u00fak. 2\">[<\/span> Frumbur\u00f0 asnans skaltu leysa me\u00f0 einum sau\u00f0. En leysir \u00fe\u00fa hann ekki \u00fe\u00e1 brj\u00f3t hann \u00far h\u00e1lsli\u00f0unum. En allan mannlegan frumgetna\u00f0 me\u00f0al \u00feinna sona \u00fe\u00e1 skaltu leysa. <\/p>\n<p>\tOg \u00fe\u00e1 \u00feinn sonur spyr \u00feig a\u00f0 \u00ed dag e\u00f0a \u00e1 morgun og segir: Hva\u00f0 er \u00fea\u00f0? \u00de\u00e1 svara \u00fe\u00fa honum so: Drottinn leiddi oss af Egyptalandi, fr\u00e1 \u00fev\u00ed \u00fer\u00e6ld\u00f3ms h\u00fasi, me\u00f0 eirnri styrkri hendi. \u00dev\u00ed a\u00f0 \u00fe\u00e1 fara\u00f3 var forhertur og vildi ekki leyfa oss burtf\u00f6r \u00fe\u00e1 sl\u00f3 Drottinn \u00ed hel alla frumbur\u00f0i \u00ed Egyptalandi, fr\u00e1 \u00feeim fyrsta manns frumbur\u00f0i og allt til f\u00e9na\u00f0arins fyrsta frumbur\u00f0ar. \u00dear fyrir f\u00f3rnf\u00e6rum v\u00e9r Drottni allt \u00fea\u00f0 sem fyrst opnar sinnar m\u00f3\u00f0ur kvi\u00f0, \u00fea\u00f0 sem er kallkyns, og \u00e9g leysi frumbur\u00f0 minna barna. Og \u00feetta skal vera \u00fe\u00e9r eitt merki \u00ed \u00feinni hendi og til eirnrar minningar fyrir \u00fe\u00ednum augum \u00fea\u00f0 Drottinn hefur leitt oss af Egyptalandi me\u00f0 eirni sterkri hendi.&#8220;<\/p>\n<p>\tOg sem fara\u00f3 haf\u00f0i leyft f\u00f3lkinu burt a\u00f0 fara \u00fe\u00e1 leiddi Gu\u00f0 \u00fe\u00e1 ekki \u00feann veg sem liggur \u00ed gegnum landi\u00f0 Filist\u00ednorum sem \u00feeim var n\u00e1l\u00e6gast \u00fev\u00ed Gu\u00f0 hugsa\u00f0i: &#8222;Ske m\u00e1 a\u00f0 f\u00f3lki\u00f0 megi i\u00f0rast \u00fe\u00e1 \u00fea\u00f0 s\u00e9r a\u00f0 bardagar r\u00edsa \u00ed m\u00f3ti \u00fev\u00ed og sn\u00fai aftur \u00ed Egyptaland.&#8220; <span class=\"athugasemd\" title=\"Reisa \u00cdsraelssona\">[<\/span> \u00dear fyrir leiddi hann f\u00f3lki\u00f0 \u00e1 \u00feann veg ey\u00f0imerkur sem liggur \u00fat me\u00f0 \u00fev\u00ed rau\u00f0a hafi. Og \u00cdsraelssynir f\u00f3ru vopna\u00f0ir af Egyptalandi. Og M\u00f3ses t\u00f3k J\u00f3sefs bein \u00fat me\u00f0 s\u00e9r \u00fev\u00ed a\u00f0 hann haf\u00f0i teki\u00f0 eirn ei\u00f0 \u00fear upp\u00e1 af \u00cdsraelssonum og sagt: &#8222;Gu\u00f0 mun vitja y\u00f0ar, \u00fe\u00e1 flytji\u00f0 m\u00edn bein burt me\u00f0 y\u00f0ur.&#8220; <span class=\"athugasemd\" title=\"J\u00f3sefs bein\">[<\/span> <\/p>\n<p>\tOg \u00feeir reistu \u00fat fr\u00e1 S\u00fak\u00f3t og settu s\u00ednar herb\u00fa\u00f0ir \u00ed Etam fremst \u00ed ey\u00f0im\u00f6rkinni. Og Drottinn gekk fyrir \u00feeim um dagana \u00ed einum sk\u00fdst\u00f3lpa og leiddi \u00fe\u00e1 beinan veg, en um n\u00e6tur \u00ed einum eldst\u00f3lpa og l\u00fdsti \u00feeim a\u00f0 ganga b\u00e6\u00f0i dag og n\u00f3tt. <span class=\"athugasemd\" title=\"Sk\u00fdi\u00f0 og eldst\u00f3lpinn\">[<\/span> S\u00e1 sk\u00fdst\u00f3lpi veik ekki fr\u00e1 f\u00f3lkinu um daga og eigi heldur eldst\u00f3lpinn um n\u00e6tur.<\/p>\n","protected":false},"excerpt":{"rendered":"<p>Og Drottinn m\u00e6lti vi\u00f0 M\u00f3sen og sag\u00f0i: &#8222;Helgi\u00f0 m\u00e9r allan frumbur\u00f0 sem fyrst opnar allsh\u00e1ttar m\u00f3\u00f0url\u00edf \u00e1 me\u00f0al \u00cdsraelssona, b\u00e6\u00f0i af m\u00f6nnum og f\u00e9na\u00f0i, \u00fev\u00ed a\u00f0 \u00fea\u00f0 heyrir m\u00e9r til.&#8220; [ Og M\u00f3ses sag\u00f0i til f\u00f3lksins: &#8222;Veri\u00f0 minnugir \u00feessa dags \u00e1 hverjum \u00fe\u00e9r gengu\u00f0 \u00fat af Egyptalandi, \u00far \u00fer\u00e6ld\u00f3ms h\u00fasi, \u00fev\u00ed a\u00f0 Drottinn leiddi y\u00f0ur \u00fat \u00fea\u00f0an me\u00f0 styrkri hendi. \u00dear fyrir skaltu ekki eta s\u00fardeig. \u00cd dag eru \u00fe\u00e9r \u00fatgengnir \u00ed \u00feeim m\u00e1nu\u00f0i [ Ab\u00edb. Og n\u00fa \u00feegar a\u00f0 Drottinn hefur innleitt \u00feig \u00ed landi\u00f0 Kananei, Hetei, Amorei, Hev\u00edtei, Jeb\u00fasei, hvert han s\u00f3r \u00fe\u00ednu forfe\u00f0rum a\u00f0 gefa \u00fe\u00e9r \u00fea\u00f0 <a href=\"https:\/\/biblian.is\/gudbrandsbiblia\/onnur-mosebok-13-kafli\/\"> [&#8230;]<\/a><\/p>\n","protected":false},"author":1,"featured_media":0,"parent":0,"menu_order":0,"comment_status":"open","ping_status":"open","template":"bibliukaflar.php","meta":{"footnotes":""},"class_list":["post-2755","page","type-page","status-publish","hentry"],"_links":{"self":[{"href":"https:\/\/biblian.is\/gudbrandsbiblia\/wp-json\/wp\/v2\/pages\/2755","targetHints":{"allow":["GET"]}}],"collection":[{"href":"https:\/\/biblian.is\/gudbrandsbiblia\/wp-json\/wp\/v2\/pages"}],"about":[{"href":"https:\/\/biblian.is\/gudbrandsbiblia\/wp-json\/wp\/v2\/types\/page"}],"author":[{"embeddable":true,"href":"https:\/\/biblian.is\/gudbrandsbiblia\/wp-json\/wp\/v2\/users\/1"}],"replies":[{"embeddable":true,"href":"https:\/\/biblian.is\/gudbrandsbiblia\/wp-json\/wp\/v2\/comments?post=2755"}],"version-history":[{"count":0,"href":"https:\/\/biblian.is\/gudbrandsbiblia\/wp-json\/wp\/v2\/pages\/2755\/revisions"}],"wp:attachment":[{"href":"https:\/\/biblian.is\/gudbrandsbiblia\/wp-json\/wp\/v2\/media?parent=2755"}],"curies":[{"name":"wp","href":"https:\/\/api.w.org\/{rel}","templated":true}]}}