{"id":2741,"date":"2017-12-18T18:31:36","date_gmt":"2017-12-18T18:31:36","guid":{"rendered":"http:\/\/biblian.is\/gudbrandsbiblia\/fyrsta-mosebok-49-kafli\/"},"modified":"2017-12-18T18:31:36","modified_gmt":"2017-12-18T18:31:36","slug":"fyrsta-mosebok-49-kafli","status":"publish","type":"page","link":"https:\/\/biblian.is\/gudbrandsbiblia\/fyrsta-mosebok-49-kafli\/","title":{"rendered":"Fyrsta M\u00f3seb\u00f3k 49. kafli"},"content":{"rendered":"<p>Jakob kalla\u00f0i s\u00edna sonu fyrir sig og sag\u00f0i: &#8222;Safni\u00f0 y\u00f0ur til samans svo eg megi kunngj\u00f6ra y\u00f0ur hva\u00f0 yfir y\u00f0ur skal koma \u00e1 seinustum d\u00f6gum. <span class=\"athugasemd\" title=\"Jakob blessar sonu s\u00edna\">[<\/span> Heimtist saman og hl\u00fd\u00f0i\u00f0 til, \u00fe\u00e9r Jakobs synir, og heyri\u00f0 y\u00f0arn f\u00f6\u00f0ur \u00cdsrael.<\/p>\n<p>\tR\u00faben, minn fyrsti son, \u00fe\u00fa ert minn kraftur og m\u00edn fyrsta magt, yppastur \u00ed offri og yppastur \u00ed r\u00edkinu. <span class=\"athugasemd\" title=\"Genesis. 25 2 Para. 5\">[<\/span> Hann rann lauslega burt sem vatn. \u00de\u00fa skalt ekki vera \u00e6\u00f0stur \u00fev\u00ed a\u00f0 \u00fe\u00fa f\u00f3rst upp \u00ed \u00fe\u00edns f\u00f6\u00f0urs s\u00e6ng og saurga\u00f0ir m\u00edna s\u00e6ng me\u00f0 \u00feinni uppf\u00f6r.<\/p>\n<p>\t\u00deeir br\u00e6\u00f0ur S\u00edmeon og Lev\u00ed, \u00feeirra sver\u00f0 eru mor\u00f0ingjavopn. <span class=\"athugasemd\" title=\"Gene. 34\">[<\/span> M\u00edn s\u00e1l skal ekki koma \u00ed \u00feeirra r\u00e1\u00f0 og m\u00edn \u00e6ra skal ekki vera \u00ed \u00feeirra samkundu. \u00dev\u00ed \u00feeir myrtu mann \u00ed sinni rei\u00f0i og me\u00f0 s\u00ednum eigin vilja hafa \u00feeir uxann fordjarfa\u00f0. B\u00f6lvu\u00f0 ver\u00f0i \u00feeirra rei\u00f0i \u00fev\u00ed h\u00fan er so str\u00f6ng og \u00feeirra grimmd, a\u00f0 h\u00fan er so h\u00f6r\u00f0. Eg vil skipta \u00feeim \u00ed Jakob og tv\u00edstra \u00feeim \u00ed sundur me\u00f0al \u00cdsrael.<\/p>\n<p>\tJ\u00fada, \u00fe\u00fa ert \u00feann, \u00feig skulu \u00fe\u00ednir br\u00e6\u00f0ur pr\u00edsa. \u00de\u00edn h\u00f6nd skal vera \u00e1 \u00feinna \u00f3vina h\u00e1lsi. \u00de\u00e9r skulu \u00fe\u00ednir f\u00f6\u00f0ursynir l\u00fata. J\u00fada er leons hvolpur, \u00fe\u00fa ert h\u00e1tt kominn, minn son, vi\u00f0 st\u00f3ran sigur. Hann kraup ni\u00f0ur og lag\u00f0i sig so sem leon og so sem leoninna. Hver vill upp reisa sig \u00ed m\u00f3ti honum? S\u00fa konunglega sp\u00edra skal ekki burt takast fr\u00e1 J\u00fada, n\u00e9 heldur l\u00e6rimeistarinn fr\u00e1 hans f\u00f3tum, fyrr en s\u00e1 <span class=\"athugasemd\" title=\"sword (S\u00edl\u00f3) merkir lukkusaman, hamingjufullan sigurvegara fyrir andann og tr\u00fana, \u00fev\u00ed h\u00f6fum v\u00e9r \u00fea\u00f0 norr\u00e6na\u00f0 frelsari\">[<\/span> Frelsarinn kemur og a\u00f0 honum skulu \u00fej\u00f3\u00f0irnar safnast. Hann mun binda sinn fola vi\u00f0 v\u00edntr\u00e9 og s\u00edna \u00f6snu vi\u00f0 \u00feann e\u00f0la v\u00ednkvistinn. Hann mun \u00fevo sinn kl\u00e6\u00f0na\u00f0 \u00ed v\u00edni og sinn m\u00f6ttul \u00ed v\u00ednberjabl\u00f3\u00f0i. Hans augu eru rau\u00f0ari en v\u00edn og hans tennur hv\u00edtari en mj\u00f3lk.<\/p>\n<p>\tSab\u00falon skal b\u00faa hj\u00e1 h\u00f6fninni vi\u00f0 sj\u00f3inn og \u00fear sem skipalagin eru og hans landamerki taka a\u00f0 S\u00eddon. <\/p>\n<p>\t\u00cdsaskar skal vera einn beinasni og skal leggja sig \u00e1 milli landamerkjanna. Og hann s\u00e9r a\u00f0 hv\u00edldin er g\u00f3\u00f0 og a\u00f0 landi\u00f0 er lystilegt. En hann hefur beygt s\u00ednar her\u00f0ar til byr\u00f0ar og er or\u00f0inn einn skattgildur \u00fe\u00e9nari.<\/p>\n<p>\tDan skal vera d\u00f3mari yfir s\u00ednu f\u00f3lki, so sem ein \u00f6nnur \u00e6ttkv\u00edsl \u00ed \u00cdsrael. Dan skal vera einn h\u00f6ggormur \u00e1 vegi og ein na\u00f0ra \u00e1 g\u00f6tunni, b\u00edtandi \u00ed hestsins h\u00e6l svo a\u00f0 s\u00e1 e\u00f0 r\u00ed\u00f0ur falli \u00e1 bak aftur. Drottinn, eg b\u00ed\u00f0 eftir \u00fe\u00ednu hj\u00e1lpr\u00e6\u00f0i.<\/p>\n<p>\tGa\u00f0 herkl\u00e6ddur skal f\u00e6ra str\u00ed\u00f0sherinn fram og til baka aftur.<\/p>\n<p>\tAf Asser kemur \u00fea\u00f0 feita brau\u00f0 og hann mun gj\u00f6ra k\u00f3ngunum til vilja.<\/p>\n<p>\tNeftal\u00ed er einn snar hj\u00f6rtur og gefur f\u00f6gur or\u00f0.<\/p>\n<p>\tJ\u00f3sef mun vaxa, hann mun vaxa sem einn uppsprettubrunnur. D\u00e6turnar ganga fram me\u00f0 valdstj\u00f3rninni. Og \u00fe\u00f3 a\u00f0 st\u00f3rmennin rei\u00f0ist og str\u00ed\u00f0i \u00ed m\u00f3ti honum og ofs\u00e6ki hann, so ver\u00f0ur \u00fe\u00f3 hans bogi fastur og armleggur hans handa sterkur, fyrir hendur \u00feess hins megtuga \u00ed Jakob. Af honum eru komnir hir\u00f0arar og steinar \u00ed \u00cdsrael. Af \u00fe\u00edns f\u00f6\u00f0urs Gu\u00f0i ert \u00fe\u00fa h\u00f3lpinn og blessa\u00f0ur ert \u00fe\u00fa af \u00feeim Alm\u00e1ttuga, me\u00f0 blessan af himnum ofan, me\u00f0 blessan af undirdj\u00fapinu sem h\u00e9r undirliggur, me\u00f0 blessan af brj\u00f3stinu og kvi\u00f0num. \u00de\u00edns f\u00f6\u00f0urs blessanir eru sterkari en minna foreldra blessanir (eftir \u00f3sk \u00feeirra h\u00e1vu \u00ed heiminum) og \u00fe\u00e6r munu koma yfir J\u00f3sefs h\u00f6fu\u00f0 og yfir hvirfil \u00e1 \u00feeim Nasarenis \u00e1 me\u00f0al hans br\u00e6\u00f0ra. <\/p>\n<p>\tBen-Jam\u00edn er einn gleypandi \u00falfur. A\u00f0 morgni mun hann \u00e9ta herfang en a\u00f0 kveldi skal hann herfanginu \u00fatskipta.&#8220;<\/p>\n<p>\t\u00deessir eru \u00feeir t\u00f3lf kyn\u00fe\u00e6ttir \u00cdsraels og \u00feetta er \u00fea\u00f0 sem \u00feeirra fa\u00f0ir m\u00e6lti vi\u00f0 \u00fe\u00e1 \u00fe\u00e1 hann blessa\u00f0i \u00fe\u00e1, s\u00e9rhv\u00f6rn \u00feeirra me\u00f0 einni s\u00e9rlegri blessan.<\/p>\n<p>\tOg hann bau\u00f0 \u00feeim og sag\u00f0i til \u00feeirra: &#8222;Eg safnast til m\u00edns f\u00f3lks. Grafi\u00f0 mig hj\u00e1 m\u00ednum forfe\u00f0rum \u00ed \u00feeirri gr\u00f6f \u00e1 Efrons Het\u00edters akri, \u00ed \u00feeim tvefalda hellir sem liggur gegnt Mamre \u00ed landi Kanaan, hverja Abraham keypti me\u00f0 akrinum af Efron Het\u00edter til greftrunar arfs. <span class=\"athugasemd\" title=\"Jakob b\u00fd\u00f0ur a\u00f0 jar\u00f0a sig hj\u00e1 s\u00ednum fe\u00f0rum\">[<\/span> \u00dear hafa \u00feeir grafi\u00f0 Abraham og hans kvinnu Sara, \u00fear hafa \u00feeir og grafi\u00f0 \u00cdsak og Rebekku hans kvinnu. \u00dear \u00ed sama sta\u00f0 hefi eg og so grafi\u00f0 Lea, \u00ed \u00feeim akri og \u00ed \u00feeim hellir sem keyptur var af sonum Het.&#8220;<\/p>\n<p>\t\u00de\u00e1 Jakob haf\u00f0i enda\u00f0 \u00feessar skipanir til sona sinna lag\u00f0i hann s\u00ednar f\u00e6tur til samans \u00ed s\u00e6nginni og anda\u00f0ist og var\u00f0 safna\u00f0ur til s\u00edns f\u00f3lks. <span class=\"athugasemd\" title=\"Jakob andast \u00fe\u00e1 hann var cxlvij \u00e1ra\">[<\/span> \u00de\u00e1 f\u00e9ll J\u00f3sef yfir s\u00edns f\u00f6\u00f0urs andlit og gr\u00e9t yfir honum og minntist vi\u00f0 hann.<\/p>\n","protected":false},"excerpt":{"rendered":"<p>Jakob kalla\u00f0i s\u00edna sonu fyrir sig og sag\u00f0i: &#8222;Safni\u00f0 y\u00f0ur til samans svo eg megi kunngj\u00f6ra y\u00f0ur hva\u00f0 yfir y\u00f0ur skal koma \u00e1 seinustum d\u00f6gum. [ Heimtist saman og hl\u00fd\u00f0i\u00f0 til, \u00fe\u00e9r Jakobs synir, og heyri\u00f0 y\u00f0arn f\u00f6\u00f0ur \u00cdsrael. R\u00faben, minn fyrsti son, \u00fe\u00fa ert minn kraftur og m\u00edn fyrsta magt, yppastur \u00ed offri og yppastur \u00ed r\u00edkinu. [ Hann rann lauslega burt sem vatn. \u00de\u00fa skalt ekki vera \u00e6\u00f0stur \u00fev\u00ed a\u00f0 \u00fe\u00fa f\u00f3rst upp \u00ed \u00fe\u00edns f\u00f6\u00f0urs s\u00e6ng og saurga\u00f0ir m\u00edna s\u00e6ng me\u00f0 \u00feinni uppf\u00f6r. \u00deeir br\u00e6\u00f0ur S\u00edmeon og Lev\u00ed, \u00feeirra sver\u00f0 eru mor\u00f0ingjavopn. [ M\u00edn s\u00e1l skal ekki <a href=\"https:\/\/biblian.is\/gudbrandsbiblia\/fyrsta-mosebok-49-kafli\/\"> [&#8230;]<\/a><\/p>\n","protected":false},"author":1,"featured_media":0,"parent":0,"menu_order":0,"comment_status":"open","ping_status":"open","template":"bibliukaflar.php","meta":{"footnotes":""},"class_list":["post-2741","page","type-page","status-publish","hentry"],"_links":{"self":[{"href":"https:\/\/biblian.is\/gudbrandsbiblia\/wp-json\/wp\/v2\/pages\/2741","targetHints":{"allow":["GET"]}}],"collection":[{"href":"https:\/\/biblian.is\/gudbrandsbiblia\/wp-json\/wp\/v2\/pages"}],"about":[{"href":"https:\/\/biblian.is\/gudbrandsbiblia\/wp-json\/wp\/v2\/types\/page"}],"author":[{"embeddable":true,"href":"https:\/\/biblian.is\/gudbrandsbiblia\/wp-json\/wp\/v2\/users\/1"}],"replies":[{"embeddable":true,"href":"https:\/\/biblian.is\/gudbrandsbiblia\/wp-json\/wp\/v2\/comments?post=2741"}],"version-history":[{"count":0,"href":"https:\/\/biblian.is\/gudbrandsbiblia\/wp-json\/wp\/v2\/pages\/2741\/revisions"}],"wp:attachment":[{"href":"https:\/\/biblian.is\/gudbrandsbiblia\/wp-json\/wp\/v2\/media?parent=2741"}],"curies":[{"name":"wp","href":"https:\/\/api.w.org\/{rel}","templated":true}]}}