{"id":2715,"date":"2017-12-18T18:31:33","date_gmt":"2017-12-18T18:31:33","guid":{"rendered":"http:\/\/biblian.is\/gudbrandsbiblia\/fyrsta-mosebok-23-kafli\/"},"modified":"2017-12-18T18:31:33","modified_gmt":"2017-12-18T18:31:33","slug":"fyrsta-mosebok-23-kafli","status":"publish","type":"page","link":"https:\/\/biblian.is\/gudbrandsbiblia\/fyrsta-mosebok-23-kafli\/","title":{"rendered":"Fyrsta M\u00f3seb\u00f3k 23. kafli"},"content":{"rendered":"<p>Sara lif\u00f0i hundra\u00f0 sj\u00f6 og tuttugu \u00e1r og h\u00fan anda\u00f0ist \u00ed einum h\u00f6fu\u00f0sta\u00f0 sem h\u00e9t Hebron \u00ed landi Kanaan. <span class=\"athugasemd\" title=\"Sara var\u00f0 cxxvii \u00e1ra g\u00f6mul\">[<\/span> \u00de\u00e1 kom Abraham a\u00f0 barma s\u00e9r og gr\u00e1ta hana. S\u00ed\u00f0an st\u00f3\u00f0 hann upp fr\u00e1 hennar l\u00edki og tala\u00f0i me\u00f0 Hets sonu og sag\u00f0i: &#8222;Eg er einn \u00fatlendur ma\u00f0ur og \u00fe\u00f3 einn innbyggjari \u00e1 me\u00f0al y\u00f0ar. Gefi\u00f0 m\u00e9r einn eiginlegan sta\u00f0 til greftrunar h\u00e9r hj\u00e1 y\u00f0ur so eg megi greftra \u00fear minn framli\u00f0inn sem h\u00e9r liggur fyrir m\u00e9r.&#8220; \u00de\u00e1 sv\u00f6ru\u00f0u Hets synir Abraham og s\u00f6g\u00f0u til hans: &#8222;Heyr oss k\u00e6ri herra, \u00fe\u00fa ert einn Gu\u00f0s h\u00f6f\u00f0ingi h\u00e9r \u00e1 me\u00f0al vor. Graf \u00fe\u00fa \u00feinn framli\u00f0na h\u00e9r \u00ed vorum erligustum gr\u00f6fum. Enginn af oss skal meina \u00fe\u00e9r s\u00edna gr\u00f6f a\u00f0 \u00fe\u00fa megir ei jar\u00f0a \u00feinn framli\u00f0na \u00fear \u00fati.&#8220;<\/p>\n<p>\t\u00de\u00e1 st\u00f3\u00f0 Abraham upp og hneig\u00f0i sig fyrir landsf\u00f3lkinu sem var fyrir Hets sonum og tala\u00f0i vi\u00f0 \u00fe\u00e1 og sag\u00f0i: &#8222;Ef \u00fea\u00f0 er y\u00f0ar vilji a\u00f0 eg megi greftra h\u00e9r minn framli\u00f0na sem h\u00e9r liggur fyrir m\u00e9r, \u00fe\u00e1 heyri\u00f0 mig og bi\u00f0ji\u00f0 fyrir mig Effron son S\u00f3har a\u00f0 hann vilji unna m\u00e9r \u00feess tvefalda hellirs sem a\u00f0 liggur vi\u00f0 endann \u00e1 hans akri, a\u00f0 hann selji m\u00e9r hann fyrir peninga, so mikla sem hann er ver\u00f0ur, h\u00e9r fyrir y\u00f0ur, til eins greftrunar eignard\u00f3ms.&#8220; \u00dev\u00ed a\u00f0 Effron bj\u00f3 \u00e1 me\u00f0al Hets sona.<\/p>\n<p>\t\u00de\u00e1 svara\u00f0i Effron Het\u00edter Abraham so a\u00f0 Hets synir heyr\u00f0u \u00fear upp\u00e1, fyrir \u00f6llum \u00feeim sem gengu \u00fat og inn a\u00f0 hans sta\u00f0arport dyrum og sag\u00f0i: &#8222;Nei minn herra, heldur heyr mig: Eg gef \u00fe\u00e9r \u00feennan akur og \u00feann hellirinn me\u00f0 sem \u00fear er vi\u00f0, og eg gef \u00fe\u00e9r hann \u00ed vald fyrir m\u00edns f\u00f3lks barna augum til a\u00f0 jar\u00f0a \u00feinn framli\u00f0inn.&#8220; <span class=\"athugasemd\" title=\"Effron\">[<\/span> \u00de\u00e1 hneig\u00f0i Abraham sig fyrir f\u00f3lkinu landsins og tala\u00f0i me\u00f0 Effron so a\u00f0 landsf\u00f3lki\u00f0 heyr\u00f0i upp\u00e1 og sag\u00f0i: &#8222;Viljir \u00fe\u00fa unna m\u00e9r akursins \u00fe\u00e1 bi\u00f0 eg a\u00f0 \u00fe\u00fa viljir taka peninga fyrir hann, so vil eg greftra minn framli\u00f0inn \u00fear \u00fati.&#8220; \u00de\u00e1 svara\u00f0i Effron Abraham og sag\u00f0i til hans: &#8222;Minn herra, heyr mig, s\u00fa j\u00f6r\u00f0 er ver\u00f0 fj\u00f6gurhundru\u00f0 <span class=\"athugasemd\" title=\"a (Siklos) Siklus var silfurpeningur a\u00f0 vigt h\u00e1lfur eyrir silfurs\">[<\/span> silfurpeninga, en hva\u00f0 er \u00fea\u00f0 reiknanda \u00e1 millum m\u00edn og \u00fe\u00edn? Graf \u00fe\u00fa a\u00f0eins \u00feinn hinn framli\u00f0na.&#8220;<\/p>\n<p>\tAbraham hl\u00fdddi Effron a\u00f0 og v\u00f3g honum \u00feessa peninga \u00fat sem hann sag\u00f0i, \u00fear heyr\u00f0u Hets b\u00f6rn upp\u00e1, \u00fea\u00f0 voru fj\u00f6gur hundru\u00f0 silfurpeningar, gildir og gengir \u00ed kaup. So var\u00f0 Effrons akur \u00ed hverjum s\u00e1 tvefaldi hellir var, \u00fevert yfir fr\u00e1 Mamre, Abraham sta\u00f0festir til eignar, b\u00e6\u00f0i akurinn og hellirinn og \u00f6ll \u00feau tr\u00e9 sem \u00fear \u00ed kringum akurinn voru, a\u00f0 \u00e1sj\u00e1\u00f6ndum Hets sonum og \u00f6llum \u00feeim sem gengu \u00fat og inn um borgarhli\u00f0 \u00feess sta\u00f0ar. <span class=\"athugasemd\" title=\"Act. 7\">[<\/span> <\/p>\n<p>\tEftir \u00fea\u00f0 greftra\u00f0i Abraham s\u00edna kvinnu Sara \u00ed \u00feeim tvefalda hellir \u00e1 akrinum \u00fevert yfir fr\u00e1 Mamre, \u00fea\u00f0 er Hebron, \u00ed Kanaanslandi. <span class=\"athugasemd\" title=\"Sara var j\u00f6r\u00f0u\u00f0\">[<\/span> Og s\u00e1 akur og hellirinn \u00fear \u00fati sta\u00f0festist af Hets b\u00f6rnum Abrahams erfingjum til greftrunar.<\/p>\n","protected":false},"excerpt":{"rendered":"<p>Sara lif\u00f0i hundra\u00f0 sj\u00f6 og tuttugu \u00e1r og h\u00fan anda\u00f0ist \u00ed einum h\u00f6fu\u00f0sta\u00f0 sem h\u00e9t Hebron \u00ed landi Kanaan. [ \u00de\u00e1 kom Abraham a\u00f0 barma s\u00e9r og gr\u00e1ta hana. S\u00ed\u00f0an st\u00f3\u00f0 hann upp fr\u00e1 hennar l\u00edki og tala\u00f0i me\u00f0 Hets sonu og sag\u00f0i: &#8222;Eg er einn \u00fatlendur ma\u00f0ur og \u00fe\u00f3 einn innbyggjari \u00e1 me\u00f0al y\u00f0ar. Gefi\u00f0 m\u00e9r einn eiginlegan sta\u00f0 til greftrunar h\u00e9r hj\u00e1 y\u00f0ur so eg megi greftra \u00fear minn framli\u00f0inn sem h\u00e9r liggur fyrir m\u00e9r.&#8220; \u00de\u00e1 sv\u00f6ru\u00f0u Hets synir Abraham og s\u00f6g\u00f0u til hans: &#8222;Heyr oss k\u00e6ri herra, \u00fe\u00fa ert einn Gu\u00f0s h\u00f6f\u00f0ingi h\u00e9r \u00e1 me\u00f0al vor. Graf <a href=\"https:\/\/biblian.is\/gudbrandsbiblia\/fyrsta-mosebok-23-kafli\/\"> [&#8230;]<\/a><\/p>\n","protected":false},"author":1,"featured_media":0,"parent":0,"menu_order":0,"comment_status":"open","ping_status":"open","template":"bibliukaflar.php","meta":{"footnotes":""},"class_list":["post-2715","page","type-page","status-publish","hentry"],"_links":{"self":[{"href":"https:\/\/biblian.is\/gudbrandsbiblia\/wp-json\/wp\/v2\/pages\/2715","targetHints":{"allow":["GET"]}}],"collection":[{"href":"https:\/\/biblian.is\/gudbrandsbiblia\/wp-json\/wp\/v2\/pages"}],"about":[{"href":"https:\/\/biblian.is\/gudbrandsbiblia\/wp-json\/wp\/v2\/types\/page"}],"author":[{"embeddable":true,"href":"https:\/\/biblian.is\/gudbrandsbiblia\/wp-json\/wp\/v2\/users\/1"}],"replies":[{"embeddable":true,"href":"https:\/\/biblian.is\/gudbrandsbiblia\/wp-json\/wp\/v2\/comments?post=2715"}],"version-history":[{"count":0,"href":"https:\/\/biblian.is\/gudbrandsbiblia\/wp-json\/wp\/v2\/pages\/2715\/revisions"}],"wp:attachment":[{"href":"https:\/\/biblian.is\/gudbrandsbiblia\/wp-json\/wp\/v2\/media?parent=2715"}],"curies":[{"name":"wp","href":"https:\/\/api.w.org\/{rel}","templated":true}]}}