{"id":5698,"date":"2019-06-18T17:18:29","date_gmt":"2019-06-18T17:18:29","guid":{"rendered":"https:\/\/biblian.is\/fraedsla\/?page_id=5698"},"modified":"2026-04-17T13:01:10","modified_gmt":"2026-04-17T13:01:10","slug":"hebreabrefid-6-kafli","status":"publish","type":"page","link":"https:\/\/biblian.is\/fraedsla\/ritskyring\/hebreabrefid-6-kafli\/","title":{"rendered":"Hebreabr\u00e9fi\u00f0 6. kafli"},"content":{"rendered":"<p><strong>6.1,2 <\/strong><em>byrjendafr\u00e6\u00f0slunni: <\/em>Til undirst\u00f6\u00f0uatri\u00f0a telst a\u00f0 d\u00f3mi h\u00f6fundar: &#8222;a\u00f0 hverfa fr\u00e1 breytni sem lei\u00f0ir til dau\u00f0a,&#8220; &#8222;tr\u00fa \u00e1 Gu\u00f0,&#8220; vitneskja um \u00fea\u00f0, hvernig menn ver\u00f0a h\u00f3lpnir (Ef. 2.8-10), &#8222;sk\u00edrnin,&#8220; sem er &#8222;b\u00e6n til Gu\u00f0s um g\u00f3\u00f0a samvisku fyrir upprisu Jes\u00fa Krists&#8220; (1P\u00e9t 3.21), &#8222;yfirlagning handa,&#8220; sem vi\u00f0h\u00f6f\u00f0 er \u00feegar ma\u00f0ur er a\u00f0 Gu\u00f0i kj\u00f6rinn til \u00feess a\u00f0 gegna \u00e1kve\u00f0nu starfi (v\u00edgsla); og tr\u00fa \u00e1 &#8222;upprisu dau\u00f0ra&#8220; og &#8222;eil\u00edfan d\u00f3m&#8220;, \u00feegar Jes\u00fas kemur aftur a\u00f0 d\u00e6ma lifendur og dau\u00f0a (Matt 13.47-50; 25.31-46; Fil 1.10; 2.16; 3.20,21; 1\u00deess 4.13-18).<\/p>\n<p><strong>6.2 <\/strong><em>sk\u00edrnir: <\/em>Or\u00f0r\u00e9tt &#8222;hreinsanir&#8220;.<\/p>\n<p><strong>6.4-6 <\/strong><em>uppl\u00fdstir&#8230;heil\u00f6gum anda: <\/em>&#8222;Uppl\u00fdstir&#8220; me\u00f0 lj\u00f3sinu, sem er fagna\u00f0arbo\u00f0skapurinn um Jes\u00fa Krist. Sj\u00e1 og athugagrein vi\u00f0 2.4 (heilags anda).<\/p>\n<p><strong>6.4-6 <\/strong><em>\u00deeir eru a\u00f0 krossfesta son Gu\u00f0s:\u00a0<\/em>Menn, sem komist hafa til tr\u00faar, en falla s\u00ed\u00f0an fr\u00e1, eru engu betri en \u00feeir sem krossfestu Krist. Sj\u00e1 athugagrein vi\u00f0 2.9 (&#8230;dau\u00f0a hans) og 4.14. Sj\u00e1 og \u201e<a href=\"https:\/\/biblian.is\/fraedsla\/ordtakasafn\/krossfesting\/\">Krossfesting<\/a>\u201c.<\/p>\n<p><strong>6.8 <\/strong><em>a\u00f0 ver\u00f0a brennd: <\/em>Kveikt var \u00ed \u00f6krum, sem ekki b\u00e1ru anna\u00f0 en illgresi, \u00feyrna og \u00feistla. \u00c1 myndinni h\u00e9r a\u00f0 ne\u00f0an er svonefndur Krategus-\u00feyrnir, sem algengur er \u00ed Palest\u00ednu. Sumir \u00feyrnar voru gr\u00f3\u00f0ursettir \u00ed \u00fe\u00e9ttri r\u00f6\u00f0 og voru \u00fe\u00e1 gir\u00f0ingar utan um n\u00e1tthaga b\u00fafj\u00e1r, en a\u00f0rir voru \u00feurrka\u00f0ir og haf\u00f0ir \u00ed eldinn.<\/p>\n<p><strong>6.9 <\/strong><em>ykkur er betur fari\u00f0: <\/em>\u00dei\u00f0 tr\u00fai\u00f0 \u00e1 Jes\u00fa og r\u00e9tti\u00f0 \u00feurfam\u00f6nnum hj\u00e1lparh\u00f6nd.<\/p>\n<p><strong>6.12 <\/strong><em>breyti\u00f0 eftir \u00feeim sem tr\u00faa: <\/em>H\u00e9r kann einnig a\u00f0 vera \u00e1tt vi\u00f0 elstu \u00e6ttfe\u00f0ur \u00cdsraels\u00fej\u00f3\u00f0arinnar (sj\u00e1 11.1-40).<\/p>\n<h3>F\u00f3rn Jes\u00fa \u2013 N\u00fdr s\u00e1ttm\u00e1li<\/h3>\n<p>\u00cd l\u00f6ngu m\u00e1li er sk\u00fdrt fr\u00e1 \u00fev\u00ed \u00ed Hebreabr\u00e9finu a\u00f0 Gu\u00f0 hafi sent Jes\u00fa til \u00feess a\u00f0 gj\u00f6ra n\u00fdjan s\u00e1ttm\u00e1la vi\u00f0 l\u00fd\u00f0 Gu\u00f0s. \u00cd honum gefur Gu\u00f0 n\u00fdtt fyrirheit og er \u00fea\u00f0 betra en \u00feau fyrirheit, sem hann gaf M\u00f3se og \u00cdsraels\u00fej\u00f3\u00f0inni for\u00f0um. Hinn fyrri s\u00e1ttm\u00e1li var bygg\u00f0ur \u00e1 l\u00f6gm\u00e1li Drottins, en s\u00e1 n\u00fdi r\u00eds \u00e1 f\u00f3rninni, sem Kristur bar fram fyrir syndir mannanna.<\/p>\n<p><strong>6.17 <\/strong><em>me\u00f0 ei\u00f0i: <\/em>Ei\u00f0ur, svarinn vi\u00f0 Drottin, var bindandi fyrir \u00feann sem s\u00f3r og var\u00f0 ekki rift (2M\u00f3s 22.10). Gu\u00f0 gat ekki heldur teki\u00f0 aftur \u00fea\u00f0, sem hann h\u00e9t Abraham for\u00f0um (1M\u00f3s 12.1-3).<\/p>\n<p><strong>6.19 <\/strong><em>von&#8230;n\u00e6r alla lei\u00f0 inn fyrir fortjaldi\u00f0: <\/em>\u00cd tjaldb\u00fa\u00f0inni, helgid\u00f3mi \u00cdsraelsmanna til forna (2M\u00f3s 25-27), var hi\u00f0 heilaga og hi\u00f0 allrahelgasta skili\u00f0 a\u00f0 me\u00f0 veggtjaldi. Inn \u00ed hi\u00f0 allrahelgasta m\u00e1tti enginn fara nema \u00e6\u00f0sti presturinn. \u00dear bar hann fram syndaf\u00f3rn einu sinni \u00e1 \u00e1ri. Kristnir menn hafa g\u00f3\u00f0a von, &#8222;sem n\u00e6r alla lei\u00f0 inn fyrir fortjaldi\u00f0,&#8220; af \u00fev\u00ed a\u00f0 Jes\u00fas var\u00f0 \u00e6\u00f0sti prestur, afm\u00e1\u00f0i syndina me\u00f0 f\u00f3rn sinni og g\u00e9kk inn \u00ed sj\u00e1lfan himininn.<\/p>\n","protected":false},"excerpt":{"rendered":"<p>6.1,2 byrjendafr\u00e6\u00f0slunni: Til undirst\u00f6\u00f0uatri\u00f0a telst a\u00f0 d\u00f3mi h\u00f6fundar: &#8222;a\u00f0 hverfa <a href=\"https:\/\/biblian.is\/fraedsla\/ritskyring\/hebreabrefid-6-kafli\/\"> [&#8230;]<\/a><\/p>\n","protected":false},"author":1,"featured_media":0,"parent":4829,"menu_order":0,"comment_status":"closed","ping_status":"closed","template":"","meta":{"footnotes":""},"class_list":["post-5698","page","type-page","status-publish","hentry"],"_links":{"self":[{"href":"https:\/\/biblian.is\/fraedsla\/wp-json\/wp\/v2\/pages\/5698","targetHints":{"allow":["GET"]}}],"collection":[{"href":"https:\/\/biblian.is\/fraedsla\/wp-json\/wp\/v2\/pages"}],"about":[{"href":"https:\/\/biblian.is\/fraedsla\/wp-json\/wp\/v2\/types\/page"}],"author":[{"embeddable":true,"href":"https:\/\/biblian.is\/fraedsla\/wp-json\/wp\/v2\/users\/1"}],"replies":[{"embeddable":true,"href":"https:\/\/biblian.is\/fraedsla\/wp-json\/wp\/v2\/comments?post=5698"}],"version-history":[{"count":0,"href":"https:\/\/biblian.is\/fraedsla\/wp-json\/wp\/v2\/pages\/5698\/revisions"}],"up":[{"embeddable":true,"href":"https:\/\/biblian.is\/fraedsla\/wp-json\/wp\/v2\/pages\/4829"}],"wp:attachment":[{"href":"https:\/\/biblian.is\/fraedsla\/wp-json\/wp\/v2\/media?parent=5698"}],"curies":[{"name":"wp","href":"https:\/\/api.w.org\/{rel}","templated":true}]}}