{"id":5664,"date":"2019-06-17T14:47:20","date_gmt":"2019-06-17T14:47:20","guid":{"rendered":"https:\/\/biblian.is\/fraedsla\/?page_id=5664"},"modified":"2025-06-27T02:08:44","modified_gmt":"2025-06-27T02:08:44","slug":"titusarbrefid-inngangur","status":"publish","type":"page","link":"https:\/\/biblian.is\/fraedsla\/ritskyring\/titusarbrefid-inngangur\/","title":{"rendered":"T\u00edtusarbr\u00e9fi\u00f0 &#8211; Inngangur"},"content":{"rendered":"<p><em>\u00cd ver\u00f6ld eins og okkar, \u00fear sem l\u00edfsspeki og h\u00e1ttsemi manna er jafn margv\u00edsleg og mismunand og raun ber vitni, er e\u00f0lilegt a\u00f0 leita\u00f0 s\u00e9 sannleikans um Gu\u00f0 og spurt hvernig skuli breyta samk\u00e6mt &#8222;hinni heiln\u00e6mu kenningu&#8220; (2.1) Lestu sv\u00f6rin sem er a\u00f0 finna \u00ed Br\u00e9fi P\u00e1ls til Titusar.<\/em><em>\u00a0<\/em><\/p>\n<h3>Hver eru einkenni T\u00edtusarbr\u00e9fs?<\/h3>\n<p>T\u00edtus h\u00e9t virktavinur P\u00e1ls og samverkama\u00f0ur. Hann var me\u00f0 P\u00e1li \u00e1 kristnibo\u00f0sfer\u00f0um hans um Litlu-As\u00edu og Grikkland og vi\u00f0lo\u00f0andi s\u00f6fnu\u00f0inn \u00ed Korintu (sj\u00e1 2Kor 2.13; 7.5-7, 13-15; 8.6, 16-24; 12.14-18; Gal 2.1-3). T\u00edtus hefur ekki veri\u00f0 farinn fr\u00e1 Kr\u00edt, \u00feegar hann f\u00e9kk br\u00e9fi\u00f0 \u00ed hendur. \u00dear haf\u00f0i P\u00e1ll fali\u00f0 honum a\u00f0 segja til upprennandi forst\u00f6\u00f0um\u00f6nnum safna\u00f0a (\u00f6ldungum) \u00ed hverri borg (T\u00edt 1.5; Post 27.7-13).<\/p>\n<h3>Hvert var tilefni br\u00e9fsins?<\/h3>\n<p>\u00cd T\u00edtusarbr\u00e9fi er lagt a\u00f0 T\u00edtusi a\u00f0 halda \u00f3trau\u00f0ur \u00e1fram a\u00f0 kenna sannindi kristinnar tr\u00faar og lei\u00f0beina um \u00fea\u00f0 hversu lifa skuli Gu\u00f0i vel\u00fe\u00f3knanlegu l\u00edfi. \u00cd s\u00f6fnu\u00f0unum \u00e1 Kr\u00edt hafa bers\u00fdnilega veri\u00f0 \u00e1 kreiki menn, sem reyndu a\u00f0 koma inn villukenningum og tilgangslausum \u00fer\u00e6tum hj\u00e1 \u00feeim kristnu (1.10-14; 3.9,10). \u00cd br\u00e9finu er l\u00edka a\u00f0 finna umvandanir \u00e6tla\u00f0ar safna\u00f0arlei\u00f0togum og kirkjuf\u00f3lki.<\/p>\n<h3>N\u00e1nar um T\u00edtusarbr\u00e9fi\u00f0<\/h3>\n<p>T\u00edtusarbr\u00e9f er mestmegnis upptalning \u00e1 \u00e6skilegum eiginleikum forystumanna safna\u00f0anna. T\u00edtus er og hvattur til \u00feess a\u00f0 halda fast vi\u00f0 &#8222;hina heiln\u00e6mu kenningu.&#8220; Hvort tveggja \u00feetta g\u00e6ti bent til \u00feess, a\u00f0 br\u00e9fi\u00f0 s\u00e9 skrifa\u00f0 seint \u00e1 ferli P\u00e1ls, e\u00f0a jafnvel rita\u00f0 af \u00f6\u00f0rum h\u00f6fundi eftir a\u00f0 P\u00e1ll var allur. \u00cd \u00feann t\u00ed\u00f0 \u00fe\u00f3tti ekkert athugavert vi\u00f0 \u00fea\u00f0 a\u00f0 birta skrif \u00ed annars manns nafni. \u00dea\u00f0 var jafnvel \u00e1liti\u00f0 hei\u00f0ur fyrir \u00feann, sem br\u00e9fi\u00f0 var vi\u00f0 kennt.<\/p>\n<h3>Efnisyfirlit T\u00edtusarbr\u00e9fs<\/h3>\n<ul>\n<li><strong>Forst\u00f6\u00f0umenn safna\u00f0a (\u00f6ldungar) og villukennendur (1.1-16)<\/strong><\/li>\n<li><strong>R\u00e9tt tr\u00fa og Gu\u00f0i vel\u00fe\u00f3knanlegur lifna\u00f0ur (2.1-3.15)<\/strong><\/li>\n<\/ul>\n","protected":false},"excerpt":{"rendered":"<p>\u00cd ver\u00f6ld eins og okkar, \u00fear sem l\u00edfsspeki og h\u00e1ttsemi <a href=\"https:\/\/biblian.is\/fraedsla\/ritskyring\/titusarbrefid-inngangur\/\"> [&#8230;]<\/a><\/p>\n","protected":false},"author":1,"featured_media":0,"parent":4829,"menu_order":0,"comment_status":"closed","ping_status":"closed","template":"","meta":{"footnotes":""},"class_list":["post-5664","page","type-page","status-publish","hentry"],"_links":{"self":[{"href":"https:\/\/biblian.is\/fraedsla\/wp-json\/wp\/v2\/pages\/5664","targetHints":{"allow":["GET"]}}],"collection":[{"href":"https:\/\/biblian.is\/fraedsla\/wp-json\/wp\/v2\/pages"}],"about":[{"href":"https:\/\/biblian.is\/fraedsla\/wp-json\/wp\/v2\/types\/page"}],"author":[{"embeddable":true,"href":"https:\/\/biblian.is\/fraedsla\/wp-json\/wp\/v2\/users\/1"}],"replies":[{"embeddable":true,"href":"https:\/\/biblian.is\/fraedsla\/wp-json\/wp\/v2\/comments?post=5664"}],"version-history":[{"count":0,"href":"https:\/\/biblian.is\/fraedsla\/wp-json\/wp\/v2\/pages\/5664\/revisions"}],"up":[{"embeddable":true,"href":"https:\/\/biblian.is\/fraedsla\/wp-json\/wp\/v2\/pages\/4829"}],"wp:attachment":[{"href":"https:\/\/biblian.is\/fraedsla\/wp-json\/wp\/v2\/media?parent=5664"}],"curies":[{"name":"wp","href":"https:\/\/api.w.org\/{rel}","templated":true}]}}