{"id":5649,"date":"2019-06-17T14:35:56","date_gmt":"2019-06-17T14:35:56","guid":{"rendered":"https:\/\/biblian.is\/fraedsla\/?page_id=5649"},"modified":"2026-04-17T13:01:09","modified_gmt":"2026-04-17T13:01:09","slug":"fyrra-timoteusarbref-6-kafli","status":"publish","type":"page","link":"https:\/\/biblian.is\/fraedsla\/ritskyring\/fyrra-timoteusarbref-6-kafli\/","title":{"rendered":"Fyrra T\u00edm\u00f3teusarbr\u00e9f 6. kafli"},"content":{"rendered":"<p><strong>6.1 <\/strong><em>\u00e1nau\u00f0ugir: <\/em>\u00cd sumum br\u00e9fum N\u00fdja testamentis eru \u00fer\u00e6lar hvattir til \u00feess a\u00f0 s\u00fdna h\u00fasb\u00e6ndum s\u00ednum hollustu og vera kyrrir \u00ed sinni st\u00f6\u00f0u (Ef 6.5-8; K\u00f3l 3.22-24), sj\u00e1 \u00fe\u00f3 einnig Gal 3.26-29. Sj\u00e1 og &#8222;<a href=\"https:\/\/biblian.is\/fraedsla\/samtidarsaga-bibliunnar\/thraelar-og-thjonustufolk-a-dogum-jesu\/\">\u00der\u00e6lar og \u00fej\u00f3nustuf\u00f3lk \u00e1 d\u00f6gum Jes\u00fa<\/a>&#8222;.<\/p>\n<p><strong>6.5 <\/strong><em>hugspilltra manna&#8230;sko\u00f0a tr\u00fana sem gr\u00f3\u00f0aveg: <\/em>Sumir villukennendur vildu gr\u00e6\u00f0a f\u00e9 \u00e1 tr\u00fafr\u00e6\u00f0slu. En enginn safnar veraldlegum au\u00f0i me\u00f0 \u00fev\u00ed a\u00f0 heyra s\u00f6fnu\u00f0inum til og f\u00e9girndin er enda r\u00f3t alls ills (6.10).<\/p>\n<p><strong>6.11 <\/strong><em>\u00fe\u00fa, Gu\u00f0s ma\u00f0ur: <\/em>Sj\u00e1 <a href=\"https:\/\/biblian.is\/fraedsla\/ritskyring\/fyrra-timoteusarbref-inngangur\/\">innganginn a\u00f0 Fyrra T\u00edm\u00f3teusarbr\u00e9fi<\/a>.<\/p>\n<p><strong>6.12\u00a0<\/strong><em>tr\u00faarinnar&#8230;eil\u00edfa l\u00edfi\u00f0: <\/em>Sj\u00e1 athugagreinar vi\u00f0 2.7 (tr\u00fa og sannleika) og 1.16.<\/p>\n<p><strong>6.13 <\/strong><em>Pont\u00edusi P\u00edlatusi: <\/em>R\u00f3mverski landstj\u00f3rinn \u00ed J\u00fadeu fr\u00e1 26 til 36 e. Kr. var Pont\u00edus P\u00edlatus. Hann kva\u00f0st ekki finna nein s\u00f6k hj\u00e1 Jes\u00fa, en lei\u00f0togar Gy\u00f0inga kr\u00f6f\u00f0ust \u00feess a\u00f0 hann l\u00e9ti taka Jes\u00fa af l\u00edfi (L\u00fak 23.1-5; J\u00f3h 18.33-37).<\/p>\n<p><strong>6.14\u00a0<\/strong><em>allt til endurkomu Drottins: <\/em>Sj\u00e1 athugagrein vi\u00f0 4.1 (\u00e1 s\u00ed\u00f0ustu t\u00edmum). P\u00e1ll taldi, a\u00f0 hann lif\u00f0i \u00fea\u00f0 jafnvel sj\u00e1lfur, a\u00f0 Jes\u00fas k\u00e6mi aftur (Fil 3.20; 4.5; 1\u00deess 5.1-11). Sj\u00e1 og &#8222;<a href=\"https:\/\/biblian.is\/fraedsla\/ordtakasafn\/endurkoma-drottins-jesu\/\">Endurkoman<\/a>&#8222;.<\/p>\n<p><strong>6.16 <\/strong><em>Hann&#8230;b\u00fdr \u00ed \u00fev\u00ed lj\u00f3si: <\/em>\u00cd Bibl\u00edunni t\u00e1knar lj\u00f3si\u00f0 Gu\u00f0 og Gu\u00f0s or\u00f0 (Slm 119.105; J\u00f3h 1.4,5; 1J\u00f3h 1.5), og ennfremur f\u00f3lk og vi\u00f0bur\u00f0i, sem opinbera sannleika Gu\u00f0s (Jes 49.6). L\u00e6risveinar Jes\u00fa eru stundum nefndir &#8222;b\u00f6rn lj\u00f3ssins&#8220; (J\u00f3h 12.36; Ef 5.8). \u00cd helgiritum Gy\u00f0inga (Gamla testamenti) segir fr\u00e1 \u00fev\u00ed, er Gu\u00f0 skapa\u00f0i himin og j\u00f6r\u00f0 og bau\u00f0: &#8222;Ver\u00f0i lj\u00f3s. Og \u00fea\u00f0 var\u00f0 lj\u00f3s&#8220; (1M\u00f3s 1.3). \u00cd s\u00f6mu ritum birtist Gu\u00f0 oft \u00ed lj\u00f3si, t.d. eldsloga (2M\u00f3s 3.2,3) og l\u00fdsandi sk\u00fdst\u00f3lpa (2M\u00f3s 13.20-22).<\/p>\n<p><strong>6.20\u00a0<\/strong><em>vanheil\u00f6gu h\u00e9g\u00f3mar\u00e6\u00f0ur: <\/em>Sj\u00e1 athugagrein vi\u00f0 1.3,4 (villukenningar).<\/p>\n","protected":false},"excerpt":{"rendered":"<p>6.1 \u00e1nau\u00f0ugir: \u00cd sumum br\u00e9fum N\u00fdja testamentis eru \u00fer\u00e6lar hvattir <a href=\"https:\/\/biblian.is\/fraedsla\/ritskyring\/fyrra-timoteusarbref-6-kafli\/\"> [&#8230;]<\/a><\/p>\n","protected":false},"author":1,"featured_media":0,"parent":4829,"menu_order":0,"comment_status":"closed","ping_status":"closed","template":"","meta":{"footnotes":""},"class_list":["post-5649","page","type-page","status-publish","hentry"],"_links":{"self":[{"href":"https:\/\/biblian.is\/fraedsla\/wp-json\/wp\/v2\/pages\/5649","targetHints":{"allow":["GET"]}}],"collection":[{"href":"https:\/\/biblian.is\/fraedsla\/wp-json\/wp\/v2\/pages"}],"about":[{"href":"https:\/\/biblian.is\/fraedsla\/wp-json\/wp\/v2\/types\/page"}],"author":[{"embeddable":true,"href":"https:\/\/biblian.is\/fraedsla\/wp-json\/wp\/v2\/users\/1"}],"replies":[{"embeddable":true,"href":"https:\/\/biblian.is\/fraedsla\/wp-json\/wp\/v2\/comments?post=5649"}],"version-history":[{"count":0,"href":"https:\/\/biblian.is\/fraedsla\/wp-json\/wp\/v2\/pages\/5649\/revisions"}],"up":[{"embeddable":true,"href":"https:\/\/biblian.is\/fraedsla\/wp-json\/wp\/v2\/pages\/4829"}],"wp:attachment":[{"href":"https:\/\/biblian.is\/fraedsla\/wp-json\/wp\/v2\/media?parent=5649"}],"curies":[{"name":"wp","href":"https:\/\/api.w.org\/{rel}","templated":true}]}}