{"id":5641,"date":"2019-06-17T14:30:40","date_gmt":"2019-06-17T14:30:40","guid":{"rendered":"https:\/\/biblian.is\/fraedsla\/?page_id=5641"},"modified":"2026-04-17T13:01:09","modified_gmt":"2026-04-17T13:01:09","slug":"fyrra-timoteusarbref-2-kafli","status":"publish","type":"page","link":"https:\/\/biblian.is\/fraedsla\/ritskyring\/fyrra-timoteusarbref-2-kafli\/","title":{"rendered":"Fyrra T\u00edm\u00f3teusarbr\u00e9f 2. kafli"},"content":{"rendered":"<p><strong>2.2 <\/strong><em>Bi\u00f0ji\u00f0 fyrir konungum og \u00f6llum \u00feeim sem h\u00e1tt eru settir: <\/em>Kristnum m\u00f6nnum var nau\u00f0syn a\u00f0 s\u00fdna yfirv\u00f6ldum vir\u00f0ingu, \u00fe\u00f3 ekki v\u00e6ri nema til \u00feess a\u00f0 snei\u00f0a hj\u00e1 vandr\u00e6\u00f0um. Me\u00f0 \u00fev\u00ed m\u00f3ti g\u00e1tu \u00feeir l\u00edka fremur v\u00e6nst \u00feess a\u00f0 tr\u00fa \u00feeirra v\u00e6ri umborin, a\u00f0 fj\u00f6lga\u00f0i \u00ed s\u00f6fnu\u00f0unum og \u00feeir k\u00e6must hj\u00e1 ofs\u00f3knum.<\/p>\n<p><strong>2.7 <\/strong><em>postula til a\u00f0 bo\u00f0a hann&#8230;kennara hei\u00f0ingja: <\/em>Sj\u00e1 athugagreinar vi\u00f0 1.1 (P\u00e1ll) og 1.11 (fagna\u00f0arerindinu). P\u00e1ll var fyrst og fremst postuli hei\u00f0ingjanna (Post 9.15; 15.12; Gal 2.1-9). Sj\u00e1 og &#8222;<a href=\"https:\/\/biblian.is\/fraedsla\/ordtakasafn\/heidingjarnir\/\">Hei\u00f0ingjarnir<\/a>&#8222;.<\/p>\n<p><strong>2.7\u00a0<\/strong><em>tr\u00fa og sannleika: <\/em>V\u00ed\u00f0a \u00ed br\u00e9fum s\u00ednum kennir P\u00e1ll, a\u00f0 tr\u00fa s\u00e9 umfram allt traust \u00e1 Kristi (R\u00f3m 3.27-31; Gal 2.16; Fil 3.9), en h\u00e9r er merkingin \u00ed or\u00f0inu &#8222;tr\u00fa&#8220; fremur \u00fdmsar kenningar, sannindi og reglur um g\u00f3\u00f0an lifna\u00f0 og Gu\u00f0i \u00fe\u00f3knanlegan. Sj\u00e1 og 1.14,19; 4.6 og 6.12.<\/p>\n<p><strong>2.9 <\/strong><em>konur&#8230;gull e\u00f0a perlur: <\/em>Sj\u00e1 3.11; 5.6-15. \u00deetta vers g\u00e6ti bent til \u00feess, a\u00f0 \u00ed s\u00f6fnu\u00f0i T\u00edm\u00f3teusar hafi veri\u00f0 au\u00f0ugar konur, sem elsku\u00f0u f\u00e9\u00f0 og h\u00f6f\u00f0um gaman af a\u00f0 halda s\u00fdningu \u00e1 skartgripum s\u00ednum (6.5-10,17).<\/p>\n","protected":false},"excerpt":{"rendered":"<p>2.2 Bi\u00f0ji\u00f0 fyrir konungum og \u00f6llum \u00feeim sem h\u00e1tt eru <a href=\"https:\/\/biblian.is\/fraedsla\/ritskyring\/fyrra-timoteusarbref-2-kafli\/\"> [&#8230;]<\/a><\/p>\n","protected":false},"author":1,"featured_media":0,"parent":4829,"menu_order":0,"comment_status":"closed","ping_status":"closed","template":"","meta":{"footnotes":""},"class_list":["post-5641","page","type-page","status-publish","hentry"],"_links":{"self":[{"href":"https:\/\/biblian.is\/fraedsla\/wp-json\/wp\/v2\/pages\/5641","targetHints":{"allow":["GET"]}}],"collection":[{"href":"https:\/\/biblian.is\/fraedsla\/wp-json\/wp\/v2\/pages"}],"about":[{"href":"https:\/\/biblian.is\/fraedsla\/wp-json\/wp\/v2\/types\/page"}],"author":[{"embeddable":true,"href":"https:\/\/biblian.is\/fraedsla\/wp-json\/wp\/v2\/users\/1"}],"replies":[{"embeddable":true,"href":"https:\/\/biblian.is\/fraedsla\/wp-json\/wp\/v2\/comments?post=5641"}],"version-history":[{"count":0,"href":"https:\/\/biblian.is\/fraedsla\/wp-json\/wp\/v2\/pages\/5641\/revisions"}],"up":[{"embeddable":true,"href":"https:\/\/biblian.is\/fraedsla\/wp-json\/wp\/v2\/pages\/4829"}],"wp:attachment":[{"href":"https:\/\/biblian.is\/fraedsla\/wp-json\/wp\/v2\/media?parent=5641"}],"curies":[{"name":"wp","href":"https:\/\/api.w.org\/{rel}","templated":true}]}}