{"id":5629,"date":"2019-06-17T14:14:22","date_gmt":"2019-06-17T14:14:22","guid":{"rendered":"https:\/\/biblian.is\/fraedsla\/?page_id=5629"},"modified":"2026-04-17T13:01:09","modified_gmt":"2026-04-17T13:01:09","slug":"fyrra-thessalonikubref-5-kafli","status":"publish","type":"page","link":"https:\/\/biblian.is\/fraedsla\/ritskyring\/fyrra-thessalonikubref-5-kafli\/","title":{"rendered":"Fyrra \u00deessalon\u00edkubr\u00e9f 5. kafli"},"content":{"rendered":"<p><strong>5.5\u00a0<\/strong><em>lj\u00f3ssins&#8230;dagsins&#8230;n\u00f3ttunni&#8230;myrkrinu: <\/em>V\u00ed\u00f0a \u00ed Bibl\u00edunni t\u00e1knar lj\u00f3si\u00f0 Gu\u00f0 e\u00f0a Gu\u00f0s or\u00f0 (J\u00f3h 1.3,4; 1J\u00f3h 1.5; Slm 119.105), en auk \u00feess f\u00f3lk og vi\u00f0bur\u00f0i sem birta sannleika Gu\u00f0s (Jes 49.6). L\u00e6risveinar Jes\u00fa og me\u00f0haldsmenn eru stundum nefndir &#8222;b\u00f6rn lj\u00f3ssins&#8220; (R\u00f3m 12.36; Ef 5.8).<\/p>\n<p>Myrkri\u00f0 t\u00e1knar \u00fej\u00e1ningu, eymd (Slm 107.10), heimsku og r\u00e1\u00f0leysi (Pr\u00e9d 2.14). Andst\u00e6\u00f0ingar Gu\u00f0s eru kalla\u00f0ir &#8222;heimsdrottnar myrkursins&#8220; (Ef 6.12) og \u00feeim sem ekki gj\u00f6ra vilja hans kann a\u00f0 ver\u00f0a &#8222;varpa\u00f0 \u00ed ystu myrkur&#8220; (Matt 22.13).<\/p>\n<p><strong>5.8 <\/strong><em>frelsun: <\/em>Sj\u00e1 athugagrein vi\u00f0 1.10 (frelsa okkur fr\u00e1 hinni komandi rei\u00f0i).<\/p>\n<p><strong>5.9\u00a0<\/strong><em>Drottins vors Jes\u00fa Krists: <\/em>Sj\u00e1 athugagrein vi\u00f0 2\u00deess 1.1 (Gu\u00f0i, f\u00f6\u00f0ur vorum, og Drottni Jes\u00fa Kristi).<\/p>\n<p><strong>5.19,20\u00a0<\/strong><em>Sl\u00f6kkvi\u00f0 ekki andann. Fyrirl\u00edti\u00f0 ekki sp\u00e1d\u00f3msor\u00f0: <\/em>\u00cd 1Kor 12-14 telur P\u00e1ll upp gjafir heilags anda. Sj\u00e1 &#8222;<a href=\"https:\/\/biblian.is\/fraedsla\/ordtakasafn\/gafur-andans\/\">G\u00e1fur andans<\/a>&#8222;.<\/p>\n<p><strong>5.21 <\/strong><em>Pr\u00f3fi\u00f0 allt: <\/em>P\u00e1ll g\u00e9kk \u00feess ekki dulinn, a\u00f0 kristnir menn voru ekki einir um \u00fea\u00f0 a\u00f0 telja sig f\u00e1 vitranir og bo\u00f0 fr\u00e1 Gu\u00f0i. \u00dev\u00ed var \u00e1r\u00ed\u00f0andi a\u00f0 safna\u00f0arf\u00f3lki\u00f0 athuga\u00f0i, hvort \u00fea\u00f0 sem \u00fev\u00ed var sagt, r\u00edma\u00f0i vi\u00f0 kenningu P\u00e1ls; a\u00f0 \u00f6\u00f0rum kosti skyldi \u00fev\u00ed hafna\u00f0.<\/p>\n<p><strong>5.23\u00a0<\/strong><em>fri\u00f0arins&#8230;andi y\u00f0ar, s\u00e1l og l\u00edkami: <\/em>Bibl\u00eduleg merking or\u00f0sins &#8222;fri\u00f0ur&#8220; er ekki a\u00f0eins &#8222;fr\u00e1vera illinda&#8220; e\u00f0a &#8222;r\u00f3semi hugans&#8220;, heldur umfram allt &#8222;r\u00e9ttl\u00e6ti, frelsi og vin\u00e1tta.&#8220;<\/p>\n<p>Fri\u00f0ur er fullkomi\u00f0 r\u00e9ttl\u00e6ti og s\u00e1tt, velfer\u00f0 og s\u00e1larheill alls mannf\u00e9lagsins \u00ed samhlj\u00f3\u00f0an vi\u00f0 Gu\u00f0s g\u00f3\u00f0a og n\u00e1\u00f0uga vilja.<\/p>\n<p><strong>5.26 <\/strong><em>Heilsi\u00f0&#8230;me\u00f0 heil\u00f6gum kossi: <\/em>Hj\u00e1 Gy\u00f0ingum var kossinn t\u00e1kn vin\u00e1ttu og vir\u00f0ingar. L\u00edkur benda til \u00feess, a\u00f0 hann hafi \u00feegar \u00ed upphafi veri\u00f0 k\u00e6rleikskve\u00f0ja kristinna manna. Kossinn var\u00f0 s\u00ed\u00f0ar hluti af gu\u00f0s\u00fej\u00f3nustunni (lit\u00farg\u00edunni), svonefndur fri\u00f0arkoss, gefinn \u00e1\u00f0ur en kv\u00f6ldm\u00e1lt\u00ed\u00f0arsakramentisins er neytt.<\/p>\n","protected":false},"excerpt":{"rendered":"<p>5.5\u00a0lj\u00f3ssins&#8230;dagsins&#8230;n\u00f3ttunni&#8230;myrkrinu: V\u00ed\u00f0a \u00ed Bibl\u00edunni t\u00e1knar lj\u00f3si\u00f0 Gu\u00f0 e\u00f0a Gu\u00f0s or\u00f0 <a href=\"https:\/\/biblian.is\/fraedsla\/ritskyring\/fyrra-thessalonikubref-5-kafli\/\"> [&#8230;]<\/a><\/p>\n","protected":false},"author":1,"featured_media":0,"parent":4829,"menu_order":0,"comment_status":"closed","ping_status":"closed","template":"","meta":{"footnotes":""},"class_list":["post-5629","page","type-page","status-publish","hentry"],"_links":{"self":[{"href":"https:\/\/biblian.is\/fraedsla\/wp-json\/wp\/v2\/pages\/5629","targetHints":{"allow":["GET"]}}],"collection":[{"href":"https:\/\/biblian.is\/fraedsla\/wp-json\/wp\/v2\/pages"}],"about":[{"href":"https:\/\/biblian.is\/fraedsla\/wp-json\/wp\/v2\/types\/page"}],"author":[{"embeddable":true,"href":"https:\/\/biblian.is\/fraedsla\/wp-json\/wp\/v2\/users\/1"}],"replies":[{"embeddable":true,"href":"https:\/\/biblian.is\/fraedsla\/wp-json\/wp\/v2\/comments?post=5629"}],"version-history":[{"count":0,"href":"https:\/\/biblian.is\/fraedsla\/wp-json\/wp\/v2\/pages\/5629\/revisions"}],"up":[{"embeddable":true,"href":"https:\/\/biblian.is\/fraedsla\/wp-json\/wp\/v2\/pages\/4829"}],"wp:attachment":[{"href":"https:\/\/biblian.is\/fraedsla\/wp-json\/wp\/v2\/media?parent=5629"}],"curies":[{"name":"wp","href":"https:\/\/api.w.org\/{rel}","templated":true}]}}