{"id":5623,"date":"2019-06-17T14:10:19","date_gmt":"2019-06-17T14:10:19","guid":{"rendered":"https:\/\/biblian.is\/fraedsla\/?page_id=5623"},"modified":"2026-04-17T13:01:09","modified_gmt":"2026-04-17T13:01:09","slug":"fyrra-thessalonikubref-2-kafli","status":"publish","type":"page","link":"https:\/\/biblian.is\/fraedsla\/ritskyring\/fyrra-thessalonikubref-2-kafli\/","title":{"rendered":"Fyrra \u00deessalon\u00edkubr\u00e9f 2. kafli"},"content":{"rendered":"<p><strong>2.2 <\/strong><em>Filipp\u00ed: <\/em><a href=\"https:\/\/biblian.is\/fraedsla\/ritskyring\/filippibrefid-inngangur\/\">Sj\u00e1 innganginn a\u00f0 Filippibr\u00e9finu<\/a>.<\/p>\n<p><strong>2.3\u00a0<\/strong><em>Bo\u00f0un m\u00edn er ekki sprottin af villu&#8230;\u00e9g reyni ekki a\u00f0 blekkja neinn: <\/em>P\u00e1ll sta\u00f0h\u00e6f\u00f0i, a\u00f0 bo\u00f0skapur hans v\u00e6ri beint fr\u00e1 Gu\u00f0i kominn. Hann kva\u00f0 framkomu s\u00edna hafa veri\u00f0 hreina, r\u00e9ttv\u00edsa og \u00f3a\u00f0finnanlega (2.9,10). Hann sag\u00f0ist aldrei, eins og sumir a\u00f0rir, hafa haldi\u00f0 a\u00f0 m\u00f6nnum annarlegum kenningum e\u00f0a starfa\u00f0 \u00ed au\u00f0gunarskyni (2.5) e\u00f0a \u00fe\u00e1 til \u00feess a\u00f0 afla s\u00e9r vins\u00e6lda (2.6).<\/p>\n<p><strong>2.7\u00a0<\/strong><em>postuli: <\/em>Postuli \u00fe\u00fd\u00f0ir &#8222;s\u00e1 sem sendur er&#8220; til \u00feess a\u00f0 reka erindi e\u00f0a inna af hendi \u00e1kve\u00f0i\u00f0 verkefni \u00ed nafni \u00feess, sem sendir. Jes\u00fas valdi 12 postula \u00far l\u00e6risveinah\u00f3pnum (L\u00fak 24.33; Post 1.2,3). Hann birtist P\u00e1li fr\u00e1 Tarsus \u00ed s\u00fdn og f\u00f3l honum a\u00f0 bo\u00f0a hei\u00f0ingjum fagna\u00f0arerindi\u00f0 (Post 9.1-19). Upp fr\u00e1 \u00fev\u00ed leit P\u00e1ll \u00e1 sig sem einn af postulum Jes\u00fa. (Gal 1.15,16; 1Kor 9.1).<\/p>\n<p><strong>2.9 <\/strong><em>muni\u00f0 eftir erfi\u00f0i m\u00ednu og striti&#8230;vera ekki neinu ykkar til \u00feyngsla: <\/em>P\u00e1ll var tjaldgj\u00f6r\u00f0arma\u00f0ur a\u00f0 i\u00f0n (Post 18.3). Tali\u00f0 er, a\u00f0 hann hafi unni\u00f0 \u00ed \u00feessu fagi \u00e1 me\u00f0an hann dvaldi \u00ed \u00deessalon\u00edku, gert vi\u00f0 tj\u00f6ld og le\u00f0urv\u00f6ru. Sj\u00e1 1Kor 9.1-18.<\/p>\n<p><strong>2.12\u00a0<\/strong><em>kallar ykkur til r\u00edkis s\u00edns og d\u00fdr\u00f0ar: <\/em>P\u00e1ll segir, a\u00f0 allir \u00feeir sem Drottinn hefur kalla\u00f0, muni \u00f6\u00f0last d\u00fdr\u00f0 Jes\u00fa Krists, \u00feegar Gu\u00f0s r\u00edki kemur. Sj\u00e1 og 1Kor 15.20-24; 35-44.<\/p>\n<p><strong>2.13 <\/strong><em>or\u00f0i Gu\u00f0s, sem \u00e9g bo\u00f0a\u00f0i: <\/em>Fagna\u00f0arerindi\u00f0, sj\u00e1 athugagrein vi\u00f0 1.5.<\/p>\n<p><strong>2.14 <\/strong><em>s\u00f6fnu\u00f0i Gu\u00f0s \u00ed J\u00fadeu: <\/em>Sj\u00e1 &#8222;<a href=\"https:\/\/biblian.is\/fraedsla\/ordtakasafn\/kirkjan\/\">Kirkjan<\/a>&#8222;. Vagga kristinnar kirkju st\u00f3\u00f0 \u00ed Jer\u00fasalem \u00ed J\u00fadeu (Post 1,2). Fyrstu l\u00e6risveinarnir voru Gy\u00f0ingar eins og sj\u00e1lfur Jes\u00fas og postular hans t\u00f3lf. Margra \u00feeirra bi\u00f0u voveifleg \u00f6rl\u00f6g (Post 3-7). \u00deegar \u00deessalon\u00edkumenn t\u00f3ku vi\u00f0 bo\u00f0skap P\u00e1ls og ger\u00f0ust l\u00e6risveinar Jes\u00fa Krists \u00e6stu hei\u00f0nir landar \u00feeirra til upp\u00feota gegn \u00feeim (sj\u00e1 Post 17.5).<\/p>\n<p><strong>2.14-15 <\/strong><em>Gy\u00f0ingum er&#8230;l\u00edfl\u00e9tu Drottin Jes\u00fa: <\/em>H\u00e9r \u00e1 P\u00e1ll vi\u00f0 \u00fe\u00e1 lei\u00f0toga Gy\u00f0inga, sem snerust gegn Jes\u00fa og f\u00e9llust ekki \u00e1 a\u00f0 hann v\u00e6ri Gu\u00f0s sonur. \u00deeir fengu r\u00f3mverska landstj\u00f3rann til \u00feess a\u00f0 d\u00e6ma Jes\u00fa til dau\u00f0a og taka hann af l\u00edfi. \u00d6ll gu\u00f0spj\u00f6llin fj\u00f6gur l\u00fdsa handt\u00f6kunni, r\u00e9ttarh\u00f6ldunum og krossfestingunni (sj\u00e1 t.d. Mrk 14.43-15.41). Hverjir \u00feeir sp\u00e1menn voru, sem P\u00e1ll hefur h\u00e9r \u00ed huga, er ekki lj\u00f3st. Sj\u00e1 Post 7.52; Jer 26.20-24.<\/p>\n<p><strong>2.16\u00a0<\/strong><em>hei\u00f0ingjanna: <\/em>Hei\u00f0ingja nefndu Gy\u00f0ingar \u00fe\u00e1, sem ekki voru s\u00f6mu tr\u00faar og \u00feeir sj\u00e1lfir. P\u00e1ll postuli var af Gu\u00f0i kalla\u00f0ur til \u00feess a\u00f0 bo\u00f0a fagna\u00f0arerindi\u00f0 \u00f6llum m\u00f6nnum, en einkum \u00fe\u00f3 og s\u00e9r\u00edlagi hei\u00f0ingjunum (Post 9.15; 15.12; Gal2.1-9). Sj\u00e1 &#8222;<a href=\"https:\/\/biblian.is\/fraedsla\/ordtakasafn\/heidingjarnir\/\">Hei\u00f0ingjarnir<\/a>&#8222;.<\/p>\n<p><strong>2.18\u00a0<\/strong><em>Satan: <\/em>Satan \u00fe\u00fd\u00f0ir &#8222;andst\u00e6\u00f0ingur&#8220;;hann er l\u00edka nefndur &#8222;dj\u00f6fullinn,&#8220; (einnig &#8222;freistarinn&#8220; sj\u00e1 Matt 4.1-11; J\u00f3h 13.2).<\/p>\n<p><strong>2.19\u00a0<\/strong><em>vi\u00f0 komu hans: <\/em>Sj\u00e1 athugagrein vi\u00f0 1.10 (v\u00e6nti\u00f0 sonar hans).<\/p>\n<p><strong>2.19\u00a0<\/strong><em>sigursveigurinn: <\/em>P\u00e1li er h\u00e9r \u00ed hug h\u00f6fu\u00f0dj\u00e1sn, sem hlotna\u00f0ist sigurvegurum \u00e1 \u00ed\u00fer\u00f3ttakappleikjum \u00ed Grikklandi til forna. \u00dea\u00f0 var fl\u00e9tta\u00f0 \u00far n\u00fdafskornum laufbl\u00f6\u00f0um.<\/p>\n","protected":false},"excerpt":{"rendered":"<p>2.2 Filipp\u00ed: Sj\u00e1 innganginn a\u00f0 Filippibr\u00e9finu. 2.3\u00a0Bo\u00f0un m\u00edn er ekki <a href=\"https:\/\/biblian.is\/fraedsla\/ritskyring\/fyrra-thessalonikubref-2-kafli\/\"> [&#8230;]<\/a><\/p>\n","protected":false},"author":1,"featured_media":0,"parent":4829,"menu_order":0,"comment_status":"closed","ping_status":"closed","template":"","meta":{"footnotes":""},"class_list":["post-5623","page","type-page","status-publish","hentry"],"_links":{"self":[{"href":"https:\/\/biblian.is\/fraedsla\/wp-json\/wp\/v2\/pages\/5623","targetHints":{"allow":["GET"]}}],"collection":[{"href":"https:\/\/biblian.is\/fraedsla\/wp-json\/wp\/v2\/pages"}],"about":[{"href":"https:\/\/biblian.is\/fraedsla\/wp-json\/wp\/v2\/types\/page"}],"author":[{"embeddable":true,"href":"https:\/\/biblian.is\/fraedsla\/wp-json\/wp\/v2\/users\/1"}],"replies":[{"embeddable":true,"href":"https:\/\/biblian.is\/fraedsla\/wp-json\/wp\/v2\/comments?post=5623"}],"version-history":[{"count":0,"href":"https:\/\/biblian.is\/fraedsla\/wp-json\/wp\/v2\/pages\/5623\/revisions"}],"up":[{"embeddable":true,"href":"https:\/\/biblian.is\/fraedsla\/wp-json\/wp\/v2\/pages\/4829"}],"wp:attachment":[{"href":"https:\/\/biblian.is\/fraedsla\/wp-json\/wp\/v2\/media?parent=5623"}],"curies":[{"name":"wp","href":"https:\/\/api.w.org\/{rel}","templated":true}]}}