{"id":5598,"date":"2019-06-17T13:43:30","date_gmt":"2019-06-17T13:43:30","guid":{"rendered":"https:\/\/biblian.is\/fraedsla\/?page_id=5598"},"modified":"2026-04-17T13:01:08","modified_gmt":"2026-04-17T13:01:08","slug":"efesusbrefid-5-kafli","status":"publish","type":"page","link":"https:\/\/biblian.is\/fraedsla\/ritskyring\/efesusbrefid-5-kafli\/","title":{"rendered":"Efesusbr\u00e9fi\u00f0 5. kafli"},"content":{"rendered":"<p><strong>5.2 <\/strong><em>lag\u00f0i sj\u00e1lfan sig \u00ed s\u00f6lurnar&#8230;sem f\u00f3rnargj\u00f6f: <\/em>Sj\u00e1 athugagrein vi\u00f0 1.7,8.<\/p>\n<p><strong>5.5 <\/strong><em>hj\u00e1gu\u00f0i: <\/em>Falsgu\u00f0ir, skur\u00f0go\u00f0, go\u00f0amyndir sem d\u00fdrka\u00f0ar voru sem gu\u00f0ir \u00ed hei\u00f0num d\u00f3mi. Margir Efesusmanna tilb\u00e1\u00f0u gy\u00f0juna Artemis. \u00c1girnd og saurlifna\u00f0ur bera vott um grimmt og gu\u00f0laust hjarta og eru \u00fev\u00ed engu betri en hj\u00e1gu\u00f0ad\u00fdrkun.<\/p>\n<p><strong>5.14\u00a0<\/strong><em>Vakna \u00fe\u00fa&#8230;Kristur l\u00fdsa \u00fe\u00e9r: <\/em>H\u00e9r kann a\u00f0 vera brot \u00far kristnum s\u00e1lmi e\u00f0a sk\u00edrnarform\u00e1la, sem minnir \u00e1 Jes 26.19 og 60.1.<\/p>\n<p><strong>5.18\u00a0<\/strong><em>Fyllist heldur andanum: <\/em>Sj\u00e1 athugagrein vi\u00f0 1.13 (heilags anda). \u00deau sem lifa \u00ed andanum me\u00f0 Gu\u00f0i snei\u00f0a hj\u00e1 rei\u00f0inni (4.26), varast f\u00fakyr\u00f0i (4.29; 5.4) og lastm\u00e6la ekki (4.31). \u00deau for\u00f0ast \u00e1girnd og lausl\u00e6ti (5.3) og neyta \u00e1fengis \u00ed h\u00f3fi (5.18).<\/p>\n<p><strong>5.21-25 <\/strong><em>S\u00fdni\u00f0 Kristi lotningu og hvert \u00f6\u00f0ru au\u00f0sveipni: <\/em>\u00cd samt\u00ed\u00f0 P\u00e1ls postula giltu \u00fdmis \u00f3skr\u00e1\u00f0 l\u00f6g um samskipti f\u00f3lks innan fj\u00f6lskyldunnar og \u00e1 heimilinu. H\u00f6fundur Efesusbr\u00e9fsins talar m\u00e1li j\u00f6fnu\u00f0ar og hvetur l\u00e6risveina Jes\u00fa til \u00feess a\u00f0 s\u00fdna hver \u00f6\u00f0rum au\u00f0sveipni (l\u00e1ta a\u00f0 vilja annarra). Sj\u00e1 og K\u00f3l 3.19; 1P\u00e9t 3.7; Gal 3.28,29.<\/p>\n<p><strong>5.26\u00a0<\/strong><em>hreinsa hana \u00ed vatnslauginni: <\/em>H\u00e9r kynni a\u00f0 vera v\u00edsa\u00f0 til sk\u00edrnarinnar (sj\u00e1 athugagrein vi\u00f0 4.4-6).<\/p>\n<p><strong>5.28 <\/strong><em>elska: <\/em>H\u00e9r r\u00e6\u00f0ir um \u00fe\u00e1 skyldu a\u00f0 elska n\u00e1unga sinn eins og sj\u00e1lfan sig, og maka sinn \u00fear me\u00f0 talinn (sj\u00e1 3M\u00f3s 19.18). Jes\u00fas \u00e1r\u00e9ttar \u00feetta \u00ed Matt 19.19 og 22.39, sem og P\u00e1ll postuli \u00ed R\u00f3m 13.9.<\/p>\n","protected":false},"excerpt":{"rendered":"<p>5.2 lag\u00f0i sj\u00e1lfan sig \u00ed s\u00f6lurnar&#8230;sem f\u00f3rnargj\u00f6f: Sj\u00e1 athugagrein vi\u00f0 <a href=\"https:\/\/biblian.is\/fraedsla\/ritskyring\/efesusbrefid-5-kafli\/\"> [&#8230;]<\/a><\/p>\n","protected":false},"author":1,"featured_media":0,"parent":4829,"menu_order":0,"comment_status":"closed","ping_status":"closed","template":"","meta":{"footnotes":""},"class_list":["post-5598","page","type-page","status-publish","hentry"],"_links":{"self":[{"href":"https:\/\/biblian.is\/fraedsla\/wp-json\/wp\/v2\/pages\/5598","targetHints":{"allow":["GET"]}}],"collection":[{"href":"https:\/\/biblian.is\/fraedsla\/wp-json\/wp\/v2\/pages"}],"about":[{"href":"https:\/\/biblian.is\/fraedsla\/wp-json\/wp\/v2\/types\/page"}],"author":[{"embeddable":true,"href":"https:\/\/biblian.is\/fraedsla\/wp-json\/wp\/v2\/users\/1"}],"replies":[{"embeddable":true,"href":"https:\/\/biblian.is\/fraedsla\/wp-json\/wp\/v2\/comments?post=5598"}],"version-history":[{"count":0,"href":"https:\/\/biblian.is\/fraedsla\/wp-json\/wp\/v2\/pages\/5598\/revisions"}],"up":[{"embeddable":true,"href":"https:\/\/biblian.is\/fraedsla\/wp-json\/wp\/v2\/pages\/4829"}],"wp:attachment":[{"href":"https:\/\/biblian.is\/fraedsla\/wp-json\/wp\/v2\/media?parent=5598"}],"curies":[{"name":"wp","href":"https:\/\/api.w.org\/{rel}","templated":true}]}}