{"id":5580,"date":"2019-06-16T01:45:03","date_gmt":"2019-06-16T01:45:03","guid":{"rendered":"https:\/\/biblian.is\/fraedsla\/?page_id=5580"},"modified":"2026-04-17T13:01:10","modified_gmt":"2026-04-17T13:01:10","slug":"galatabrefid-2-kafli","status":"publish","type":"page","link":"https:\/\/biblian.is\/fraedsla\/ritskyring\/galatabrefid-2-kafli\/","title":{"rendered":"Galatabr\u00e9fi\u00f0 2. kafli"},"content":{"rendered":"<p><strong>2.1 <\/strong><em>Fj\u00f3rt\u00e1n \u00e1rum s\u00ed\u00f0ar: <\/em>\u00deessi fer\u00f0 er tr\u00falega hina sama og l\u00fdst er \u00ed Post 15.1-21.<\/p>\n<p><strong>2.1\u00a0<\/strong><em>Barnabasi&#8230;T\u00edtus: <\/em>Barnabas var af \u00e6tt Lev\u00ed (einum 12 \u00e6ttb\u00e1lka Gy\u00f0inga). Hann var fr\u00e1 K\u00fdpur. Sj\u00e1 og Post 9.27 og Post 13.1-14.28. T\u00edtus var kristinn ma\u00f0ur, en haf\u00f0i \u00e1\u00f0ur veri\u00f0 hei\u00f0ingi. Hann var samstarfsma\u00f0ur P\u00e1ls \u00ed Korintu (2Kor 8.3-6) og Efesus (Post 19.1-20.1).<\/p>\n<p><strong>2.3\u00a0<\/strong><em>l\u00e1ta umskerast: <\/em>Sj\u00e1 &#8222;<a href=\"https:\/\/biblian.is\/fraedsla\/ordtakasafn\/umskurn\/\">Umskurn<\/a>&#8222;.<\/p>\n<p><strong>2.4\u00a0<\/strong><em>nj\u00f3sna um frelsi okkar&#8230;hneppa okkur \u00ed \u00fer\u00e6ld\u00f3m: <\/em>P\u00e1ll taldi a\u00f0 &#8222;nj\u00f3snarar&#8220; v\u00e6ru a\u00f0 reyna a\u00f0 f\u00e1 menn til \u00feess a\u00f0 fallast \u00e1 ranghugmyndir s\u00ednar, alveg eins og \u00feess var v\u00e6nst af \u00fer\u00e6lum a\u00f0 \u00feeir hl\u00fdddu h\u00fasb\u00e6ndum s\u00ednum. Sj\u00e1 5.1.<\/p>\n<p><strong>2.9 <\/strong><em>Jakob, Kefas og J\u00f3hannes: <\/em>Jakob var br\u00f3\u00f0ir Jes\u00fa (1.19). Um Kefas (P\u00e9tur) sj\u00e1 athugagrein vi\u00f0 1.18. J\u00f3hannes er tr\u00falega J\u00f3hannes postuli (Matt 4.21).<\/p>\n<p><strong>2.11 <\/strong><em>Ant\u00edokk\u00edu: <\/em>Ant\u00edokk\u00eda \u00e1 S\u00fdrlandi var \u00feri\u00f0ja st\u00e6rsta borg r\u00f3mverska heimsveldisins. P\u00e1ll h\u00f3f allar kristnibo\u00f0sfer\u00f0ir s\u00ednar \u00ed Ant\u00edokk\u00edu (Post 13.1-4; 15.34-39; 18.22,23).<\/p>\n<p><strong>2.12 <\/strong><em>seti\u00f0 a\u00f0 bor\u00f0i me\u00f0 hei\u00f0ingjum&#8230;dr\u00f3 hann sig \u00ed hl\u00e9:\u00a0<\/em>\u00cd l\u00f6gm\u00e1li M\u00f3se var banna\u00f0 a\u00f0 leggja s\u00e9r \u00e1kve\u00f0nar f\u00e6\u00f0utegundir til munns, ennfremur a\u00f0 sitja til bor\u00f0s me\u00f0 hei\u00f0ingjum og einnig Gy\u00f0ingum, sem h\u00f6f\u00f0u ekki \u00ed hei\u00f0ri reglurnar um hreint og \u00f3hreint. Sj\u00e1 &#8222;<a href=\"https:\/\/biblian.is\/fraedsla\/ordtakasafn\/hreinsanir-hreint-og-ohreint\/\">Hreinsanir (hreint og \u00f3hreint)<\/a>&#8222;. P\u00e9tur haf\u00f0i \u00e1\u00f0ur sam\u00feykkt a\u00f0 \u00feessar reglur \u00e6ttu ekki a\u00f0 gilda um hei\u00f0in-kristna menn (Post 11.1-18) en vir\u00f0ist hafa l\u00e1ti\u00f0 undan \u00fer\u00fdstingi fr\u00e1 me\u00f0haldsm\u00f6nnum Jakobs postula.<\/p>\n<p><strong>2.15 <\/strong><em>Vi\u00f0 erum&#8230;ekki hei\u00f0nir syndarar a\u00f0 uppruna: <\/em>P\u00e1ll kallar hei\u00f0ingja syndara af \u00fev\u00ed a\u00f0 \u00feeir hafa ekki l\u00f6gm\u00e1l M\u00f3se (R\u00f3m 2.14; 1Kor 9.21).<\/p>\n<p><strong>2.16 <\/strong><em>ma\u00f0urinn r\u00e9ttl\u00e6tist ekki af l\u00f6gm\u00e1lsverkum: <\/em>\u00deessi or\u00f0 eru sj\u00e1lfur kjarninn \u00ed kenningu P\u00e1ls, fagna\u00f0arerindinu um Krist. L\u00f6gm\u00e1li\u00f0 er l\u00f6gm\u00e1l M\u00f3se.<\/p>\n<p><strong>2.19 <\/strong><em>l\u00f6gm\u00e1li\u00f0 leiddi mig til dau\u00f0a: <\/em>L\u00f6gm\u00e1l M\u00f3se sannf\u00e6rir menn um a\u00f0 \u00feeir s\u00e9u syndarar, \u00f3f\u00e6rir um a\u00f0 \u00fe\u00f3knast Gu\u00f0i (2.17; sj\u00e1 og R\u00f3m 3.20). \u00deegar \u00feetta rennur upp fyrir m\u00f6nnum ver\u00f0a \u00feeir frj\u00e1lsir a\u00f0 \u00fev\u00ed a\u00f0 tr\u00faa og treysta \u00e1 Jes\u00fa. Fyrir tr\u00fana \u00e1 Jes\u00fa \u00f6\u00f0last ma\u00f0urinn n\u00fdtt l\u00edf, sem l\u00f6gm\u00e1li\u00f0 getur ekki veitt (Fil 3.8-9).<\/p>\n<p><strong>2.19,20 <\/strong><em>\u00c9g er krossfestur me\u00f0 Kristi. Sj\u00e1lfur lifi \u00e9g ekki framar: <\/em>\u00de\u00f3tt krossinn s\u00e9 dau\u00f0at\u00e1kn \u00ed augum heimsins, er hann P\u00e1li merki um n\u00fdtt l\u00edf. Dau\u00f0i Krists leysir menn undan &#8222;b\u00f6lvun l\u00f6gm\u00e1lsins&#8220; (3.13). P\u00e1ll \u00e1 ekki vi\u00f0, a\u00f0 hann hafi veri\u00f0 krossfestur \u00ed b\u00f3kstaflegri merkingu \u00feeirra or\u00f0a, heldur a\u00f0 hans fyrra l\u00edf \u00e1 valdi l\u00f6gm\u00e1lsins hafi or\u00f0i\u00f0 n\u00fdtt vegna tr\u00faarinnar \u00e1 Krist.<\/p>\n","protected":false},"excerpt":{"rendered":"<p>2.1 Fj\u00f3rt\u00e1n \u00e1rum s\u00ed\u00f0ar: \u00deessi fer\u00f0 er tr\u00falega hina sama <a href=\"https:\/\/biblian.is\/fraedsla\/ritskyring\/galatabrefid-2-kafli\/\"> [&#8230;]<\/a><\/p>\n","protected":false},"author":1,"featured_media":0,"parent":4829,"menu_order":0,"comment_status":"closed","ping_status":"closed","template":"","meta":{"footnotes":""},"class_list":["post-5580","page","type-page","status-publish","hentry"],"_links":{"self":[{"href":"https:\/\/biblian.is\/fraedsla\/wp-json\/wp\/v2\/pages\/5580","targetHints":{"allow":["GET"]}}],"collection":[{"href":"https:\/\/biblian.is\/fraedsla\/wp-json\/wp\/v2\/pages"}],"about":[{"href":"https:\/\/biblian.is\/fraedsla\/wp-json\/wp\/v2\/types\/page"}],"author":[{"embeddable":true,"href":"https:\/\/biblian.is\/fraedsla\/wp-json\/wp\/v2\/users\/1"}],"replies":[{"embeddable":true,"href":"https:\/\/biblian.is\/fraedsla\/wp-json\/wp\/v2\/comments?post=5580"}],"version-history":[{"count":0,"href":"https:\/\/biblian.is\/fraedsla\/wp-json\/wp\/v2\/pages\/5580\/revisions"}],"up":[{"embeddable":true,"href":"https:\/\/biblian.is\/fraedsla\/wp-json\/wp\/v2\/pages\/4829"}],"wp:attachment":[{"href":"https:\/\/biblian.is\/fraedsla\/wp-json\/wp\/v2\/media?parent=5580"}],"curies":[{"name":"wp","href":"https:\/\/api.w.org\/{rel}","templated":true}]}}