{"id":5548,"date":"2019-06-15T16:57:53","date_gmt":"2019-06-15T16:57:53","guid":{"rendered":"https:\/\/biblian.is\/fraedsla\/?page_id=5548"},"modified":"2026-04-17T13:01:08","modified_gmt":"2026-04-17T13:01:08","slug":"fyrra-korintubref-2-kafli","status":"publish","type":"page","link":"https:\/\/biblian.is\/fraedsla\/ritskyring\/fyrra-korintubref-2-kafli\/","title":{"rendered":"Fyrra Korintubr\u00e9f 2. kafli"},"content":{"rendered":"<p><strong>2.1 <\/strong><em>leyndard\u00f3m: <\/em>P\u00e1ll kve\u00f0st hafa bo\u00f0a\u00f0 Korintum\u00f6nnum leyndard\u00f3m, enda s\u00e9 fagna\u00f0arerindi\u00f0 ofvaxi\u00f0 mannlegum skilningi. H\u00f6fu\u00f0inntak \u00feessa leyndard\u00f3ms er s\u00e1ttarf\u00f3rnin sem Gu\u00f0 f\u00e6r\u00f0i fyrir syndir mannkynsins, \u00feegar Jes\u00fas d\u00f3 \u00e1 krossinum (sj\u00e1 R\u00f3m 3.25,26).<\/p>\n<p><strong>2.4\u00a0<\/strong><em>Gu\u00f0s anda: <\/em>Sj\u00e1 athugagrein vi\u00f0 12.3.<\/p>\n<p><strong>2.7\u00a0<\/strong><em>leynda speki Gu\u00f0s sem hulin hefur veri\u00f0: <\/em>Sj\u00e1 athugagrein vi\u00f0 2.1 og &#8222;<a href=\"https:\/\/biblian.is\/fraedsla\/ordtakasafn\/spekin\/\">Spekin<\/a>&#8222;. P\u00e1ll segir Gu\u00f0 hafa haft \u00feessa huldu speki \u00ed huga allt fr\u00e1 \u00e1rdaga (sj\u00e1 og R\u00f3m 16.25).<\/p>\n<p><strong>2.9\u00a0<\/strong><em>\u00fea\u00f0 allt hefur Gu\u00f0 fyrirb\u00fai\u00f0 \u00feeim: <\/em>P\u00e1ll vitnar h\u00e9r \u00ed Jesaja sp\u00e1mann (Jes 64.3). Jesaja skildi a\u00f0 Gu\u00f0 mundi endurn\u00fdja b\u00f6rn s\u00edn \u00ed anda svo sem engum manni hef\u00f0i til hugar komi\u00f0.<\/p>\n<p><strong>2.10\u00a0<\/strong><em>anda sinn: <\/em>Sj\u00e1 athugagrein vi\u00f0 12.3.<\/p>\n<p><strong>2.12\u00a0<\/strong><em>vi\u00f0 h\u00f6fum&#8230;hloti\u00f0&#8230;andann sem er fr\u00e1 Gu\u00f0i:<\/em>Andi Gu\u00f0s birtir sannleikann. Me\u00f0 \u00f6\u00f0ru m\u00f3ti g\u00e6tu heimsins b\u00f6rn hvorki skili\u00f0 hann n\u00e9 tr\u00faa\u00f0 honum. Sj\u00e1 J\u00f3h 14.15-17; Post 2.1-12 og Gal 5.22-25.<\/p>\n","protected":false},"excerpt":{"rendered":"<p>2.1 leyndard\u00f3m: P\u00e1ll kve\u00f0st hafa bo\u00f0a\u00f0 Korintum\u00f6nnum leyndard\u00f3m, enda s\u00e9 <a href=\"https:\/\/biblian.is\/fraedsla\/ritskyring\/fyrra-korintubref-2-kafli\/\"> [&#8230;]<\/a><\/p>\n","protected":false},"author":1,"featured_media":0,"parent":4829,"menu_order":0,"comment_status":"closed","ping_status":"closed","template":"","meta":{"footnotes":""},"class_list":["post-5548","page","type-page","status-publish","hentry"],"_links":{"self":[{"href":"https:\/\/biblian.is\/fraedsla\/wp-json\/wp\/v2\/pages\/5548","targetHints":{"allow":["GET"]}}],"collection":[{"href":"https:\/\/biblian.is\/fraedsla\/wp-json\/wp\/v2\/pages"}],"about":[{"href":"https:\/\/biblian.is\/fraedsla\/wp-json\/wp\/v2\/types\/page"}],"author":[{"embeddable":true,"href":"https:\/\/biblian.is\/fraedsla\/wp-json\/wp\/v2\/users\/1"}],"replies":[{"embeddable":true,"href":"https:\/\/biblian.is\/fraedsla\/wp-json\/wp\/v2\/comments?post=5548"}],"version-history":[{"count":0,"href":"https:\/\/biblian.is\/fraedsla\/wp-json\/wp\/v2\/pages\/5548\/revisions"}],"up":[{"embeddable":true,"href":"https:\/\/biblian.is\/fraedsla\/wp-json\/wp\/v2\/pages\/4829"}],"wp:attachment":[{"href":"https:\/\/biblian.is\/fraedsla\/wp-json\/wp\/v2\/media?parent=5548"}],"curies":[{"name":"wp","href":"https:\/\/api.w.org\/{rel}","templated":true}]}}